{"id":355,"date":"2021-11-17T19:18:37","date_gmt":"2021-11-17T18:18:37","guid":{"rendered":"https:\/\/www.alles-bleibt-anders.org\/?page_id=355"},"modified":"2022-12-08T07:48:01","modified_gmt":"2022-12-08T06:48:01","slug":"wahlen","status":"publish","type":"page","link":"https:\/\/www.gruene-mkk.de\/tr\/wahlen\/","title":{"rendered":"Kategori: Se\u00e7imler"},"content":{"rendered":"<div class=\"wp-block-cover is-light\" style=\"min-height:519px;aspect-ratio:unset;\"><span aria-hidden=\"true\" class=\"wp-block-cover__background has-background-dim-20 has-background-dim\"><\/span><img loading=\"lazy\" decoding=\"async\" width=\"2560\" height=\"1920\" class=\"wp-block-cover__image-background wp-image-298\" alt=\"\" src=\"http:\/\/www.alles-bleibt-anders.org\/wp-content\/uploads\/2021\/11\/IMG_0173-scaled.jpg\" style=\"object-position:83% 32%\" data-object-fit=\"cover\" data-object-position=\"83% 32%\" srcset=\"https:\/\/www.gruene-mkk.de\/wp-content\/uploads\/2021\/11\/IMG_0173-scaled.jpg 2560w, https:\/\/www.gruene-mkk.de\/wp-content\/uploads\/2021\/11\/IMG_0173-400x300.jpg 400w, https:\/\/www.gruene-mkk.de\/wp-content\/uploads\/2021\/11\/IMG_0173-800x600.jpg 800w, https:\/\/www.gruene-mkk.de\/wp-content\/uploads\/2021\/11\/IMG_0173-768x576.jpg 768w, https:\/\/www.gruene-mkk.de\/wp-content\/uploads\/2021\/11\/IMG_0173-1536x1152.jpg 1536w, https:\/\/www.gruene-mkk.de\/wp-content\/uploads\/2021\/11\/IMG_0173-2048x1536.jpg 2048w\" sizes=\"auto, (max-width: 2560px) 100vw, 2560px\" \/><div class=\"wp-block-cover__inner-container is-layout-flow wp-block-cover-is-layout-flow\">\n<div class=\"wp-block-group is-layout-flow wp-block-group-is-layout-flow\">\n<h1 class=\"has-text-align-center wp-block-heading\" style=\"font-size:clamp(37.821px, 2.364rem + ((1vw - 3.2px) * 3.657), 70px);\">Kategori: Se\u00e7imler<\/h1>\n<\/div>\n<\/div><\/div>\n\n\n\n<div class=\"wp-block-group alignwide has-white-background-color has-background is-layout-flow wp-block-group-is-layout-flow\" id=\"full-width\">\n<div class=\"wp-block-columns is-layout-flex wp-container-core-columns-is-layout-9d6595d7 wp-block-columns-is-layout-flex\">\n<div class=\"wp-block-column is-layout-flow wp-block-column-is-layout-flow\">\n<figure class=\"wp-block-image size-large\"><img loading=\"lazy\" decoding=\"async\" width=\"1576\" height=\"888\" src=\"https:\/\/www.gruene-mkk.de\/wp-content\/uploads\/2022\/12\/Hessen-waehlt-2023-edited-1.jpg\" alt=\"\" class=\"wp-image-1543\" srcset=\"https:\/\/www.gruene-mkk.de\/wp-content\/uploads\/2022\/12\/Hessen-waehlt-2023-edited-1.jpg 1576w, https:\/\/www.gruene-mkk.de\/wp-content\/uploads\/2022\/12\/Hessen-waehlt-2023-edited-1-400x225.jpg 400w, https:\/\/www.gruene-mkk.de\/wp-content\/uploads\/2022\/12\/Hessen-waehlt-2023-edited-1-800x451.jpg 800w, https:\/\/www.gruene-mkk.de\/wp-content\/uploads\/2022\/12\/Hessen-waehlt-2023-edited-1-768x433.jpg 768w, https:\/\/www.gruene-mkk.de\/wp-content\/uploads\/2022\/12\/Hessen-waehlt-2023-edited-1-1536x865.jpg 1536w\" sizes=\"auto, (max-width: 1576px) 100vw, 1576px\" \/><\/figure>\n<\/div>\n\n\n\n<div class=\"wp-block-column is-vertically-aligned-center is-layout-flow wp-block-column-is-layout-flow\">\n<h2 class=\"h1 wp-block-heading\">Kategori: 2023 devlet se\u00e7imleri<\/h2>\n\n\n\n<p>Liste, Dirkekt ve yedek adaylar ve se\u00e7im kampanyas\u0131 ile ilgili t\u00fcm bilgiler.<br><a href=\"https:\/\/www.gruene-mkk.de\/tr\/wahlen\/landtagswahl-2023\/\">daha fazla oku<\/a><\/p>\n<\/div>\n<\/div>\n<\/div>\n\n\n\n<div class=\"wp-block-group same-height has-white-background-color has-background is-layout-flow wp-block-group-is-layout-flow\">\n<div class=\"wp-block-columns is-layout-flex wp-container-core-columns-is-layout-9d6595d7 wp-block-columns-is-layout-flex\">\n<div class=\"wp-block-column is-layout-flow wp-block-column-is-layout-flow\">\n<figure class=\"wp-block-image size-large is-style-default\"><a href=\"https:\/\/www.alles-bleibt-anders.org\/wahlen\/bundestagswahl-2021\/\"><img loading=\"lazy\" decoding=\"async\" width=\"800\" height=\"420\" src=\"http:\/\/www.alles-bleibt-anders.org\/wp-content\/uploads\/2021\/11\/bereit-weil-ih-facebook-sharepic-800x420.png\" alt=\"\" class=\"wp-image-365\" srcset=\"https:\/\/www.gruene-mkk.de\/wp-content\/uploads\/2021\/11\/bereit-weil-ih-facebook-sharepic-800x420.png 800w, https:\/\/www.gruene-mkk.de\/wp-content\/uploads\/2021\/11\/bereit-weil-ih-facebook-sharepic-400x210.png 400w, https:\/\/www.gruene-mkk.de\/wp-content\/uploads\/2021\/11\/bereit-weil-ih-facebook-sharepic-768x403.png 768w, https:\/\/www.gruene-mkk.de\/wp-content\/uploads\/2021\/11\/bereit-weil-ih-facebook-sharepic.png 1200w\" sizes=\"auto, (max-width: 800px) 100vw, 800px\" \/><\/a><\/figure>\n\n\n\n<h4 class=\"h2 mt-4 wp-block-heading\">2021 Federal Se\u00e7imleri<\/h4>\n\n\n\n<p>Do\u011frudan adaylar\u0131m\u0131z, bas\u0131n b\u00fcltenleri, tarihler ve se\u00e7im program\u0131.<\/p>\n\n\n\n<p> <\/p>\n\n\n\n<div class=\"wp-block-buttons is-layout-flex wp-block-buttons-is-layout-flex\">\n<div class=\"wp-block-button\"><a class=\"wp-block-button__link no-border-radius\" href=\"https:\/\/www.alles-bleibt-anders.org\/wahlen\/bundestagswahl-2021\/\">Daha fazla bilgi edinin<\/a><\/div>\n<\/div>\n<\/div>\n\n\n\n<div class=\"wp-block-column is-layout-flow wp-block-column-is-layout-flow\">\n<figure class=\"wp-block-image size-large\"><a href=\"https:\/\/www.alles-bleibt-anders.org\/wahlen\/kommunalwahl-2021\/\"><img decoding=\"async\" src=\"http:\/\/www.alles-bleibt-anders.org\/wp-content\/uploads\/2021\/11\/tree-247122-800x424.jpg\" alt=\"\" class=\"wp-image-369\"\/><\/a><\/figure>\n\n\n\n<h4 class=\"h2 mt-4 wp-block-heading\">2021 Yerel Se\u00e7imleri<\/h4>\n\n\n\n<p>\u0130l\u00e7e meclisi adaylar\u0131m\u0131z ve Ye\u015fil Ana-Kinzig'in 2021-2026 program\u0131<\/p>\n\n\n\n<div class=\"wp-block-buttons is-layout-flex wp-block-buttons-is-layout-flex\">\n<div class=\"wp-block-button\"><a class=\"wp-block-button__link no-border-radius\" href=\"https:\/\/www.alles-bleibt-anders.org\/wahlen\/kommunalwahl-2021\/\">Daha fazla bilgi edinin<\/a><\/div>\n<\/div>\n<\/div>\n<\/div>\n<\/div>\n\n\n<div class=\"has-background latest-posts wp-block-sunflower-latest-posts\">\n        <div class=\"wp-block-group__inner-container\">\n            \n                <div class=\"row\" data-masonry='{\"percentPosition\": true }'><div class=\"col-md-6\">\n<article id=\"post-1332\" class=\"bg-white mb-4 has-shadow post-1332 post type-post status-publish format-standard has-post-thumbnail hentry category-allgemein category-newswahlen\">\n\t<div class=\"\">\n\t\t\t\t\t<div class=\"\">\n\t\t\t\t<a href=\"https:\/\/www.gruene-mkk.de\/tr\/auf-in-den-wahlkampf\/\" aria-label=\"Post k\u00fc\u00e7\u00fck resmi\" rel=\"bookmark\">\n\t\t\t\t\t\t\t\t<img loading=\"lazy\" decoding=\"async\" width=\"768\" height=\"550\" src=\"https:\/\/www.gruene-mkk.de\/wp-content\/uploads\/2022\/09\/Gruppenfoto_Kandidierende2-768x550.jpg\" class=\"post-thumbnail wp-post-image\" alt=\"Se\u00e7im kampanyas\u0131na gelince\" \/>\n\n\t\t\t\t\t\t\t<\/a>\n\t\t\t<\/div>\n\t\t\t\t\t<div class=\"p-45\">\n\t\t\t<header class=\"entry-header mb-2\">\n\t\t\t\t\t\t\t\t<h2 class=\"card-title h4 mb-3\"><a href=\"https:\/\/www.gruene-mkk.de\/tr\/auf-in-den-wahlkampf\/\" rel=\"bookmark\"><strong>Se\u00e7im kampanyas\u0131na gelince<\/strong><\/a><\/h2>\t\t\t\t\t<div class=\"entry-meta mb-3\">\n\t\t\t\t\t\t<span class=\"posted-on\"><time class=\"entry-date published\" datetime=\"2022-09-25T09:40:45+02:00\">25 Eyl\u00fcl 2022'de<\/time><time class=\"updated\" datetime=\"2022-09-26T11:16:36+02:00\">26 Eyl\u00fcl 2022'de<\/time><\/span>\t\t\t\t\t<\/div><!-- .entry-meta -->\n\t\t\t\t\t\t\t\t<\/header><!-- .entry-header -->\n\n\t\t\t<div class=\"entry-content\">\n\t\t\t\t<a href=\"https:\/\/www.gruene-mkk.de\/tr\/auf-in-den-wahlkampf\/\" rel=\"bookmark\">\n\t\t\t\t<p>Ye\u015fil Main-Kinzig bir Ye\u015fil G\u00fcn\u00fc kutlamak ve devlet se\u00e7imleri i\u00e7in adaylar\u0131n\u0131 se\u00e7mek  \u2047 Bug\u00fcn adaylar\u0131n g\u00fc\u00e7l\u00fc bir ekip ile g\u00f6sterdi, yedek adaylar ve [...]<\/p>\n\t\t\t\t<\/a>\n\t\t\t<\/div><!-- .entry-content -->\n\n\t\t\t<footer class=\"entry-footer\">\n\t\t\t\t\t\t\t<div class=\"d-flex mt-2 mb-2\">\n\t\t\t\t\t\t\t\t<div>\n\t\t<span class=\"cat-links small\"><a href=\"https:\/\/www.gruene-mkk.de\/tr\/category\/allgemein\/\" rel=\"category tag\">Kategori: Genelkurmay<\/a>, <a href=\"https:\/\/www.gruene-mkk.de\/tr\/category\/newswahlen\/\" rel=\"category tag\">Kategori: Se\u00e7imler<\/a><\/span>\n\t\t\t\t<\/div>\n\t\t\t<\/div>\n\t\t\n\t\t\t\t<div class=\"d-flex flex-row-reverse\">\n\t\t\t\t\t<a href=\"https:\/\/www.gruene-mkk.de\/tr\/auf-in-den-wahlkampf\/\" rel=\"bookmark\" class=\"continue-reading\">\n\t\t\t\t\tOkumaya devam et\t\t\t\t<\/a>\n\t\t\t\t<\/div>\n\t\t\t<\/footer><!-- .entry-footer -->\n\t\t<\/div>\n\t<\/div>\n<\/article><!-- #post-1332 -->\n<\/div><div class=\"col-md-6\">\n<article id=\"post-1229\" class=\"bg-white mb-4 has-shadow post-1229 post type-post status-publish format-standard has-post-thumbnail hentry category-allgemein category-newswahlen\">\n\t<div class=\"\">\n\t\t\t\t\t<div class=\"\">\n\t\t\t\t<a href=\"https:\/\/www.gruene-mkk.de\/tr\/wir-haben-lust-auf-wahlkampf\/\" aria-label=\"Post k\u00fc\u00e7\u00fck resmi\" rel=\"bookmark\">\n\t\t\t\t\t\t\t\t<img loading=\"lazy\" decoding=\"async\" width=\"768\" height=\"512\" src=\"https:\/\/www.gruene-mkk.de\/wp-content\/uploads\/2022\/07\/P1120062-768x512.jpg\" class=\"post-thumbnail wp-post-image\" alt=\"Kampanya yapmak istiyoruz!\" \/>\n\n\t\t\t\t\t\t\t<\/a>\n\t\t\t<\/div>\n\t\t\t\t\t<div class=\"p-45\">\n\t\t\t<header class=\"entry-header mb-2\">\n\t\t\t\t\t\t\t\t<h2 class=\"card-title h4 mb-3\"><a href=\"https:\/\/www.gruene-mkk.de\/tr\/wir-haben-lust-auf-wahlkampf\/\" rel=\"bookmark\">Kampanya yapmak istiyoruz!<\/a><\/h2>\t\t\t\t\t<div class=\"entry-meta mb-3\">\n\t\t\t\t\t\t<span class=\"posted-on\"><time class=\"entry-date published\" datetime=\"2022-07-11T19:41:46+02:00\">11 Temmuz 2022'de<\/time><time class=\"updated\" datetime=\"2022-07-11T19:51:35+02:00\">11 Temmuz 2022'de<\/time><\/span>\t\t\t\t\t<\/div><!-- .entry-meta -->\n\t\t\t\t\t\t\t\t<\/header><!-- .entry-header -->\n\n\t\t\t<div class=\"entry-content\">\n\t\t\t\t<a href=\"https:\/\/www.gruene-mkk.de\/tr\/wir-haben-lust-auf-wahlkampf\/\" rel=\"bookmark\">\n\t\t\t\t<p>8 Temmuz'da devlet se\u00e7im kampanyas\u0131na ili\u015fkin bilgilendirme etkinli\u011fimiz Bad Orb'da ger\u00e7ekle\u015fti. Yakla\u015f\u0131k 30 \u00fcye ve misafirler etkinli\u011fe geldi ve okuma salonunda g\u00fczel bir zemin \u00f6n\u00fcnde kar\u015f\u0131land\u0131 [...]<\/p>\n\t\t\t\t<\/a>\n\t\t\t<\/div><!-- .entry-content -->\n\n\t\t\t<footer class=\"entry-footer\">\n\t\t\t\t\t\t\t<div class=\"d-flex mt-2 mb-2\">\n\t\t\t\t\t\t\t\t<div>\n\t\t<span class=\"cat-links small\"><a href=\"https:\/\/www.gruene-mkk.de\/tr\/category\/allgemein\/\" rel=\"category tag\">Kategori: Genelkurmay<\/a>, <a href=\"https:\/\/www.gruene-mkk.de\/tr\/category\/newswahlen\/\" rel=\"category tag\">Kategori: Se\u00e7imler<\/a><\/span>\n\t\t\t\t<\/div>\n\t\t\t<\/div>\n\t\t\n\t\t\t\t<div class=\"d-flex flex-row-reverse\">\n\t\t\t\t\t<a href=\"https:\/\/www.gruene-mkk.de\/tr\/wir-haben-lust-auf-wahlkampf\/\" rel=\"bookmark\" class=\"continue-reading\">\n\t\t\t\t\tOkumaya devam et\t\t\t\t<\/a>\n\t\t\t\t<\/div>\n\t\t\t<\/footer><!-- .entry-footer -->\n\t\t<\/div>\n\t<\/div>\n<\/article><!-- #post-1229 -->\n<\/div><div class=\"col-md-6\">\n<article id=\"post-1187\" class=\"bg-white mb-4 has-shadow post-1187 post type-post status-publish format-standard has-post-thumbnail hentry category-allgemein category-newswahlen\">\n\t<div class=\"\">\n\t\t\t\t\t<div class=\"\">\n\t\t\t\t<a href=\"https:\/\/www.gruene-mkk.de\/tr\/hessen-in-besten-haenden\/\" aria-label=\"Post k\u00fc\u00e7\u00fck resmi\" rel=\"bookmark\">\n\t\t\t\t\t\t\t\t<img loading=\"lazy\" decoding=\"async\" width=\"768\" height=\"576\" src=\"https:\/\/www.gruene-mkk.de\/wp-content\/uploads\/2022\/06\/20220611_LMV-768x576.jpg\" class=\"post-thumbnail wp-post-image\" alt=\"Hesse en iyi ellerde\" \/>\n\n\t\t\t\t\t\t\t<\/a>\n\t\t\t<\/div>\n\t\t\t\t\t<div class=\"p-45\">\n\t\t\t<header class=\"entry-header mb-2\">\n\t\t\t\t\t\t\t\t<h2 class=\"card-title h4 mb-3\"><a href=\"https:\/\/www.gruene-mkk.de\/tr\/hessen-in-besten-haenden\/\" rel=\"bookmark\">Hesse en iyi ellerde<\/a><\/h2>\t\t\t\t\t<div class=\"entry-meta mb-3\">\n\t\t\t\t\t\t<span class=\"posted-on\"><time class=\"entry-date published\" datetime=\"2022-06-14T10:10:00+02:00\">14 Haziran 2022'de<\/time><time class=\"updated\" datetime=\"2022-06-24T10:13:11+02:00\">24 Haziran 2022'de<\/time><\/span>\t\t\t\t\t<\/div><!-- .entry-meta -->\n\t\t\t\t\t\t\t\t<\/header><!-- .entry-header -->\n\n\t\t\t<div class=\"entry-content\">\n\t\t\t\t<a href=\"https:\/\/www.gruene-mkk.de\/tr\/hessen-in-besten-haenden\/\" rel=\"bookmark\">\n\t\t\t\t<p>Bu s\u00f6zle b\u00f6lgesel derne\u011fimiz bug\u00fcn 2023 devlet se\u00e7imlerinin ba\u015flang\u0131c\u0131n\u0131 kutlad\u0131. Berlin'den seyahat etti\u011fini a\u00e7\u0131k\u00e7a ifade eden Federal Ba\u015fkan\u0131m\u0131z Omid Nouripur [...]<\/p>\n\t\t\t\t<\/a>\n\t\t\t<\/div><!-- .entry-content -->\n\n\t\t\t<footer class=\"entry-footer\">\n\t\t\t\t\t\t\t<div class=\"d-flex mt-2 mb-2\">\n\t\t\t\t\t\t\t\t<div>\n\t\t<span class=\"cat-links small\"><a href=\"https:\/\/www.gruene-mkk.de\/tr\/category\/allgemein\/\" rel=\"category tag\">Kategori: Genelkurmay<\/a>, <a href=\"https:\/\/www.gruene-mkk.de\/tr\/category\/newswahlen\/\" rel=\"category tag\">Kategori: Se\u00e7imler<\/a><\/span>\n\t\t\t\t<\/div>\n\t\t\t<\/div>\n\t\t\n\t\t\t\t<div class=\"d-flex flex-row-reverse\">\n\t\t\t\t\t<a href=\"https:\/\/www.gruene-mkk.de\/tr\/hessen-in-besten-haenden\/\" rel=\"bookmark\" class=\"continue-reading\">\n\t\t\t\t\tOkumaya devam et\t\t\t\t<\/a>\n\t\t\t\t<\/div>\n\t\t\t<\/footer><!-- .entry-footer -->\n\t\t<\/div>\n\t<\/div>\n<\/article><!-- #post-1187 -->\n<\/div><div class=\"col-md-6\">\n<article id=\"post-216\" class=\"bg-white mb-4 has-shadow post-216 post type-post status-publish format-standard has-post-thumbnail hentry category-allgemein category-newswahlen\">\n\t<div class=\"\">\n\t\t\t\t\t<div class=\"\">\n\t\t\t\t<a href=\"https:\/\/www.gruene-mkk.de\/tr\/holz-als-umweltfreundliche-alternative-zu-anderen-baumaterialien\/\" aria-label=\"Post k\u00fc\u00e7\u00fck resmi\" rel=\"bookmark\">\n\t\t\t\t\t\t\t\t<img loading=\"lazy\" decoding=\"async\" width=\"429\" height=\"438\" src=\"https:\/\/www.gruene-mkk.de\/wp-content\/uploads\/2021\/11\/20210921_Knut_ZimmereiChrist.jpg\" class=\"post-thumbnail wp-post-image\" alt=\"Di\u011fer yap\u0131 malzemelerine \u00e7evre dostu bir alternatif olarak ah\u015fap\" \/>\n\n\t\t\t\t\t\t\t<\/a>\n\t\t\t<\/div>\n\t\t\t\t\t<div class=\"p-45\">\n\t\t\t<header class=\"entry-header mb-2\">\n\t\t\t\t\t\t\t\t<h2 class=\"card-title h4 mb-3\"><a href=\"https:\/\/www.gruene-mkk.de\/tr\/holz-als-umweltfreundliche-alternative-zu-anderen-baumaterialien\/\" rel=\"bookmark\">Di\u011fer yap\u0131 malzemelerine \u00e7evre dostu bir alternatif olarak ah\u015fap<\/a><\/h2>\t\t\t\t\t<div class=\"entry-meta mb-3\">\n\t\t\t\t\t\t<span class=\"posted-on\"><time class=\"entry-date published\" datetime=\"2021-09-21T17:03:00+02:00\">21 Eyl\u00fcl 2021'de<\/time><time class=\"updated\" datetime=\"2021-11-12T17:04:37+01:00\">12 Kas\u0131m 2021'de<\/time><\/span>\t\t\t\t\t<\/div><!-- .entry-meta -->\n\t\t\t\t\t\t\t\t<\/header><!-- .entry-header -->\n\n\t\t\t<div class=\"entry-content\">\n\t\t\t\t<a href=\"https:\/\/www.gruene-mkk.de\/tr\/holz-als-umweltfreundliche-alternative-zu-anderen-baumaterialien\/\" rel=\"bookmark\">\n\t\t\t\t<p>Ye\u015filler Partisi aday\u0131 Knut Kiesel'in Jossgrund'daki Marangoz \u0130sa Ziyareti<\/p>\n\t\t\t\t<\/a>\n\t\t\t<\/div><!-- .entry-content -->\n\n\t\t\t<footer class=\"entry-footer\">\n\t\t\t\t\t\t\t<div class=\"d-flex mt-2 mb-2\">\n\t\t\t\t\t\t\t\t<div>\n\t\t<span class=\"cat-links small\"><a href=\"https:\/\/www.gruene-mkk.de\/tr\/category\/allgemein\/\" rel=\"category tag\">Kategori: Genelkurmay<\/a>, <a href=\"https:\/\/www.gruene-mkk.de\/tr\/category\/newswahlen\/\" rel=\"category tag\">Kategori: Se\u00e7imler<\/a><\/span>\n\t\t\t\t<\/div>\n\t\t\t<\/div>\n\t\t\n\t\t\t\t<div class=\"d-flex flex-row-reverse\">\n\t\t\t\t\t<a href=\"https:\/\/www.gruene-mkk.de\/tr\/holz-als-umweltfreundliche-alternative-zu-anderen-baumaterialien\/\" rel=\"bookmark\" class=\"continue-reading\">\n\t\t\t\t\tOkumaya devam et\t\t\t\t<\/a>\n\t\t\t\t<\/div>\n\t\t\t<\/footer><!-- .entry-footer -->\n\t\t<\/div>\n\t<\/div>\n<\/article><!-- #post-216 -->\n<\/div>\n    <a class=\"text-white no-link d-block bg-primary has-green-550-hover-background-color border-radius\" href=\"https:\/\/www.gruene-mkk.de\/tr?post_type=post\" rel=\"\">\n        <div class=\"p-45 row\">\n        <span class=\"continue-reading text-white text-center pt-0\">blog ar\u015fivine<\/span>\n        <\/div>\n    <\/a>\n<\/div><\/div><\/div>\n\n\n<p><\/p>","protected":false},"excerpt":{"rendered":"<p>Liste, Dirkekt ve yedek adaylar ve se\u00e7im kampanyas\u0131 ile ilgili t\u00fcm bilgiler.devam\u0131n\u0131 oku Federal Meclis Se\u00e7imleri 2021 Do\u011frudan adaylar\u0131m\u0131z, bas\u0131n b\u00fcltenlerimiz, tarihlerimiz ve se\u00e7im program\u0131m\u0131z. Yerel se\u00e7imler 2021 \u0130l\u00e7e adaylar\u0131m\u0131z [...]<\/p>","protected":false},"author":2,"featured_media":0,"parent":0,"menu_order":0,"comment_status":"closed","ping_status":"closed","template":"","meta":{"footnotes":""},"class_list":["post-355","page","type-page","status-publish","hentry"],"_links":{"self":[{"href":"https:\/\/www.gruene-mkk.de\/tr\/wp-json\/wp\/v2\/pages\/355","targetHints":{"allow":["GET"]}}],"collection":[{"href":"https:\/\/www.gruene-mkk.de\/tr\/wp-json\/wp\/v2\/pages"}],"about":[{"href":"https:\/\/www.gruene-mkk.de\/tr\/wp-json\/wp\/v2\/types\/page"}],"author":[{"embeddable":true,"href":"https:\/\/www.gruene-mkk.de\/tr\/wp-json\/wp\/v2\/users\/2"}],"replies":[{"embeddable":true,"href":"https:\/\/www.gruene-mkk.de\/tr\/wp-json\/wp\/v2\/comments?post=355"}],"version-history":[{"count":16,"href":"https:\/\/www.gruene-mkk.de\/tr\/wp-json\/wp\/v2\/pages\/355\/revisions"}],"predecessor-version":[{"id":1544,"href":"https:\/\/www.gruene-mkk.de\/tr\/wp-json\/wp\/v2\/pages\/355\/revisions\/1544"}],"wp:attachment":[{"href":"https:\/\/www.gruene-mkk.de\/tr\/wp-json\/wp\/v2\/media?parent=355"}],"curies":[{"name":"wp","href":"https:\/\/api.w.org\/{rel}","templated":true}]}}