{"id":3013,"date":"2025-11-27T16:37:15","date_gmt":"2025-11-27T15:37:15","guid":{"rendered":"https:\/\/www.gruene-mkk.de\/?page_id=3013"},"modified":"2026-03-06T13:48:05","modified_gmt":"2026-03-06T12:48:05","slug":"transparenzbekanntmachung","status":"publish","type":"page","link":"https:\/\/www.gruene-mkk.de\/tr\/transparenzbekanntmachung\/","title":{"rendered":"\u015eeffafl\u0131k bildirimi"},"content":{"rendered":"<p><strong>Siyasi reklamc\u0131l\u0131\u011f\u0131n \u015feffafl\u0131\u011f\u0131 ve hedeflenmesine ili\u015fkin (AB) 2024\/900 say\u0131l\u0131 T\u00fcz\u00fc\u011f\u00fcn 11. Maddesi uyar\u0131nca \u015eeffafl\u0131k Bildirimi (TTPA T\u00fcz\u00fc\u011f\u00fc)<\/strong><\/p>\n\n\n\n<p><strong>Durum ve durum: 19.11.2025<\/strong><\/p>\n\n\n\n<p><strong>1. Politik reklam sponsoru<\/strong><\/p>\n\n\n\n<p>\u0130ttifak 90\/Ye\u015filler - Main-Kinzig il\u00e7e derne\u011fi<br>Adresiniz ve telefon numaran\u0131z: Calvinstra\u00dfe 10, 63450 Hanau<br>E-posta adresiniz:&nbsp;<a href=\"#\" data-unscramble=\"ed.kkm-eneurg@vk\" data-type=\"mailto\" data-id=\"#\">kv@gruene-mkk.de<\/a><br>B\u00f6lge y\u00f6neticisi Anja Zeller, Beate Boege-Sonnek, Philip Schinkel, Steve Euler, Christine Dr\u00f6\u00dfler-Utecht, Matthias Kuponiyi-B\u00f6ff taraf\u0131ndan temsil edildi<\/p>\n\n\n\n<p><strong>2. \u00d6deme yapan kurulu\u015f<\/strong><\/p>\n\n\n\n<p>\u0130ttifak 90\/Ye\u015filler - Main-Kinzig il\u00e7e derne\u011fi<br>Adresiniz ve telefon numaran\u0131z: Calvinstra\u00dfe 10, 63450 Hanau<br>E-posta adresiniz:&nbsp;<a href=\"#\" data-unscramble=\"ed.kkm-eneurg@vk\" data-type=\"mailto\" data-id=\"#\">kv@gruene-mkk.de<\/a><br>B\u00f6lge y\u00f6neticisi Anja Zeller, Beate Boege-Sonnek, Philip Schinkel, Steve Euler, Christine Dr\u00f6\u00dfler-Utecht, Matthias Kuponiyi-B\u00f6ff taraf\u0131ndan temsil edildi<\/p>\n\n\n\n<p>2026'daki Hessen belediye se\u00e7imleri i\u00e7in kampanya kampanyas\u0131 B\u00fcndnis 90\/DIE GR\u00dcNEN Kreisverband Main-Kinzig ve alt b\u00f6l\u00fcmleri taraf\u0131ndan finanse edilmektedir. Ar\u0131zalar \u015funlar\u0131 i\u00e7erir:&nbsp;<a href=\"https:\/\/www.gruene-mkk.de\/tr\/gruene-vor-ort\/ortsverbaende\/\" data-type=\"page\" data-id=\"613\">Yerel dernekler listesi<\/a>.&nbsp;<\/p>\n\n\n\n<p><strong>3. Yay\u0131nlanma s\u00fcresi<\/strong><\/p>\n\n\n\n<p>Siyasi reklamlar, 18.11.2025 - 30.03.2026 tarihleri aras\u0131nda 15.03.2026 tarihinde Hessen belediye se\u00e7imleri i\u00e7in belediye se\u00e7im kampanyas\u0131 ba\u011flam\u0131nda yay\u0131nlanacak veya yay\u0131lacakt\u0131r.<\/p>\n\n\n\n<p><strong>4. Finansman hakk\u0131nda bilgi<\/strong><\/p>\n\n\n\n<p>B\u00fcndnis 90\/DIE GR\u00dcNEN Kreisverband Main-Kinzig belediye se\u00e7im kampanyas\u0131n\u0131n reklam malzemesi b\u00fct\u00e7esi, malzemeler i\u00e7in 850.00 \u20ac, geni\u015f alan rezervasyonlar\u0131 i\u00e7in 11.500.00 \u20ac ve reklamlar i\u00e7in 2.500.00 \u20ac i\u00e7erir.<\/p>\n\n\n\n<p>Fonlar\u0131n kayna\u011f\u0131: \u00d6zel olarak<em>,&nbsp;<\/em>Fonlar\u0131n kayna\u011f\u0131: Avrupa Birli\u011fi i\u00e7inde<\/p>\n\n\n\n<p>B\u00fcy\u00fck \u00f6l\u00e7ekli posterler<br>Reklam hizmetinin toplam de\u011feri, on y\u0131l boyunca (genellikle 10 g\u00fcn) geni\u015f alanl\u0131 bir poster rezervasyonunun maliyetine g\u00f6re hesaplan\u0131r. Konuma ve reklam ortam\u0131na ba\u011fl\u0131 olarak, g\u00fcnl\u00fck fiyatlar 5,90 \u20ac ile 98,40 \u20ac aras\u0131nda de\u011fi\u015fmektedir.<strong>.<\/strong><\/p>\n\n\n\n<p><strong>5. Sebep \/ siyasi ba\u011flam<\/strong><\/p>\n\n\n\n<p>Bu ilan Hessen belediye se\u00e7imleri 2026 ile ilgilidir. Oylama ile ilgili resmi bilgiler:<em><br><\/em>Main-Kinzig b\u00f6lgesindeki B\u00f6lge \u0130ade G\u00f6revlisi:&nbsp;<a href=\"https:\/\/www.mkk.de\/landkreis\/politik_1\/wahlen\/Wahlen.html\">https:\/\/www.mkk.de\/landkreis\/politik_1\/wahlen\/Wahlen.html<\/a><\/p>\n\n\n\n<p><strong>6. Reklam sa\u011flay\u0131c\u0131s\u0131 \/ ajans\u0131 hakk\u0131nda bilgi<\/strong><\/p>\n\n\n\n<p>Hessen 2026'daki belediye se\u00e7im kampanyas\u0131 ba\u011flam\u0131nda hizmet sa\u011flay\u0131c\u0131lar<\/p>\n\n\n\n<p>1-2-3-Plakat.de GmbH, Moltkestr adresinde bulunmaktad\u0131r. 8, 32257 perde, telefon: 05223 1778-77, e-posta:&nbsp;<a href=\"#\" data-unscramble=\"ed.takalp321@ofni\">info@123plakat.de<\/a>, ,Hizmet t\u00fcr\u00fc: Reklam alan\u0131 arabuluculu\u011fu<\/p>\n\n\n\n<p>Wesselmann Werbung GmbH, Lohrheidestr \u015firketi. 68-70, 44866 Bochum, Almanya (Haritay\u0131 g\u00f6ster) 02327 3963, e-posta:&nbsp;<a href=\"#\" data-unscramble=\"ed.gnubrew-nnamlessew@liam\">mail@wesselmann-werbung.de<\/a>, ,Hizmet t\u00fcr\u00fc: Reklam alan\u0131 kiralama<\/p>\n\n\n\n<p>Staudigl-Druck GmbH &amp; Co.KG, Sch\u00fctzenring 1, 86609 Donauw\u00fcrth, Almanya (Haritay\u0131 g\u00f6sterin) 0906 7008 0, E-posta: info@staudigl-druck, Hizmet t\u00fcr\u00fc: Poster bask\u0131s\u0131<\/p>\n\n\n\n<p>\/ RMM | RheinMain.Media, Hanauer Anzeiger GmbH &amp; Co. KG, Donaustra\u00dfe 5, 63452 Hanau, Almanya \/ \u0130leti\u015fim <a href=\"#\" data-unscramble=\"ed.mmr@redeor.saerdna\"><\/a><a href=\"#\" data-unscramble=\"ed.mmr@ecivres\" target=\"_blank\" rel=\"noreferrer noopener\">service@rmm.de<\/a>, ,Hizmet t\u00fcr\u00fc: Reklam (anlam ayr\u0131m\u0131)<\/p>\n\n\n\n<p><br>Druck- und Pressehaus Naumann GmbH &amp; Co. KG, Gutenbergstra\u00dfe 1, 63571 Gelnhausen, servicecenter@gnz.de, telefon: 06051\/833-290, Hizmet t\u00fcr\u00fc: Reklam (anlam ayr\u0131m\u0131)<\/p>\n\n\n\n<p><strong>7. Yay\u0131n ayr\u0131nt\u0131lar\u0131<\/strong><\/p>\n\n\n\n<p>Da\u011f\u0131t\u0131m b\u00f6lgesi: Main-Kinzig-Kreis, Hessen b\u00f6lgesinde konaklanacak yerler<\/p>\n\n\n\n<p><strong>8. Hedefleme ve veri i\u015fleme hakk\u0131nda bilgiler<\/strong><\/p>\n\n\n\n<p>Ki\u015fisel verilerin kullan\u0131lmamas\u0131.<\/p>\n\n\n\n<p>Reklamlar, hedef grup \u00f6zellikleri (Hessen'deki b\u00f6lge) kullan\u0131larak g\u00f6r\u00fcnt\u00fclenir. Daha fazla bilgi i\u00e7in bkz:&nbsp;<a href=\"http:\/\/www.gruene-hessen.de\/datenschutz\">www.gruene-hessen.de\/datenschutz<\/a><\/p>\n\n\n\n<p><strong>9. \u00d6nceki yay\u0131nlar \/ d\u00fczeltmeler<\/strong><\/p>\n\n\n\n<p>Daha \u00f6nce herhangi bir yay\u0131n veya d\u00fczeltme yap\u0131lmam\u0131\u015ft\u0131r.<\/p>\n\n\n\n<p><strong>10. \u015eeffafl\u0131k sorunlar\u0131 i\u00e7in irtibat ki\u015fisi<\/strong><\/p>\n\n\n\n<p>Ad\u0131 ve soyad\u0131: Mareike J\u00e4ger, e-posta:\u00a0<a href=\"#\" data-unscramble=\"ed.nesseh-eneurg@dnabrevsednal\"><a href=\"#\" data-unscramble=\"ed.kkm-eneurg@vk\" data-type=\"mailto\" data-id=\"#\">kv@gruene-mkk.de<\/a><\/a><\/p>\n\n\n\n<p>Veri korumadan sorumlu \u015fikayet kurulu\u015fu:<br>Hessen Veri Koruma ve Bilgi \u00d6zg\u00fcrl\u00fc\u011f\u00fc Komiseri Hessen<br>DPO<br>\u00dcnite 2.3'\u00fcn<br>PO Kutusu 3163<br>65021 Wiesbaden<br>Telefon numaras\u0131 ve telefon numaras\u0131: +49 611 1408 161, posta:&nbsp;<a href=\"#\" data-unscramble=\"ed.nesseh.ztuhcsnetad@elletstsop\">poststelle@datenschutz.hessen.de<\/a><\/p>\n\n\n\n<p>\u0130\u00e7erik ve do\u011fruluktan sorumlu: \u0130ttifak 90\/Ye\u015filler - Main-Kinzig il\u00e7e derne\u011fi<\/p>\n\n\n\n<p>Tarih ve saat: 19.11.2025<\/p>","protected":false},"excerpt":{"rendered":"<p>Siyasi reklamc\u0131l\u0131\u011f\u0131n (TTPA Y\u00f6netmeli\u011fi) Stat\u00fcs\u00fcn\u00fcn \u015feffafl\u0131\u011f\u0131 ve hedeflenmesine ili\u015fkin (AB) 2024\/900 say\u0131l\u0131 Y\u00f6netmeli\u011fin 11. Maddesi uyar\u0131nca \u015eeffafl\u0131k Bildirimi: 19.11.2025 1.Siyasi reklam sponsoru B\u00dcNDNIS 90\/DIE GR\u00dcNEN - Kreisverband Main-KinzigAdres: Calvin Caddesi'nde [...]<\/p>","protected":false},"author":2,"featured_media":0,"parent":0,"menu_order":0,"comment_status":"closed","ping_status":"closed","template":"","meta":{"footnotes":""},"class_list":["post-3013","page","type-page","status-publish","hentry"],"_links":{"self":[{"href":"https:\/\/www.gruene-mkk.de\/tr\/wp-json\/wp\/v2\/pages\/3013","targetHints":{"allow":["GET"]}}],"collection":[{"href":"https:\/\/www.gruene-mkk.de\/tr\/wp-json\/wp\/v2\/pages"}],"about":[{"href":"https:\/\/www.gruene-mkk.de\/tr\/wp-json\/wp\/v2\/types\/page"}],"author":[{"embeddable":true,"href":"https:\/\/www.gruene-mkk.de\/tr\/wp-json\/wp\/v2\/users\/2"}],"replies":[{"embeddable":true,"href":"https:\/\/www.gruene-mkk.de\/tr\/wp-json\/wp\/v2\/comments?post=3013"}],"version-history":[{"count":5,"href":"https:\/\/www.gruene-mkk.de\/tr\/wp-json\/wp\/v2\/pages\/3013\/revisions"}],"predecessor-version":[{"id":3316,"href":"https:\/\/www.gruene-mkk.de\/tr\/wp-json\/wp\/v2\/pages\/3013\/revisions\/3316"}],"wp:attachment":[{"href":"https:\/\/www.gruene-mkk.de\/tr\/wp-json\/wp\/v2\/media?parent=3013"}],"curies":[{"name":"wp","href":"https:\/\/api.w.org\/{rel}","templated":true}]}}