{"id":18,"date":"2021-11-09T12:27:41","date_gmt":"2021-11-09T11:27:41","guid":{"rendered":"https:\/\/www.alles-bleibt-anders.org\/?page_id=18"},"modified":"2022-08-05T18:18:09","modified_gmt":"2022-08-05T16:18:09","slug":"partei","status":"publish","type":"page","link":"https:\/\/www.gruene-mkk.de\/tr\/partei\/","title":{"rendered":"Kategori: Parti"},"content":{"rendered":"<div class=\"wp-block-cover is-light\" style=\"min-height:519px;aspect-ratio:unset;\"><span aria-hidden=\"true\" class=\"wp-block-cover__background has-background-dim-0 has-background-dim\"><\/span><img loading=\"lazy\" decoding=\"async\" width=\"1920\" height=\"1080\" class=\"wp-block-cover__image-background wp-image-19\" alt=\"\" src=\"http:\/\/www.alles-bleibt-anders.org\/wp-content\/uploads\/2021\/11\/kreisverband-mkk-card.jpg\" style=\"object-position:54% 62%\" data-object-fit=\"cover\" data-object-position=\"54% 62%\" srcset=\"https:\/\/www.gruene-mkk.de\/wp-content\/uploads\/2021\/11\/kreisverband-mkk-card.jpg 1920w, https:\/\/www.gruene-mkk.de\/wp-content\/uploads\/2021\/11\/kreisverband-mkk-card-400x225.jpg 400w, https:\/\/www.gruene-mkk.de\/wp-content\/uploads\/2021\/11\/kreisverband-mkk-card-800x450.jpg 800w, https:\/\/www.gruene-mkk.de\/wp-content\/uploads\/2021\/11\/kreisverband-mkk-card-768x432.jpg 768w, https:\/\/www.gruene-mkk.de\/wp-content\/uploads\/2021\/11\/kreisverband-mkk-card-1536x864.jpg 1536w, https:\/\/www.gruene-mkk.de\/wp-content\/uploads\/2021\/11\/kreisverband-mkk-card-150x84.jpg 150w\" sizes=\"auto, (max-width: 1920px) 100vw, 1920px\" \/><div class=\"wp-block-cover__inner-container is-layout-flow wp-block-cover-is-layout-flow\">\n<p class=\"has-text-align-center has-large-font-size\"><\/p>\n<\/div><\/div>\n\n\n\n<div class=\"wp-block-group has-green-800-color has-white-background-color has-text-color has-background is-layout-flow wp-block-group-is-layout-flow\">\n<p class=\"has-text-align-center\" style=\"font-size:clamp(14.642px, 0.915rem + ((1vw - 3.2px) * 0.836), 22px);\">The <strong>Kreisverband B\u00dcNDNIS 90\/DIE GR\u00dcNEN Ana-Kinzig<\/strong> \u015eu anda 400'den fazla \u00fcyemiz var ve s\u00fcrekli b\u00fcy\u00fcyoruz. Bundan memnunuz, \u00e7\u00fcnk\u00fc bu ger\u00e7ek \u00e7evre ve iklimin korunmas\u0131, s\u00fcrd\u00fcr\u00fclebilir kalk\u0131nma (\u00f6zellikle k\u0131rsal b\u00f6lgeler) ve sosyal adalet gibi ye\u015fil konulara b\u00fcy\u00fck ilgi g\u00f6steriyor. <\/p>\n\n\n\n<p class=\"has-text-align-center\" style=\"font-size:clamp(14.642px, 0.915rem + ((1vw - 3.2px) * 0.836), 22px);\">Bu bizi bu konular\u0131 aktif olarak tan\u0131tmaya motive ediyor!<\/p>\n<\/div>\n\n\n\n<p>   <\/p>\n\n\n\n<h3 class=\"wp-block-heading\">\u0130l\u00e7e derne\u011fimiz<\/h3>\n\n\n\n<p>The <a href=\"https:\/\/www.alles-bleibt-anders.org\/partei\/kreisvorstand\/\"><strong>B\u00f6lge Y\u00f6netim Kurulu<\/strong><\/a> A\u011f \u00fcyelerine ve gruplar\u0131na d\u00fczenli olarak genel toplant\u0131lar ve di\u011fer etkinlikler d\u00fczenler. B\u00fcro, her siyasi gruptan ve Ye\u015fil Gen\u00e7lik'ten be\u015f \u00fcye, bir kasiyer ve bir temsilciden olu\u015fmaktad\u0131r.<\/p>\n\n\n\n<p>The <a href=\"https:\/\/www.alles-bleibt-anders.org\/partei\/gruene-jugend\/\"><strong>Kategori: Ye\u015fil gen\u00e7lik<\/strong><\/a> Main-Kinzig-Kreis'te d\u00fczenli olarak gen\u00e7leri ve gen\u00e7 yeti\u015fkinleri etkileyen konularda kendi toplant\u0131lar\u0131n\u0131 ve etkinliklerini d\u00fczenler. \u0130lgileniyorsan\u0131z, Instagram'daki Green Youth Main-Kinzig ile ileti\u015fime ge\u00e7in ve bir toplant\u0131ya gelin.<\/p>\n\n\n\n<p>Sitede, \u00fcyelerimiz 18 aktif olarak kendilerini organize <a href=\"https:\/\/www.alles-bleibt-anders.org\/gruene-vor-ort\/\"><strong>Kategori: Yerel dernekler<\/strong><\/a> Onlar yerel konseylerin \u00fcyeleridir. <\/p>\n\n\n\n<p><strong><a href=\"https:\/\/www.alles-bleibt-anders.org\/termine\/\">Genel Toplant\u0131 ve Etkinlikler<\/a> kamu ve Ye\u015fil Main-Kinzig her zaman ilgili taraflar\u0131n kat\u0131l\u0131m\u0131 hakk\u0131nda mutlu!<\/strong><\/p>\n\n\n\n<p><\/p>\n\n\n\n<h3 class=\"wp-block-heading\">Komiteler ve delegeler<\/h3>\n\n\n\n<p>B\u00f6lge derne\u011fi, eyalet derne\u011finin parti konseyine iki delege ve federal delege konferans\u0131na iki delege g\u00f6nderir. Ayr\u0131ca, Devlet Kad\u0131n Konseyi'nde bir delege ile temsil edilmektedir.<\/p>\n\n\n\n<div class=\"wp-block-columns is-layout-flex wp-container-core-columns-is-layout-9d6595d7 wp-block-columns-is-layout-flex\">\n<div class=\"wp-block-column is-layout-flow wp-block-column-is-layout-flow\">\n<div class=\"wp-block-sunflower-accordion\"><div class=\"accordion-item\"><h4 class=\"accordion-header\"><button class=\"accordion-button collapsed\" type=\"button\" data-bs-toggle=\"collapse\" data-bs-target=\".sacc07878bfc-d5ef-4814-bd00-9aaee99f4768\" aria-expanded=\"false\" aria-controls=\".sacc07878bfc-d5ef-4814-bd00-9aaee99f4768\">Hessen Parti Konseyi<\/button><\/h4><div class=\"accordion-collapse collapse sacc07878bfc-d5ef-4814-bd00-9aaee99f4768\" aria-labelledby=\".sacc07878bfc-d5ef-4814-bd00-9aaee99f4768\"><div class=\"accordion-body\"><p class=\"sunflower-accordion\"><strong>Angelika Gunkel<\/strong> (Ayr\u0131ca bak\u0131n\u0131z: delegeler)<br\/><strong>Jakob M\u00e4hler<\/strong> (Yetkilendirildi)<br\/><br\/><strong>Viola Ha\u00dfdenteufe<\/strong>l (yedek delege)<br\/><strong>Sandra Gerbert <\/strong>(Yedek delege)<br\/><strong>Reiner Bousonville <\/strong>(Yedek delege)<br\/><strong>Knut \u00e7ak\u0131l ta\u015flar\u0131<\/strong> (Yedek delege)<br\/><\/p><\/div><\/div><\/div><\/div>\n<\/div>\n\n\n\n<div class=\"wp-block-column is-layout-flow wp-block-column-is-layout-flow\">\n<div class=\"wp-block-sunflower-accordion\"><div class=\"accordion-item\"><h4 class=\"accordion-header\"><button class=\"accordion-button collapsed\" type=\"button\" data-bs-toggle=\"collapse\" data-bs-target=\".saccb1676d2a-723a-422b-9a94-d845a8ff4b68\" aria-expanded=\"false\" aria-controls=\".saccb1676d2a-723a-422b-9a94-d845a8ff4b68\">Federal Delegeler Konferans\u0131 (BDK)<\/button><\/h4><div class=\"accordion-collapse collapse saccb1676d2a-723a-422b-9a94-d845a8ff4b68\" aria-labelledby=\".saccb1676d2a-723a-422b-9a94-d845a8ff4b68\"><div class=\"accordion-body\"><p class=\"sunflower-accordion\"><strong>Barbara Sch\u00e4fer<\/strong>, Maintal (delegeler)<br\/><strong>Matthias Dorka<\/strong>, Brachttal<strong> <\/strong>(Yetkilendirildi)<br\/><br\/><strong>Laura Merz mi?<\/strong> Sch\u00f6neck (yedek delege)<br\/><strong>Manfred Cuntz m\u0131?<\/strong> Gr\u00fcndau<strong> <\/strong>(Yedek delege)<br\/><br\/>(Ocak 2022 itibar\u0131yla)<\/p><\/div><\/div><\/div><\/div>\n<\/div>\n\n\n\n<div class=\"wp-block-column is-layout-flow wp-block-column-is-layout-flow\">\n<div class=\"wp-block-sunflower-accordion\"><div class=\"accordion-item\"><h4 class=\"accordion-header\"><button class=\"accordion-button collapsed\" type=\"button\" data-bs-toggle=\"collapse\" data-bs-target=\".sacc1f3f724e-0f2a-4753-856b-ca9364464795\" aria-expanded=\"false\" aria-controls=\".sacc1f3f724e-0f2a-4753-856b-ca9364464795\">Hessen Kad\u0131nlar\u0131 Devlet Konseyi<\/button><\/h4><div class=\"accordion-collapse collapse sacc1f3f724e-0f2a-4753-856b-ca9364464795\" aria-labelledby=\".sacc1f3f724e-0f2a-4753-856b-ca9364464795\"><div class=\"accordion-body\"><p class=\"sunflower-accordion\"><strong>Mareike Forchheim<\/strong> (Ayr\u0131ca bak\u0131n\u0131z: delegeler)<br\/><br\/><strong>Monika K\u00fchn-Bousonville <\/strong>(Yedek delege)<br\/><br\/><strong>Maria Heider<\/strong> (Yedek delege)<\/p><\/div><\/div><\/div><\/div>\n<\/div>\n<\/div>\n\n\n\n<p><\/p>\n\n\n\n<h3 class=\"wp-block-heading\">B\u00dcNDNIS 90\/DIE GR\u00dcNEN'in devlet parlamentosu, devlet y\u00fcr\u00fctme kurulu ve Bundestag'daki temsilcileri <\/h3>\n\n\n\n<p>  <\/p>\n\n\n\n<div class=\"wp-block-group alignwide has-white-background-color has-background is-layout-flow wp-block-group-is-layout-flow\" id=\"full-width\">\n<div class=\"wp-block-columns is-layout-flex wp-container-core-columns-is-layout-9d6595d7 wp-block-columns-is-layout-flex\">\n<div class=\"wp-block-column is-layout-flow wp-block-column-is-layout-flow\">\n<figure class=\"wp-block-image size-full is-style-default\"><img loading=\"lazy\" decoding=\"async\" width=\"800\" height=\"532\" src=\"http:\/\/www.alles-bleibt-anders.org\/wp-content\/uploads\/2021\/11\/20210908_Dorfentwicklung_Hofmann.jpg\" alt=\"\" class=\"wp-image-206\" srcset=\"https:\/\/www.gruene-mkk.de\/wp-content\/uploads\/2021\/11\/20210908_Dorfentwicklung_Hofmann.jpg 800w, https:\/\/www.gruene-mkk.de\/wp-content\/uploads\/2021\/11\/20210908_Dorfentwicklung_Hofmann-400x266.jpg 400w, https:\/\/www.gruene-mkk.de\/wp-content\/uploads\/2021\/11\/20210908_Dorfentwicklung_Hofmann-768x511.jpg 768w, https:\/\/www.gruene-mkk.de\/wp-content\/uploads\/2021\/11\/20210908_Dorfentwicklung_Hofmann-150x100.jpg 150w\" sizes=\"auto, (max-width: 800px) 100vw, 800px\" \/><\/figure>\n<\/div>\n\n\n\n<div class=\"wp-block-column is-vertically-aligned-center is-layout-flow wp-block-column-is-layout-flow\">\n<h2 class=\"h1 wp-block-heading\">Markus Hofmann (MdL) (\u0130ngilizce)<\/h2>\n\n\n\n<p><em>\u0130l\u00e7e derne\u011fi Main-Kinzig'in endi\u015feleri i\u00e7in irtibat ki\u015fimiz B\u00dcNDNIS 90\/DIE GR\u00dcNEN Hessen meclis grubundan<\/em><\/p>\n\n\n\n<div class=\"wp-block-group d-flex p-0 is-layout-flow wp-block-group-is-layout-flow\">\n<div class=\"wp-block-sunflower-meta-data\"><a href=\"https:\/\/www.facebook.com\/profile.php?id=100011190093478\" target=\"_blank\" rel=\"noopener\"><i class=\"fab fa-facebook-f\"><\/i><\/a><\/div>\n\n\n\n<div class=\"wp-block-sunflower-meta-data\"><a href=\"https:\/\/www.instagram.com\/markus_hofmann_mdl\/\" target=\"_blank\" rel=\"noopener\"><i class=\"fab fa-instagram\"><\/i><\/a><\/div>\n\n\n\n<div class=\"wp-block-sunflower-meta-data\"><a href=\"#\" data-unscramble=\"ed.nesseh.gtl@nnamfoh.m\" target=\"_blank\" rel=\"noopener\"><i class=\"fas fa-envelope\"><\/i><\/a><\/div>\n\n\n\n<div class=\"wp-block-sunflower-meta-data\"><a href=\"https:\/\/www.markus-hofmann-mdl.de\/\" target=\"_blank\" rel=\"noopener\"><i class=\"fas fa-globe\"><\/i><\/a><\/div>\n\n\n\n<p><\/p>\n\n\n\n<p><\/p>\n<\/div>\n<\/div>\n<\/div>\n\n\n\n<p>  <\/p>\n\n\n\n<p><em><strong>Devlet Y\u00fcr\u00fctme Kurulu i\u00e7in bu i\u015flev Devlet Sayman taraf\u0131ndan \u00fcstlenilir&nbsp;<em>Martin Kirsch&nbsp;<\/em>Do\u011fru mu? - Evet.<\/strong><\/em><\/p>\n<\/div>\n\n\n\n<p>  <\/p>\n\n\n\n<div class=\"wp-block-columns is-layout-flex wp-container-core-columns-is-layout-9d6595d7 wp-block-columns-is-layout-flex\">\n<div class=\"wp-block-column is-layout-flow wp-block-column-is-layout-flow\">\n<figure class=\"wp-block-image size-large is-style-default\"><img loading=\"lazy\" decoding=\"async\" width=\"800\" height=\"534\" src=\"http:\/\/www.alles-bleibt-anders.org\/wp-content\/uploads\/2021\/11\/2017_Pressefoto_WSK_Bundestag_aussen-800x534.jpg\" alt=\"\" class=\"wp-image-686\" srcset=\"https:\/\/www.gruene-mkk.de\/wp-content\/uploads\/2021\/11\/2017_Pressefoto_WSK_Bundestag_aussen-800x534.jpg 800w, https:\/\/www.gruene-mkk.de\/wp-content\/uploads\/2021\/11\/2017_Pressefoto_WSK_Bundestag_aussen-400x267.jpg 400w, https:\/\/www.gruene-mkk.de\/wp-content\/uploads\/2021\/11\/2017_Pressefoto_WSK_Bundestag_aussen-768x512.jpg 768w, https:\/\/www.gruene-mkk.de\/wp-content\/uploads\/2021\/11\/2017_Pressefoto_WSK_Bundestag_aussen-1536x1025.jpg 1536w, https:\/\/www.gruene-mkk.de\/wp-content\/uploads\/2021\/11\/2017_Pressefoto_WSK_Bundestag_aussen.jpg 1731w\" sizes=\"auto, (max-width: 800px) 100vw, 800px\" \/><figcaption>Yazar\u0131n ad\u0131: Stefan Kaminski<\/figcaption><\/figure>\n\n\n\n<p><\/p>\n<\/div>\n\n\n\n<div class=\"wp-block-column is-vertically-aligned-center is-layout-flow wp-block-column-is-layout-flow\">\n<h2 class=\"h1 wp-block-heading\">Dr. Wolfgang Strengmann-Kuhn (MdB) (\u0130ngilizce)<\/h2>\n\n\n\n<p><em>Bundestagsfaktion B\u00dcNDNIS 90\/DIE GR\u00dcNEN'den Main-Kinzig-Kreis i\u00e7in irtibat ki\u015fisi<\/em> ve Offenbach Land b\u00f6lgesinin do\u011frudan aday\u0131.<\/p>\n\n\n\n<div class=\"wp-block-group d-flex p-0 is-layout-flow wp-block-group-is-layout-flow\">\n<div class=\"wp-block-sunflower-meta-data\"><a href=\"https:\/\/strengmann-kuhn.de\/\" target=\"_blank\" rel=\"noopener\"><i class=\"fas fa-globe\"><\/i><\/a><\/div>\n<\/div>\n\n\n\n<p><\/p>\n<\/div>\n<\/div>","protected":false},"excerpt":{"rendered":"<p>B\u00dcNDNIS 90\/DIE GR\u00dcNEN Main-Kinzig il\u00e7e derne\u011fi \u015fu anda 400'den fazla \u00fcyeye sahiptir ve s\u00fcrekli b\u00fcy\u00fcmektedir. Memnunuz, \u00e7\u00fcnk\u00fc bu ger\u00e7ek ye\u015fil konulara b\u00fcy\u00fck ilgi g\u00f6steriyor [...]<\/p>","protected":false},"author":2,"featured_media":0,"parent":0,"menu_order":0,"comment_status":"closed","ping_status":"closed","template":"","meta":{"footnotes":""},"class_list":["post-18","page","type-page","status-publish","hentry"],"_links":{"self":[{"href":"https:\/\/www.gruene-mkk.de\/tr\/wp-json\/wp\/v2\/pages\/18","targetHints":{"allow":["GET"]}}],"collection":[{"href":"https:\/\/www.gruene-mkk.de\/tr\/wp-json\/wp\/v2\/pages"}],"about":[{"href":"https:\/\/www.gruene-mkk.de\/tr\/wp-json\/wp\/v2\/types\/page"}],"author":[{"embeddable":true,"href":"https:\/\/www.gruene-mkk.de\/tr\/wp-json\/wp\/v2\/users\/2"}],"replies":[{"embeddable":true,"href":"https:\/\/www.gruene-mkk.de\/tr\/wp-json\/wp\/v2\/comments?post=18"}],"version-history":[{"count":51,"href":"https:\/\/www.gruene-mkk.de\/tr\/wp-json\/wp\/v2\/pages\/18\/revisions"}],"predecessor-version":[{"id":1285,"href":"https:\/\/www.gruene-mkk.de\/tr\/wp-json\/wp\/v2\/pages\/18\/revisions\/1285"}],"wp:attachment":[{"href":"https:\/\/www.gruene-mkk.de\/tr\/wp-json\/wp\/v2\/media?parent=18"}],"curies":[{"name":"wp","href":"https:\/\/api.w.org\/{rel}","templated":true}]}}