{"id":1103,"date":"2022-06-15T14:35:27","date_gmt":"2022-06-15T12:35:27","guid":{"rendered":"https:\/\/www.gruene-mkk.de\/?page_id=1103"},"modified":"2023-08-11T18:19:50","modified_gmt":"2023-08-11T16:19:50","slug":"landtagswahl-2023","status":"publish","type":"page","link":"https:\/\/www.gruene-mkk.de\/tr\/wahlen\/landtagswahl-2023\/","title":{"rendered":"Kategori: 2023 devlet se\u00e7imleri"},"content":{"rendered":"<p><\/p>\n\n\n\n<h2 class=\"wp-block-heading\">\u015eimdi tam zaman\u0131!<\/h2>\n\n\n\n<p>2023'te yeni bir devlet parlamentosu se\u00e7ildi ve Ye\u015filler Devlet \u015eans\u00f6lyeli\u011fi i\u00e7in \u00fc\u00e7l\u00fc sava\u015f\u0131 haz\u0131rl\u0131yorlar. <\/p>\n\n\n\n<p>Main-Kinzig'deki biz Ye\u015filler, bu hedefi g\u00fc\u00e7l\u00fc adaylarla desteklemek ve il\u00e7enin Main-Kinzig b\u00f6lgesinden bir milletvekili ile tekrar eyalet parlamentosunda temsil edilmesini sa\u011flamak istiyoruz. <\/p>\n\n\n\n<div class=\"wp-block-group has-text-color has-background is-layout-flow wp-block-group-is-layout-flow\" style=\"color:#ffffff;background-color:#163c29\">\n<p><\/p>\n\n\n\n<p><\/p>\n\n\n\n<h2 class=\"wp-block-heading has-text-align-center h1 has-white-color has-text-color\"><a href=\"#\" data-unscramble=\"ed.kkm-eneurg@vk\">Kampanya ekibimize hemen kat\u0131l\u0131n!<\/a><\/h2>\n\n\n\n<p class=\"has-text-align-center has-white-color has-text-color\"><\/p>\n\n\n\n<div class=\"wp-block-buttons is-horizontal is-content-justification-center is-layout-flex wp-container-core-buttons-is-layout-499968f5 wp-block-buttons-is-layout-flex\"><\/div>\n<\/div>\n\n\n\n<p><\/p>\n\n\n\n<h3 class=\"wp-block-heading\">Adaylar\u0131m\u0131z<\/h3>\n\n\n\n<div class=\"wp-block-columns is-layout-flex wp-container-core-columns-is-layout-9d6595d7 wp-block-columns-is-layout-flex\">\n<div class=\"wp-block-column is-layout-flow wp-block-column-is-layout-flow\">\n<div class=\"wp-block-media-text alignwide is-stacked-on-mobile person has-shadow\"><figure class=\"wp-block-media-text__media\"><img loading=\"lazy\" decoding=\"async\" width=\"800\" height=\"1200\" src=\"https:\/\/www.gruene-mkk.de\/wp-content\/uploads\/2022\/09\/WK-40_Kandidatin_Anja-Zeller-800x1200.jpg\" alt=\"\" class=\"wp-image-1336 size-full\" srcset=\"https:\/\/www.gruene-mkk.de\/wp-content\/uploads\/2022\/09\/WK-40_Kandidatin_Anja-Zeller-800x1200.jpg 800w, https:\/\/www.gruene-mkk.de\/wp-content\/uploads\/2022\/09\/WK-40_Kandidatin_Anja-Zeller-400x600.jpg 400w, https:\/\/www.gruene-mkk.de\/wp-content\/uploads\/2022\/09\/WK-40_Kandidatin_Anja-Zeller-768x1152.jpg 768w, https:\/\/www.gruene-mkk.de\/wp-content\/uploads\/2022\/09\/WK-40_Kandidatin_Anja-Zeller-1024x1536.jpg 1024w, https:\/\/www.gruene-mkk.de\/wp-content\/uploads\/2022\/09\/WK-40_Kandidatin_Anja-Zeller-1365x2048.jpg 1365w, https:\/\/www.gruene-mkk.de\/wp-content\/uploads\/2022\/09\/WK-40_Kandidatin_Anja-Zeller-scaled.jpg 1707w\" sizes=\"auto, (max-width: 800px) 100vw, 800px\" \/><\/figure><div class=\"wp-block-media-text__content\">\n<p class=\"person-name\">Anja Zeller<\/p>\n\n\n\n<p>Hanau Hakk\u0131nda<\/p>\n\n\n\n<p class=\"person-description\">Se\u00e7im b\u00f6lgesi i\u00e7in do\u011frudan aday 40 Main-Kinzig I<\/p>\n\n\n\n<p><\/p>\n\n\n\n<p><\/p>\n\n\n\n<p class=\"person-mail no-link\"><a href=\"#\" data-unscramble=\"ed.kkm-eneurg@rellez.ajna\">anja.zeller@gruene-mkk.de<\/a><\/p>\n\n\n\n<div class=\"wp-block-group d-flex p-0 is-layout-flow wp-block-group-is-layout-flow\">\n<div class=\"wp-block-sunflower-meta-data\"><a href=\"https:\/\/twitter.com\/Anjata\" target=\"_blank\" rel=\"noopener\"><i class=\"fab fa-twitter\"><\/i><\/a><\/div>\n\n\n\n<div class=\"wp-block-sunflower-meta-data\"><a href=\"https:\/\/www.facebook.com\/AnjaZeller.DieGruenen\" target=\"_blank\" rel=\"noopener\"><i class=\"fab fa-facebook-f\"><\/i><\/a><\/div>\n\n\n\n<div class=\"wp-block-sunflower-meta-data\"><a href=\"\/\/www.instagram.com\/anjazeller_gruenemkk\/?igshid=MmIzYWVlNDQ5Yg%3D%3D\" target=\"_blank\" rel=\"noopener\"><i class=\"fab fa-instagram\"><\/i><\/a><\/div>\n\n\n\n<div class=\"wp-block-sunflower-meta-data\"><a href=\"#\" target=\"_blank\" rel=\"noopener\"><i class=\"fas fa-globe\"><\/i><\/a><\/div>\n<\/div>\n\n\n\n<hr class=\"wp-block-separator has-alpha-channel-opacity\"\/>\n\n\n\n<div class=\"wp-block-sunflower-accordion\"><div class=\"accordion-item\"><h4 class=\"accordion-header\"><button class=\"accordion-button collapsed\" type=\"button\" data-bs-toggle=\"collapse\" data-bs-target=\".sacc1dfe5153-a9f0-45e7-8bc4-b597a3fbca71\" aria-expanded=\"false\" aria-controls=\".sacc1dfe5153-a9f0-45e7-8bc4-b597a3fbca71\">Anja Zeller hakk\u0131nda daha fazla bilgi<\/button><\/h4><div class=\"accordion-collapse collapse sacc1dfe5153-a9f0-45e7-8bc4-b597a3fbca71\" aria-labelledby=\".sacc1dfe5153-a9f0-45e7-8bc4-b597a3fbca71\"><div class=\"accordion-body\"><p class=\"sunflower-accordion\">Benim ad\u0131m Anja Zeller ve eyalet parlamentosu i\u00e7in bir aday olarak, s\u00fcrd\u00fcr\u00fclebilir hareketlilik, yerel turizm ve ya\u015fanabilir \u015fehirler ve topluluklar kalbime yak\u0131n. Se\u00e7men 40 i\u00e7in <br\/>Peyzaj ve do\u011fa koruma, hayvan refah\u0131 ve t\u0131bbi bak\u0131m\u0131n yan\u0131 s\u0131ra g\u0131dalar\u0131m\u0131z\u0131 s\u0131f\u0131r kilometre ilkesine g\u00f6re \u00fcretme veya adil tedarik zincirlerinden sat\u0131n alma vizyonuyla ilgileniyorum. Ve evet, dijitalle\u015fme \u00e7ok \u00f6nemli. Ama ekilebilir arazide veri merkezleri istemiyoruz!<br\/>\u00a0<br\/>Yan\u0131mda ne getiriyorum: Bol miktarda siyasi deneyim, iyi idari beceriler ve iyilik i\u00e7in de\u011fi\u015fim arzusu ve tutkusu!<\/p><\/div><\/div><\/div><\/div>\n<\/div><\/div>\n<\/div>\n\n\n\n<div class=\"wp-block-column is-layout-flow wp-block-column-is-layout-flow\">\n<div class=\"wp-block-media-text alignwide is-stacked-on-mobile person has-shadow\"><figure class=\"wp-block-media-text__media\"><img loading=\"lazy\" decoding=\"async\" width=\"800\" height=\"1200\" src=\"https:\/\/www.gruene-mkk.de\/wp-content\/uploads\/2022\/09\/IMG_5228-2-800x1200.jpg\" alt=\"\" class=\"wp-image-1345 size-full\" srcset=\"https:\/\/www.gruene-mkk.de\/wp-content\/uploads\/2022\/09\/IMG_5228-2-800x1200.jpg 800w, https:\/\/www.gruene-mkk.de\/wp-content\/uploads\/2022\/09\/IMG_5228-2-400x600.jpg 400w, https:\/\/www.gruene-mkk.de\/wp-content\/uploads\/2022\/09\/IMG_5228-2-768x1152.jpg 768w, https:\/\/www.gruene-mkk.de\/wp-content\/uploads\/2022\/09\/IMG_5228-2-1024x1536.jpg 1024w, https:\/\/www.gruene-mkk.de\/wp-content\/uploads\/2022\/09\/IMG_5228-2-1365x2048.jpg 1365w, https:\/\/www.gruene-mkk.de\/wp-content\/uploads\/2022\/09\/IMG_5228-2-scaled.jpg 1707w\" sizes=\"auto, (max-width: 800px) 100vw, 800px\" \/><\/figure><div class=\"wp-block-media-text__content\">\n<p class=\"person-name\">Robert Erkan<\/p>\n\n\n\n<p>Hanau Hakk\u0131nda<\/p>\n\n\n\n<p class=\"person-description\">Se\u00e7im b\u00f6lgesi i\u00e7in do\u011frudan aday 41 Main-Kinzig II<\/p>\n\n\n\n<p class=\"no-link\"><a href=\"#\" data-unscramble=\"ed.uanah-eneurg@nakre\">erkan@gruene-hanau.de<\/a><\/p>\n\n\n\n<div class=\"wp-block-group d-flex p-0 is-layout-flow wp-block-group-is-layout-flow\">\n<div class=\"wp-block-sunflower-meta-data\"><a href=\"#\" target=\"_blank\" rel=\"noopener\"><i class=\"fab fa-twitter\"><\/i><\/a><\/div>\n\n\n\n<div class=\"wp-block-sunflower-meta-data\"><a href=\"\/\/www.facebook.com\/robert.erkan\" target=\"_blank\" rel=\"noopener\"><i class=\"fab fa-facebook-f\"><\/i><\/a><\/div>\n\n\n\n<div class=\"wp-block-sunflower-meta-data\"><a href=\"https:\/\/www.instagram.com\/roberterkan_mkk\/?igshid=MjEwN2IyYWYwYw%3D%3D\" target=\"_blank\" rel=\"noopener\"><i class=\"fab fa-instagram\"><\/i><\/a><\/div>\n\n\n\n<div class=\"wp-block-sunflower-meta-data\"><a href=\"#\" target=\"_blank\" rel=\"noopener\"><i class=\"fas fa-globe\"><\/i><\/a><\/div>\n<\/div>\n\n\n\n<hr class=\"wp-block-separator has-alpha-channel-opacity\"\/>\n\n\n\n<div class=\"wp-block-sunflower-accordion\"><div class=\"accordion-item\"><h4 class=\"accordion-header\"><button class=\"accordion-button collapsed\" type=\"button\" data-bs-toggle=\"collapse\" data-bs-target=\".sacc96167679-a486-4f27-b582-58113058bad3\" aria-expanded=\"false\" aria-controls=\".sacc96167679-a486-4f27-b582-58113058bad3\">Robert Erkan hakk\u0131nda daha fazlas\u0131<\/button><\/h4><div class=\"accordion-collapse collapse sacc96167679-a486-4f27-b582-58113058bad3\" aria-labelledby=\".sacc96167679-a486-4f27-b582-58113058bad3\"><div class=\"accordion-body\"><p class=\"sunflower-accordion\">Benim ad\u0131m Robert Erkan.<br\/><br\/>ve B\u00fcndnis 90 Die\/Gr\u00fcnen'in 41. se\u00e7im b\u00f6lgesi (Gro\u00dfkrotzenburg, Hanau, Maintal, Niederdorfelden) i\u00e7in do\u011frudan aday\u0131y\u0131m.<br\/><br\/>Yabanc\u0131lar\u0131n dan\u0131\u015fma kurulu ya da Hanau'daki belediye meclis \u00fcyesi olsun, 12 y\u0131ld\u0131r yerel siyasetle ilgileniyorum. 2021 yerel se\u00e7imlerinden bu yana Hanau'daki Ye\u015fil Grup'un bir par\u00e7as\u0131y\u0131m.<br\/><br\/>Benim konular\u0131m \u00e7e\u015fitlilik ve amp; entegrasyon, sa\u011fl\u0131k ve amp; \u00f6nleme, ayn\u0131 zamanda sosyal konular ve \u0131rk\u00e7\u0131l\u0131\u011fa ve ayr\u0131mc\u0131l\u0131\u011fa kar\u015f\u0131. Hanau b\u00fcy\u00fck bir \u015fehir haline geldi ve MKK, Hessen'deki en b\u00fcy\u00fck il\u00e7edir, sitedeki konular i\u00e7in Wiesbaden'de daha iyi bir alg\u0131ya ihtiyac\u0131 vard\u0131r.<br\/><br\/>Hanau'dan Hessen'e slogan\u0131na g\u00f6re, beni devlet d\u00fczeyinde ve Hessen devlet parlamentosunda bir ses olmaya motive eden t\u00fcm noktalar.<br\/><br\/><strong>Hakk\u0131mda:<\/strong><br\/>Onlarca y\u0131ld\u0131r Hanau'da, evlat edindi\u011fim evimde ya\u015fad\u0131m, bisiklet s\u00fcrmeyi ve araban\u0131n m\u00fcmk\u00fcn oldu\u011funca s\u00fcrmesine izin vermeyi seviyorum.\u00a0Ben bir Frankfurt \u00e7ocu\u011fuyum, Eintracht hayran\u0131y\u0131m, Hessian sosyalle\u015fti, Zagreb ve \u0130stanbul'dan ebeveynler, iki yeti\u015fkin \u00e7ocuk, serbest arabulucu, eski kurban temsilcisi 19.02, Walter-L\u00fcbcke-Demokratie \u00d6d\u00fcl\u00fc ile onurland\u0131r\u0131ld\u0131.<\/p><\/div><\/div><\/div><\/div>\n<\/div><\/div>\n<\/div>\n\n\n\n<div class=\"wp-block-column is-layout-flow wp-block-column-is-layout-flow\">\n<div class=\"wp-block-media-text alignwide is-stacked-on-mobile person has-shadow\"><figure class=\"wp-block-media-text__media\"><img loading=\"lazy\" decoding=\"async\" width=\"800\" height=\"1200\" src=\"https:\/\/www.gruene-mkk.de\/wp-content\/uploads\/2022\/09\/WK-42_Kandidat_Guenther-Koch-800x1200.jpg\" alt=\"\" class=\"wp-image-1333 size-full\" srcset=\"https:\/\/www.gruene-mkk.de\/wp-content\/uploads\/2022\/09\/WK-42_Kandidat_Guenther-Koch-800x1200.jpg 800w, https:\/\/www.gruene-mkk.de\/wp-content\/uploads\/2022\/09\/WK-42_Kandidat_Guenther-Koch-400x600.jpg 400w, https:\/\/www.gruene-mkk.de\/wp-content\/uploads\/2022\/09\/WK-42_Kandidat_Guenther-Koch-768x1152.jpg 768w, https:\/\/www.gruene-mkk.de\/wp-content\/uploads\/2022\/09\/WK-42_Kandidat_Guenther-Koch-1024x1536.jpg 1024w, https:\/\/www.gruene-mkk.de\/wp-content\/uploads\/2022\/09\/WK-42_Kandidat_Guenther-Koch-1365x2048.jpg 1365w, https:\/\/www.gruene-mkk.de\/wp-content\/uploads\/2022\/09\/WK-42_Kandidat_Guenther-Koch-scaled.jpg 1707w\" sizes=\"auto, (max-width: 800px) 100vw, 800px\" \/><\/figure><div class=\"wp-block-media-text__content\">\n<p class=\"h4\">G\u00fcnther Koch<\/p>\n\n\n\n<p>Schl\u00fcchtern Hakk\u0131nda<\/p>\n\n\n\n<p>Se\u00e7im b\u00f6lgesi i\u00e7in do\u011frudan aday 42 Main-Kinzig III<\/p>\n\n\n\n<p class=\"no-link\"><a rel=\"noreferrer noopener\" href=\"#\" data-unscramble=\"moc.duolci@hcokeug\" target=\"_blank\">guekoch@icloud.com<\/a><\/p>\n\n\n\n<div class=\"wp-block-group d-flex p-0 is-layout-flow wp-block-group-is-layout-flow\">\n<div class=\"wp-block-sunflower-meta-data\"><a href=\"#\" target=\"_blank\" rel=\"noopener\"><i class=\"fab fa-twitter\"><\/i><\/a><\/div>\n\n\n\n<div class=\"wp-block-sunflower-meta-data\"><a href=\"https:\/\/www.facebook.com\/Guenther.Koch.Gruene\/\" target=\"_blank\" rel=\"noopener\"><i class=\"fab fa-facebook-f\"><\/i><\/a><\/div>\n\n\n\n<div class=\"wp-block-sunflower-meta-data\"><a href=\"https:\/\/www.instagram.com\/guenther_koch\/\" target=\"_blank\" rel=\"noopener\"><i class=\"fab fa-instagram\"><\/i><\/a><\/div>\n\n\n\n<div class=\"wp-block-sunflower-meta-data\"><a href=\"#\" target=\"_blank\" rel=\"noopener\"><i class=\"fas fa-globe\"><\/i><\/a><\/div>\n<\/div>\n\n\n\n<hr class=\"wp-block-separator has-alpha-channel-opacity\"\/>\n\n\n\n<div class=\"wp-block-sunflower-accordion\"><div class=\"accordion-item\"><h4 class=\"accordion-header\"><button class=\"accordion-button collapsed\" type=\"button\" data-bs-toggle=\"collapse\" data-bs-target=\".sacc7dfad914-48bc-4a6d-933a-51252dc1ea40\" aria-expanded=\"false\" aria-controls=\".sacc7dfad914-48bc-4a6d-933a-51252dc1ea40\">G\u00fcnther Koch hakk\u0131nda<\/button><\/h4><div class=\"accordion-collapse collapse sacc7dfad914-48bc-4a6d-933a-51252dc1ea40\" aria-labelledby=\".sacc7dfad914-48bc-4a6d-933a-51252dc1ea40\"><div class=\"accordion-body\"><p class=\"sunflower-accordion\">Benim ad\u0131m G\u00fcnther Koch ve ben<br\/>Ye\u015filler'in eski s\u00f6zc\u00fcs\u00fc, \u015fu anda belediye meclisi \u00fcyesiyim.<br\/>\u00c7ocuklar i\u00e7in Devlet \u00c7al\u0131\u015fma Grubu'nda utanga\u00e7 ve aktif,<br\/>Gen\u00e7ler ve aile.<br\/>B\u00f6lgede bir gen\u00e7lik refah planlay\u0131c\u0131s\u0131 ve Sosyal Komite ba\u015fkan\u0131 olarak<br\/>Schl\u00fcchtern \u015fehrinde, \u00e7ocuk, gen\u00e7lik ve<br\/>Aile politikas\u0131n\u0131n \u00f6z\u00fc: \u015eu anda bu karma\u015fan\u0131n i\u00e7inde olmal\u0131y\u0131z.<br\/>mevcut kriz durumlar\u0131n\u0131n g\u00fcvenilir ve talep odakl\u0131 teklifleri ve<br\/>Hessen'de \u00e7ocuklar, gen\u00e7ler ve aileler i\u00e7in hizmetler. Bu irade i\u00e7in<br\/>Ben devlet d\u00fczeyinde \u00e7al\u0131\u015f\u0131yorum. Ayr\u0131ca, benim i\u00e7in \u00f6nemli olan<br\/>K\u0131rsal b\u00f6lgeler ve \u015fehirler birlikte ve birlikte geli\u015fti<br\/>olacak: Ancak o zaman bir\u00e7ok zorlukla ba\u015fa \u00e7\u0131kabilece\u011fiz.<br\/>Ula\u015f\u0131m, sosyal, \u00e7evresel ve ekonomik konular<br\/>\u0130dare et. - Tamam.<br\/><br\/><strong>Hakk\u0131mda:<\/strong><br\/>Y\u00fcr\u00fcyerek ya da da\u011f\u0131n k\u00f6\u015fesindeki da\u011f bisikletiyle gitmeyi seviyorum.<br\/>Spessart, Rh\u00f6n ve Vogelsberg.<\/p><\/div><\/div><\/div><\/div>\n<\/div><\/div>\n<\/div>\n<\/div>\n\n\n\n<p>  <\/p>\n\n\n\n<div class=\"wp-block-columns is-layout-flex wp-container-core-columns-is-layout-9d6595d7 wp-block-columns-is-layout-flex\">\n<div class=\"wp-block-column is-layout-flow wp-block-column-is-layout-flow\">\n<div class=\"wp-block-media-text alignwide is-stacked-on-mobile person has-shadow\"><figure class=\"wp-block-media-text__media\"><img loading=\"lazy\" decoding=\"async\" width=\"800\" height=\"1033\" src=\"https:\/\/www.gruene-mkk.de\/wp-content\/uploads\/2022\/12\/Matthias-Dorka1-800x1033.jpg\" alt=\"\" class=\"wp-image-1506 size-full\" srcset=\"https:\/\/www.gruene-mkk.de\/wp-content\/uploads\/2022\/12\/Matthias-Dorka1-800x1033.jpg 800w, https:\/\/www.gruene-mkk.de\/wp-content\/uploads\/2022\/12\/Matthias-Dorka1-400x517.jpg 400w, https:\/\/www.gruene-mkk.de\/wp-content\/uploads\/2022\/12\/Matthias-Dorka1-768x992.jpg 768w, https:\/\/www.gruene-mkk.de\/wp-content\/uploads\/2022\/12\/Matthias-Dorka1-1189x1536.jpg 1189w, https:\/\/www.gruene-mkk.de\/wp-content\/uploads\/2022\/12\/Matthias-Dorka1-1586x2048.jpg 1586w, https:\/\/www.gruene-mkk.de\/wp-content\/uploads\/2022\/12\/Matthias-Dorka1-scaled.jpg 1982w\" sizes=\"auto, (max-width: 800px) 100vw, 800px\" \/><\/figure><div class=\"wp-block-media-text__content\">\n<p class=\"person-name\">Matthias Dorka<\/p>\n\n\n\n<p>Brachttal hakk\u0131nda<\/p>\n\n\n\n<p class=\"person-description\">Se\u00e7men aday\u0131 40 Main-Kinzig I<\/p>\n\n\n\n<p class=\"person-mail no-link\"><a href=\"#\" data-unscramble=\"ed.kkm-eneurg@akrod.saihttam\">matthias.dorka@gruene-mkk.de<\/a> <\/p>\n\n\n\n<div class=\"wp-block-group d-flex p-0 is-layout-flow wp-block-group-is-layout-flow\">\n<div class=\"wp-block-sunflower-meta-data\"><a href=\"#\" target=\"_blank\" rel=\"noopener\"><i class=\"fab fa-twitter\"><\/i><\/a><\/div>\n\n\n\n<div class=\"wp-block-sunflower-meta-data\"><a href=\"#\" target=\"_blank\" rel=\"noopener\"><i class=\"fab fa-facebook-f\"><\/i><\/a><\/div>\n\n\n\n<div class=\"wp-block-sunflower-meta-data\"><a href=\"#\" target=\"_blank\" rel=\"noopener\"><i class=\"fab fa-instagram\"><\/i><\/a><\/div>\n\n\n\n<div class=\"wp-block-sunflower-meta-data\"><a href=\"#\" data-unscramble=\"ed.kkm-eneurg@akrod.saihttam\" target=\"_blank\" rel=\"noopener\"><i class=\"fas fa-envelope\"><\/i><\/a><\/div>\n\n\n\n<div class=\"wp-block-sunflower-meta-data\"><a href=\"#\" target=\"_blank\" rel=\"noopener\"><i class=\"fas fa-globe\"><\/i><\/a><\/div>\n<\/div>\n<\/div><\/div>\n<\/div>\n\n\n\n<div class=\"wp-block-column is-layout-flow wp-block-column-is-layout-flow\">\n<div class=\"wp-block-media-text alignwide is-stacked-on-mobile person has-shadow\"><figure class=\"wp-block-media-text__media\"><img loading=\"lazy\" decoding=\"async\" width=\"800\" height=\"1200\" src=\"https:\/\/www.gruene-mkk.de\/wp-content\/uploads\/2022\/09\/WK-41_Ersatzk_Josefine-Lamss-800x1200.jpg\" alt=\"\" class=\"wp-image-1337 size-full\" srcset=\"https:\/\/www.gruene-mkk.de\/wp-content\/uploads\/2022\/09\/WK-41_Ersatzk_Josefine-Lamss-800x1200.jpg 800w, https:\/\/www.gruene-mkk.de\/wp-content\/uploads\/2022\/09\/WK-41_Ersatzk_Josefine-Lamss-400x600.jpg 400w, https:\/\/www.gruene-mkk.de\/wp-content\/uploads\/2022\/09\/WK-41_Ersatzk_Josefine-Lamss-768x1152.jpg 768w, https:\/\/www.gruene-mkk.de\/wp-content\/uploads\/2022\/09\/WK-41_Ersatzk_Josefine-Lamss-1024x1536.jpg 1024w, https:\/\/www.gruene-mkk.de\/wp-content\/uploads\/2022\/09\/WK-41_Ersatzk_Josefine-Lamss-1365x2048.jpg 1365w, https:\/\/www.gruene-mkk.de\/wp-content\/uploads\/2022\/09\/WK-41_Ersatzk_Josefine-Lamss-scaled.jpg 1707w\" sizes=\"auto, (max-width: 800px) 100vw, 800px\" \/><\/figure><div class=\"wp-block-media-text__content\">\n<p class=\"person-name\">Josefine Lam\u00df<\/p>\n\n\n\n<p>Hanau Hakk\u0131nda<\/p>\n\n\n\n<p class=\"person-description\">Se\u00e7men aday\u0131 41 Main-Kinzig II<\/p>\n\n\n\n<p class=\"no-link\"><a href=\"#\" data-unscramble=\"ed.uanah-eneurg@ssmal\">lamss@gruene-hanau.de<\/a><\/p>\n\n\n\n<div class=\"wp-block-group d-flex p-0 is-layout-flow wp-block-group-is-layout-flow\">\n<div class=\"wp-block-sunflower-meta-data\"><a href=\"#\" target=\"_blank\" rel=\"noopener\"><i class=\"fab fa-twitter\"><\/i><\/a><\/div>\n\n\n\n<div class=\"wp-block-sunflower-meta-data\"><a href=\"#\" target=\"_blank\" rel=\"noopener\"><i class=\"fab fa-facebook-f\"><\/i><\/a><\/div>\n\n\n\n<div class=\"wp-block-sunflower-meta-data\"><a href=\"#\" target=\"_blank\" rel=\"noopener\"><i class=\"fab fa-instagram\"><\/i><\/a><\/div>\n\n\n\n<div class=\"wp-block-sunflower-meta-data\"><a href=\"#\" target=\"_blank\" rel=\"noopener\"><i class=\"fas fa-envelope\"><\/i><\/a><\/div>\n\n\n\n<div class=\"wp-block-sunflower-meta-data\"><a href=\"#\" target=\"_blank\" rel=\"noopener\"><i class=\"fas fa-globe\"><\/i><\/a><\/div>\n<\/div>\n<\/div><\/div>\n\n\n\n<p><\/p>\n<\/div>\n\n\n\n<div class=\"wp-block-column is-layout-flow wp-block-column-is-layout-flow\">\n<div class=\"wp-block-media-text alignwide is-stacked-on-mobile person has-shadow\"><figure class=\"wp-block-media-text__media\"><img loading=\"lazy\" decoding=\"async\" width=\"800\" height=\"1200\" src=\"https:\/\/www.gruene-mkk.de\/wp-content\/uploads\/2022\/09\/WK-42_Ersatzk_Beate-Boege-Sonnek-800x1200.jpg\" alt=\"\" class=\"wp-image-1339 size-full\" srcset=\"https:\/\/www.gruene-mkk.de\/wp-content\/uploads\/2022\/09\/WK-42_Ersatzk_Beate-Boege-Sonnek-800x1200.jpg 800w, https:\/\/www.gruene-mkk.de\/wp-content\/uploads\/2022\/09\/WK-42_Ersatzk_Beate-Boege-Sonnek-400x600.jpg 400w, https:\/\/www.gruene-mkk.de\/wp-content\/uploads\/2022\/09\/WK-42_Ersatzk_Beate-Boege-Sonnek-768x1152.jpg 768w, https:\/\/www.gruene-mkk.de\/wp-content\/uploads\/2022\/09\/WK-42_Ersatzk_Beate-Boege-Sonnek-1024x1536.jpg 1024w, https:\/\/www.gruene-mkk.de\/wp-content\/uploads\/2022\/09\/WK-42_Ersatzk_Beate-Boege-Sonnek-1365x2048.jpg 1365w, https:\/\/www.gruene-mkk.de\/wp-content\/uploads\/2022\/09\/WK-42_Ersatzk_Beate-Boege-Sonnek-scaled.jpg 1707w\" sizes=\"auto, (max-width: 800px) 100vw, 800px\" \/><\/figure><div class=\"wp-block-media-text__content\">\n<p class=\"h4\">Beate boege-sonnek yak\u0131n\u0131ndaki oteller<\/p>\n\n\n\n<p>Taraf\u0131ndan Bad Orb<\/p>\n\n\n\n<p>Se\u00e7im b\u00f6lgesi i\u00e7in yedek aday 42 Main-Kinzig III<\/p>\n\n\n\n<p class=\"no-link\"><\/p>\n\n\n\n<div class=\"wp-block-group d-flex p-0 is-layout-flow wp-block-group-is-layout-flow\">\n<div class=\"wp-block-sunflower-meta-data\"><a href=\"#\" target=\"_blank\" rel=\"noopener\"><i class=\"fab fa-twitter\"><\/i><\/a><\/div>\n\n\n\n<div class=\"wp-block-sunflower-meta-data\"><a href=\"#\" target=\"_blank\" rel=\"noopener\"><i class=\"fab fa-facebook-f\"><\/i><\/a><\/div>\n\n\n\n<div class=\"wp-block-sunflower-meta-data\"><a href=\"#\" target=\"_blank\" rel=\"noopener\"><i class=\"fab fa-instagram\"><\/i><\/a><\/div>\n\n\n\n<div class=\"wp-block-sunflower-meta-data\"><a href=\"#\" target=\"_blank\" rel=\"noopener\"><i class=\"fas fa-envelope\"><\/i><\/a><\/div>\n\n\n\n<div class=\"wp-block-sunflower-meta-data\"><a href=\"#\" target=\"_blank\" rel=\"noopener\"><i class=\"fas fa-globe\"><\/i><\/a><\/div>\n<\/div>\n<\/div><\/div>\n\n\n\n<p><\/p>\n<\/div>\n<\/div>\n\n\n\n<p><\/p>\n\n\n <div class=\"wp-block-group alignfull sunflower-has-background-dim has-text-color has-white-color has-background is-vertical is-content-justification-center is-content-justification-center is-layout-flex wp-block-group-is-layout-flex next-events\">\n                    <div class=\"wp-block-group__inner-container\">\n                        <h2 class=\"wp-block-heading has-text-align-center h1\">Sonraki tarihler<\/h2>\n                        <div class=\"wp-block-button text-center mb-5\"><a class=\"wp-block-button__link no-border-radius\" href=\"https:\/\/www.gruene-mkk.de\/tr\/termine\/\" rel=\"\">t\u00fcm olaylar<\/a><\/div>\n                    <div class=\"row\"><div class=\"col-12 col-md-6 col-lg-4 mb-4\">\n\n<a href=\"https:\/\/www.gruene-mkk.de\/tr\/termine\/kreismitgliederversammlung-18\/\" class=\"event-card\" rel=\"bookmark\">\n<article id=\"post-3325\" class=\"event has-shadow post-3325 sunflower_event type-sunflower_event status-publish hentry\">\n\t<div class=\"p-4\">\n\t\t\t\t<div class=\"event-archive-meta\">\n\t\t\t<div class=\"text-uppercase small\">Sal\u0131 g\u00fcn\u00fc<\/div>\n\t\t\t<div class=\"date\">\n\t\t\t\t<time datetime=\"2026-05-12 19:30\">\n\t\t\t\t\t12.05.2026 <span class=\"small\">* 19:30 \u2013 21:00 \u2019saati *<\/span>\t\t\t\t<\/time>\n\t\t\t<\/div>\n\t\t\t<div class=\"fst-italic small\">\n\t\t\t\t\t\t\t<\/div>\n\t\t<\/div>\n\n\t\t<div class=\"mt-2\">\n\t\t\t<header class=\"entry-header pt-2 pb-2\">\n\t\t\t\t<span class=\"h2\">B\u00f6lge \u00fcyeleri toplant\u0131s\u0131<\/span>\t\t\t<\/header><!-- .entry-header -->\n\n\n\t\t\t<div class=\"entry-content\">\n\t\t\t\t<p>G\u00fcndem, Federal Delegeler Konferans\u0131 i\u00e7in 4'ten 6'ya kadar delegelerin se\u00e7imlerini i\u00e7eriyor. Aral\u0131k 2026'da. * Gelin, fikirlerinizi ve sorular\u0131n\u0131z\u0131 getirin ve ak\u015fam\u0131 aktif olarak tasarlay\u0131n [\u2026]<\/p>\n\t\t\t<\/div><!-- .entry-content -->\n\n\t\t<\/div>\n\n\t<\/div>\n<\/article><!-- #post-3325 -->\n<\/a>\n<\/div><div class=\"col-12 col-md-6 col-lg-4 mb-4\">\n\n<a href=\"https:\/\/www.gruene-mkk.de\/tr\/termine\/fruehstueck-mit-den-gruenen-60\/\" class=\"event-card\" rel=\"bookmark\">\n<article id=\"post-3349\" class=\"event has-shadow post-3349 sunflower_event type-sunflower_event status-publish hentry\">\n\t<div class=\"p-4\">\n\t\t\t\t<div class=\"event-archive-meta\">\n\t\t\t<div class=\"text-uppercase small\">Cumartesi g\u00fcn\u00fc<\/div>\n\t\t\t<div class=\"date\">\n\t\t\t\t<time datetime=\"2026-05-16 10:00\">\n\t\t\t\t\t16.05.2026 <span class=\"small\">10:00 \u2013 13:00 o\u2019saatinde<\/span>\t\t\t\t<\/time>\n\t\t\t<\/div>\n\t\t\t<div class=\"fst-italic small\">\n\t\t\t\t\t\t\t<\/div>\n\t\t<\/div>\n\n\t\t<div class=\"mt-2\">\n\t\t\t<header class=\"entry-header pt-2 pb-2\">\n\t\t\t\t<span class=\"h2\">Ye\u015fillerle Kahvalt\u0131 60+<\/span>\t\t\t<\/header><!-- .entry-header -->\n\n\n\t\t\t<div class=\"entry-content\">\n\t\t\t\t<p>* Maintal'daki Caf\u00e9 \u2018Im Garten Eden\u2019'da Ye\u015filler 60+'\u0131n kahvalt\u0131s\u0131na s\u0131cak davet. * Rahat bir ortamda, ge\u00e7mi\u015f belediye se\u00e7imlerini tart\u0131\u015fmak ve [\u2026] 'a bir g\u00f6z atmak istiyoruz.<\/p>\n\t\t\t<\/div><!-- .entry-content -->\n\n\t\t<\/div>\n\n\t<\/div>\n<\/article><!-- #post-3349 -->\n<\/a>\n<\/div><div class=\"col-12 col-md-6 col-lg-4 mb-4\">\n\n<a href=\"https:\/\/www.gruene-mkk.de\/tr\/termine\/sommerfest-3\/\" class=\"event-card\" rel=\"bookmark\">\n<article id=\"post-3326\" class=\"event has-shadow post-3326 sunflower_event type-sunflower_event status-publish hentry\">\n\t<div class=\"p-4\">\n\t\t\t\t<div class=\"event-archive-meta\">\n\t\t\t<div class=\"text-uppercase small\">Cumartesi g\u00fcn\u00fc<\/div>\n\t\t\t<div class=\"date\">\n\t\t\t\t<time datetime=\"2026-08-15 00:00\">\n\t\t\t\t\t15.08.2026\t\t\t\t<\/time>\n\t\t\t<\/div>\n\t\t\t<div class=\"fst-italic small\">\n\t\t\t\t\t\t\t<\/div>\n\t\t<\/div>\n\n\t\t<div class=\"mt-2\">\n\t\t\t<header class=\"entry-header pt-2 pb-2\">\n\t\t\t\t<span class=\"h2\">Yaz partisi<\/span>\t\t\t<\/header><!-- .entry-header -->\n\n\n\t\t\t<div class=\"entry-content\">\n\t\t\t\t<p>Tarihi kaydet<\/p>\n\t\t\t<\/div><!-- .entry-content -->\n\n\t\t<\/div>\n\n\t<\/div>\n<\/article><!-- #post-3326 -->\n<\/a>\n<\/div><\/div><\/div><\/div>","protected":false},"excerpt":{"rendered":"<p>\u015eimdi tam zaman\u0131! 2023'te yeni bir devlet parlamentosu se\u00e7ildi ve Ye\u015filler Devlet \u015eans\u00f6lyeli\u011fi i\u00e7in \u00fc\u00e7l\u00fc sava\u015f\u0131 haz\u0131rl\u0131yorlar. Biz Ye\u015filler Main-Kinzig g\u00fc\u00e7l\u00fc adaylarla bu hedefe ula\u015fmak istiyorum [...]<\/p>","protected":false},"author":2,"featured_media":0,"parent":355,"menu_order":0,"comment_status":"closed","ping_status":"closed","template":"","meta":{"footnotes":""},"class_list":["post-1103","page","type-page","status-publish","hentry"],"_links":{"self":[{"href":"https:\/\/www.gruene-mkk.de\/tr\/wp-json\/wp\/v2\/pages\/1103","targetHints":{"allow":["GET"]}}],"collection":[{"href":"https:\/\/www.gruene-mkk.de\/tr\/wp-json\/wp\/v2\/pages"}],"about":[{"href":"https:\/\/www.gruene-mkk.de\/tr\/wp-json\/wp\/v2\/types\/page"}],"author":[{"embeddable":true,"href":"https:\/\/www.gruene-mkk.de\/tr\/wp-json\/wp\/v2\/users\/2"}],"replies":[{"embeddable":true,"href":"https:\/\/www.gruene-mkk.de\/tr\/wp-json\/wp\/v2\/comments?post=1103"}],"version-history":[{"count":95,"href":"https:\/\/www.gruene-mkk.de\/tr\/wp-json\/wp\/v2\/pages\/1103\/revisions"}],"predecessor-version":[{"id":1725,"href":"https:\/\/www.gruene-mkk.de\/tr\/wp-json\/wp\/v2\/pages\/1103\/revisions\/1725"}],"up":[{"embeddable":true,"href":"https:\/\/www.gruene-mkk.de\/tr\/wp-json\/wp\/v2\/pages\/355"}],"wp:attachment":[{"href":"https:\/\/www.gruene-mkk.de\/tr\/wp-json\/wp\/v2\/media?parent=1103"}],"curies":[{"name":"wp","href":"https:\/\/api.w.org\/{rel}","templated":true}]}}