{"id":1103,"date":"2022-06-15T14:35:27","date_gmt":"2022-06-15T12:35:27","guid":{"rendered":"https:\/\/www.gruene-mkk.de\/?page_id=1103"},"modified":"2023-08-11T18:19:50","modified_gmt":"2023-08-11T16:19:50","slug":"landtagswahl-2023","status":"publish","type":"page","link":"https:\/\/www.gruene-mkk.de\/sl\/wahlen\/landtagswahl-2023\/","title":{"rendered":"Dr\u017eavne volitve 2023"},"content":{"rendered":"<p><\/p>\n\n\n\n<h2 class=\"wp-block-heading\">Zdaj je \u010das!<\/h2>\n\n\n\n<p>Leta 2023 je bil izvoljen nov dr\u017eavni parlament, Zeleni pa pripravljajo tristransko bitko za urad dr\u017eavnega kanclerja. <\/p>\n\n\n\n<p>Zeleni v Main-Kinzigu \u017eelimo podpreti ta cilj z mo\u010dnimi kandidati in zagotoviti, da bo okro\u017eje ponovno zastopano v dr\u017eavnem parlamentu s poslancem iz okro\u017eja Main-Kinzig. <\/p>\n\n\n\n<div class=\"wp-block-group has-text-color has-background is-layout-flow wp-block-group-is-layout-flow\" style=\"color:#ffffff;background-color:#163c29\">\n<p><\/p>\n\n\n\n<p><\/p>\n\n\n\n<h2 class=\"wp-block-heading has-text-align-center h1 has-white-color has-text-color\"><a href=\"#\" data-unscramble=\"ed.kkm-eneurg@vk\">Pridru\u017eite se na\u0161i ekipi kampanje zdaj!<\/a><\/h2>\n\n\n\n<p class=\"has-text-align-center has-white-color has-text-color\"><\/p>\n\n\n\n<div class=\"wp-block-buttons is-horizontal is-content-justification-center is-layout-flex wp-container-core-buttons-is-layout-499968f5 wp-block-buttons-is-layout-flex\"><\/div>\n<\/div>\n\n\n\n<p><\/p>\n\n\n\n<h3 class=\"wp-block-heading\">Na\u0161i kandidati<\/h3>\n\n\n\n<div class=\"wp-block-columns is-layout-flex wp-container-core-columns-is-layout-9d6595d7 wp-block-columns-is-layout-flex\">\n<div class=\"wp-block-column is-layout-flow wp-block-column-is-layout-flow\">\n<div class=\"wp-block-media-text alignwide is-stacked-on-mobile person has-shadow\"><figure class=\"wp-block-media-text__media\"><img loading=\"lazy\" decoding=\"async\" width=\"800\" height=\"1200\" src=\"https:\/\/www.gruene-mkk.de\/wp-content\/uploads\/2022\/09\/WK-40_Kandidatin_Anja-Zeller-800x1200.jpg\" alt=\"\" class=\"wp-image-1336 size-full\" srcset=\"https:\/\/www.gruene-mkk.de\/wp-content\/uploads\/2022\/09\/WK-40_Kandidatin_Anja-Zeller-800x1200.jpg 800w, https:\/\/www.gruene-mkk.de\/wp-content\/uploads\/2022\/09\/WK-40_Kandidatin_Anja-Zeller-400x600.jpg 400w, https:\/\/www.gruene-mkk.de\/wp-content\/uploads\/2022\/09\/WK-40_Kandidatin_Anja-Zeller-768x1152.jpg 768w, https:\/\/www.gruene-mkk.de\/wp-content\/uploads\/2022\/09\/WK-40_Kandidatin_Anja-Zeller-1024x1536.jpg 1024w, https:\/\/www.gruene-mkk.de\/wp-content\/uploads\/2022\/09\/WK-40_Kandidatin_Anja-Zeller-1365x2048.jpg 1365w, https:\/\/www.gruene-mkk.de\/wp-content\/uploads\/2022\/09\/WK-40_Kandidatin_Anja-Zeller-scaled.jpg 1707w\" sizes=\"auto, (max-width: 800px) 100vw, 800px\" \/><\/figure><div class=\"wp-block-media-text__content\">\n<p class=\"person-name\">Anja Zeller<\/p>\n\n\n\n<p>iz Hanau<\/p>\n\n\n\n<p class=\"person-description\">Neposredni kandidat za volilno okro\u017eje 40 Main-Kinzig I<\/p>\n\n\n\n<p><\/p>\n\n\n\n<p><\/p>\n\n\n\n<p class=\"person-mail no-link\"><a href=\"#\" data-unscramble=\"ed.kkm-eneurg@rellez.ajna\">anja.zeller@gruene-mkk.de<\/a><\/p>\n\n\n\n<div class=\"wp-block-group d-flex p-0 is-layout-flow wp-block-group-is-layout-flow\">\n<div class=\"wp-block-sunflower-meta-data\"><a href=\"https:\/\/twitter.com\/Anjata\" target=\"_blank\" rel=\"noopener\"><i class=\"fab fa-twitter\"><\/i><\/a><\/div>\n\n\n\n<div class=\"wp-block-sunflower-meta-data\"><a href=\"https:\/\/www.facebook.com\/AnjaZeller.DieGruenen\" target=\"_blank\" rel=\"noopener\"><i class=\"fab fa-facebook-f\"><\/i><\/a><\/div>\n\n\n\n<div class=\"wp-block-sunflower-meta-data\"><a href=\"\/\/www.instagram.com\/anjazeller_gruenemkk\/?igshid=MmIzYWVlNDQ5Yg%3D%3D\" target=\"_blank\" rel=\"noopener\"><i class=\"fab fa-instagram\"><\/i><\/a><\/div>\n\n\n\n<div class=\"wp-block-sunflower-meta-data\"><a href=\"#\" target=\"_blank\" rel=\"noopener\"><i class=\"fas fa-globe\"><\/i><\/a><\/div>\n<\/div>\n\n\n\n<hr class=\"wp-block-separator has-alpha-channel-opacity\"\/>\n\n\n\n<div class=\"wp-block-sunflower-accordion\"><div class=\"accordion-item\"><h4 class=\"accordion-header\"><button class=\"accordion-button collapsed\" type=\"button\" data-bs-toggle=\"collapse\" data-bs-target=\".sacc1dfe5153-a9f0-45e7-8bc4-b597a3fbca71\" aria-expanded=\"false\" aria-controls=\".sacc1dfe5153-a9f0-45e7-8bc4-b597a3fbca71\">Ve\u010d o Anja Zeller<\/button><\/h4><div class=\"accordion-collapse collapse sacc1dfe5153-a9f0-45e7-8bc4-b597a3fbca71\" aria-labelledby=\".sacc1dfe5153-a9f0-45e7-8bc4-b597a3fbca71\"><div class=\"accordion-body\"><p class=\"sunflower-accordion\">Moje ime je Anja Zeller in kot kandidatka za dr\u017eavno skup\u0161\u010dino so mi trajnostna mobilnost, lokalni turizem ter \u017eivahna mesta in skupnosti blizu. Za volilno enoto 40 <br\/>Ukvarjam se z ohranjanjem krajine in narave, dobrobitjo \u017eivali in zdravstveno oskrbo ter vizijo proizvodnje hrane po na\u010delu ni\u010delnih kilometrov ali kupovanja od pravi\u010dnih dobavnih verig. Digitalizacija je pomembna. Ampak no\u010demo podatkovnih centrov na obdelovalnih povr\u0161inah!<br\/>\u00a0<br\/>Kaj lahko prinesem s seboj: Veliko politi\u010dnih izku\u0161enj, dobre administrativne sposobnosti in \u017eelja in strast do sprememb za dobro!<\/p><\/div><\/div><\/div><\/div>\n<\/div><\/div>\n<\/div>\n\n\n\n<div class=\"wp-block-column is-layout-flow wp-block-column-is-layout-flow\">\n<div class=\"wp-block-media-text alignwide is-stacked-on-mobile person has-shadow\"><figure class=\"wp-block-media-text__media\"><img loading=\"lazy\" decoding=\"async\" width=\"800\" height=\"1200\" src=\"https:\/\/www.gruene-mkk.de\/wp-content\/uploads\/2022\/09\/IMG_5228-2-800x1200.jpg\" alt=\"\" class=\"wp-image-1345 size-full\" srcset=\"https:\/\/www.gruene-mkk.de\/wp-content\/uploads\/2022\/09\/IMG_5228-2-800x1200.jpg 800w, https:\/\/www.gruene-mkk.de\/wp-content\/uploads\/2022\/09\/IMG_5228-2-400x600.jpg 400w, https:\/\/www.gruene-mkk.de\/wp-content\/uploads\/2022\/09\/IMG_5228-2-768x1152.jpg 768w, https:\/\/www.gruene-mkk.de\/wp-content\/uploads\/2022\/09\/IMG_5228-2-1024x1536.jpg 1024w, https:\/\/www.gruene-mkk.de\/wp-content\/uploads\/2022\/09\/IMG_5228-2-1365x2048.jpg 1365w, https:\/\/www.gruene-mkk.de\/wp-content\/uploads\/2022\/09\/IMG_5228-2-scaled.jpg 1707w\" sizes=\"auto, (max-width: 800px) 100vw, 800px\" \/><\/figure><div class=\"wp-block-media-text__content\">\n<p class=\"person-name\">Robert Erkan<\/p>\n\n\n\n<p>iz Hanau<\/p>\n\n\n\n<p class=\"person-description\">Neposredni kandidat za volilno okro\u017eje 41 Main-Kinzig II<\/p>\n\n\n\n<p class=\"no-link\"><a href=\"#\" data-unscramble=\"ed.uanah-eneurg@nakre\">erkan@gruene-hanau.de<\/a><\/p>\n\n\n\n<div class=\"wp-block-group d-flex p-0 is-layout-flow wp-block-group-is-layout-flow\">\n<div class=\"wp-block-sunflower-meta-data\"><a href=\"#\" target=\"_blank\" rel=\"noopener\"><i class=\"fab fa-twitter\"><\/i><\/a><\/div>\n\n\n\n<div class=\"wp-block-sunflower-meta-data\"><a href=\"\/\/www.facebook.com\/robert.erkan\" target=\"_blank\" rel=\"noopener\"><i class=\"fab fa-facebook-f\"><\/i><\/a><\/div>\n\n\n\n<div class=\"wp-block-sunflower-meta-data\"><a href=\"https:\/\/www.instagram.com\/roberterkan_mkk\/?igshid=MjEwN2IyYWYwYw%3D%3D\" target=\"_blank\" rel=\"noopener\"><i class=\"fab fa-instagram\"><\/i><\/a><\/div>\n\n\n\n<div class=\"wp-block-sunflower-meta-data\"><a href=\"#\" target=\"_blank\" rel=\"noopener\"><i class=\"fas fa-globe\"><\/i><\/a><\/div>\n<\/div>\n\n\n\n<hr class=\"wp-block-separator has-alpha-channel-opacity\"\/>\n\n\n\n<div class=\"wp-block-sunflower-accordion\"><div class=\"accordion-item\"><h4 class=\"accordion-header\"><button class=\"accordion-button collapsed\" type=\"button\" data-bs-toggle=\"collapse\" data-bs-target=\".sacc96167679-a486-4f27-b582-58113058bad3\" aria-expanded=\"false\" aria-controls=\".sacc96167679-a486-4f27-b582-58113058bad3\">Ve\u010d o Robert Erkan<\/button><\/h4><div class=\"accordion-collapse collapse sacc96167679-a486-4f27-b582-58113058bad3\" aria-labelledby=\".sacc96167679-a486-4f27-b582-58113058bad3\"><div class=\"accordion-body\"><p class=\"sunflower-accordion\">Moje ime je Robert Erkan.<br\/><br\/>in sem neposredni kandidat B\u00fcndnis 90 Die\/Gr\u00fcnen za volilno enoto 41 (Gro\u00dfkrotzenburg, Hanau, Maintal, Niederdorfelden).<br\/><br\/>\u017de 12 let se ukvarjam z lokalno politiko, pa naj bo to svetovalni odbor tujcev ali mestni svetnik v Hanauu. Od lokalnih volitev leta 2021 sem \u010dlan skupine Zelenih v Hanauju.<br\/><br\/>Moje teme so raznolikost &amp; vklju\u010devanje, zdravje &amp; prepre\u010devanje, pa tudi socialna vpra\u0161anja in proti rasizmu in diskriminaciji. Hanau je postal veliko mesto in MKK je najve\u010dje okro\u017eje v Hessenu, potrebuje bolj\u0161e dojemanje v Wiesbadnu za teme na kraju samem.<br\/><br\/>Vse to\u010dke, ki so me spodbudile, da sem postal glasnik na dr\u017eavni ravni in v de\u017eelnem parlamentu de\u017eele Hessen v skladu z geslom \u201eod Hanauja za Hessen\u201c.<br\/><br\/><strong>O meni:<\/strong><br\/>\u017de ve\u010d desetletij \u017eivim v Hanauu, mojem posvojenem domu, rad kolesarim in pustim, da avto vozi \u010dim ve\u010d.\u00a0Sem frankfurtski fant, obo\u017eevalec Eintrachta, socializiran Hessian, star\u0161a iz Zagreba in Istanbula, dva odrasla otroka, svobodni mediator, nekdanji predstavnik \u017ertev 19.02, po\u010da\u0161\u010den z nagrado Walter-L\u00fcbcke-Demokratie.<\/p><\/div><\/div><\/div><\/div>\n<\/div><\/div>\n<\/div>\n\n\n\n<div class=\"wp-block-column is-layout-flow wp-block-column-is-layout-flow\">\n<div class=\"wp-block-media-text alignwide is-stacked-on-mobile person has-shadow\"><figure class=\"wp-block-media-text__media\"><img loading=\"lazy\" decoding=\"async\" width=\"800\" height=\"1200\" src=\"https:\/\/www.gruene-mkk.de\/wp-content\/uploads\/2022\/09\/WK-42_Kandidat_Guenther-Koch-800x1200.jpg\" alt=\"\" class=\"wp-image-1333 size-full\" srcset=\"https:\/\/www.gruene-mkk.de\/wp-content\/uploads\/2022\/09\/WK-42_Kandidat_Guenther-Koch-800x1200.jpg 800w, https:\/\/www.gruene-mkk.de\/wp-content\/uploads\/2022\/09\/WK-42_Kandidat_Guenther-Koch-400x600.jpg 400w, https:\/\/www.gruene-mkk.de\/wp-content\/uploads\/2022\/09\/WK-42_Kandidat_Guenther-Koch-768x1152.jpg 768w, https:\/\/www.gruene-mkk.de\/wp-content\/uploads\/2022\/09\/WK-42_Kandidat_Guenther-Koch-1024x1536.jpg 1024w, https:\/\/www.gruene-mkk.de\/wp-content\/uploads\/2022\/09\/WK-42_Kandidat_Guenther-Koch-1365x2048.jpg 1365w, https:\/\/www.gruene-mkk.de\/wp-content\/uploads\/2022\/09\/WK-42_Kandidat_Guenther-Koch-scaled.jpg 1707w\" sizes=\"auto, (max-width: 800px) 100vw, 800px\" \/><\/figure><div class=\"wp-block-media-text__content\">\n<p class=\"h4\">G\u00fcnther Koch<\/p>\n\n\n\n<p>Schl\u00fcchtern<\/p>\n\n\n\n<p>Neposredni kandidat za volilno okro\u017eje 42 Main-Kinzig III<\/p>\n\n\n\n<p class=\"no-link\"><a rel=\"noreferrer noopener\" href=\"#\" data-unscramble=\"moc.duolci@hcokeug\" target=\"_blank\">guekoch@icloud.com<\/a><\/p>\n\n\n\n<div class=\"wp-block-group d-flex p-0 is-layout-flow wp-block-group-is-layout-flow\">\n<div class=\"wp-block-sunflower-meta-data\"><a href=\"#\" target=\"_blank\" rel=\"noopener\"><i class=\"fab fa-twitter\"><\/i><\/a><\/div>\n\n\n\n<div class=\"wp-block-sunflower-meta-data\"><a href=\"https:\/\/www.facebook.com\/Guenther.Koch.Gruene\/\" target=\"_blank\" rel=\"noopener\"><i class=\"fab fa-facebook-f\"><\/i><\/a><\/div>\n\n\n\n<div class=\"wp-block-sunflower-meta-data\"><a href=\"https:\/\/www.instagram.com\/guenther_koch\/\" target=\"_blank\" rel=\"noopener\"><i class=\"fab fa-instagram\"><\/i><\/a><\/div>\n\n\n\n<div class=\"wp-block-sunflower-meta-data\"><a href=\"#\" target=\"_blank\" rel=\"noopener\"><i class=\"fas fa-globe\"><\/i><\/a><\/div>\n<\/div>\n\n\n\n<hr class=\"wp-block-separator has-alpha-channel-opacity\"\/>\n\n\n\n<div class=\"wp-block-sunflower-accordion\"><div class=\"accordion-item\"><h4 class=\"accordion-header\"><button class=\"accordion-button collapsed\" type=\"button\" data-bs-toggle=\"collapse\" data-bs-target=\".sacc7dfad914-48bc-4a6d-933a-51252dc1ea40\" aria-expanded=\"false\" aria-controls=\".sacc7dfad914-48bc-4a6d-933a-51252dc1ea40\">Ve\u010d o G\u00fcnther Koch<\/button><\/h4><div class=\"accordion-collapse collapse sacc7dfad914-48bc-4a6d-933a-51252dc1ea40\" aria-labelledby=\".sacc7dfad914-48bc-4a6d-933a-51252dc1ea40\"><div class=\"accordion-body\"><p class=\"sunflower-accordion\">Moje ime je G\u00fcnther Koch in sem bil<br\/>nekdanji predstavnik Zelenih, trenutno sem mestni svetnik v<br\/>Srame\u017eljiv in dejaven v dr\u017eavni delovni skupini za otroke,<br\/>Mladi in dru\u017eina.<br\/>Kot na\u010drtovalec socialnega varstva mladih v okro\u017eju in predsednik socialnega odbora<br\/>V mestu Schl\u00fcchtern, obmo\u010dje za otroke, mladino in<br\/>Dru\u017einska politika v sredi\u0161\u010du: Zdaj moramo biti v tej zme\u0161njavi.<br\/>zanesljive in v povpra\u0161evanje usmerjene ponudbe trenutnih kriznih razmer in<br\/>Storitve za otroke, mlade in dru\u017eine v Hessnu. Za to bo<br\/>Delam na dr\u017eavni ravni. Poleg tega je zame pomembno, da<br\/>Pode\u017eelske regije in mesta skupaj in se skupaj razvijajo<br\/>bo: Le tako se bomo lahko soo\u010dili s \u0161tevilnimi izzivi, ki jih prina\u0161a<br\/>Prometna, socialna, okoljska in gospodarska vpra\u0161anja<br\/>upravljati.<br\/><br\/><strong>O meni:<\/strong><br\/>Rada grem pe\u0161 ali z gorskim kolesom v gorski koti\u010dek,<br\/>Spessart, Rh\u00f6n in Vogelsberg.<\/p><\/div><\/div><\/div><\/div>\n<\/div><\/div>\n<\/div>\n<\/div>\n\n\n\n<p>  <\/p>\n\n\n\n<div class=\"wp-block-columns is-layout-flex wp-container-core-columns-is-layout-9d6595d7 wp-block-columns-is-layout-flex\">\n<div class=\"wp-block-column is-layout-flow wp-block-column-is-layout-flow\">\n<div class=\"wp-block-media-text alignwide is-stacked-on-mobile person has-shadow\"><figure class=\"wp-block-media-text__media\"><img loading=\"lazy\" decoding=\"async\" width=\"800\" height=\"1033\" src=\"https:\/\/www.gruene-mkk.de\/wp-content\/uploads\/2022\/12\/Matthias-Dorka1-800x1033.jpg\" alt=\"\" class=\"wp-image-1506 size-full\" srcset=\"https:\/\/www.gruene-mkk.de\/wp-content\/uploads\/2022\/12\/Matthias-Dorka1-800x1033.jpg 800w, https:\/\/www.gruene-mkk.de\/wp-content\/uploads\/2022\/12\/Matthias-Dorka1-400x517.jpg 400w, https:\/\/www.gruene-mkk.de\/wp-content\/uploads\/2022\/12\/Matthias-Dorka1-768x992.jpg 768w, https:\/\/www.gruene-mkk.de\/wp-content\/uploads\/2022\/12\/Matthias-Dorka1-1189x1536.jpg 1189w, https:\/\/www.gruene-mkk.de\/wp-content\/uploads\/2022\/12\/Matthias-Dorka1-1586x2048.jpg 1586w, https:\/\/www.gruene-mkk.de\/wp-content\/uploads\/2022\/12\/Matthias-Dorka1-scaled.jpg 1982w\" sizes=\"auto, (max-width: 800px) 100vw, 800px\" \/><\/figure><div class=\"wp-block-media-text__content\">\n<p class=\"person-name\">Matthias Dorka<\/p>\n\n\n\n<p>Izvirnik: Brachttal<\/p>\n\n\n\n<p class=\"person-description\">Nadomestni kandidat za volilno okro\u017eje 40 Main-Kinzig I<\/p>\n\n\n\n<p class=\"person-mail no-link\"><a href=\"#\" data-unscramble=\"ed.kkm-eneurg@akrod.saihttam\">matthias.dorka@gruene-mkk.de<\/a> <\/p>\n\n\n\n<div class=\"wp-block-group d-flex p-0 is-layout-flow wp-block-group-is-layout-flow\">\n<div class=\"wp-block-sunflower-meta-data\"><a href=\"#\" target=\"_blank\" rel=\"noopener\"><i class=\"fab fa-twitter\"><\/i><\/a><\/div>\n\n\n\n<div class=\"wp-block-sunflower-meta-data\"><a href=\"#\" target=\"_blank\" rel=\"noopener\"><i class=\"fab fa-facebook-f\"><\/i><\/a><\/div>\n\n\n\n<div class=\"wp-block-sunflower-meta-data\"><a href=\"#\" target=\"_blank\" rel=\"noopener\"><i class=\"fab fa-instagram\"><\/i><\/a><\/div>\n\n\n\n<div class=\"wp-block-sunflower-meta-data\"><a href=\"#\" data-unscramble=\"ed.kkm-eneurg@akrod.saihttam\" target=\"_blank\" rel=\"noopener\"><i class=\"fas fa-envelope\"><\/i><\/a><\/div>\n\n\n\n<div class=\"wp-block-sunflower-meta-data\"><a href=\"#\" target=\"_blank\" rel=\"noopener\"><i class=\"fas fa-globe\"><\/i><\/a><\/div>\n<\/div>\n<\/div><\/div>\n<\/div>\n\n\n\n<div class=\"wp-block-column is-layout-flow wp-block-column-is-layout-flow\">\n<div class=\"wp-block-media-text alignwide is-stacked-on-mobile person has-shadow\"><figure class=\"wp-block-media-text__media\"><img loading=\"lazy\" decoding=\"async\" width=\"800\" height=\"1200\" src=\"https:\/\/www.gruene-mkk.de\/wp-content\/uploads\/2022\/09\/WK-41_Ersatzk_Josefine-Lamss-800x1200.jpg\" alt=\"\" class=\"wp-image-1337 size-full\" srcset=\"https:\/\/www.gruene-mkk.de\/wp-content\/uploads\/2022\/09\/WK-41_Ersatzk_Josefine-Lamss-800x1200.jpg 800w, https:\/\/www.gruene-mkk.de\/wp-content\/uploads\/2022\/09\/WK-41_Ersatzk_Josefine-Lamss-400x600.jpg 400w, https:\/\/www.gruene-mkk.de\/wp-content\/uploads\/2022\/09\/WK-41_Ersatzk_Josefine-Lamss-768x1152.jpg 768w, https:\/\/www.gruene-mkk.de\/wp-content\/uploads\/2022\/09\/WK-41_Ersatzk_Josefine-Lamss-1024x1536.jpg 1024w, https:\/\/www.gruene-mkk.de\/wp-content\/uploads\/2022\/09\/WK-41_Ersatzk_Josefine-Lamss-1365x2048.jpg 1365w, https:\/\/www.gruene-mkk.de\/wp-content\/uploads\/2022\/09\/WK-41_Ersatzk_Josefine-Lamss-scaled.jpg 1707w\" sizes=\"auto, (max-width: 800px) 100vw, 800px\" \/><\/figure><div class=\"wp-block-media-text__content\">\n<p class=\"person-name\">Josefine Lam\u00df<\/p>\n\n\n\n<p>iz Hanau<\/p>\n\n\n\n<p class=\"person-description\">Namestnik kandidata za volilno okro\u017eje 41 Main-Kinzig II<\/p>\n\n\n\n<p class=\"no-link\"><a href=\"#\" data-unscramble=\"ed.uanah-eneurg@ssmal\">lamss@gruene-hanau.de<\/a><\/p>\n\n\n\n<div class=\"wp-block-group d-flex p-0 is-layout-flow wp-block-group-is-layout-flow\">\n<div class=\"wp-block-sunflower-meta-data\"><a href=\"#\" target=\"_blank\" rel=\"noopener\"><i class=\"fab fa-twitter\"><\/i><\/a><\/div>\n\n\n\n<div class=\"wp-block-sunflower-meta-data\"><a href=\"#\" target=\"_blank\" rel=\"noopener\"><i class=\"fab fa-facebook-f\"><\/i><\/a><\/div>\n\n\n\n<div class=\"wp-block-sunflower-meta-data\"><a href=\"#\" target=\"_blank\" rel=\"noopener\"><i class=\"fab fa-instagram\"><\/i><\/a><\/div>\n\n\n\n<div class=\"wp-block-sunflower-meta-data\"><a href=\"#\" target=\"_blank\" rel=\"noopener\"><i class=\"fas fa-envelope\"><\/i><\/a><\/div>\n\n\n\n<div class=\"wp-block-sunflower-meta-data\"><a href=\"#\" target=\"_blank\" rel=\"noopener\"><i class=\"fas fa-globe\"><\/i><\/a><\/div>\n<\/div>\n<\/div><\/div>\n\n\n\n<p><\/p>\n<\/div>\n\n\n\n<div class=\"wp-block-column is-layout-flow wp-block-column-is-layout-flow\">\n<div class=\"wp-block-media-text alignwide is-stacked-on-mobile person has-shadow\"><figure class=\"wp-block-media-text__media\"><img loading=\"lazy\" decoding=\"async\" width=\"800\" height=\"1200\" src=\"https:\/\/www.gruene-mkk.de\/wp-content\/uploads\/2022\/09\/WK-42_Ersatzk_Beate-Boege-Sonnek-800x1200.jpg\" alt=\"\" class=\"wp-image-1339 size-full\" srcset=\"https:\/\/www.gruene-mkk.de\/wp-content\/uploads\/2022\/09\/WK-42_Ersatzk_Beate-Boege-Sonnek-800x1200.jpg 800w, https:\/\/www.gruene-mkk.de\/wp-content\/uploads\/2022\/09\/WK-42_Ersatzk_Beate-Boege-Sonnek-400x600.jpg 400w, https:\/\/www.gruene-mkk.de\/wp-content\/uploads\/2022\/09\/WK-42_Ersatzk_Beate-Boege-Sonnek-768x1152.jpg 768w, https:\/\/www.gruene-mkk.de\/wp-content\/uploads\/2022\/09\/WK-42_Ersatzk_Beate-Boege-Sonnek-1024x1536.jpg 1024w, https:\/\/www.gruene-mkk.de\/wp-content\/uploads\/2022\/09\/WK-42_Ersatzk_Beate-Boege-Sonnek-1365x2048.jpg 1365w, https:\/\/www.gruene-mkk.de\/wp-content\/uploads\/2022\/09\/WK-42_Ersatzk_Beate-Boege-Sonnek-scaled.jpg 1707w\" sizes=\"auto, (max-width: 800px) 100vw, 800px\" \/><\/figure><div class=\"wp-block-media-text__content\">\n<p class=\"h4\">Beate Boege-Sonnek<\/p>\n\n\n\n<p>Izvirnik: Bad Orb<\/p>\n\n\n\n<p>Namestnik kandidata za volilno okro\u017eje 42 Main-Kinzig III<\/p>\n\n\n\n<p class=\"no-link\"><\/p>\n\n\n\n<div class=\"wp-block-group d-flex p-0 is-layout-flow wp-block-group-is-layout-flow\">\n<div class=\"wp-block-sunflower-meta-data\"><a href=\"#\" target=\"_blank\" rel=\"noopener\"><i class=\"fab fa-twitter\"><\/i><\/a><\/div>\n\n\n\n<div class=\"wp-block-sunflower-meta-data\"><a href=\"#\" target=\"_blank\" rel=\"noopener\"><i class=\"fab fa-facebook-f\"><\/i><\/a><\/div>\n\n\n\n<div class=\"wp-block-sunflower-meta-data\"><a href=\"#\" target=\"_blank\" rel=\"noopener\"><i class=\"fab fa-instagram\"><\/i><\/a><\/div>\n\n\n\n<div class=\"wp-block-sunflower-meta-data\"><a href=\"#\" target=\"_blank\" rel=\"noopener\"><i class=\"fas fa-envelope\"><\/i><\/a><\/div>\n\n\n\n<div class=\"wp-block-sunflower-meta-data\"><a href=\"#\" target=\"_blank\" rel=\"noopener\"><i class=\"fas fa-globe\"><\/i><\/a><\/div>\n<\/div>\n<\/div><\/div>\n\n\n\n<p><\/p>\n<\/div>\n<\/div>\n\n\n\n<p><\/p>\n\n\n <div class=\"wp-block-group alignfull sunflower-has-background-dim has-text-color has-white-color has-background is-vertical is-content-justification-center is-content-justification-center is-layout-flex wp-block-group-is-layout-flex next-events\">\n                    <div class=\"wp-block-group__inner-container\">\n                        <h2 class=\"wp-block-heading has-text-align-center h1\">Naslednji datumi<\/h2>\n                        <div class=\"wp-block-button text-center mb-5\"><a class=\"wp-block-button__link no-border-radius\" href=\"https:\/\/www.gruene-mkk.de\/sl\/termine\/\" rel=\"\">vsi dogodki<\/a><\/div>\n                    <div class=\"row\"><div class=\"col-12 col-md-6 col-lg-4 mb-4\">\n\n<a href=\"https:\/\/www.gruene-mkk.de\/sl\/termine\/kreismitgliederversammlung-18\/\" class=\"event-card\" rel=\"bookmark\">\n<article id=\"post-3325\" class=\"event has-shadow post-3325 sunflower_event type-sunflower_event status-publish hentry\">\n\t<div class=\"p-4\">\n\t\t\t\t<div class=\"event-archive-meta\">\n\t\t\t<div class=\"text-uppercase small\">torek<\/div>\n\t\t\t<div class=\"date\">\n\t\t\t\t<time datetime=\"2026-05-12 19:30\">\n\t\t\t\t\t12.05.2026 <span class=\"small\">19.30\u201321.00<\/span>\t\t\t\t<\/time>\n\t\t\t<\/div>\n\t\t\t<div class=\"fst-italic small\">\n\t\t\t\t\t\t\t<\/div>\n\t\t<\/div>\n\n\t\t<div class=\"mt-2\">\n\t\t\t<header class=\"entry-header pt-2 pb-2\">\n\t\t\t\t<span class=\"h2\">Sestanek \u010dlanov okraja<\/span>\t\t\t<\/header><!-- .entry-header -->\n\n\n\t\t\t<div class=\"entry-content\">\n\t\t\t\t<p>Na dnevnem redu so volitve delegatov zvezne konference delegatov od 4 do 6. december 2026. Pridite, prinesite svoje ideje in vpra\u0161anja ter aktivno oblikujte ve\u010der [\u2026]<\/p>\n\t\t\t<\/div><!-- .entry-content -->\n\n\t\t<\/div>\n\n\t<\/div>\n<\/article><!-- #post-3325 -->\n<\/a>\n<\/div><div class=\"col-12 col-md-6 col-lg-4 mb-4\">\n\n<a href=\"https:\/\/www.gruene-mkk.de\/sl\/termine\/fruehstueck-mit-den-gruenen-60\/\" class=\"event-card\" rel=\"bookmark\">\n<article id=\"post-3349\" class=\"event has-shadow post-3349 sunflower_event type-sunflower_event status-publish hentry\">\n\t<div class=\"p-4\">\n\t\t\t\t<div class=\"event-archive-meta\">\n\t\t\t<div class=\"text-uppercase small\">sobota<\/div>\n\t\t\t<div class=\"date\">\n\t\t\t\t<time datetime=\"2026-05-16 10:00\">\n\t\t\t\t\t16.05.2026 <span class=\"small\">10.00\u201313.00<\/span>\t\t\t\t<\/time>\n\t\t\t<\/div>\n\t\t\t<div class=\"fst-italic small\">\n\t\t\t\t\t\t\t<\/div>\n\t\t<\/div>\n\n\t\t<div class=\"mt-2\">\n\t\t\t<header class=\"entry-header pt-2 pb-2\">\n\t\t\t\t<span class=\"h2\">Zajtrk z zelenimi 60+<\/span>\t\t\t<\/header><!-- .entry-header -->\n\n\n\t\t\t<div class=\"entry-content\">\n\t\t\t\t<p>Toplo vabilo na zajtrk Zelenih 60+ v kavarni \u201eIm Garten Eden\u201c v Maintalu. V spro\u0161\u010denem vzdu\u0161ju bi radi razpravljali o preteklih ob\u010dinskih volitvah in si ogledali [\u2026]<\/p>\n\t\t\t<\/div><!-- .entry-content -->\n\n\t\t<\/div>\n\n\t<\/div>\n<\/article><!-- #post-3349 -->\n<\/a>\n<\/div><div class=\"col-12 col-md-6 col-lg-4 mb-4\">\n\n<a href=\"https:\/\/www.gruene-mkk.de\/sl\/termine\/sommerfest-3\/\" class=\"event-card\" rel=\"bookmark\">\n<article id=\"post-3326\" class=\"event has-shadow post-3326 sunflower_event type-sunflower_event status-publish hentry\">\n\t<div class=\"p-4\">\n\t\t\t\t<div class=\"event-archive-meta\">\n\t\t\t<div class=\"text-uppercase small\">sobota<\/div>\n\t\t\t<div class=\"date\">\n\t\t\t\t<time datetime=\"2026-08-15 00:00\">\n\t\t\t\t\t15.08.2026\t\t\t\t<\/time>\n\t\t\t<\/div>\n\t\t\t<div class=\"fst-italic small\">\n\t\t\t\t\t\t\t<\/div>\n\t\t<\/div>\n\n\t\t<div class=\"mt-2\">\n\t\t\t<header class=\"entry-header pt-2 pb-2\">\n\t\t\t\t<span class=\"h2\">Poletna zabava<\/span>\t\t\t<\/header><!-- .entry-header -->\n\n\n\t\t\t<div class=\"entry-content\">\n\t\t\t\t<p>Shrani datum<\/p>\n\t\t\t<\/div><!-- .entry-content -->\n\n\t\t<\/div>\n\n\t<\/div>\n<\/article><!-- #post-3326 -->\n<\/a>\n<\/div><\/div><\/div><\/div>","protected":false},"excerpt":{"rendered":"<p>Zdaj je \u010das! Leta 2023 je bil izvoljen nov dr\u017eavni parlament, Zeleni pa pripravljajo tristransko bitko za urad dr\u017eavnega kanclerja. Zeleni Main-Kinzig \u017eelimo dose\u010di ta cilj z mo\u010dnimi kandidati [...]<\/p>","protected":false},"author":2,"featured_media":0,"parent":355,"menu_order":0,"comment_status":"closed","ping_status":"closed","template":"","meta":{"footnotes":""},"class_list":["post-1103","page","type-page","status-publish","hentry"],"_links":{"self":[{"href":"https:\/\/www.gruene-mkk.de\/sl\/wp-json\/wp\/v2\/pages\/1103","targetHints":{"allow":["GET"]}}],"collection":[{"href":"https:\/\/www.gruene-mkk.de\/sl\/wp-json\/wp\/v2\/pages"}],"about":[{"href":"https:\/\/www.gruene-mkk.de\/sl\/wp-json\/wp\/v2\/types\/page"}],"author":[{"embeddable":true,"href":"https:\/\/www.gruene-mkk.de\/sl\/wp-json\/wp\/v2\/users\/2"}],"replies":[{"embeddable":true,"href":"https:\/\/www.gruene-mkk.de\/sl\/wp-json\/wp\/v2\/comments?post=1103"}],"version-history":[{"count":95,"href":"https:\/\/www.gruene-mkk.de\/sl\/wp-json\/wp\/v2\/pages\/1103\/revisions"}],"predecessor-version":[{"id":1725,"href":"https:\/\/www.gruene-mkk.de\/sl\/wp-json\/wp\/v2\/pages\/1103\/revisions\/1725"}],"up":[{"embeddable":true,"href":"https:\/\/www.gruene-mkk.de\/sl\/wp-json\/wp\/v2\/pages\/355"}],"wp:attachment":[{"href":"https:\/\/www.gruene-mkk.de\/sl\/wp-json\/wp\/v2\/media?parent=1103"}],"curies":[{"name":"wp","href":"https:\/\/api.w.org\/{rel}","templated":true}]}}