{"id":1769,"date":"2023-09-22T15:03:47","date_gmt":"2023-09-22T13:03:47","guid":{"rendered":"https:\/\/www.gruene-mkk.de\/?post_type=sunflower_event&#038;p=1769"},"modified":"2023-09-22T15:03:48","modified_gmt":"2023-09-22T13:03:48","slug":"wahlkampf-hoehepunkt","status":"publish","type":"sunflower_event","link":"https:\/\/www.gruene-mkk.de\/ru\/termine\/wahlkampf-hoehepunkt\/","title":{"rendered":"Wahlkampf-H\u00f6hepunkt"},"content":{"rendered":"\n<p><strong>Wahlkampfh\u00f6hepunkt zur Landtagswahl<\/strong><br><strong>am 5. Oktober ab 18:30 Uhr im S\u00fcdbahnhof Frankfurt<\/strong><\/p>\n\n\n\n<p><strong>Gemeinsame Anreise: RE 50 von Hanau Hbf um 17:09 -> Ankunft um 17:22 Uhr in Frankfurt S\u00fcd<\/strong><\/p>\n\n\n\n<p>Neben unseren Spitzenkandidat*innen Angela und Tarek werden auch Annalena, Robert und Omid als G\u00e4st*innen dabei sein. Freut euch auf einen sch\u00f6nen Abend.<\/p>\n\n\n\n<p><strong>Anmeldung: <\/strong>Bitte meldet euch \u00fcber diesen Link f\u00fcr die Veranstaltung an: <a href=\"https:\/\/www.eventim-light.com\/de\/a\/63a567dce1ad5110b327469c\">https:\/\/www.eventim-light.com\/de\/a\/63a567dce1ad5110b327469c<\/a><\/p>\n\n\n\n<p>Gerne k\u00f6nnt ihr auch Begleitungen mitnehmen, es ist keine Veranstaltung, die sich ausschlie\u00dflich an Gr\u00fcne Mitglieder richtet. Bevor wir die Veranstaltung jedoch in der \u00d6ffentlichkeit bewerben, wollten wir euch die M\u00f6glichkeit geben die Tickets schon fr\u00fcher zu reservieren!<\/p>\n","protected":false},"excerpt":{"rendered":"<p>Wahlkampfh\u00f6hepunkt zur Landtagswahlam 5. Oktober ab 18:30 Uhr im S\u00fcdbahnhof Frankfurt Gemeinsame Anreise: RE 50 von Hanau Hbf um 17:09 -> Ankunft um 17:22 Uhr in Frankfurt S\u00fcd Neben unseren [&hellip;]<\/p>\n","protected":false},"author":2,"featured_media":0,"comment_status":"closed","ping_status":"closed","template":"","sunflower_event_tag":[],"class_list":["post-1769","sunflower_event","type-sunflower_event","status-publish","hentry"],"_links":{"self":[{"href":"https:\/\/www.gruene-mkk.de\/ru\/wp-json\/wp\/v2\/sunflower_event\/1769","targetHints":{"allow":["GET"]}}],"collection":[{"href":"https:\/\/www.gruene-mkk.de\/ru\/wp-json\/wp\/v2\/sunflower_event"}],"about":[{"href":"https:\/\/www.gruene-mkk.de\/ru\/wp-json\/wp\/v2\/types\/sunflower_event"}],"author":[{"embeddable":true,"href":"https:\/\/www.gruene-mkk.de\/ru\/wp-json\/wp\/v2\/users\/2"}],"replies":[{"embeddable":true,"href":"https:\/\/www.gruene-mkk.de\/ru\/wp-json\/wp\/v2\/comments?post=1769"}],"wp:attachment":[{"href":"https:\/\/www.gruene-mkk.de\/ru\/wp-json\/wp\/v2\/media?parent=1769"}],"wp:term":[{"taxonomy":"sunflower_event_tag","embeddable":true,"href":"https:\/\/www.gruene-mkk.de\/ru\/wp-json\/wp\/v2\/sunflower_event_tag?post=1769"}],"curies":[{"name":"wp","href":"https:\/\/api.w.org\/{rel}","templated":true}]}}