{"id":468,"date":"2021-11-25T13:12:54","date_gmt":"2021-11-25T12:12:54","guid":{"rendered":"https:\/\/www.alles-bleibt-anders.org\/?page_id=468"},"modified":"2021-11-25T13:12:54","modified_gmt":"2021-11-25T12:12:54","slug":"bundestagswahl-2021","status":"publish","type":"page","link":"https:\/\/www.gruene-mkk.de\/pl\/wahlen\/bundestagswahl-2021\/","title":{"rendered":"Wybory federalne w 2021 r."},"content":{"rendered":"<div class=\"wp-block-cover\" style=\"min-height:519px;aspect-ratio:unset;\"><img loading=\"lazy\" decoding=\"async\" width=\"1200\" height=\"630\" class=\"wp-block-cover__image-background wp-image-365\" alt=\"\" src=\"http:\/\/www.alles-bleibt-anders.org\/wp-content\/uploads\/2021\/11\/bereit-weil-ih-facebook-sharepic.png\" data-object-fit=\"cover\" srcset=\"https:\/\/www.gruene-mkk.de\/wp-content\/uploads\/2021\/11\/bereit-weil-ih-facebook-sharepic.png 1200w, https:\/\/www.gruene-mkk.de\/wp-content\/uploads\/2021\/11\/bereit-weil-ih-facebook-sharepic-400x210.png 400w, https:\/\/www.gruene-mkk.de\/wp-content\/uploads\/2021\/11\/bereit-weil-ih-facebook-sharepic-800x420.png 800w, https:\/\/www.gruene-mkk.de\/wp-content\/uploads\/2021\/11\/bereit-weil-ih-facebook-sharepic-768x403.png 768w\" sizes=\"auto, (max-width: 1200px) 100vw, 1200px\" \/><div class=\"wp-block-cover__inner-container is-layout-flow wp-block-cover-is-layout-flow\">\n<p class=\"has-text-align-center has-large-font-size\"><\/p>\n<\/div><\/div>\n\n\n\n<p><\/p>\n\n\n\n<h2 class=\"wp-block-heading\">Kandydaci do Bundestagu<\/h2>\n\n\n\n<p><\/p>\n\n\n\n<div class=\"wp-block-columns is-layout-flex wp-container-core-columns-is-layout-9d6595d7 wp-block-columns-is-layout-flex\">\n<div class=\"wp-block-column is-layout-flow wp-block-column-is-layout-flow\">\n<figure class=\"wp-block-image size-large is-resized is-style-default\"><img loading=\"lazy\" decoding=\"async\" src=\"http:\/\/www.alles-bleibt-anders.org\/wp-content\/uploads\/2021\/11\/Kiesel_DHPF__P2B2832-2-800x1000.jpg\" alt=\"Kamyki orzechowe\" class=\"wp-image-533\" width=\"406\" height=\"508\" srcset=\"https:\/\/www.gruene-mkk.de\/wp-content\/uploads\/2021\/11\/Kiesel_DHPF__P2B2832-2-800x1000.jpg 800w, https:\/\/www.gruene-mkk.de\/wp-content\/uploads\/2021\/11\/Kiesel_DHPF__P2B2832-2-400x500.jpg 400w, https:\/\/www.gruene-mkk.de\/wp-content\/uploads\/2021\/11\/Kiesel_DHPF__P2B2832-2-768x960.jpg 768w, https:\/\/www.gruene-mkk.de\/wp-content\/uploads\/2021\/11\/Kiesel_DHPF__P2B2832-2-1229x1536.jpg 1229w, https:\/\/www.gruene-mkk.de\/wp-content\/uploads\/2021\/11\/Kiesel_DHPF__P2B2832-2-1639x2048.jpg 1639w, https:\/\/www.gruene-mkk.de\/wp-content\/uploads\/2021\/11\/Kiesel_DHPF__P2B2832-2-scaled.jpg 2048w\" sizes=\"auto, (max-width: 406px) 100vw, 406px\" \/><\/figure>\n<\/div>\n\n\n\n<div class=\"wp-block-column is-layout-flow wp-block-column-is-layout-flow\">\n<h3 class=\"wp-block-heading\">Kamyki orzechowe<\/h3>\n\n\n\n<h4 class=\"wp-block-heading\">Kandydat na okr\u0119g wyborczy 175 Main-Kinzig \u2013 Wetterau II \u2013 Szkoci<\/h4>\n\n\n\n<p><em>W czasie pandemii cofn\u0119li\u015bmy si\u0119, aby chroni\u0107 osoby starsze. Nie chc\u0119 nowego kryzysu, ale niestety do\u015bwiadczymy go wraz z obecnymi zmianami temperatury. Dlatego walczmy razem o zdatn\u0105 do \u017cycia planet\u0119, stosuj\u0105c skuteczne \u015brodki zamiast pustych cel\u00f3w. Nie chc\u0119 zostawia\u0107 moich dzieci na pustkowiach, ale w kwitn\u0105cym \u015bwiecie.<\/em><\/p>\n\n\n\n<div class=\"wp-block-sunflower-meta-data\"><a href=\"\/pl\/@knut.kiesel.2\/\" target=\"_blank\" rel=\"noopener\"><i class=\"fab fa-facebook-f\"><\/i><\/a><\/div>\n\n\n\n<div class=\"wp-block-sunflower-meta-data\"><a href=\"https:\/\/www.knutkiesel.de\/\" target=\"_blank\" rel=\"noopener\"><i class=\"fas fa-globe\"><\/i><\/a><\/div>\n<\/div>\n<\/div>\n\n\n\n<p>     <\/p>\n\n\n\n<div class=\"wp-block-columns is-layout-flex wp-container-core-columns-is-layout-9d6595d7 wp-block-columns-is-layout-flex\">\n<div class=\"wp-block-column is-layout-flow wp-block-column-is-layout-flow\">\n<figure class=\"wp-block-image size-large is-style-default\"><img loading=\"lazy\" decoding=\"async\" width=\"800\" height=\"1200\" src=\"http:\/\/www.alles-bleibt-anders.org\/wp-content\/uploads\/2021\/11\/KPP_2138-Edit-edit-800x1200.jpg\" alt=\"Marcus Bocklet\" class=\"wp-image-539\" srcset=\"https:\/\/www.gruene-mkk.de\/wp-content\/uploads\/2021\/11\/KPP_2138-Edit-edit-800x1200.jpg 800w, https:\/\/www.gruene-mkk.de\/wp-content\/uploads\/2021\/11\/KPP_2138-Edit-edit-400x600.jpg 400w, https:\/\/www.gruene-mkk.de\/wp-content\/uploads\/2021\/11\/KPP_2138-Edit-edit-768x1152.jpg 768w, https:\/\/www.gruene-mkk.de\/wp-content\/uploads\/2021\/11\/KPP_2138-Edit-edit-1024x1536.jpg 1024w, https:\/\/www.gruene-mkk.de\/wp-content\/uploads\/2021\/11\/KPP_2138-Edit-edit-1365x2048.jpg 1365w, https:\/\/www.gruene-mkk.de\/wp-content\/uploads\/2021\/11\/KPP_2138-Edit-edit-scaled.jpg 1707w\" sizes=\"auto, (max-width: 800px) 100vw, 800px\" \/><\/figure>\n<\/div>\n\n\n\n<div class=\"wp-block-column is-layout-flow wp-block-column-is-layout-flow\">\n<p><\/p>\n\n\n\n<h3 class=\"wp-block-heading\">Marcus Bocklet<\/h3>\n\n\n\n<h4 class=\"wp-block-heading\">Okr\u0119g wyborczy 180 Hanau<\/h4>\n\n\n\n<p><em>\u201eJestem Marcus Bocklet, pose\u0142 do parlamentu krajowego i kandydat do Bundestagu w okr\u0119gu wyborczym Hanau. Dla mnie dobra polityka jest nie tylko ekologiczna, ale tak\u017ce spo\u0142eczna i sprawiedliwa. Obejmuje to ochron\u0119 \u015brodowiska, a tak\u017ce pisanie czarnych cyfr z \u201ezielonymi pomys\u0142ami\u201d. Jestem przekonany, \u017ce je\u015bli chcemy dobrze \u017cy\u0107 w przysz\u0142o\u015bci, potrzebujemy transformacji spo\u0142eczno-ekologicznej \u2013 teraz!<\/em>&nbsp;<\/p>\n\n\n\n<p><em>W tym celu prosz\u0119: obydwa g\u0142osy s\u0105 zielone.\u201d<\/em><\/p>\n\n\n\n<div class=\"wp-block-sunflower-meta-data\"><a href=\"http:\/\/www.marcusbocklet.de\" target=\"_blank\" rel=\"noopener\"><i class=\"fas fa-globe\"><\/i><\/a><\/div>\n\n\n\n<div class=\"wp-block-sunflower-meta-data\"><a href=\"https:\/\/www.facebook.com\/MarcusBockletMdLhttps:\/\/www.facebook.com\/MarcusBockletMdL\" target=\"_blank\" rel=\"noopener\"><i class=\"fab fa-facebook-f\"><\/i><\/a><\/div>\n\n\n\n<div class=\"wp-block-sunflower-meta-data\"><a href=\"https:\/\/www.instagram.com\/m.bocklet\/\" target=\"_blank\" rel=\"noopener\"><i class=\"fab fa-instagram\"><\/i><\/a><\/div>\n<\/div>\n<\/div>\n\n\n\n<p>           <\/p>\n\n\n\n<figure class=\"wp-block-image size-large\"><img decoding=\"async\" src=\"http:\/\/www.alles-bleibt-anders.org\/wp-content\/uploads\/2021\/11\/hier-geht-zum-facebook-sharepic-800x420.png\" alt=\"\" class=\"wp-image-542\"\/><\/figure>","protected":false},"excerpt":{"rendered":"<p>Nasi kandydaci do Bundestagu Knut Kiesel Kandydat do okr\u0119gu wyborczego 175 Main-Kinzig \u2013 Wetterau II \u2013 Schotten \u201ePodczas pandemii cofamy si\u0119, aby chroni\u0107 osoby starsze. Ja [...]<\/p>","protected":false},"author":2,"featured_media":0,"parent":355,"menu_order":0,"comment_status":"closed","ping_status":"closed","template":"","meta":{"footnotes":""},"class_list":["post-468","page","type-page","status-publish","hentry"],"_links":{"self":[{"href":"https:\/\/www.gruene-mkk.de\/pl\/wp-json\/wp\/v2\/pages\/468","targetHints":{"allow":["GET"]}}],"collection":[{"href":"https:\/\/www.gruene-mkk.de\/pl\/wp-json\/wp\/v2\/pages"}],"about":[{"href":"https:\/\/www.gruene-mkk.de\/pl\/wp-json\/wp\/v2\/types\/page"}],"author":[{"embeddable":true,"href":"https:\/\/www.gruene-mkk.de\/pl\/wp-json\/wp\/v2\/users\/2"}],"replies":[{"embeddable":true,"href":"https:\/\/www.gruene-mkk.de\/pl\/wp-json\/wp\/v2\/comments?post=468"}],"version-history":[{"count":14,"href":"https:\/\/www.gruene-mkk.de\/pl\/wp-json\/wp\/v2\/pages\/468\/revisions"}],"predecessor-version":[{"id":545,"href":"https:\/\/www.gruene-mkk.de\/pl\/wp-json\/wp\/v2\/pages\/468\/revisions\/545"}],"up":[{"embeddable":true,"href":"https:\/\/www.gruene-mkk.de\/pl\/wp-json\/wp\/v2\/pages\/355"}],"wp:attachment":[{"href":"https:\/\/www.gruene-mkk.de\/pl\/wp-json\/wp\/v2\/media?parent=468"}],"curies":[{"name":"wp","href":"https:\/\/api.w.org\/{rel}","templated":true}]}}