{"id":3013,"date":"2025-11-27T16:37:15","date_gmt":"2025-11-27T15:37:15","guid":{"rendered":"https:\/\/www.gruene-mkk.de\/?page_id=3013"},"modified":"2026-03-06T13:48:05","modified_gmt":"2026-03-06T12:48:05","slug":"transparenzbekanntmachung","status":"publish","type":"page","link":"https:\/\/www.gruene-mkk.de\/it\/transparenzbekanntmachung\/","title":{"rendered":"Avviso di trasparenza"},"content":{"rendered":"<p><strong>Comunicazione sulla trasparenza a norma dell'articolo 11 del regolamento (UE) 2024\/900 relativo alla trasparenza e al targeting della pubblicit\u00e0 politica (regolamento TTPA)<\/strong><\/p>\n\n\n\n<p><strong>Stato: 19.11.2025<\/strong><\/p>\n\n\n\n<p><strong>1.Sponsor del messaggio di pubblicit\u00e0 politica<\/strong><\/p>\n\n\n\n<p>Alleanza 90\/I Verdi - Associazione distrettuale Main-Kinzig<br>Indirizzo: Calvinstra\u00dfe 10, 63450 Hanau<br>E-mail:&nbsp;<a href=\"#\" data-unscramble=\"ed.kkm-eneurg@vk\" data-type=\"mailto\" data-id=\"#\">kv@gruene-mkk.de<\/a><br>Rappresentati dal dirigente distrettuale Anja Zeller, Beate Boege-Sonnek, Philip Schinkel, Steve Euler, Christine Dr\u00f6\u00dfler-Utecht, Matthias Kuponiyi-B\u00f6ff<\/p>\n\n\n\n<p><strong>2. Ente pagatore<\/strong><\/p>\n\n\n\n<p>Alleanza 90\/I Verdi - Associazione distrettuale Main-Kinzig<br>Indirizzo: Calvinstra\u00dfe 10, 63450 Hanau<br>E-mail:&nbsp;<a href=\"#\" data-unscramble=\"ed.kkm-eneurg@vk\" data-type=\"mailto\" data-id=\"#\">kv@gruene-mkk.de<\/a><br>Rappresentati dal dirigente distrettuale Anja Zeller, Beate Boege-Sonnek, Philip Schinkel, Steve Euler, Christine Dr\u00f6\u00dfler-Utecht, Matthias Kuponiyi-B\u00f6ff<\/p>\n\n\n\n<p>La campagna per le elezioni comunali dell'Assia del 2026 \u00e8 finanziata da B\u00fcndnis 90\/DIE GR\u00dcNEN Kreisverband Main-Kinzig e dalle sue suddivisioni. Le disaggregazioni comprendono:&nbsp;<a href=\"https:\/\/www.gruene-mkk.de\/it\/gruene-vor-ort\/ortsverbaende\/\" data-type=\"page\" data-id=\"613\">Elenco delle associazioni locali<\/a>.&nbsp;<\/p>\n\n\n\n<p><strong>3. Periodo di pubblicazione<\/strong><\/p>\n\n\n\n<p>I messaggi di pubblicit\u00e0 politica saranno pubblicati o diffusi nel contesto della campagna elettorale comunale per le elezioni comunali dell'Assia del 15.3.2026 nel periodo dal 18.11.2025 al 30.3.2026.<\/p>\n\n\n\n<p><strong>4. Informazioni sui finanziamenti<\/strong><\/p>\n\n\n\n<p>Il budget per il materiale pubblicitario della campagna elettorale comunale di B\u00fcndnis 90\/DIE GR\u00dcNEN Kreisverband Main-Kinzig include 850,00 \u20ac per i materiali, 11.500,00 \u20ac per le prenotazioni di grandi superfici e 2.500,00 \u20ac per gli annunci pubblicitari.<\/p>\n\n\n\n<p>Fonte dei fondi: privatamente<em>,&nbsp;<\/em>Origine dei fondi: all'interno dell'Unione europea<\/p>\n\n\n\n<p>Manifesti su larga scala<br>Il valore totale del servizio pubblicitario \u00e8 calcolato sulla base del costo di una prenotazione di poster di grandi dimensioni per un decennio (di solito 10 giorni). A seconda della posizione e del mezzo pubblicitario, i prezzi giornalieri variano da \u20ac 5,90 a \u20ac 98,40<strong>.<\/strong><\/p>\n\n\n\n<p><strong>5. Ragione\/contesto politico<\/strong><\/p>\n\n\n\n<p>Questo annuncio \u00e8 legato alle elezioni municipali dell'Assia del 2026. Informazioni ufficiali sul voto:<em><br><\/em>Ufficiale distrettuale di rimpatrio nel distretto di Main-Kinzig:&nbsp;<a href=\"https:\/\/www.mkk.de\/landkreis\/politik_1\/wahlen\/Wahlen.html\">https:\/\/www.mkk.de\/landkreis\/politik_1\/wahlen\/Wahlen.html<\/a><\/p>\n\n\n\n<p><strong>6. Informazioni sul fornitore\/agenzia pubblicitaria<\/strong><\/p>\n\n\n\n<p>Prestatori di servizi nel contesto della campagna elettorale comunale in Assia 2026<\/p>\n\n\n\n<p>1-2-3-Plakat.de GmbH, Moltkestr. 8, 32257 tasti, telefono: 05223 1778-77, e-mail:&nbsp;<a href=\"#\" data-unscramble=\"ed.takalp321@ofni\">info@123plakat.de<\/a>, Tipo di servizio: Mediazione dello spazio pubblicitario<\/p>\n\n\n\n<p>Wesselmann Werbung GmbH, Lohrheidestr. 68-70, 44866 Bochum, Germania 02327 3963, e-mail:&nbsp;<a href=\"#\" data-unscramble=\"ed.gnubrew-nnamlessew@liam\">mail@wesselmann-werbung.de<\/a>, Tipo di servizio: Affitto spazi pubblicitari<\/p>\n\n\n\n<p>Staudigl-Druck GmbH &amp; Co.KG, Sch\u00fctzenring 1, 86609 Donauw\u00fcrth, Germania 0906 7008 0, E-mail: info@staudigl-druck, Tipo di servizio: Stampa di poster<\/p>\n\n\n\n<p>RMM | RheinMain.Media, Hanauer Anzeiger GmbH &amp; Co. KG, Donaustra\u00dfe 5, 63452 Hanau, Germania <a href=\"#\" data-unscramble=\"ed.mmr@redeor.saerdna\"><\/a><a href=\"#\" data-unscramble=\"ed.mmr@ecivres\" target=\"_blank\" rel=\"noreferrer noopener\">service@rmm.de<\/a>, Tipo di servizio: Pubblicit\u00e0<\/p>\n\n\n\n<p><br>Druck- und Pressehaus Naumann GmbH &amp; Co. KG, Gutenbergstra\u00dfe 1, 63571 Gelnhausen, servicecenter@gnz.de, telefono: 06051\/833-290, Tipo di servizio: Pubblicit\u00e0<\/p>\n\n\n\n<p><strong>7. Dettagli della pubblicazione<\/strong><\/p>\n\n\n\n<p>Regione di distribuzione: Locale nel Main-Kinzig-Kreis, Assia<\/p>\n\n\n\n<p><strong>8. Informazioni sul targeting e sul trattamento dei dati<\/strong><\/p>\n\n\n\n<p>Nessun utilizzo di dati personali.<\/p>\n\n\n\n<p>Gli annunci vengono visualizzati utilizzando le caratteristiche del gruppo target (regione in Assia). Per ulteriori informazioni, cfr.:&nbsp;<a href=\"http:\/\/www.gruene-hessen.de\/datenschutz\">www.gruene-hessen.de\/datenschutz<\/a><\/p>\n\n\n\n<p><strong>9. Pubblicazioni precedenti \/ correzioni<\/strong><\/p>\n\n\n\n<p>Non ci sono precedenti pubblicazioni o correzioni.<\/p>\n\n\n\n<p><strong>10. Referente per questioni di trasparenza<\/strong><\/p>\n\n\n\n<p>Nome: Mareike J\u00e4ger, e-mail:\u00a0<a href=\"#\" data-unscramble=\"ed.nesseh-eneurg@dnabrevsednal\"><a href=\"#\" data-unscramble=\"ed.kkm-eneurg@vk\" data-type=\"mailto\" data-id=\"#\">kv@gruene-mkk.de<\/a><\/a><\/p>\n\n\n\n<p>Organismo responsabile della protezione dei dati:<br>Commissario per la protezione dei dati e la libert\u00e0 d'informazione dell'Assia<br>DPO<br>Unit\u00e0 2.3<br>Casella postale 3163<br>65021 Wiesbaden<br>Telefono: +49 611 1408 161, lettera:&nbsp;<a href=\"#\" data-unscramble=\"ed.nesseh.ztuhcsnetad@elletstsop\">poststelle@datenschutz.hessen.de<\/a><\/p>\n\n\n\n<p>Responsabile del contenuto e della correttezza: Alleanza 90\/I Verdi - Associazione distrettuale Main-Kinzig<\/p>\n\n\n\n<p>Data: 19.11.2025<\/p>","protected":false},"excerpt":{"rendered":"<p>Avviso di trasparenza a norma dell'articolo 11 del regolamento (UE) 2024\/900 sulla trasparenza e il targeting della pubblicit\u00e0 politica (regolamento TTPA) Status: 19.11.2025 1.Sponsor del messaggio di pubblicit\u00e0 politica B\u00dcNDNIS 90\/DIE GR\u00dcNEN - Kreisverband Main-KinzigIndirizzo: Calvin Street \u00e8 [...]<\/p>","protected":false},"author":2,"featured_media":0,"parent":0,"menu_order":0,"comment_status":"closed","ping_status":"closed","template":"","meta":{"footnotes":""},"class_list":["post-3013","page","type-page","status-publish","hentry"],"_links":{"self":[{"href":"https:\/\/www.gruene-mkk.de\/it\/wp-json\/wp\/v2\/pages\/3013","targetHints":{"allow":["GET"]}}],"collection":[{"href":"https:\/\/www.gruene-mkk.de\/it\/wp-json\/wp\/v2\/pages"}],"about":[{"href":"https:\/\/www.gruene-mkk.de\/it\/wp-json\/wp\/v2\/types\/page"}],"author":[{"embeddable":true,"href":"https:\/\/www.gruene-mkk.de\/it\/wp-json\/wp\/v2\/users\/2"}],"replies":[{"embeddable":true,"href":"https:\/\/www.gruene-mkk.de\/it\/wp-json\/wp\/v2\/comments?post=3013"}],"version-history":[{"count":5,"href":"https:\/\/www.gruene-mkk.de\/it\/wp-json\/wp\/v2\/pages\/3013\/revisions"}],"predecessor-version":[{"id":3316,"href":"https:\/\/www.gruene-mkk.de\/it\/wp-json\/wp\/v2\/pages\/3013\/revisions\/3316"}],"wp:attachment":[{"href":"https:\/\/www.gruene-mkk.de\/it\/wp-json\/wp\/v2\/media?parent=3013"}],"curies":[{"name":"wp","href":"https:\/\/api.w.org\/{rel}","templated":true}]}}