{"id":1103,"date":"2022-06-15T14:35:27","date_gmt":"2022-06-15T12:35:27","guid":{"rendered":"https:\/\/www.gruene-mkk.de\/?page_id=1103"},"modified":"2023-08-11T18:19:50","modified_gmt":"2023-08-11T16:19:50","slug":"landtagswahl-2023","status":"publish","type":"page","link":"https:\/\/www.gruene-mkk.de\/it\/wahlen\/landtagswahl-2023\/","title":{"rendered":"Elezioni statali del 2023"},"content":{"rendered":"<p><\/p>\n\n\n\n<h2 class=\"wp-block-heading\">Ora \u00e8 il momento!<\/h2>\n\n\n\n<p>Nel 2023 viene eletto un nuovo parlamento statale e i Verdi stanno preparando la battaglia tripartita per la Cancelleria di Stato. <\/p>\n\n\n\n<p>Noi Verdi nel Main-Kinzig vogliamo sostenere questo obiettivo con candidati forti e garantire che il distretto sia nuovamente rappresentato nel parlamento statale con un membro del parlamento del distretto Main-Kinzig. <\/p>\n\n\n\n<div class=\"wp-block-group has-text-color has-background is-layout-flow wp-block-group-is-layout-flow\" style=\"color:#ffffff;background-color:#163c29\">\n<p><\/p>\n\n\n\n<p><\/p>\n\n\n\n<h2 class=\"wp-block-heading has-text-align-center h1 has-white-color has-text-color\"><a href=\"#\" data-unscramble=\"ed.kkm-eneurg@vk\">Unisciti al nostro team della campagna ora!<\/a><\/h2>\n\n\n\n<p class=\"has-text-align-center has-white-color has-text-color\"><\/p>\n\n\n\n<div class=\"wp-block-buttons is-horizontal is-content-justification-center is-layout-flex wp-container-core-buttons-is-layout-499968f5 wp-block-buttons-is-layout-flex\"><\/div>\n<\/div>\n\n\n\n<p><\/p>\n\n\n\n<h3 class=\"wp-block-heading\">I nostri candidati<\/h3>\n\n\n\n<div class=\"wp-block-columns is-layout-flex wp-container-core-columns-is-layout-9d6595d7 wp-block-columns-is-layout-flex\">\n<div class=\"wp-block-column is-layout-flow wp-block-column-is-layout-flow\">\n<div class=\"wp-block-media-text alignwide is-stacked-on-mobile person has-shadow\"><figure class=\"wp-block-media-text__media\"><img loading=\"lazy\" decoding=\"async\" width=\"800\" height=\"1200\" src=\"https:\/\/www.gruene-mkk.de\/wp-content\/uploads\/2022\/09\/WK-40_Kandidatin_Anja-Zeller-800x1200.jpg\" alt=\"\" class=\"wp-image-1336 size-full\" srcset=\"https:\/\/www.gruene-mkk.de\/wp-content\/uploads\/2022\/09\/WK-40_Kandidatin_Anja-Zeller-800x1200.jpg 800w, https:\/\/www.gruene-mkk.de\/wp-content\/uploads\/2022\/09\/WK-40_Kandidatin_Anja-Zeller-400x600.jpg 400w, https:\/\/www.gruene-mkk.de\/wp-content\/uploads\/2022\/09\/WK-40_Kandidatin_Anja-Zeller-768x1152.jpg 768w, https:\/\/www.gruene-mkk.de\/wp-content\/uploads\/2022\/09\/WK-40_Kandidatin_Anja-Zeller-1024x1536.jpg 1024w, https:\/\/www.gruene-mkk.de\/wp-content\/uploads\/2022\/09\/WK-40_Kandidatin_Anja-Zeller-1365x2048.jpg 1365w, https:\/\/www.gruene-mkk.de\/wp-content\/uploads\/2022\/09\/WK-40_Kandidatin_Anja-Zeller-scaled.jpg 1707w\" sizes=\"auto, (max-width: 800px) 100vw, 800px\" \/><\/figure><div class=\"wp-block-media-text__content\">\n<p class=\"person-name\">Anja Zeller<\/p>\n\n\n\n<p>di Hanau<\/p>\n\n\n\n<p class=\"person-description\">Candidato diretto per la circoscrizione 40 Main-Kinzig I<\/p>\n\n\n\n<p><\/p>\n\n\n\n<p><\/p>\n\n\n\n<p class=\"person-mail no-link\"><a href=\"#\" data-unscramble=\"ed.kkm-eneurg@rellez.ajna\">anja.zeller@gruene-mkk.de<\/a><\/p>\n\n\n\n<div class=\"wp-block-group d-flex p-0 is-layout-flow wp-block-group-is-layout-flow\">\n<div class=\"wp-block-sunflower-meta-data\"><a href=\"https:\/\/twitter.com\/Anjata\" target=\"_blank\" rel=\"noopener\"><i class=\"fab fa-twitter\"><\/i><\/a><\/div>\n\n\n\n<div class=\"wp-block-sunflower-meta-data\"><a href=\"https:\/\/www.facebook.com\/AnjaZeller.DieGruenen\" target=\"_blank\" rel=\"noopener\"><i class=\"fab fa-facebook-f\"><\/i><\/a><\/div>\n\n\n\n<div class=\"wp-block-sunflower-meta-data\"><a href=\"\/\/www.instagram.com\/anjazeller_gruenemkk\/?igshid=MmIzYWVlNDQ5Yg%3D%3D\" target=\"_blank\" rel=\"noopener\"><i class=\"fab fa-instagram\"><\/i><\/a><\/div>\n\n\n\n<div class=\"wp-block-sunflower-meta-data\"><a href=\"#\" target=\"_blank\" rel=\"noopener\"><i class=\"fas fa-globe\"><\/i><\/a><\/div>\n<\/div>\n\n\n\n<hr class=\"wp-block-separator has-alpha-channel-opacity\"\/>\n\n\n\n<div class=\"wp-block-sunflower-accordion\"><div class=\"accordion-item\"><h4 class=\"accordion-header\"><button class=\"accordion-button collapsed\" type=\"button\" data-bs-toggle=\"collapse\" data-bs-target=\".sacc1dfe5153-a9f0-45e7-8bc4-b597a3fbca71\" aria-expanded=\"false\" aria-controls=\".sacc1dfe5153-a9f0-45e7-8bc4-b597a3fbca71\">Pi\u00f9 informazioni su Anja Zeller<\/button><\/h4><div class=\"accordion-collapse collapse sacc1dfe5153-a9f0-45e7-8bc4-b597a3fbca71\" aria-labelledby=\".sacc1dfe5153-a9f0-45e7-8bc4-b597a3fbca71\"><div class=\"accordion-body\"><p class=\"sunflower-accordion\">Mi chiamo Anja Zeller e come candidata per il parlamento statale, la mobilit\u00e0 sostenibile, il turismo locale e le citt\u00e0 e le comunit\u00e0 vivibili mi stanno a cuore. Per la circoscrizione 40 <br\/>Mi occupo della conservazione del paesaggio e della natura, del benessere degli animali e delle cure mediche, nonch\u00e9 della visione di produrre il nostro cibo secondo il principio di chilometro zero o di acquistare da catene di approvvigionamento eque. E s\u00ec, la digitalizzazione \u00e8 importante. Ma non vogliamo data center su terreni coltivabili!<br\/>\u00a0<br\/>Cosa porto con me: Un sacco di esperienza politica, buone capacit\u00e0 amministrative e il desiderio e la passione per il cambiamento per il bene!<\/p><\/div><\/div><\/div><\/div>\n<\/div><\/div>\n<\/div>\n\n\n\n<div class=\"wp-block-column is-layout-flow wp-block-column-is-layout-flow\">\n<div class=\"wp-block-media-text alignwide is-stacked-on-mobile person has-shadow\"><figure class=\"wp-block-media-text__media\"><img loading=\"lazy\" decoding=\"async\" width=\"800\" height=\"1200\" src=\"https:\/\/www.gruene-mkk.de\/wp-content\/uploads\/2022\/09\/IMG_5228-2-800x1200.jpg\" alt=\"\" class=\"wp-image-1345 size-full\" srcset=\"https:\/\/www.gruene-mkk.de\/wp-content\/uploads\/2022\/09\/IMG_5228-2-800x1200.jpg 800w, https:\/\/www.gruene-mkk.de\/wp-content\/uploads\/2022\/09\/IMG_5228-2-400x600.jpg 400w, https:\/\/www.gruene-mkk.de\/wp-content\/uploads\/2022\/09\/IMG_5228-2-768x1152.jpg 768w, https:\/\/www.gruene-mkk.de\/wp-content\/uploads\/2022\/09\/IMG_5228-2-1024x1536.jpg 1024w, https:\/\/www.gruene-mkk.de\/wp-content\/uploads\/2022\/09\/IMG_5228-2-1365x2048.jpg 1365w, https:\/\/www.gruene-mkk.de\/wp-content\/uploads\/2022\/09\/IMG_5228-2-scaled.jpg 1707w\" sizes=\"auto, (max-width: 800px) 100vw, 800px\" \/><\/figure><div class=\"wp-block-media-text__content\">\n<p class=\"person-name\">Robert Erkan<\/p>\n\n\n\n<p>di Hanau<\/p>\n\n\n\n<p class=\"person-description\">Candidato diretto alla circoscrizione 41 Main-Kinzig II<\/p>\n\n\n\n<p class=\"no-link\"><a href=\"#\" data-unscramble=\"ed.uanah-eneurg@nakre\">erkan@gruene-hanau.de<\/a><\/p>\n\n\n\n<div class=\"wp-block-group d-flex p-0 is-layout-flow wp-block-group-is-layout-flow\">\n<div class=\"wp-block-sunflower-meta-data\"><a href=\"#\" target=\"_blank\" rel=\"noopener\"><i class=\"fab fa-twitter\"><\/i><\/a><\/div>\n\n\n\n<div class=\"wp-block-sunflower-meta-data\"><a href=\"\/\/www.facebook.com\/robert.erkan\" target=\"_blank\" rel=\"noopener\"><i class=\"fab fa-facebook-f\"><\/i><\/a><\/div>\n\n\n\n<div class=\"wp-block-sunflower-meta-data\"><a href=\"https:\/\/www.instagram.com\/roberterkan_mkk\/?igshid=MjEwN2IyYWYwYw%3D%3D\" target=\"_blank\" rel=\"noopener\"><i class=\"fab fa-instagram\"><\/i><\/a><\/div>\n\n\n\n<div class=\"wp-block-sunflower-meta-data\"><a href=\"#\" target=\"_blank\" rel=\"noopener\"><i class=\"fas fa-globe\"><\/i><\/a><\/div>\n<\/div>\n\n\n\n<hr class=\"wp-block-separator has-alpha-channel-opacity\"\/>\n\n\n\n<div class=\"wp-block-sunflower-accordion\"><div class=\"accordion-item\"><h4 class=\"accordion-header\"><button class=\"accordion-button collapsed\" type=\"button\" data-bs-toggle=\"collapse\" data-bs-target=\".sacc96167679-a486-4f27-b582-58113058bad3\" aria-expanded=\"false\" aria-controls=\".sacc96167679-a486-4f27-b582-58113058bad3\">Pi\u00f9 informazioni su Robert Erkan<\/button><\/h4><div class=\"accordion-collapse collapse sacc96167679-a486-4f27-b582-58113058bad3\" aria-labelledby=\".sacc96167679-a486-4f27-b582-58113058bad3\"><div class=\"accordion-body\"><p class=\"sunflower-accordion\">Mi chiamo Robert Erkan,<br\/><br\/>e sono il candidato diretto di B\u00fcndnis 90 Die\/Gr\u00fcnen per la circoscrizione 41 (Gro\u00dfkrotzenburg, Hanau, Maintal, Niederdorfelden).<br\/><br\/>Sono stato coinvolto nella politica locale per 12 anni, sia che si tratti del comitato consultivo degli stranieri o del consigliere comunale di Hanau. Dalle elezioni locali del 2021 faccio parte del gruppo Verde ad Hanau.<br\/><br\/>I miei argomenti sono diversit\u00e0 &amp; integrazione, salute &amp; prevenzione, ma anche questioni sociali e contro il razzismo e la discriminazione. Hanau \u00e8 diventata una grande citt\u00e0 e il MKK \u00e8 il pi\u00f9 grande distretto dell'Assia, ha bisogno di una migliore percezione a Wiesbaden per gli argomenti in loco.<br\/><br\/>Tutti i punti che mi hanno spinto a diventare una voce a livello statale e nel parlamento statale dell'Assia, secondo il motto \"da Hanau per l'Assia\".<br\/><br\/><strong>Su di me:<\/strong><br\/>Ho vissuto per molti decenni a Hanau, la mia casa adottiva, mi piace andare in bicicletta e lasciare che l'auto guidi il pi\u00f9 possibile.\u00a0Sono un ragazzo di Francoforte, un fan di Eintracht, un assiano socializzato, genitori di Zagabria e Istanbul, due figli adulti, mediatore freelance, ex rappresentante delle vittime 19.02, onorato con il Premio Walter-L\u00fcbcke-Demokratie.<\/p><\/div><\/div><\/div><\/div>\n<\/div><\/div>\n<\/div>\n\n\n\n<div class=\"wp-block-column is-layout-flow wp-block-column-is-layout-flow\">\n<div class=\"wp-block-media-text alignwide is-stacked-on-mobile person has-shadow\"><figure class=\"wp-block-media-text__media\"><img loading=\"lazy\" decoding=\"async\" width=\"800\" height=\"1200\" src=\"https:\/\/www.gruene-mkk.de\/wp-content\/uploads\/2022\/09\/WK-42_Kandidat_Guenther-Koch-800x1200.jpg\" alt=\"\" class=\"wp-image-1333 size-full\" srcset=\"https:\/\/www.gruene-mkk.de\/wp-content\/uploads\/2022\/09\/WK-42_Kandidat_Guenther-Koch-800x1200.jpg 800w, https:\/\/www.gruene-mkk.de\/wp-content\/uploads\/2022\/09\/WK-42_Kandidat_Guenther-Koch-400x600.jpg 400w, https:\/\/www.gruene-mkk.de\/wp-content\/uploads\/2022\/09\/WK-42_Kandidat_Guenther-Koch-768x1152.jpg 768w, https:\/\/www.gruene-mkk.de\/wp-content\/uploads\/2022\/09\/WK-42_Kandidat_Guenther-Koch-1024x1536.jpg 1024w, https:\/\/www.gruene-mkk.de\/wp-content\/uploads\/2022\/09\/WK-42_Kandidat_Guenther-Koch-1365x2048.jpg 1365w, https:\/\/www.gruene-mkk.de\/wp-content\/uploads\/2022\/09\/WK-42_Kandidat_Guenther-Koch-scaled.jpg 1707w\" sizes=\"auto, (max-width: 800px) 100vw, 800px\" \/><\/figure><div class=\"wp-block-media-text__content\">\n<p class=\"h4\">G\u00fcnther Koch<\/p>\n\n\n\n<p>di Schl\u00fcchtern<\/p>\n\n\n\n<p>Candidato diretto alla circoscrizione 42 Main-Kinzig III<\/p>\n\n\n\n<p class=\"no-link\"><a rel=\"noreferrer noopener\" href=\"#\" data-unscramble=\"moc.duolci@hcokeug\" target=\"_blank\">guekoch@icloud.com<\/a><\/p>\n\n\n\n<div class=\"wp-block-group d-flex p-0 is-layout-flow wp-block-group-is-layout-flow\">\n<div class=\"wp-block-sunflower-meta-data\"><a href=\"#\" target=\"_blank\" rel=\"noopener\"><i class=\"fab fa-twitter\"><\/i><\/a><\/div>\n\n\n\n<div class=\"wp-block-sunflower-meta-data\"><a href=\"https:\/\/www.facebook.com\/Guenther.Koch.Gruene\/\" target=\"_blank\" rel=\"noopener\"><i class=\"fab fa-facebook-f\"><\/i><\/a><\/div>\n\n\n\n<div class=\"wp-block-sunflower-meta-data\"><a href=\"https:\/\/www.instagram.com\/guenther_koch\/\" target=\"_blank\" rel=\"noopener\"><i class=\"fab fa-instagram\"><\/i><\/a><\/div>\n\n\n\n<div class=\"wp-block-sunflower-meta-data\"><a href=\"#\" target=\"_blank\" rel=\"noopener\"><i class=\"fas fa-globe\"><\/i><\/a><\/div>\n<\/div>\n\n\n\n<hr class=\"wp-block-separator has-alpha-channel-opacity\"\/>\n\n\n\n<div class=\"wp-block-sunflower-accordion\"><div class=\"accordion-item\"><h4 class=\"accordion-header\"><button class=\"accordion-button collapsed\" type=\"button\" data-bs-toggle=\"collapse\" data-bs-target=\".sacc7dfad914-48bc-4a6d-933a-51252dc1ea40\" aria-expanded=\"false\" aria-controls=\".sacc7dfad914-48bc-4a6d-933a-51252dc1ea40\">Pi\u00f9 informazioni su G\u00fcnther Koch<\/button><\/h4><div class=\"accordion-collapse collapse sacc7dfad914-48bc-4a6d-933a-51252dc1ea40\" aria-labelledby=\".sacc7dfad914-48bc-4a6d-933a-51252dc1ea40\"><div class=\"accordion-body\"><p class=\"sunflower-accordion\">Mi chiamo G\u00fcnther Koch e sono stato<br\/>ex portavoce dei Verdi, sono attualmente consigliere comunale in<br\/>Timido e attivo nel gruppo di lavoro statale per l'infanzia,<br\/>Giovani e famiglia.<br\/>Come pianificatore del benessere dei giovani nel distretto e come presidente del Comitato sociale<br\/>Nella citt\u00e0 di Schl\u00fcchtern, l'area di bambini, giovani e<br\/>La politica della famiglia al centro: Dobbiamo essere in questo casino in questo momento.<br\/>offerte affidabili e orientate alla domanda delle attuali situazioni di crisi e<br\/>Servizi per bambini, giovani e famiglie in Assia. Perch\u00e9 questo sar\u00e0<br\/>Lavoro a livello statale. Inoltre, \u00e8 importante per me che<br\/>regioni e citt\u00e0 rurali insieme e sviluppate insieme<br\/>saranno: Solo cos\u00ec saremo in grado di affrontare le numerose sfide di<br\/>Trasporti, questioni sociali, ambientali ed economiche<br\/>gestire.<br\/><br\/><strong>Su di me:<\/strong><br\/>Mi piace andare a piedi o con la mountain bike in un angolo di montagna,<br\/>Spessart, Rh\u00f6n e Vogelsberg.<\/p><\/div><\/div><\/div><\/div>\n<\/div><\/div>\n<\/div>\n<\/div>\n\n\n\n<p>  <\/p>\n\n\n\n<div class=\"wp-block-columns is-layout-flex wp-container-core-columns-is-layout-9d6595d7 wp-block-columns-is-layout-flex\">\n<div class=\"wp-block-column is-layout-flow wp-block-column-is-layout-flow\">\n<div class=\"wp-block-media-text alignwide is-stacked-on-mobile person has-shadow\"><figure class=\"wp-block-media-text__media\"><img loading=\"lazy\" decoding=\"async\" width=\"800\" height=\"1033\" src=\"https:\/\/www.gruene-mkk.de\/wp-content\/uploads\/2022\/12\/Matthias-Dorka1-800x1033.jpg\" alt=\"\" class=\"wp-image-1506 size-full\" srcset=\"https:\/\/www.gruene-mkk.de\/wp-content\/uploads\/2022\/12\/Matthias-Dorka1-800x1033.jpg 800w, https:\/\/www.gruene-mkk.de\/wp-content\/uploads\/2022\/12\/Matthias-Dorka1-400x517.jpg 400w, https:\/\/www.gruene-mkk.de\/wp-content\/uploads\/2022\/12\/Matthias-Dorka1-768x992.jpg 768w, https:\/\/www.gruene-mkk.de\/wp-content\/uploads\/2022\/12\/Matthias-Dorka1-1189x1536.jpg 1189w, https:\/\/www.gruene-mkk.de\/wp-content\/uploads\/2022\/12\/Matthias-Dorka1-1586x2048.jpg 1586w, https:\/\/www.gruene-mkk.de\/wp-content\/uploads\/2022\/12\/Matthias-Dorka1-scaled.jpg 1982w\" sizes=\"auto, (max-width: 800px) 100vw, 800px\" \/><\/figure><div class=\"wp-block-media-text__content\">\n<p class=\"person-name\">Matthias Dorka<\/p>\n\n\n\n<p>di Brachttal<\/p>\n\n\n\n<p class=\"person-description\">Candidato sostituto per la circoscrizione 40 Main-Kinzig I<\/p>\n\n\n\n<p class=\"person-mail no-link\"><a href=\"#\" data-unscramble=\"ed.kkm-eneurg@akrod.saihttam\">matthias.dorka@gruene-mkk.de<\/a> <\/p>\n\n\n\n<div class=\"wp-block-group d-flex p-0 is-layout-flow wp-block-group-is-layout-flow\">\n<div class=\"wp-block-sunflower-meta-data\"><a href=\"#\" target=\"_blank\" rel=\"noopener\"><i class=\"fab fa-twitter\"><\/i><\/a><\/div>\n\n\n\n<div class=\"wp-block-sunflower-meta-data\"><a href=\"#\" target=\"_blank\" rel=\"noopener\"><i class=\"fab fa-facebook-f\"><\/i><\/a><\/div>\n\n\n\n<div class=\"wp-block-sunflower-meta-data\"><a href=\"#\" target=\"_blank\" rel=\"noopener\"><i class=\"fab fa-instagram\"><\/i><\/a><\/div>\n\n\n\n<div class=\"wp-block-sunflower-meta-data\"><a href=\"#\" data-unscramble=\"ed.kkm-eneurg@akrod.saihttam\" target=\"_blank\" rel=\"noopener\"><i class=\"fas fa-envelope\"><\/i><\/a><\/div>\n\n\n\n<div class=\"wp-block-sunflower-meta-data\"><a href=\"#\" target=\"_blank\" rel=\"noopener\"><i class=\"fas fa-globe\"><\/i><\/a><\/div>\n<\/div>\n<\/div><\/div>\n<\/div>\n\n\n\n<div class=\"wp-block-column is-layout-flow wp-block-column-is-layout-flow\">\n<div class=\"wp-block-media-text alignwide is-stacked-on-mobile person has-shadow\"><figure class=\"wp-block-media-text__media\"><img loading=\"lazy\" decoding=\"async\" width=\"800\" height=\"1200\" src=\"https:\/\/www.gruene-mkk.de\/wp-content\/uploads\/2022\/09\/WK-41_Ersatzk_Josefine-Lamss-800x1200.jpg\" alt=\"\" class=\"wp-image-1337 size-full\" srcset=\"https:\/\/www.gruene-mkk.de\/wp-content\/uploads\/2022\/09\/WK-41_Ersatzk_Josefine-Lamss-800x1200.jpg 800w, https:\/\/www.gruene-mkk.de\/wp-content\/uploads\/2022\/09\/WK-41_Ersatzk_Josefine-Lamss-400x600.jpg 400w, https:\/\/www.gruene-mkk.de\/wp-content\/uploads\/2022\/09\/WK-41_Ersatzk_Josefine-Lamss-768x1152.jpg 768w, https:\/\/www.gruene-mkk.de\/wp-content\/uploads\/2022\/09\/WK-41_Ersatzk_Josefine-Lamss-1024x1536.jpg 1024w, https:\/\/www.gruene-mkk.de\/wp-content\/uploads\/2022\/09\/WK-41_Ersatzk_Josefine-Lamss-1365x2048.jpg 1365w, https:\/\/www.gruene-mkk.de\/wp-content\/uploads\/2022\/09\/WK-41_Ersatzk_Josefine-Lamss-scaled.jpg 1707w\" sizes=\"auto, (max-width: 800px) 100vw, 800px\" \/><\/figure><div class=\"wp-block-media-text__content\">\n<p class=\"person-name\">Josefine Lam\u00df<\/p>\n\n\n\n<p>di Hanau<\/p>\n\n\n\n<p class=\"person-description\">Candidato sostituto per la circoscrizione 41 Main-Kinzig II<\/p>\n\n\n\n<p class=\"no-link\"><a href=\"#\" data-unscramble=\"ed.uanah-eneurg@ssmal\">lamss@gruene-hanau.de<\/a><\/p>\n\n\n\n<div class=\"wp-block-group d-flex p-0 is-layout-flow wp-block-group-is-layout-flow\">\n<div class=\"wp-block-sunflower-meta-data\"><a href=\"#\" target=\"_blank\" rel=\"noopener\"><i class=\"fab fa-twitter\"><\/i><\/a><\/div>\n\n\n\n<div class=\"wp-block-sunflower-meta-data\"><a href=\"#\" target=\"_blank\" rel=\"noopener\"><i class=\"fab fa-facebook-f\"><\/i><\/a><\/div>\n\n\n\n<div class=\"wp-block-sunflower-meta-data\"><a href=\"#\" target=\"_blank\" rel=\"noopener\"><i class=\"fab fa-instagram\"><\/i><\/a><\/div>\n\n\n\n<div class=\"wp-block-sunflower-meta-data\"><a href=\"#\" target=\"_blank\" rel=\"noopener\"><i class=\"fas fa-envelope\"><\/i><\/a><\/div>\n\n\n\n<div class=\"wp-block-sunflower-meta-data\"><a href=\"#\" target=\"_blank\" rel=\"noopener\"><i class=\"fas fa-globe\"><\/i><\/a><\/div>\n<\/div>\n<\/div><\/div>\n\n\n\n<p><\/p>\n<\/div>\n\n\n\n<div class=\"wp-block-column is-layout-flow wp-block-column-is-layout-flow\">\n<div class=\"wp-block-media-text alignwide is-stacked-on-mobile person has-shadow\"><figure class=\"wp-block-media-text__media\"><img loading=\"lazy\" decoding=\"async\" width=\"800\" height=\"1200\" src=\"https:\/\/www.gruene-mkk.de\/wp-content\/uploads\/2022\/09\/WK-42_Ersatzk_Beate-Boege-Sonnek-800x1200.jpg\" alt=\"\" class=\"wp-image-1339 size-full\" srcset=\"https:\/\/www.gruene-mkk.de\/wp-content\/uploads\/2022\/09\/WK-42_Ersatzk_Beate-Boege-Sonnek-800x1200.jpg 800w, https:\/\/www.gruene-mkk.de\/wp-content\/uploads\/2022\/09\/WK-42_Ersatzk_Beate-Boege-Sonnek-400x600.jpg 400w, https:\/\/www.gruene-mkk.de\/wp-content\/uploads\/2022\/09\/WK-42_Ersatzk_Beate-Boege-Sonnek-768x1152.jpg 768w, https:\/\/www.gruene-mkk.de\/wp-content\/uploads\/2022\/09\/WK-42_Ersatzk_Beate-Boege-Sonnek-1024x1536.jpg 1024w, https:\/\/www.gruene-mkk.de\/wp-content\/uploads\/2022\/09\/WK-42_Ersatzk_Beate-Boege-Sonnek-1365x2048.jpg 1365w, https:\/\/www.gruene-mkk.de\/wp-content\/uploads\/2022\/09\/WK-42_Ersatzk_Beate-Boege-Sonnek-scaled.jpg 1707w\" sizes=\"auto, (max-width: 800px) 100vw, 800px\" \/><\/figure><div class=\"wp-block-media-text__content\">\n<p class=\"h4\">Beate Boege-Sonnek<\/p>\n\n\n\n<p>di Bad Orb<\/p>\n\n\n\n<p>Candidato sostituto per la circoscrizione 42 Main-Kinzig III<\/p>\n\n\n\n<p class=\"no-link\"><\/p>\n\n\n\n<div class=\"wp-block-group d-flex p-0 is-layout-flow wp-block-group-is-layout-flow\">\n<div class=\"wp-block-sunflower-meta-data\"><a href=\"#\" target=\"_blank\" rel=\"noopener\"><i class=\"fab fa-twitter\"><\/i><\/a><\/div>\n\n\n\n<div class=\"wp-block-sunflower-meta-data\"><a href=\"#\" target=\"_blank\" rel=\"noopener\"><i class=\"fab fa-facebook-f\"><\/i><\/a><\/div>\n\n\n\n<div class=\"wp-block-sunflower-meta-data\"><a href=\"#\" target=\"_blank\" rel=\"noopener\"><i class=\"fab fa-instagram\"><\/i><\/a><\/div>\n\n\n\n<div class=\"wp-block-sunflower-meta-data\"><a href=\"#\" target=\"_blank\" rel=\"noopener\"><i class=\"fas fa-envelope\"><\/i><\/a><\/div>\n\n\n\n<div class=\"wp-block-sunflower-meta-data\"><a href=\"#\" target=\"_blank\" rel=\"noopener\"><i class=\"fas fa-globe\"><\/i><\/a><\/div>\n<\/div>\n<\/div><\/div>\n\n\n\n<p><\/p>\n<\/div>\n<\/div>\n\n\n\n<p><\/p>\n\n\n <div class=\"wp-block-group alignfull sunflower-has-background-dim has-text-color has-white-color has-background is-vertical is-content-justification-center is-content-justification-center is-layout-flex wp-block-group-is-layout-flex next-events\">\n                    <div class=\"wp-block-group__inner-container\">\n                        <h2 class=\"wp-block-heading has-text-align-center h1\">Prossime date<\/h2>\n                        <div class=\"wp-block-button text-center mb-5\"><a class=\"wp-block-button__link no-border-radius\" href=\"https:\/\/www.gruene-mkk.de\/it\/termine\/\" rel=\"\">tutti gli eventi<\/a><\/div>\n                    <div class=\"row\"><div class=\"col-12 col-md-6 col-lg-4 mb-4\">\n\n<a href=\"https:\/\/www.gruene-mkk.de\/it\/termine\/kreismitgliederversammlung-18\/\" class=\"event-card\" rel=\"bookmark\">\n<article id=\"post-3325\" class=\"event has-shadow post-3325 sunflower_event type-sunflower_event status-publish hentry\">\n\t<div class=\"p-4\">\n\t\t\t\t<div class=\"event-archive-meta\">\n\t\t\t<div class=\"text-uppercase small\">marted\u00ec<\/div>\n\t\t\t<div class=\"date\">\n\t\t\t\t<time datetime=\"2026-05-12 19:30\">\n\t\t\t\t\t12.05.2026 <span class=\"small\">dalle 19:30 alle 21:00<\/span>\t\t\t\t<\/time>\n\t\t\t<\/div>\n\t\t\t<div class=\"fst-italic small\">\n\t\t\t\t\t\t\t<\/div>\n\t\t<\/div>\n\n\t\t<div class=\"mt-2\">\n\t\t\t<header class=\"entry-header pt-2 pb-2\">\n\t\t\t\t<span class=\"h2\">Riunione dei membri del distretto<\/span>\t\t\t<\/header><!-- .entry-header -->\n\n\n\t\t\t<div class=\"entry-content\">\n\t\t\t\t<p>L'ordine del giorno comprende le elezioni dei delegati per la Conferenza federale dei delegati da 4 a 6. dicembre 2026. Vieni, porta le tue idee e domande e progetta attivamente la serata [\u2026]<\/p>\n\t\t\t<\/div><!-- .entry-content -->\n\n\t\t<\/div>\n\n\t<\/div>\n<\/article><!-- #post-3325 -->\n<\/a>\n<\/div><div class=\"col-12 col-md-6 col-lg-4 mb-4\">\n\n<a href=\"https:\/\/www.gruene-mkk.de\/it\/termine\/fruehstueck-mit-den-gruenen-60\/\" class=\"event-card\" rel=\"bookmark\">\n<article id=\"post-3349\" class=\"event has-shadow post-3349 sunflower_event type-sunflower_event status-publish hentry\">\n\t<div class=\"p-4\">\n\t\t\t\t<div class=\"event-archive-meta\">\n\t\t\t<div class=\"text-uppercase small\">sabato<\/div>\n\t\t\t<div class=\"date\">\n\t\t\t\t<time datetime=\"2026-05-16 10:00\">\n\t\t\t\t\t16.05.2026 <span class=\"small\">10:00 \u2013 13:00<\/span>\t\t\t\t<\/time>\n\t\t\t<\/div>\n\t\t\t<div class=\"fst-italic small\">\n\t\t\t\t\t\t\t<\/div>\n\t\t<\/div>\n\n\t\t<div class=\"mt-2\">\n\t\t\t<header class=\"entry-header pt-2 pb-2\">\n\t\t\t\t<span class=\"h2\">Colazione con i Verdi 60+<\/span>\t\t\t<\/header><!-- .entry-header -->\n\n\n\t\t\t<div class=\"entry-content\">\n\t\t\t\t<p>Invito caloroso alla colazione dei Verdi 60+ al Caf\u00e9 \"Im Garten Eden\" di Maintal. In un'atmosfera rilassata, vorremmo discutere delle passate elezioni comunali e dare un'occhiata al [\u2026]<\/p>\n\t\t\t<\/div><!-- .entry-content -->\n\n\t\t<\/div>\n\n\t<\/div>\n<\/article><!-- #post-3349 -->\n<\/a>\n<\/div><div class=\"col-12 col-md-6 col-lg-4 mb-4\">\n\n<a href=\"https:\/\/www.gruene-mkk.de\/it\/termine\/sommerfest-3\/\" class=\"event-card\" rel=\"bookmark\">\n<article id=\"post-3326\" class=\"event has-shadow post-3326 sunflower_event type-sunflower_event status-publish hentry\">\n\t<div class=\"p-4\">\n\t\t\t\t<div class=\"event-archive-meta\">\n\t\t\t<div class=\"text-uppercase small\">sabato<\/div>\n\t\t\t<div class=\"date\">\n\t\t\t\t<time datetime=\"2026-08-15 00:00\">\n\t\t\t\t\t15.08.2026\t\t\t\t<\/time>\n\t\t\t<\/div>\n\t\t\t<div class=\"fst-italic small\">\n\t\t\t\t\t\t\t<\/div>\n\t\t<\/div>\n\n\t\t<div class=\"mt-2\">\n\t\t\t<header class=\"entry-header pt-2 pb-2\">\n\t\t\t\t<span class=\"h2\">Festa d'estate<\/span>\t\t\t<\/header><!-- .entry-header -->\n\n\n\t\t\t<div class=\"entry-content\">\n\t\t\t\t<p>Salva la data<\/p>\n\t\t\t<\/div><!-- .entry-content -->\n\n\t\t<\/div>\n\n\t<\/div>\n<\/article><!-- #post-3326 -->\n<\/a>\n<\/div><\/div><\/div><\/div>","protected":false},"excerpt":{"rendered":"<p>Ora \u00e8 il momento! Nel 2023 viene eletto un nuovo parlamento statale e i Verdi stanno preparando la battaglia tripartita per la Cancelleria di Stato. Noi Verdi Main-Kinzig vogliamo raggiungere questo obiettivo con candidati forti [...]<\/p>","protected":false},"author":2,"featured_media":0,"parent":355,"menu_order":0,"comment_status":"closed","ping_status":"closed","template":"","meta":{"footnotes":""},"class_list":["post-1103","page","type-page","status-publish","hentry"],"_links":{"self":[{"href":"https:\/\/www.gruene-mkk.de\/it\/wp-json\/wp\/v2\/pages\/1103","targetHints":{"allow":["GET"]}}],"collection":[{"href":"https:\/\/www.gruene-mkk.de\/it\/wp-json\/wp\/v2\/pages"}],"about":[{"href":"https:\/\/www.gruene-mkk.de\/it\/wp-json\/wp\/v2\/types\/page"}],"author":[{"embeddable":true,"href":"https:\/\/www.gruene-mkk.de\/it\/wp-json\/wp\/v2\/users\/2"}],"replies":[{"embeddable":true,"href":"https:\/\/www.gruene-mkk.de\/it\/wp-json\/wp\/v2\/comments?post=1103"}],"version-history":[{"count":95,"href":"https:\/\/www.gruene-mkk.de\/it\/wp-json\/wp\/v2\/pages\/1103\/revisions"}],"predecessor-version":[{"id":1725,"href":"https:\/\/www.gruene-mkk.de\/it\/wp-json\/wp\/v2\/pages\/1103\/revisions\/1725"}],"up":[{"embeddable":true,"href":"https:\/\/www.gruene-mkk.de\/it\/wp-json\/wp\/v2\/pages\/355"}],"wp:attachment":[{"href":"https:\/\/www.gruene-mkk.de\/it\/wp-json\/wp\/v2\/media?parent=1103"}],"curies":[{"name":"wp","href":"https:\/\/api.w.org\/{rel}","templated":true}]}}