{"id":3,"date":"2018-09-03T09:05:24","date_gmt":"2018-09-03T07:05:24","guid":{"rendered":"\/?page_id=3"},"modified":"2025-12-04T00:57:27","modified_gmt":"2025-12-03T23:57:27","slug":"datenschutzerklaerung","status":"publish","type":"page","link":"https:\/\/www.gruene-mkk.de\/hr\/datenschutzerklaerung\/","title":{"rendered":"Pravila o privatnosti i otisak"},"content":{"rendered":"<p><strong>Savez 90\/Zeleni glavni Kinzig<br><\/strong>ured<br>Calvin ulica 10<br>63450 Hanau<\/p>\n\n\n\n<p>E-po\u0161ta:&nbsp;<a href=\"#\" data-unscramble=\"ed.kkm-eneurg@vk\">kv@gruene-mkk.de<\/a><\/p>\n\n\n\n<p>koje zastupa okru\u017eni odbor<\/p>\n\n\n\n<p>Anja Zeller, Beate Boege-Sonnek, Philip Schinkel, Steve Euler, Christine Dr\u00f6\u00dfler-Utecht, Matthias Kuponiyi-B\u00f6ff <\/p>\n\n\n\n<p><strong>Odgovorna osoba u smislu \u010dlanka 5. Zakona o telemedijima (TMD):<br><\/strong>Mareike J\u00e4ger &amp; Melanie Bosold<br>Calvin ulica 10<br>63450 Hanau<\/p>\n\n\n\n<p><strong>PDV identifikacijski broj:<\/strong>&nbsp;<\/p>\n\n\n\n<p><strong>Uredni\u010dki tim:<\/strong><br>Mareike J\u00e4ger &amp; Melanie Bosold<br>E-po\u0161ta:&nbsp;<a href=\"#\" data-unscramble=\"ed.kkm-eneurg@vk\">kv@gruene-mkk.de<\/a><\/p>\n\n\n\n<p><\/p>\n\n\n\n<p>Znamo da pridajete veliku va\u017enost predmetu za\u0161tite podataka. Stoga nam je za\u0161tita va\u0161ih osobnih podataka va\u017ena.<\/p>\n\n\n\n<p><b>Osobni podaci i obrazac za kontakt<br>\n<\/b>Osobne podatke koje nam prenesete elektroni\u010dkim putem, npr. va\u0161e ime, po\u0161tanska adresa, adresa e-po\u0161te ili drugi osobni podaci, koristit \u0107emo samo u svrhu navedenu u svakom pojedinom slu\u010daju, sigurno pohranjenu i ne proslije\u0111enu tre\u0107im stranama. Informacije \u0107emo vam poslati samo ako ste se prijavili za odgovaraju\u0107e usluge.<\/p>\n\n\n\n<p><b>Pravo na opoziv<br>\n<\/b>Imate pravo povu\u0107i svoj pristanak u bilo kojem trenutku; Molimo po\u0161aljite e-mail na&nbsp;<a class=\"mail\" title=\"Otvara prozor za slanje e-po\u0161te\">gcms(na)newthinking.de<\/a>. Va\u0161i \u0107e se podaci odmah izbrisati.<\/p>\n\n\n\n<p><b>Poveznice na druge internetske stranice<br>\n<\/b>Na na\u0161im stranicama prona\u0107i \u0107ete poveznice na druge stranice na internetu. Za sve ove linkove i bannere nemamo utjecaja na dizajn i sadr\u017eaj povezanih stranica. Stoga ne preuzimamo odgovornost za sadr\u017eaj, dizajn i propise o za\u0161titi podataka na ovim stranicama.<\/p>\n\n\n\n<p><b>Kori\u0161tenje kola\u010di\u0107a<br>\n<\/b>Postoji tehnika pod nazivom \u201ekola\u010di\u0107i\u201d koja omogu\u0107uje da se informacije s internetske stranice prilagode va\u0161im potrebama. Kola\u010di\u0107 je podatkovni element koji web stranica mo\u017ee poslati va\u0161em pregledniku kako bi ga pohranila na va\u0161 sustav.<\/p>\n\n\n\n<p>Povremeno koristimo i privremene kola\u010di\u0107e kako bismo vam mogli pru\u017eiti u\u010dinkovitiju podr\u0161ku kada se vratite na takvu web stranicu. Me\u0111utim, imate mogu\u0107nost postavljanja preglednika tako da vas obavijesti kada primite kola\u010di\u0107. Tada mo\u017eete sami odlu\u010diti ho\u0107ete li to prihvatiti ili ne.<\/p>\n\n\n\n<p><i>Firefox (Windows):<\/i>&nbsp;\u2192Alati \u2192Postavke \u2192Privatnost \u2192Izradite povijest nakon prilago\u0111enih postavki<br>\n<i>Firefox (Linux):<\/i>&nbsp;\u2192Uredi \u2192Postavke \u2192Privatnost \u2192Izradite povijest prema korisni\u010dki definiranim postavkama<br>\n<i>Internet Explorer:&nbsp;<\/i>\u2192Extras \u2192Internetske mogu\u0107nosti \u2192Privatnost \u2192Advanced<\/p>\n\n\n\n<p><b>Piwik<\/b><b><br>\n<\/b>Na ovim internetskim stranicama upotrebljava se usluga internetske analitike otvorenog koda Piwik, koja upotrebljava takozvane \u201ekola\u010di\u0107e\u201d. Informacije koje kola\u010di\u0107 generira o kori\u0161tenju web stranice pohranjuju se na na\u0161em poslu\u017eitelju. IP adresa se anonimizira prije pohrane.<\/p>\n\n\n\n<p>Pohrana kola\u010di\u0107a mo\u017ee se blokirati putem postavki softvera va\u0161eg preglednika; Me\u0111utim, mogu\u0107e je da se ne mogu koristiti sve funkcije ove web stranice.<\/p>\n\n\n\n<p><b>Kori\u0161tenje gumba dru\u0161tvenih medija sa za\u0161titom podataka (Shariff) za Facebook, Twitter, Google+<\/b><br>\nKoristimo takozvane gumbe dru\u0161tvenih medija za dijeljenje sadr\u017eaja na Facebooku, Twitteru i Google+. Ovi gumbi se pojavljuju ispod \u010dlanaka i mogu se koristiti za preporu\u010divanje pojedinih \u010dlanaka na dru\u0161tvenim mre\u017eama.\u00a0Gumbi se upotrebljavaju i za aktiviranje prikaza feedova na Facebooku i Twitteru te su ozna\u010deni oznakama \u201ePovezivanje s Facebookom\u201d i \u201ePovezivanje s Twitterom\u201d.\u00a0\u010cim se ti gumbi aktiviraju, uspostavlja se veza s poslu\u017eiteljima Facebooka, Twittera ili Google+ i korisni\u010dki podaci prenose se na vanjske poslu\u017eitelje.<\/p>\n\n\n\n<p>Dodatne informacije o&nbsp;<a href=\"http:\/\/www.heise.de\/ct\/artikel\/Shariff-Social-Media-Buttons-mit-Datenschutz-2467514.html\" target=\"_blank\" rel=\"noopener\">Inicijativa dru\u0161tva heise.de za metodu s dva klika pod nazivom \u201eShariff\u201d<\/a><\/p>\n\n\n\n<p><a href=\"http:\/\/www.alles-bleibt-anders.org\/wp-content\/uploads\/2021\/11\/Datenschutzerklaerung_Social-Media.pdf\">Ovdje<\/a> Kliknite ovdje za pravila o privatnosti za na\u0161u Facebook stranicu.<\/p>\n\n\n\n<p><b>Integracija Google karata<\/b><br>\nOva web stranica koristi Google Maps API za vizualno prikazivanje geografskih informacija.\u00a0Google tako\u0111er prikuplja podatke o posjetiteljima web stranice, koji se zatim obra\u0111uju i koriste. Dodatne informacije o obradi podataka opisane su u Googleovoj Obavijesti o privatnosti:&nbsp;<a href=\"https:\/\/www.google.com\/intl\/de\/policies\/privacy\/\" target=\"_blank\" rel=\"noopener\">www.google.com\/intl\/de\/policies\/privacy\/<\/a>.\u00a0U Googleovom centru za privatnost osobne postavke mogu se mijenjati i prilago\u0111avati.<\/p>\n\n\n\n<p>Daljnje upute o tome kako upravljati osobnim podacima prilikom kori\u0161tenja Googleovih proizvoda mo\u017eete prona\u0107i na web stranici kojom upravlja Google&nbsp;<a href=\"http:\/\/www.dataliberation.org\/\" target=\"_blank\" rel=\"noopener\">http:\/\/www.dataliberation.org\/<\/a><\/p>\n\n\n\n<p><b>Ugra\u0111eni YouTube videozapisi<\/b><br>\nOva web stranica koristi ugra\u0111ene YouTube videozapise.\u00a0Kao rezultat toga, kola\u010di\u0107i se ve\u0107 pohranjuju u sustavu korisnika kada se pristupa web stranici.\u00a0Da biste to sprije\u010dili, mora biti blokiran u postavkama preglednika.<br>\nDodatne informacije o obradi podataka i informacije o za\u0161titi podataka od strane YouTubea (Google) mo\u017eete prona\u0107i na&nbsp;<a href=\"http:\/\/www.google.de\/intl\/de\/policies\/privacy\/\" target=\"_blank\" rel=\"noopener\">www.google.de\/intl\/de\/policies\/privacy\/<\/a>.<\/p>\n\n\n\n<p><b>Ugra\u0111eni Vimeo videozapisi<br>\n<\/b>Ova web stranica koristi integrirane Vimeo videozapise.\u00a0Kao rezultat toga, kola\u010di\u0107i se ve\u0107 pohranjuju u sustavu korisnika kada se stranica pozove.\u00a0Da biste to sprije\u010dili, mora biti blokiran u postavkama preglednika.<br>\nDodatne informacije o obradi podataka i informacije o za\u0161titi podataka od strane Vimeo mo\u017eete prona\u0107i na&nbsp;<a href=\"https:\/\/vimeo.com\/privacy\" target=\"_blank\" rel=\"noopener\">https:\/\/vimeo.com\/privacy<\/a>.<\/p>","protected":false},"excerpt":{"rendered":"<p>B\u00dcNDNIS 90\/DIE GR\u00dcNEN Main-KinzigCalvinstra\u00dfe 1063450 Hanau E-po\u0161ta:\u00a0kv@gruene-mkk.de Zastupana od strane izvr\u0161ne vlasti okruga Anja Zeller, Beate Boege-Sonnek, Philip Schinkel, Steve Euler, Christine Dr\u00f6\u00dfler-Utecht, Matthias Kuponiyi-B\u00f6ff Odgovorna u smislu \u00a7 5 Telemediengesetz (TMD):Mareike [...]<\/p>","protected":false},"author":1,"featured_media":0,"parent":0,"menu_order":0,"comment_status":"closed","ping_status":"open","template":"","meta":{"footnotes":""},"class_list":["post-3","page","type-page","status-publish","hentry"],"_links":{"self":[{"href":"https:\/\/www.gruene-mkk.de\/hr\/wp-json\/wp\/v2\/pages\/3","targetHints":{"allow":["GET"]}}],"collection":[{"href":"https:\/\/www.gruene-mkk.de\/hr\/wp-json\/wp\/v2\/pages"}],"about":[{"href":"https:\/\/www.gruene-mkk.de\/hr\/wp-json\/wp\/v2\/types\/page"}],"author":[{"embeddable":true,"href":"https:\/\/www.gruene-mkk.de\/hr\/wp-json\/wp\/v2\/users\/1"}],"replies":[{"embeddable":true,"href":"https:\/\/www.gruene-mkk.de\/hr\/wp-json\/wp\/v2\/comments?post=3"}],"version-history":[{"count":8,"href":"https:\/\/www.gruene-mkk.de\/hr\/wp-json\/wp\/v2\/pages\/3\/revisions"}],"predecessor-version":[{"id":3041,"href":"https:\/\/www.gruene-mkk.de\/hr\/wp-json\/wp\/v2\/pages\/3\/revisions\/3041"}],"wp:attachment":[{"href":"https:\/\/www.gruene-mkk.de\/hr\/wp-json\/wp\/v2\/media?parent=3"}],"curies":[{"name":"wp","href":"https:\/\/api.w.org\/{rel}","templated":true}]}}