{"id":192,"date":"2021-11-11T17:37:19","date_gmt":"2021-11-11T16:37:19","guid":{"rendered":"https:\/\/www.alles-bleibt-anders.org\/?page_id=192"},"modified":"2025-12-04T00:57:51","modified_gmt":"2025-12-03T23:57:51","slug":"gemeinden-ohne-gruen","status":"publish","type":"page","link":"https:\/\/www.gruene-mkk.de\/hr\/gruene-vor-ort\/gemeinden-ohne-gruen\/","title":{"rendered":"Op\u0107ine bez zelenila"},"content":{"rendered":"<div class=\"wp-block-cover is-light\" style=\"min-height:519px;aspect-ratio:unset;\"><img decoding=\"async\" class=\"wp-block-cover__image-background wp-image-621\" alt=\"\" src=\"http:\/\/www.alles-bleibt-anders.org\/wp-content\/uploads\/2021\/11\/facebook-titelbild-desktop-1.png\" data-object-fit=\"cover\"\/><span aria-hidden=\"true\" class=\"wp-block-cover__background has-background-dim-30 has-background-dim\"><\/span><div class=\"wp-block-cover__inner-container is-layout-flow wp-block-cover-is-layout-flow\">\n<h2 class=\"wp-block-heading has-text-align-center\" style=\"font-size:clamp(31.152px, 1.947rem + ((1vw - 3.2px) * 2.71), 55px);\">Op\u0107ine bez zelenila<\/h2>\n<\/div><\/div>\n\n\n\n<p><\/p>\n\n\n\n<p>U tim op\u0107inama trenuta\u010dno ne postoje Zeleni ili barem lokalna udru\u017eenja:<\/p>\n\n\n\n<ul class=\"wp-block-list\">\n<li>Bad Soden-Salm\u00fcnster<\/li>\n\n\n\n<li>Birstein<\/li>\n\n\n\n<li>dolina Fl\u00f6rsbach<\/li>\n\n\n\n<li>Gr\u00fcndau<\/li>\n\n\n\n<li>Hasselroth<\/li>\n\n\n\n<li>Ronneburg<\/li>\n\n\n\n<li>Sinntal<\/li>\n\n\n\n<li>Steinau<\/li>\n<\/ul>\n\n\n\n<p><\/p>\n\n\n\n<div class=\"wp-block-group has-text-color has-background is-layout-flow wp-block-group-is-layout-flow\" style=\"color:#ffffff;background-color:#163c29\">\n<h2 class=\"wp-block-heading has-text-align-center\">U va\u0161em mjestu jo\u0161 nema lokalne udruge?<\/h2>\n\n\n\n<p>Ako \u017eivite u jednoj od tih zajednica i \u017eelite oblikovati ekolo\u0161ku, socijalnu i odr\u017eivu politiku, onda ste do\u0161li na pravo mjesto.\u00a0Rado \u0107emo uspostaviti vezu s lokalnom udrugom na va\u0161em podru\u010dju i srda\u010dno vas pozvati na sastanke na\u0161ih \u010dlanova okruga.<\/p>\n\n\n\n<p>Ako ste zainteresirani za osnivanje lokalne udruge u svojoj zajednici, rado \u0107emo vas podr\u017eati. Na raspolaganju smo vam za pitanja o zakladi i pru\u017eamo vam sve potrebne informacije, dokumente i kontakt osobe.<\/p>\n\n\n\n<p><a href=\"#\" data-unscramble=\"ed.kkm-eneurg@vk\">Stupite u kontakt!<\/a><\/p>\n\n\n\n<p>Dr\u017eavna udruga Zelenih u Hessenu ve\u0107 je prikupila neke informacije o procesu osnivanja, dokumente i predlo\u0161ke za \u010dlanove koji \u017eele osnovati lokalnu udrugu.<\/p>\n\n\n\n<p>Sve ove informacije mo\u017eete prona\u0107i ovdje u Zelenom oblaku:&nbsp;<\/p>\n\n\n\n<div class=\"wp-block-buttons is-horizontal is-content-justification-center is-layout-flex wp-container-core-buttons-is-layout-499968f5 wp-block-buttons-is-layout-flex\">\n<div class=\"wp-block-button\"><a class=\"wp-block-button__link no-border-radius wp-element-button\" href=\"https:\/\/wolke.netzbegruenung.de\/f\/26850969\">Informacije za osniva\u010de*<\/a><\/div>\n<\/div>\n\n\n\n<p><em>Trebat \u0107e vam pristup zelenoj mre\u017ei. Ako imate problema s pristupom dokumentima, obratite nam se.<\/em><\/p>\n<\/div>\n\n\n\n<p><\/p>\n\n\n\n<h2 class=\"wp-block-heading\"><\/h2>","protected":false},"excerpt":{"rendered":"<p>U tim op\u0107inama trenuta\u010dno ne postoje Zeleni ili barem lokalna udru\u017eenja: U va\u0161em mjestu jo\u0161 nema lokalne udruge? Ako \u017eivite u jednoj od tih zajednica i \u017eelite [...]<\/p>","protected":false},"author":2,"featured_media":0,"parent":152,"menu_order":0,"comment_status":"closed","ping_status":"closed","template":"","meta":{"footnotes":""},"class_list":["post-192","page","type-page","status-publish","hentry"],"_links":{"self":[{"href":"https:\/\/www.gruene-mkk.de\/hr\/wp-json\/wp\/v2\/pages\/192","targetHints":{"allow":["GET"]}}],"collection":[{"href":"https:\/\/www.gruene-mkk.de\/hr\/wp-json\/wp\/v2\/pages"}],"about":[{"href":"https:\/\/www.gruene-mkk.de\/hr\/wp-json\/wp\/v2\/types\/page"}],"author":[{"embeddable":true,"href":"https:\/\/www.gruene-mkk.de\/hr\/wp-json\/wp\/v2\/users\/2"}],"replies":[{"embeddable":true,"href":"https:\/\/www.gruene-mkk.de\/hr\/wp-json\/wp\/v2\/comments?post=192"}],"version-history":[{"count":15,"href":"https:\/\/www.gruene-mkk.de\/hr\/wp-json\/wp\/v2\/pages\/192\/revisions"}],"predecessor-version":[{"id":3042,"href":"https:\/\/www.gruene-mkk.de\/hr\/wp-json\/wp\/v2\/pages\/192\/revisions\/3042"}],"up":[{"embeddable":true,"href":"https:\/\/www.gruene-mkk.de\/hr\/wp-json\/wp\/v2\/pages\/152"}],"wp:attachment":[{"href":"https:\/\/www.gruene-mkk.de\/hr\/wp-json\/wp\/v2\/media?parent=192"}],"curies":[{"name":"wp","href":"https:\/\/api.w.org\/{rel}","templated":true}]}}