{"id":18,"date":"2021-11-09T12:27:41","date_gmt":"2021-11-09T11:27:41","guid":{"rendered":"https:\/\/www.alles-bleibt-anders.org\/?page_id=18"},"modified":"2022-08-05T18:18:09","modified_gmt":"2022-08-05T16:18:09","slug":"partei","status":"publish","type":"page","link":"https:\/\/www.gruene-mkk.de\/hr\/partei\/","title":{"rendered":"tulum"},"content":{"rendered":"<div class=\"wp-block-cover is-light\" style=\"min-height:519px;aspect-ratio:unset;\"><span aria-hidden=\"true\" class=\"wp-block-cover__background has-background-dim-0 has-background-dim\"><\/span><img loading=\"lazy\" decoding=\"async\" width=\"1920\" height=\"1080\" class=\"wp-block-cover__image-background wp-image-19\" alt=\"\" src=\"http:\/\/www.alles-bleibt-anders.org\/wp-content\/uploads\/2021\/11\/kreisverband-mkk-card.jpg\" style=\"object-position:54% 62%\" data-object-fit=\"cover\" data-object-position=\"54% 62%\" srcset=\"https:\/\/www.gruene-mkk.de\/wp-content\/uploads\/2021\/11\/kreisverband-mkk-card.jpg 1920w, https:\/\/www.gruene-mkk.de\/wp-content\/uploads\/2021\/11\/kreisverband-mkk-card-400x225.jpg 400w, https:\/\/www.gruene-mkk.de\/wp-content\/uploads\/2021\/11\/kreisverband-mkk-card-800x450.jpg 800w, https:\/\/www.gruene-mkk.de\/wp-content\/uploads\/2021\/11\/kreisverband-mkk-card-768x432.jpg 768w, https:\/\/www.gruene-mkk.de\/wp-content\/uploads\/2021\/11\/kreisverband-mkk-card-1536x864.jpg 1536w, https:\/\/www.gruene-mkk.de\/wp-content\/uploads\/2021\/11\/kreisverband-mkk-card-150x84.jpg 150w\" sizes=\"auto, (max-width: 1920px) 100vw, 1920px\" \/><div class=\"wp-block-cover__inner-container is-layout-flow wp-block-cover-is-layout-flow\">\n<p class=\"has-text-align-center has-large-font-size\"><\/p>\n<\/div><\/div>\n\n\n\n<div class=\"wp-block-group has-green-800-color has-white-background-color has-text-color has-background is-layout-flow wp-block-group-is-layout-flow\">\n<p class=\"has-text-align-center\" style=\"font-size:clamp(14.642px, 0.915rem + ((1vw - 3.2px) * 0.836), 22px);\">The <strong>Kreisverband B\u00dcNDNIS 90\/DIE GR\u00dcNEN Main-Kinzig<\/strong> Sada imamo vi\u0161e od 400 \u010dlanova i stalno rastemo. Zadovoljni smo time jer ta \u010dinjenica pokazuje velik interes za zelena pitanja kao \u0161to su za\u0161tita okoli\u0161a i klime, odr\u017eivi razvoj (posebno ruralne regije) i socijalna pravda. <\/p>\n\n\n\n<p class=\"has-text-align-center\" style=\"font-size:clamp(14.642px, 0.915rem + ((1vw - 3.2px) * 0.836), 22px);\">To nas motivira da aktivno promoviramo ove teme!<\/p>\n<\/div>\n\n\n\n<p>   <\/p>\n\n\n\n<h3 class=\"wp-block-heading\">Na\u0161a udruga okruga<\/h3>\n\n\n\n<p>The <a href=\"https:\/\/www.alles-bleibt-anders.org\/partei\/kreisvorstand\/\"><strong>Upravni odbor okruga<\/strong><\/a> Redovito organizira glavne skup\u0161tine i druge aktivnosti za \u010dlanove i skupine mre\u017ee. Predsjedni\u0161tvo se sastoji od pet \u010dlanova, jednog blagajnika i jednog predstavnika iz svakog kluba zastupnika i Zelene mlade\u017ei.<\/p>\n\n\n\n<p>The <a href=\"https:\/\/www.alles-bleibt-anders.org\/partei\/gruene-jugend\/\"><strong>Zelena mladost<\/strong><\/a> u Main-Kinzig-Kreisu redovito organizira vlastite sastanke i doga\u0111anja o temama koje utje\u010du na mlade i mlade odrasle. Ako ste zainteresirani, kontaktirajte Green Youth Main-Kinzig na Instagramu i do\u0111ite na sastanak.<\/p>\n\n\n\n<p>Na licu mjesta, na\u0161i \u010dlanovi se organiziraju u 18 aktivnih <a href=\"https:\/\/www.alles-bleibt-anders.org\/gruene-vor-ort\/\"><strong>Lokalne udruge<\/strong><\/a> Oni su \u010dlanovi lokalnih vije\u0107a. <\/p>\n\n\n\n<p><strong><a href=\"https:\/\/www.alles-bleibt-anders.org\/termine\/\">Glavne skup\u0161tine i doga\u0111anja<\/a> su javni i Zeleni Main-Kinzig su uvijek sretni zbog sudjelovanja zainteresiranih strana!<\/strong><\/p>\n\n\n\n<p><\/p>\n\n\n\n<h3 class=\"wp-block-heading\">Odbori i delegati<\/h3>\n\n\n\n<p>Okru\u017ena udruga \u0161alje dva delegata u partijsko vije\u0107e dr\u017eavne udruge i dva na konferenciju saveznih delegata. Osim toga, zastupljen je s izaslanikom u Dr\u017eavnom vije\u0107u \u017eena.<\/p>\n\n\n\n<div class=\"wp-block-columns is-layout-flex wp-container-core-columns-is-layout-9d6595d7 wp-block-columns-is-layout-flex\">\n<div class=\"wp-block-column is-layout-flow wp-block-column-is-layout-flow\">\n<div class=\"wp-block-sunflower-accordion\"><div class=\"accordion-item\"><h4 class=\"accordion-header\"><button class=\"accordion-button collapsed\" type=\"button\" data-bs-toggle=\"collapse\" data-bs-target=\".sacc07878bfc-d5ef-4814-bd00-9aaee99f4768\" aria-expanded=\"false\" aria-controls=\".sacc07878bfc-d5ef-4814-bd00-9aaee99f4768\">Vije\u0107e stranke u Hessenu<\/button><\/h4><div class=\"accordion-collapse collapse sacc07878bfc-d5ef-4814-bd00-9aaee99f4768\" aria-labelledby=\".sacc07878bfc-d5ef-4814-bd00-9aaee99f4768\"><div class=\"accordion-body\"><p class=\"sunflower-accordion\"><strong>Angelika Gunkel<\/strong> (Izaslanici)<br\/><strong>Jakob M\u00e4hler<\/strong> (Delegirano)<br\/><br\/><strong>Viola Ha\u00dfdenteufe<\/strong>l (zamjenski delegat)<br\/><strong>Sandra Gerbert <\/strong>(Zamjenski delegat)<br\/><strong>Reiner Bousonville <\/strong>(Zamjenski delegat)<br\/><strong>Kikiriki \u0161ljunak<\/strong> (Zamjenski delegat)<br\/><\/p><\/div><\/div><\/div><\/div>\n<\/div>\n\n\n\n<div class=\"wp-block-column is-layout-flow wp-block-column-is-layout-flow\">\n<div class=\"wp-block-sunflower-accordion\"><div class=\"accordion-item\"><h4 class=\"accordion-header\"><button class=\"accordion-button collapsed\" type=\"button\" data-bs-toggle=\"collapse\" data-bs-target=\".saccb1676d2a-723a-422b-9a94-d845a8ff4b68\" aria-expanded=\"false\" aria-controls=\".saccb1676d2a-723a-422b-9a94-d845a8ff4b68\">Savezna konferencija delegata (BDK)<\/button><\/h4><div class=\"accordion-collapse collapse saccb1676d2a-723a-422b-9a94-d845a8ff4b68\" aria-labelledby=\".saccb1676d2a-723a-422b-9a94-d845a8ff4b68\"><div class=\"accordion-body\"><p class=\"sunflower-accordion\"><strong>Barbara Sch\u00e4fer<\/strong>, glavno (delegati)<br\/><strong>Matthias Dorka<\/strong>, Brachttal<strong> <\/strong>(Delegirano)<br\/><br\/><strong>Laura Merz,<\/strong> Sch\u00f6neck (zamjenski delegat)<br\/><strong>Manfred Cuntz,<\/strong> Gr\u00fcndau<strong> <\/strong>(Zamjenski delegat)<br\/><br\/>(od sije\u010dnja 2022.)<\/p><\/div><\/div><\/div><\/div>\n<\/div>\n\n\n\n<div class=\"wp-block-column is-layout-flow wp-block-column-is-layout-flow\">\n<div class=\"wp-block-sunflower-accordion\"><div class=\"accordion-item\"><h4 class=\"accordion-header\"><button class=\"accordion-button collapsed\" type=\"button\" data-bs-toggle=\"collapse\" data-bs-target=\".sacc1f3f724e-0f2a-4753-856b-ca9364464795\" aria-expanded=\"false\" aria-controls=\".sacc1f3f724e-0f2a-4753-856b-ca9364464795\">Dr\u017eavno vije\u0107e \u017eena Hessena<\/button><\/h4><div class=\"accordion-collapse collapse sacc1f3f724e-0f2a-4753-856b-ca9364464795\" aria-labelledby=\".sacc1f3f724e-0f2a-4753-856b-ca9364464795\"><div class=\"accordion-body\"><p class=\"sunflower-accordion\"><strong>Mareike Forchheim<\/strong> (Izaslanici)<br\/><br\/><strong>Monika K\u00fchn-Bousonville <\/strong>(Zamjenski delegat)<br\/><br\/><strong>Maria Heider<\/strong> (Zamjenski delegat)<\/p><\/div><\/div><\/div><\/div>\n<\/div>\n<\/div>\n\n\n\n<p><\/p>\n\n\n\n<h3 class=\"wp-block-heading\">Predstavnici B\u00dcNDNIS 90\/DIE GR\u00dcNEN u dr\u017eavnom parlamentu, izvr\u0161nom odboru i Bundestagu <\/h3>\n\n\n\n<p>  <\/p>\n\n\n\n<div class=\"wp-block-group alignwide has-white-background-color has-background is-layout-flow wp-block-group-is-layout-flow\" id=\"full-width\">\n<div class=\"wp-block-columns is-layout-flex wp-container-core-columns-is-layout-9d6595d7 wp-block-columns-is-layout-flex\">\n<div class=\"wp-block-column is-layout-flow wp-block-column-is-layout-flow\">\n<figure class=\"wp-block-image size-full is-style-default\"><img loading=\"lazy\" decoding=\"async\" width=\"800\" height=\"532\" src=\"http:\/\/www.alles-bleibt-anders.org\/wp-content\/uploads\/2021\/11\/20210908_Dorfentwicklung_Hofmann.jpg\" alt=\"\" class=\"wp-image-206\" srcset=\"https:\/\/www.gruene-mkk.de\/wp-content\/uploads\/2021\/11\/20210908_Dorfentwicklung_Hofmann.jpg 800w, https:\/\/www.gruene-mkk.de\/wp-content\/uploads\/2021\/11\/20210908_Dorfentwicklung_Hofmann-400x266.jpg 400w, https:\/\/www.gruene-mkk.de\/wp-content\/uploads\/2021\/11\/20210908_Dorfentwicklung_Hofmann-768x511.jpg 768w, https:\/\/www.gruene-mkk.de\/wp-content\/uploads\/2021\/11\/20210908_Dorfentwicklung_Hofmann-150x100.jpg 150w\" sizes=\"auto, (max-width: 800px) 100vw, 800px\" \/><\/figure>\n<\/div>\n\n\n\n<div class=\"wp-block-column is-vertically-aligned-center is-layout-flow wp-block-column-is-layout-flow\">\n<h2 class=\"h1 wp-block-heading\">Markus Hofmann (MdL)<\/h2>\n\n\n\n<p><em>je iz parlamentarne skupine B\u00dcNDNIS 90\/DIE GR\u00dcNEN Hessen na\u0161a kontakt osoba za zabrinutost okru\u017ene udruge Main-Kinzig<\/em><\/p>\n\n\n\n<div class=\"wp-block-group d-flex p-0 is-layout-flow wp-block-group-is-layout-flow\">\n<div class=\"wp-block-sunflower-meta-data\"><a href=\"https:\/\/www.facebook.com\/profile.php?id=100011190093478\" target=\"_blank\" rel=\"noopener\"><i class=\"fab fa-facebook-f\"><\/i><\/a><\/div>\n\n\n\n<div class=\"wp-block-sunflower-meta-data\"><a href=\"https:\/\/www.instagram.com\/markus_hofmann_mdl\/\" target=\"_blank\" rel=\"noopener\"><i class=\"fab fa-instagram\"><\/i><\/a><\/div>\n\n\n\n<div class=\"wp-block-sunflower-meta-data\"><a href=\"#\" data-unscramble=\"ed.nesseh.gtl@nnamfoh.m\" target=\"_blank\" rel=\"noopener\"><i class=\"fas fa-envelope\"><\/i><\/a><\/div>\n\n\n\n<div class=\"wp-block-sunflower-meta-data\"><a href=\"https:\/\/www.markus-hofmann-mdl.de\/\" target=\"_blank\" rel=\"noopener\"><i class=\"fas fa-globe\"><\/i><\/a><\/div>\n\n\n\n<p><\/p>\n\n\n\n<p><\/p>\n<\/div>\n<\/div>\n<\/div>\n\n\n\n<p>  <\/p>\n\n\n\n<p><em><strong>Za Dr\u017eavni izvr\u0161ni odbor tu funkciju preuzima dr\u017eavni rizni\u010dar.&nbsp;<em>Martin Kirsch&nbsp;<\/em>istina.<\/strong><\/em><\/p>\n<\/div>\n\n\n\n<p>  <\/p>\n\n\n\n<div class=\"wp-block-columns is-layout-flex wp-container-core-columns-is-layout-9d6595d7 wp-block-columns-is-layout-flex\">\n<div class=\"wp-block-column is-layout-flow wp-block-column-is-layout-flow\">\n<figure class=\"wp-block-image size-large is-style-default\"><img loading=\"lazy\" decoding=\"async\" width=\"800\" height=\"534\" src=\"http:\/\/www.alles-bleibt-anders.org\/wp-content\/uploads\/2021\/11\/2017_Pressefoto_WSK_Bundestag_aussen-800x534.jpg\" alt=\"\" class=\"wp-image-686\" srcset=\"https:\/\/www.gruene-mkk.de\/wp-content\/uploads\/2021\/11\/2017_Pressefoto_WSK_Bundestag_aussen-800x534.jpg 800w, https:\/\/www.gruene-mkk.de\/wp-content\/uploads\/2021\/11\/2017_Pressefoto_WSK_Bundestag_aussen-400x267.jpg 400w, https:\/\/www.gruene-mkk.de\/wp-content\/uploads\/2021\/11\/2017_Pressefoto_WSK_Bundestag_aussen-768x512.jpg 768w, https:\/\/www.gruene-mkk.de\/wp-content\/uploads\/2021\/11\/2017_Pressefoto_WSK_Bundestag_aussen-1536x1025.jpg 1536w, https:\/\/www.gruene-mkk.de\/wp-content\/uploads\/2021\/11\/2017_Pressefoto_WSK_Bundestag_aussen.jpg 1731w\" sizes=\"auto, (max-width: 800px) 100vw, 800px\" \/><figcaption>Autor: Stefan Kaminski<\/figcaption><\/figure>\n\n\n\n<p><\/p>\n<\/div>\n\n\n\n<div class=\"wp-block-column is-vertically-aligned-center is-layout-flow wp-block-column-is-layout-flow\">\n<h2 class=\"h1 wp-block-heading\">Dr. Wolfgang Strengmann-Kuhn (MdB)<\/h2>\n\n\n\n<p><em>je iz Bundestagsfaktion B\u00dcNDNIS 90\/DIE GR\u00dcNEN kontakt osoba za Main-Kinzig-Kreis<\/em> i izravni kandidat okruga Offenbach Land.<\/p>\n\n\n\n<div class=\"wp-block-group d-flex p-0 is-layout-flow wp-block-group-is-layout-flow\">\n<div class=\"wp-block-sunflower-meta-data\"><a href=\"https:\/\/strengmann-kuhn.de\/\" target=\"_blank\" rel=\"noopener\"><i class=\"fas fa-globe\"><\/i><\/a><\/div>\n<\/div>\n\n\n\n<p><\/p>\n<\/div>\n<\/div>","protected":false},"excerpt":{"rendered":"<p>Okru\u017ena udruga B\u00dcNDNIS 90\/DIE GR\u00dcNEN Main-Kinzig sada ima vi\u0161e od 400 \u010dlanova i stalno raste. Drago nam je, jer ova \u010dinjenica pokazuje veliki interes za zelene teme [...]<\/p>","protected":false},"author":2,"featured_media":0,"parent":0,"menu_order":0,"comment_status":"closed","ping_status":"closed","template":"","meta":{"footnotes":""},"class_list":["post-18","page","type-page","status-publish","hentry"],"_links":{"self":[{"href":"https:\/\/www.gruene-mkk.de\/hr\/wp-json\/wp\/v2\/pages\/18","targetHints":{"allow":["GET"]}}],"collection":[{"href":"https:\/\/www.gruene-mkk.de\/hr\/wp-json\/wp\/v2\/pages"}],"about":[{"href":"https:\/\/www.gruene-mkk.de\/hr\/wp-json\/wp\/v2\/types\/page"}],"author":[{"embeddable":true,"href":"https:\/\/www.gruene-mkk.de\/hr\/wp-json\/wp\/v2\/users\/2"}],"replies":[{"embeddable":true,"href":"https:\/\/www.gruene-mkk.de\/hr\/wp-json\/wp\/v2\/comments?post=18"}],"version-history":[{"count":51,"href":"https:\/\/www.gruene-mkk.de\/hr\/wp-json\/wp\/v2\/pages\/18\/revisions"}],"predecessor-version":[{"id":1285,"href":"https:\/\/www.gruene-mkk.de\/hr\/wp-json\/wp\/v2\/pages\/18\/revisions\/1285"}],"wp:attachment":[{"href":"https:\/\/www.gruene-mkk.de\/hr\/wp-json\/wp\/v2\/media?parent=18"}],"curies":[{"name":"wp","href":"https:\/\/api.w.org\/{rel}","templated":true}]}}