{"id":1103,"date":"2022-06-15T14:35:27","date_gmt":"2022-06-15T12:35:27","guid":{"rendered":"https:\/\/www.gruene-mkk.de\/?page_id=1103"},"modified":"2023-08-11T18:19:50","modified_gmt":"2023-08-11T16:19:50","slug":"landtagswahl-2023","status":"publish","type":"page","link":"https:\/\/www.gruene-mkk.de\/hr\/wahlen\/landtagswahl-2023\/","title":{"rendered":"Dr\u017eavni izbori 2023."},"content":{"rendered":"<p><\/p>\n\n\n\n<h2 class=\"wp-block-heading\">Sada je vrijeme!<\/h2>\n\n\n\n<p>Godine 2023. bira se novi dr\u017eavni parlament, a Zeleni pripremaju trostranu bitku za dr\u017eavni kancelar. <\/p>\n\n\n\n<p>Mi Zeleni u Main-Kinzigu \u017eelimo podr\u017eati taj cilj sna\u017enim kandidatima i osigurati da okrug ponovno bude zastupljen u dr\u017eavnom parlamentu sa zastupnikom u parlamentu iz okruga Main-Kinzig. <\/p>\n\n\n\n<div class=\"wp-block-group has-text-color has-background is-layout-flow wp-block-group-is-layout-flow\" style=\"color:#ffffff;background-color:#163c29\">\n<p><\/p>\n\n\n\n<p><\/p>\n\n\n\n<h2 class=\"wp-block-heading has-text-align-center h1 has-white-color has-text-color\"><a href=\"#\" data-unscramble=\"ed.kkm-eneurg@vk\">Pridru\u017eite se na\u0161em timu kampanje sada!<\/a><\/h2>\n\n\n\n<p class=\"has-text-align-center has-white-color has-text-color\"><\/p>\n\n\n\n<div class=\"wp-block-buttons is-horizontal is-content-justification-center is-layout-flex wp-container-core-buttons-is-layout-499968f5 wp-block-buttons-is-layout-flex\"><\/div>\n<\/div>\n\n\n\n<p><\/p>\n\n\n\n<h3 class=\"wp-block-heading\">Na\u0161i kandidati<\/h3>\n\n\n\n<div class=\"wp-block-columns is-layout-flex wp-container-core-columns-is-layout-9d6595d7 wp-block-columns-is-layout-flex\">\n<div class=\"wp-block-column is-layout-flow wp-block-column-is-layout-flow\">\n<div class=\"wp-block-media-text alignwide is-stacked-on-mobile person has-shadow\"><figure class=\"wp-block-media-text__media\"><img loading=\"lazy\" decoding=\"async\" width=\"800\" height=\"1200\" src=\"https:\/\/www.gruene-mkk.de\/wp-content\/uploads\/2022\/09\/WK-40_Kandidatin_Anja-Zeller-800x1200.jpg\" alt=\"\" class=\"wp-image-1336 size-full\" srcset=\"https:\/\/www.gruene-mkk.de\/wp-content\/uploads\/2022\/09\/WK-40_Kandidatin_Anja-Zeller-800x1200.jpg 800w, https:\/\/www.gruene-mkk.de\/wp-content\/uploads\/2022\/09\/WK-40_Kandidatin_Anja-Zeller-400x600.jpg 400w, https:\/\/www.gruene-mkk.de\/wp-content\/uploads\/2022\/09\/WK-40_Kandidatin_Anja-Zeller-768x1152.jpg 768w, https:\/\/www.gruene-mkk.de\/wp-content\/uploads\/2022\/09\/WK-40_Kandidatin_Anja-Zeller-1024x1536.jpg 1024w, https:\/\/www.gruene-mkk.de\/wp-content\/uploads\/2022\/09\/WK-40_Kandidatin_Anja-Zeller-1365x2048.jpg 1365w, https:\/\/www.gruene-mkk.de\/wp-content\/uploads\/2022\/09\/WK-40_Kandidatin_Anja-Zeller-scaled.jpg 1707w\" sizes=\"auto, (max-width: 800px) 100vw, 800px\" \/><\/figure><div class=\"wp-block-media-text__content\">\n<p class=\"person-name\">Anja Zeller<\/p>\n\n\n\n<p>od Hanau<\/p>\n\n\n\n<p class=\"person-description\">Izravni kandidat za izbornu jedinicu 40 Main-Kinzig I<\/p>\n\n\n\n<p><\/p>\n\n\n\n<p><\/p>\n\n\n\n<p class=\"person-mail no-link\"><a href=\"#\" data-unscramble=\"ed.kkm-eneurg@rellez.ajna\">anja.zeller@gruene-mkk.de<\/a><\/p>\n\n\n\n<div class=\"wp-block-group d-flex p-0 is-layout-flow wp-block-group-is-layout-flow\">\n<div class=\"wp-block-sunflower-meta-data\"><a href=\"https:\/\/twitter.com\/Anjata\" target=\"_blank\" rel=\"noopener\"><i class=\"fab fa-twitter\"><\/i><\/a><\/div>\n\n\n\n<div class=\"wp-block-sunflower-meta-data\"><a href=\"https:\/\/www.facebook.com\/AnjaZeller.DieGruenen\" target=\"_blank\" rel=\"noopener\"><i class=\"fab fa-facebook-f\"><\/i><\/a><\/div>\n\n\n\n<div class=\"wp-block-sunflower-meta-data\"><a href=\"\/\/www.instagram.com\/anjazeller_gruenemkk\/?igshid=MmIzYWVlNDQ5Yg%3D%3D\" target=\"_blank\" rel=\"noopener\"><i class=\"fab fa-instagram\"><\/i><\/a><\/div>\n\n\n\n<div class=\"wp-block-sunflower-meta-data\"><a href=\"#\" target=\"_blank\" rel=\"noopener\"><i class=\"fas fa-globe\"><\/i><\/a><\/div>\n<\/div>\n\n\n\n<hr class=\"wp-block-separator has-alpha-channel-opacity\"\/>\n\n\n\n<div class=\"wp-block-sunflower-accordion\"><div class=\"accordion-item\"><h4 class=\"accordion-header\"><button class=\"accordion-button collapsed\" type=\"button\" data-bs-toggle=\"collapse\" data-bs-target=\".sacc1dfe5153-a9f0-45e7-8bc4-b597a3fbca71\" aria-expanded=\"false\" aria-controls=\".sacc1dfe5153-a9f0-45e7-8bc4-b597a3fbca71\">Vi\u0161e o smje\u0161tajnom objektu Anja Zeller<\/button><\/h4><div class=\"accordion-collapse collapse sacc1dfe5153-a9f0-45e7-8bc4-b597a3fbca71\" aria-labelledby=\".sacc1dfe5153-a9f0-45e7-8bc4-b597a3fbca71\"><div class=\"accordion-body\"><p class=\"sunflower-accordion\">Moje ime je Anja Zeller i kao kandidatkinja za dr\u017eavni sabor, odr\u017eiva mobilnost, lokalni turizam i \u017eivi gradovi i zajednice blizu su mi srca. Za izbornu jedinicu 40 <br\/>Bavim se o\u010duvanjem krajolika i prirode, dobrobiti \u017eivotinja i medicinskom skrbi, kao i vizijom proizvodnje na\u0161e hrane prema na\u010delu nulte kilometra\u017ee ili kupnje iz pravednih lanaca opskrbe. I da, digitalizacija je va\u017ena. Ali ne \u017eelimo podatkovne centre na obradivoj zemlji!<br\/>\u00a0<br\/>\u0160to \u0107u ponijeti sa sobom: Obilje politi\u010dkog iskustva, dobre administrativne vje\u0161tine te \u017eelja i strast za promjenom za dobro!<\/p><\/div><\/div><\/div><\/div>\n<\/div><\/div>\n<\/div>\n\n\n\n<div class=\"wp-block-column is-layout-flow wp-block-column-is-layout-flow\">\n<div class=\"wp-block-media-text alignwide is-stacked-on-mobile person has-shadow\"><figure class=\"wp-block-media-text__media\"><img loading=\"lazy\" decoding=\"async\" width=\"800\" height=\"1200\" src=\"https:\/\/www.gruene-mkk.de\/wp-content\/uploads\/2022\/09\/IMG_5228-2-800x1200.jpg\" alt=\"\" class=\"wp-image-1345 size-full\" srcset=\"https:\/\/www.gruene-mkk.de\/wp-content\/uploads\/2022\/09\/IMG_5228-2-800x1200.jpg 800w, https:\/\/www.gruene-mkk.de\/wp-content\/uploads\/2022\/09\/IMG_5228-2-400x600.jpg 400w, https:\/\/www.gruene-mkk.de\/wp-content\/uploads\/2022\/09\/IMG_5228-2-768x1152.jpg 768w, https:\/\/www.gruene-mkk.de\/wp-content\/uploads\/2022\/09\/IMG_5228-2-1024x1536.jpg 1024w, https:\/\/www.gruene-mkk.de\/wp-content\/uploads\/2022\/09\/IMG_5228-2-1365x2048.jpg 1365w, https:\/\/www.gruene-mkk.de\/wp-content\/uploads\/2022\/09\/IMG_5228-2-scaled.jpg 1707w\" sizes=\"auto, (max-width: 800px) 100vw, 800px\" \/><\/figure><div class=\"wp-block-media-text__content\">\n<p class=\"person-name\">Robert Erkan<\/p>\n\n\n\n<p>od Hanau<\/p>\n\n\n\n<p class=\"person-description\">Izravni kandidat za izbornu jedinicu 41 Main-Kinzig II<\/p>\n\n\n\n<p class=\"no-link\"><a href=\"#\" data-unscramble=\"ed.uanah-eneurg@nakre\">erkan@gruene-hanau.de<\/a><\/p>\n\n\n\n<div class=\"wp-block-group d-flex p-0 is-layout-flow wp-block-group-is-layout-flow\">\n<div class=\"wp-block-sunflower-meta-data\"><a href=\"#\" target=\"_blank\" rel=\"noopener\"><i class=\"fab fa-twitter\"><\/i><\/a><\/div>\n\n\n\n<div class=\"wp-block-sunflower-meta-data\"><a href=\"\/\/www.facebook.com\/robert.erkan\" target=\"_blank\" rel=\"noopener\"><i class=\"fab fa-facebook-f\"><\/i><\/a><\/div>\n\n\n\n<div class=\"wp-block-sunflower-meta-data\"><a href=\"https:\/\/www.instagram.com\/roberterkan_mkk\/?igshid=MjEwN2IyYWYwYw%3D%3D\" target=\"_blank\" rel=\"noopener\"><i class=\"fab fa-instagram\"><\/i><\/a><\/div>\n\n\n\n<div class=\"wp-block-sunflower-meta-data\"><a href=\"#\" target=\"_blank\" rel=\"noopener\"><i class=\"fas fa-globe\"><\/i><\/a><\/div>\n<\/div>\n\n\n\n<hr class=\"wp-block-separator has-alpha-channel-opacity\"\/>\n\n\n\n<div class=\"wp-block-sunflower-accordion\"><div class=\"accordion-item\"><h4 class=\"accordion-header\"><button class=\"accordion-button collapsed\" type=\"button\" data-bs-toggle=\"collapse\" data-bs-target=\".sacc96167679-a486-4f27-b582-58113058bad3\" aria-expanded=\"false\" aria-controls=\".sacc96167679-a486-4f27-b582-58113058bad3\">Vi\u0161e o smje\u0161tajnom objektu Robert Erkan<\/button><\/h4><div class=\"accordion-collapse collapse sacc96167679-a486-4f27-b582-58113058bad3\" aria-labelledby=\".sacc96167679-a486-4f27-b582-58113058bad3\"><div class=\"accordion-body\"><p class=\"sunflower-accordion\">Moje ime je Robert Erkan,<br\/><br\/>i izravni sam kandidat skupine B\u00fcndnis 90 Die\/Gr\u00fcnen za izbornu jedinicu 41 (Gro\u00dfkrotzenburg, Hanau, Maintal, Niederdorfelden).<br\/><br\/>Ve\u0107 12 godina bavim se lokalnom politikom, bilo da je rije\u010d o savjetodavnom odboru stranaca ili gradskom vije\u0107niku u Hanauu. Od lokalnih izbora 2021. \u010dlan sam Zelene skupine u Hanauu.<br\/><br\/>Moje teme su raznolikost &amp; integracija, zdravlje &amp; prevencija, ali i socijalna pitanja te borba protiv rasizma i diskriminacije. Hanau je postao veliki grad, a MKK je najve\u0107a \u010detvrt u Hessenu, potrebna mu je bolja percepcija u Wiesbadenu za teme na licu mjesta.<br\/><br\/>Sve to\u010dke koje su me motivirale da postanem glas na dr\u017eavnoj razini i u hesijskom dr\u017eavnom parlamentu, u skladu s motom \u201eod Hanaua do Hessena\u201d.<br\/><br\/><strong>O meni:<\/strong><br\/>Ve\u0107 desetlje\u0107ima \u017eivim u Hanauu, mom posvojenom domu, volim biciklirati i pustiti automobil da vozi \u0161to je vi\u0161e mogu\u0107e.\u00a0Ja sam frankfurtski dje\u010dak, navija\u010d Eintrachta, socijaliziran Hessian, roditelji iz Zagreba i Istanbula, dvoje odrasle djece, slobodni posrednik, biv\u0161i predstavnik \u017ertve 19.02, nagra\u0111en nagradom Walter-L\u00fcbcke-Demokratie.<\/p><\/div><\/div><\/div><\/div>\n<\/div><\/div>\n<\/div>\n\n\n\n<div class=\"wp-block-column is-layout-flow wp-block-column-is-layout-flow\">\n<div class=\"wp-block-media-text alignwide is-stacked-on-mobile person has-shadow\"><figure class=\"wp-block-media-text__media\"><img loading=\"lazy\" decoding=\"async\" width=\"800\" height=\"1200\" src=\"https:\/\/www.gruene-mkk.de\/wp-content\/uploads\/2022\/09\/WK-42_Kandidat_Guenther-Koch-800x1200.jpg\" alt=\"\" class=\"wp-image-1333 size-full\" srcset=\"https:\/\/www.gruene-mkk.de\/wp-content\/uploads\/2022\/09\/WK-42_Kandidat_Guenther-Koch-800x1200.jpg 800w, https:\/\/www.gruene-mkk.de\/wp-content\/uploads\/2022\/09\/WK-42_Kandidat_Guenther-Koch-400x600.jpg 400w, https:\/\/www.gruene-mkk.de\/wp-content\/uploads\/2022\/09\/WK-42_Kandidat_Guenther-Koch-768x1152.jpg 768w, https:\/\/www.gruene-mkk.de\/wp-content\/uploads\/2022\/09\/WK-42_Kandidat_Guenther-Koch-1024x1536.jpg 1024w, https:\/\/www.gruene-mkk.de\/wp-content\/uploads\/2022\/09\/WK-42_Kandidat_Guenther-Koch-1365x2048.jpg 1365w, https:\/\/www.gruene-mkk.de\/wp-content\/uploads\/2022\/09\/WK-42_Kandidat_Guenther-Koch-scaled.jpg 1707w\" sizes=\"auto, (max-width: 800px) 100vw, 800px\" \/><\/figure><div class=\"wp-block-media-text__content\">\n<p class=\"h4\">G\u00fcnther Koch<\/p>\n\n\n\n<p>od Schl\u00fcchtern<\/p>\n\n\n\n<p>Izravni kandidat za izbornu jedinicu 42 Main-Kinzig III<\/p>\n\n\n\n<p class=\"no-link\"><a rel=\"noreferrer noopener\" href=\"#\" data-unscramble=\"moc.duolci@hcokeug\" target=\"_blank\">guekoch@icloud.com<\/a><\/p>\n\n\n\n<div class=\"wp-block-group d-flex p-0 is-layout-flow wp-block-group-is-layout-flow\">\n<div class=\"wp-block-sunflower-meta-data\"><a href=\"#\" target=\"_blank\" rel=\"noopener\"><i class=\"fab fa-twitter\"><\/i><\/a><\/div>\n\n\n\n<div class=\"wp-block-sunflower-meta-data\"><a href=\"https:\/\/www.facebook.com\/Guenther.Koch.Gruene\/\" target=\"_blank\" rel=\"noopener\"><i class=\"fab fa-facebook-f\"><\/i><\/a><\/div>\n\n\n\n<div class=\"wp-block-sunflower-meta-data\"><a href=\"https:\/\/www.instagram.com\/guenther_koch\/\" target=\"_blank\" rel=\"noopener\"><i class=\"fab fa-instagram\"><\/i><\/a><\/div>\n\n\n\n<div class=\"wp-block-sunflower-meta-data\"><a href=\"#\" target=\"_blank\" rel=\"noopener\"><i class=\"fas fa-globe\"><\/i><\/a><\/div>\n<\/div>\n\n\n\n<hr class=\"wp-block-separator has-alpha-channel-opacity\"\/>\n\n\n\n<div class=\"wp-block-sunflower-accordion\"><div class=\"accordion-item\"><h4 class=\"accordion-header\"><button class=\"accordion-button collapsed\" type=\"button\" data-bs-toggle=\"collapse\" data-bs-target=\".sacc7dfad914-48bc-4a6d-933a-51252dc1ea40\" aria-expanded=\"false\" aria-controls=\".sacc7dfad914-48bc-4a6d-933a-51252dc1ea40\">Vi\u0161e o smje\u0161tajnom objektu G\u00fcnther Koch<\/button><\/h4><div class=\"accordion-collapse collapse sacc7dfad914-48bc-4a6d-933a-51252dc1ea40\" aria-labelledby=\".sacc7dfad914-48bc-4a6d-933a-51252dc1ea40\"><div class=\"accordion-body\"><p class=\"sunflower-accordion\">Moje ime je G\u00fcnther Koch i bio sam<br\/>biv\u0161i glasnogovornik Zelenih, trenutno sam gradski vije\u0107nik u<br\/>srame\u017eljiva i aktivna u dr\u017eavnoj radnoj skupini za djecu,<br\/>Mladi i obitelj.<br\/>kao planer za dobrobit mladih u okrugu i kao predsjednik Socijalnog odbora<br\/>U gradu Schl\u00fcchtern, podru\u010dje djece, mladih i<br\/>Obiteljska politika u sredi\u0161tu: Moramo biti u ovom neredu upravo sada.<br\/>pouzdane ponude trenuta\u010dnih kriznih situacija usmjerene na potra\u017enju i<br\/>Usluge za djecu, mlade i obitelji u Hessenu. Za ovu oporuku<br\/>Radim na dr\u017eavnoj razini. Osim toga, va\u017eno mi je da<br\/>ruralne regije i gradovi zajedno i zajedni\u010dki razvijeni<br\/>bit \u0107e: Tek tada \u0107emo se mo\u0107i suo\u010diti s brojnim izazovima<br\/>Prometna, socijalna, okoli\u0161na i gospodarska pitanja<br\/>upravljati.<br\/><br\/><strong>O meni:<\/strong><br\/>Volim i\u0107i pje\u0161ice ili s brdskim biciklom u planinskom kutu,<br\/>Spessart, Rh\u00f6n i Vogelsberg.<\/p><\/div><\/div><\/div><\/div>\n<\/div><\/div>\n<\/div>\n<\/div>\n\n\n\n<p>  <\/p>\n\n\n\n<div class=\"wp-block-columns is-layout-flex wp-container-core-columns-is-layout-9d6595d7 wp-block-columns-is-layout-flex\">\n<div class=\"wp-block-column is-layout-flow wp-block-column-is-layout-flow\">\n<div class=\"wp-block-media-text alignwide is-stacked-on-mobile person has-shadow\"><figure class=\"wp-block-media-text__media\"><img loading=\"lazy\" decoding=\"async\" width=\"800\" height=\"1033\" src=\"https:\/\/www.gruene-mkk.de\/wp-content\/uploads\/2022\/12\/Matthias-Dorka1-800x1033.jpg\" alt=\"\" class=\"wp-image-1506 size-full\" srcset=\"https:\/\/www.gruene-mkk.de\/wp-content\/uploads\/2022\/12\/Matthias-Dorka1-800x1033.jpg 800w, https:\/\/www.gruene-mkk.de\/wp-content\/uploads\/2022\/12\/Matthias-Dorka1-400x517.jpg 400w, https:\/\/www.gruene-mkk.de\/wp-content\/uploads\/2022\/12\/Matthias-Dorka1-768x992.jpg 768w, https:\/\/www.gruene-mkk.de\/wp-content\/uploads\/2022\/12\/Matthias-Dorka1-1189x1536.jpg 1189w, https:\/\/www.gruene-mkk.de\/wp-content\/uploads\/2022\/12\/Matthias-Dorka1-1586x2048.jpg 1586w, https:\/\/www.gruene-mkk.de\/wp-content\/uploads\/2022\/12\/Matthias-Dorka1-scaled.jpg 1982w\" sizes=\"auto, (max-width: 800px) 100vw, 800px\" \/><\/figure><div class=\"wp-block-media-text__content\">\n<p class=\"person-name\">Matthias Dorka<\/p>\n\n\n\n<p>Brachttal<\/p>\n\n\n\n<p class=\"person-description\">Zamjenski kandidat za izbornu jedinicu 40 Main-Kinzig I<\/p>\n\n\n\n<p class=\"person-mail no-link\"><a href=\"#\" data-unscramble=\"ed.kkm-eneurg@akrod.saihttam\">matthias.dorka@gruene-mkk.de<\/a> <\/p>\n\n\n\n<div class=\"wp-block-group d-flex p-0 is-layout-flow wp-block-group-is-layout-flow\">\n<div class=\"wp-block-sunflower-meta-data\"><a href=\"#\" target=\"_blank\" rel=\"noopener\"><i class=\"fab fa-twitter\"><\/i><\/a><\/div>\n\n\n\n<div class=\"wp-block-sunflower-meta-data\"><a href=\"#\" target=\"_blank\" rel=\"noopener\"><i class=\"fab fa-facebook-f\"><\/i><\/a><\/div>\n\n\n\n<div class=\"wp-block-sunflower-meta-data\"><a href=\"#\" target=\"_blank\" rel=\"noopener\"><i class=\"fab fa-instagram\"><\/i><\/a><\/div>\n\n\n\n<div class=\"wp-block-sunflower-meta-data\"><a href=\"#\" data-unscramble=\"ed.kkm-eneurg@akrod.saihttam\" target=\"_blank\" rel=\"noopener\"><i class=\"fas fa-envelope\"><\/i><\/a><\/div>\n\n\n\n<div class=\"wp-block-sunflower-meta-data\"><a href=\"#\" target=\"_blank\" rel=\"noopener\"><i class=\"fas fa-globe\"><\/i><\/a><\/div>\n<\/div>\n<\/div><\/div>\n<\/div>\n\n\n\n<div class=\"wp-block-column is-layout-flow wp-block-column-is-layout-flow\">\n<div class=\"wp-block-media-text alignwide is-stacked-on-mobile person has-shadow\"><figure class=\"wp-block-media-text__media\"><img loading=\"lazy\" decoding=\"async\" width=\"800\" height=\"1200\" src=\"https:\/\/www.gruene-mkk.de\/wp-content\/uploads\/2022\/09\/WK-41_Ersatzk_Josefine-Lamss-800x1200.jpg\" alt=\"\" class=\"wp-image-1337 size-full\" srcset=\"https:\/\/www.gruene-mkk.de\/wp-content\/uploads\/2022\/09\/WK-41_Ersatzk_Josefine-Lamss-800x1200.jpg 800w, https:\/\/www.gruene-mkk.de\/wp-content\/uploads\/2022\/09\/WK-41_Ersatzk_Josefine-Lamss-400x600.jpg 400w, https:\/\/www.gruene-mkk.de\/wp-content\/uploads\/2022\/09\/WK-41_Ersatzk_Josefine-Lamss-768x1152.jpg 768w, https:\/\/www.gruene-mkk.de\/wp-content\/uploads\/2022\/09\/WK-41_Ersatzk_Josefine-Lamss-1024x1536.jpg 1024w, https:\/\/www.gruene-mkk.de\/wp-content\/uploads\/2022\/09\/WK-41_Ersatzk_Josefine-Lamss-1365x2048.jpg 1365w, https:\/\/www.gruene-mkk.de\/wp-content\/uploads\/2022\/09\/WK-41_Ersatzk_Josefine-Lamss-scaled.jpg 1707w\" sizes=\"auto, (max-width: 800px) 100vw, 800px\" \/><\/figure><div class=\"wp-block-media-text__content\">\n<p class=\"person-name\">Josefine Lam\u00df<\/p>\n\n\n\n<p>od Hanau<\/p>\n\n\n\n<p class=\"person-description\">Zamjenski kandidat za izbornu jedinicu 41 Main-Kinzig II<\/p>\n\n\n\n<p class=\"no-link\"><a href=\"#\" data-unscramble=\"ed.uanah-eneurg@ssmal\">lamss@gruene-hanau.de<\/a><\/p>\n\n\n\n<div class=\"wp-block-group d-flex p-0 is-layout-flow wp-block-group-is-layout-flow\">\n<div class=\"wp-block-sunflower-meta-data\"><a href=\"#\" target=\"_blank\" rel=\"noopener\"><i class=\"fab fa-twitter\"><\/i><\/a><\/div>\n\n\n\n<div class=\"wp-block-sunflower-meta-data\"><a href=\"#\" target=\"_blank\" rel=\"noopener\"><i class=\"fab fa-facebook-f\"><\/i><\/a><\/div>\n\n\n\n<div class=\"wp-block-sunflower-meta-data\"><a href=\"#\" target=\"_blank\" rel=\"noopener\"><i class=\"fab fa-instagram\"><\/i><\/a><\/div>\n\n\n\n<div class=\"wp-block-sunflower-meta-data\"><a href=\"#\" target=\"_blank\" rel=\"noopener\"><i class=\"fas fa-envelope\"><\/i><\/a><\/div>\n\n\n\n<div class=\"wp-block-sunflower-meta-data\"><a href=\"#\" target=\"_blank\" rel=\"noopener\"><i class=\"fas fa-globe\"><\/i><\/a><\/div>\n<\/div>\n<\/div><\/div>\n\n\n\n<p><\/p>\n<\/div>\n\n\n\n<div class=\"wp-block-column is-layout-flow wp-block-column-is-layout-flow\">\n<div class=\"wp-block-media-text alignwide is-stacked-on-mobile person has-shadow\"><figure class=\"wp-block-media-text__media\"><img loading=\"lazy\" decoding=\"async\" width=\"800\" height=\"1200\" src=\"https:\/\/www.gruene-mkk.de\/wp-content\/uploads\/2022\/09\/WK-42_Ersatzk_Beate-Boege-Sonnek-800x1200.jpg\" alt=\"\" class=\"wp-image-1339 size-full\" srcset=\"https:\/\/www.gruene-mkk.de\/wp-content\/uploads\/2022\/09\/WK-42_Ersatzk_Beate-Boege-Sonnek-800x1200.jpg 800w, https:\/\/www.gruene-mkk.de\/wp-content\/uploads\/2022\/09\/WK-42_Ersatzk_Beate-Boege-Sonnek-400x600.jpg 400w, https:\/\/www.gruene-mkk.de\/wp-content\/uploads\/2022\/09\/WK-42_Ersatzk_Beate-Boege-Sonnek-768x1152.jpg 768w, https:\/\/www.gruene-mkk.de\/wp-content\/uploads\/2022\/09\/WK-42_Ersatzk_Beate-Boege-Sonnek-1024x1536.jpg 1024w, https:\/\/www.gruene-mkk.de\/wp-content\/uploads\/2022\/09\/WK-42_Ersatzk_Beate-Boege-Sonnek-1365x2048.jpg 1365w, https:\/\/www.gruene-mkk.de\/wp-content\/uploads\/2022\/09\/WK-42_Ersatzk_Beate-Boege-Sonnek-scaled.jpg 1707w\" sizes=\"auto, (max-width: 800px) 100vw, 800px\" \/><\/figure><div class=\"wp-block-media-text__content\">\n<p class=\"h4\">Beate Boege-Sonnek<\/p>\n\n\n\n<p>Od lo\u0161eg Orba<\/p>\n\n\n\n<p>Zamjenski kandidat za izbornu jedinicu 42 Main-Kinzig III<\/p>\n\n\n\n<p class=\"no-link\"><\/p>\n\n\n\n<div class=\"wp-block-group d-flex p-0 is-layout-flow wp-block-group-is-layout-flow\">\n<div class=\"wp-block-sunflower-meta-data\"><a href=\"#\" target=\"_blank\" rel=\"noopener\"><i class=\"fab fa-twitter\"><\/i><\/a><\/div>\n\n\n\n<div class=\"wp-block-sunflower-meta-data\"><a href=\"#\" target=\"_blank\" rel=\"noopener\"><i class=\"fab fa-facebook-f\"><\/i><\/a><\/div>\n\n\n\n<div class=\"wp-block-sunflower-meta-data\"><a href=\"#\" target=\"_blank\" rel=\"noopener\"><i class=\"fab fa-instagram\"><\/i><\/a><\/div>\n\n\n\n<div class=\"wp-block-sunflower-meta-data\"><a href=\"#\" target=\"_blank\" rel=\"noopener\"><i class=\"fas fa-envelope\"><\/i><\/a><\/div>\n\n\n\n<div class=\"wp-block-sunflower-meta-data\"><a href=\"#\" target=\"_blank\" rel=\"noopener\"><i class=\"fas fa-globe\"><\/i><\/a><\/div>\n<\/div>\n<\/div><\/div>\n\n\n\n<p><\/p>\n<\/div>\n<\/div>\n\n\n\n<p><\/p>\n\n\n <div class=\"wp-block-group alignfull sunflower-has-background-dim has-text-color has-white-color has-background is-vertical is-content-justification-center is-content-justification-center is-layout-flex wp-block-group-is-layout-flex next-events\">\n                    <div class=\"wp-block-group__inner-container\">\n                        <h2 class=\"wp-block-heading has-text-align-center h1\">Sljede\u0107i datumi<\/h2>\n                        <div class=\"wp-block-button text-center mb-5\"><a class=\"wp-block-button__link no-border-radius\" href=\"https:\/\/www.gruene-mkk.de\/hr\/termine\/\" rel=\"\">sva doga\u0111anja<\/a><\/div>\n                    <div class=\"row\"><div class=\"col-12 col-md-6 col-lg-4 mb-4\">\n\n<a href=\"https:\/\/www.gruene-mkk.de\/hr\/termine\/kreismitgliederversammlung-18\/\" class=\"event-card\" rel=\"bookmark\">\n<article id=\"post-3325\" class=\"event has-shadow post-3325 sunflower_event type-sunflower_event status-publish hentry\">\n\t<div class=\"p-4\">\n\t\t\t\t<div class=\"event-archive-meta\">\n\t\t\t<div class=\"text-uppercase small\">utorak<\/div>\n\t\t\t<div class=\"date\">\n\t\t\t\t<time datetime=\"2026-05-12 19:30\">\n\t\t\t\t\t12.05.2026 <span class=\"small\">19:30 \u2013 21:00 sati<\/span>\t\t\t\t<\/time>\n\t\t\t<\/div>\n\t\t\t<div class=\"fst-italic small\">\n\t\t\t\t\t\t\t<\/div>\n\t\t<\/div>\n\n\t\t<div class=\"mt-2\">\n\t\t\t<header class=\"entry-header pt-2 pb-2\">\n\t\t\t\t<span class=\"h2\">Sastanak \u010dlanova okruga<\/span>\t\t\t<\/header><!-- .entry-header -->\n\n\n\t\t\t<div class=\"entry-content\">\n\t\t\t\t<p>Dnevni red uklju\u010duje izbore delegata za Saveznu konferenciju delegata od 4 do 6. prosinac 2026. Do\u0111ite, donesite svoje ideje i pitanja i aktivno dizajnirajte ve\u010der [\u2026]<\/p>\n\t\t\t<\/div><!-- .entry-content -->\n\n\t\t<\/div>\n\n\t<\/div>\n<\/article><!-- #post-3325 -->\n<\/a>\n<\/div><div class=\"col-12 col-md-6 col-lg-4 mb-4\">\n\n<a href=\"https:\/\/www.gruene-mkk.de\/hr\/termine\/fruehstueck-mit-den-gruenen-60\/\" class=\"event-card\" rel=\"bookmark\">\n<article id=\"post-3349\" class=\"event has-shadow post-3349 sunflower_event type-sunflower_event status-publish hentry\">\n\t<div class=\"p-4\">\n\t\t\t\t<div class=\"event-archive-meta\">\n\t\t\t<div class=\"text-uppercase small\">subota<\/div>\n\t\t\t<div class=\"date\">\n\t\t\t\t<time datetime=\"2026-05-16 10:00\">\n\t\t\t\t\t16.05.2026 <span class=\"small\">10:00 \u2013 13:00 sati<\/span>\t\t\t\t<\/time>\n\t\t\t<\/div>\n\t\t\t<div class=\"fst-italic small\">\n\t\t\t\t\t\t\t<\/div>\n\t\t<\/div>\n\n\t\t<div class=\"mt-2\">\n\t\t\t<header class=\"entry-header pt-2 pb-2\">\n\t\t\t\t<span class=\"h2\">Doru\u010dak sa Zelenima 60+<\/span>\t\t\t<\/header><!-- .entry-header -->\n\n\n\t\t\t<div class=\"entry-content\">\n\t\t\t\t<p>Topla pozivnica za doru\u010dak Zelenih 60+ u kafi\u0107u \u201eIm Garten Eden\u201d u Maintalu. U opu\u0161tenoj atmosferi \u017eeljeli bismo razgovarati o pro\u0161lim lokalnim izborima i pogledati [\u2026]<\/p>\n\t\t\t<\/div><!-- .entry-content -->\n\n\t\t<\/div>\n\n\t<\/div>\n<\/article><!-- #post-3349 -->\n<\/a>\n<\/div><div class=\"col-12 col-md-6 col-lg-4 mb-4\">\n\n<a href=\"https:\/\/www.gruene-mkk.de\/hr\/termine\/sommerfest-3\/\" class=\"event-card\" rel=\"bookmark\">\n<article id=\"post-3326\" class=\"event has-shadow post-3326 sunflower_event type-sunflower_event status-publish hentry\">\n\t<div class=\"p-4\">\n\t\t\t\t<div class=\"event-archive-meta\">\n\t\t\t<div class=\"text-uppercase small\">subota<\/div>\n\t\t\t<div class=\"date\">\n\t\t\t\t<time datetime=\"2026-08-15 00:00\">\n\t\t\t\t\t15.08.2026\t\t\t\t<\/time>\n\t\t\t<\/div>\n\t\t\t<div class=\"fst-italic small\">\n\t\t\t\t\t\t\t<\/div>\n\t\t<\/div>\n\n\t\t<div class=\"mt-2\">\n\t\t\t<header class=\"entry-header pt-2 pb-2\">\n\t\t\t\t<span class=\"h2\">Ljetna zabava<\/span>\t\t\t<\/header><!-- .entry-header -->\n\n\n\t\t\t<div class=\"entry-content\">\n\t\t\t\t<p>Spremi datum<\/p>\n\t\t\t<\/div><!-- .entry-content -->\n\n\t\t<\/div>\n\n\t<\/div>\n<\/article><!-- #post-3326 -->\n<\/a>\n<\/div><\/div><\/div><\/div>","protected":false},"excerpt":{"rendered":"<p>Sada je vrijeme! Godine 2023. bira se novi dr\u017eavni parlament, a Zeleni pripremaju trostranu bitku za dr\u017eavni kancelar. Mi Zeleni Main-Kinzig \u017eelimo posti\u0107i ovaj cilj s jakim kandidatima [...]<\/p>","protected":false},"author":2,"featured_media":0,"parent":355,"menu_order":0,"comment_status":"closed","ping_status":"closed","template":"","meta":{"footnotes":""},"class_list":["post-1103","page","type-page","status-publish","hentry"],"_links":{"self":[{"href":"https:\/\/www.gruene-mkk.de\/hr\/wp-json\/wp\/v2\/pages\/1103","targetHints":{"allow":["GET"]}}],"collection":[{"href":"https:\/\/www.gruene-mkk.de\/hr\/wp-json\/wp\/v2\/pages"}],"about":[{"href":"https:\/\/www.gruene-mkk.de\/hr\/wp-json\/wp\/v2\/types\/page"}],"author":[{"embeddable":true,"href":"https:\/\/www.gruene-mkk.de\/hr\/wp-json\/wp\/v2\/users\/2"}],"replies":[{"embeddable":true,"href":"https:\/\/www.gruene-mkk.de\/hr\/wp-json\/wp\/v2\/comments?post=1103"}],"version-history":[{"count":95,"href":"https:\/\/www.gruene-mkk.de\/hr\/wp-json\/wp\/v2\/pages\/1103\/revisions"}],"predecessor-version":[{"id":1725,"href":"https:\/\/www.gruene-mkk.de\/hr\/wp-json\/wp\/v2\/pages\/1103\/revisions\/1725"}],"up":[{"embeddable":true,"href":"https:\/\/www.gruene-mkk.de\/hr\/wp-json\/wp\/v2\/pages\/355"}],"wp:attachment":[{"href":"https:\/\/www.gruene-mkk.de\/hr\/wp-json\/wp\/v2\/media?parent=1103"}],"curies":[{"name":"wp","href":"https:\/\/api.w.org\/{rel}","templated":true}]}}