{"id":355,"date":"2021-11-17T19:18:37","date_gmt":"2021-11-17T18:18:37","guid":{"rendered":"https:\/\/www.alles-bleibt-anders.org\/?page_id=355"},"modified":"2022-12-08T07:48:01","modified_gmt":"2022-12-08T06:48:01","slug":"wahlen","status":"publish","type":"page","link":"https:\/\/www.gruene-mkk.de\/fr\/wahlen\/","title":{"rendered":"\u00e9lections"},"content":{"rendered":"<div class=\"wp-block-cover is-light\" style=\"min-height:519px;aspect-ratio:unset;\"><span aria-hidden=\"true\" class=\"wp-block-cover__background has-background-dim-20 has-background-dim\"><\/span><img loading=\"lazy\" decoding=\"async\" width=\"2560\" height=\"1920\" class=\"wp-block-cover__image-background wp-image-298\" alt=\"\" src=\"http:\/\/www.alles-bleibt-anders.org\/wp-content\/uploads\/2021\/11\/IMG_0173-scaled.jpg\" style=\"object-position:83% 32%\" data-object-fit=\"cover\" data-object-position=\"83% 32%\" srcset=\"https:\/\/www.gruene-mkk.de\/wp-content\/uploads\/2021\/11\/IMG_0173-scaled.jpg 2560w, https:\/\/www.gruene-mkk.de\/wp-content\/uploads\/2021\/11\/IMG_0173-400x300.jpg 400w, https:\/\/www.gruene-mkk.de\/wp-content\/uploads\/2021\/11\/IMG_0173-800x600.jpg 800w, https:\/\/www.gruene-mkk.de\/wp-content\/uploads\/2021\/11\/IMG_0173-768x576.jpg 768w, https:\/\/www.gruene-mkk.de\/wp-content\/uploads\/2021\/11\/IMG_0173-1536x1152.jpg 1536w, https:\/\/www.gruene-mkk.de\/wp-content\/uploads\/2021\/11\/IMG_0173-2048x1536.jpg 2048w\" sizes=\"auto, (max-width: 2560px) 100vw, 2560px\" \/><div class=\"wp-block-cover__inner-container is-layout-flow wp-block-cover-is-layout-flow\">\n<div class=\"wp-block-group is-layout-flow wp-block-group-is-layout-flow\">\n<h1 class=\"has-text-align-center wp-block-heading\" style=\"font-size:clamp(37.821px, 2.364rem + ((1vw - 3.2px) * 3.657), 70px);\">\u00e9lections<\/h1>\n<\/div>\n<\/div><\/div>\n\n\n\n<div class=\"wp-block-group alignwide has-white-background-color has-background is-layout-flow wp-block-group-is-layout-flow\" id=\"full-width\">\n<div class=\"wp-block-columns is-layout-flex wp-container-core-columns-is-layout-9d6595d7 wp-block-columns-is-layout-flex\">\n<div class=\"wp-block-column is-layout-flow wp-block-column-is-layout-flow\">\n<figure class=\"wp-block-image size-large\"><img loading=\"lazy\" decoding=\"async\" width=\"1576\" height=\"888\" src=\"https:\/\/www.gruene-mkk.de\/wp-content\/uploads\/2022\/12\/Hessen-waehlt-2023-edited-1.jpg\" alt=\"\" class=\"wp-image-1543\" srcset=\"https:\/\/www.gruene-mkk.de\/wp-content\/uploads\/2022\/12\/Hessen-waehlt-2023-edited-1.jpg 1576w, https:\/\/www.gruene-mkk.de\/wp-content\/uploads\/2022\/12\/Hessen-waehlt-2023-edited-1-400x225.jpg 400w, https:\/\/www.gruene-mkk.de\/wp-content\/uploads\/2022\/12\/Hessen-waehlt-2023-edited-1-800x451.jpg 800w, https:\/\/www.gruene-mkk.de\/wp-content\/uploads\/2022\/12\/Hessen-waehlt-2023-edited-1-768x433.jpg 768w, https:\/\/www.gruene-mkk.de\/wp-content\/uploads\/2022\/12\/Hessen-waehlt-2023-edited-1-1536x865.jpg 1536w\" sizes=\"auto, (max-width: 1576px) 100vw, 1576px\" \/><\/figure>\n<\/div>\n\n\n\n<div class=\"wp-block-column is-vertically-aligned-center is-layout-flow wp-block-column-is-layout-flow\">\n<h2 class=\"h1 wp-block-heading\">\u00c9lections r\u00e9gionales de 2023<\/h2>\n\n\n\n<p>Toutes les informations sur l'\u00e9tablissement des listes, les candidats dirkekt et suppl\u00e9ants et la campagne \u00e9lectorale.<br><a href=\"https:\/\/www.gruene-mkk.de\/fr\/wahlen\/landtagswahl-2023\/\">Continuer la lecture de<\/a><\/p>\n<\/div>\n<\/div>\n<\/div>\n\n\n\n<div class=\"wp-block-group same-height has-white-background-color has-background is-layout-flow wp-block-group-is-layout-flow\">\n<div class=\"wp-block-columns is-layout-flex wp-container-core-columns-is-layout-9d6595d7 wp-block-columns-is-layout-flex\">\n<div class=\"wp-block-column is-layout-flow wp-block-column-is-layout-flow\">\n<figure class=\"wp-block-image size-large is-style-default\"><a href=\"https:\/\/www.alles-bleibt-anders.org\/wahlen\/bundestagswahl-2021\/\"><img loading=\"lazy\" decoding=\"async\" width=\"800\" height=\"420\" src=\"http:\/\/www.alles-bleibt-anders.org\/wp-content\/uploads\/2021\/11\/bereit-weil-ih-facebook-sharepic-800x420.png\" alt=\"\" class=\"wp-image-365\" srcset=\"https:\/\/www.gruene-mkk.de\/wp-content\/uploads\/2021\/11\/bereit-weil-ih-facebook-sharepic-800x420.png 800w, https:\/\/www.gruene-mkk.de\/wp-content\/uploads\/2021\/11\/bereit-weil-ih-facebook-sharepic-400x210.png 400w, https:\/\/www.gruene-mkk.de\/wp-content\/uploads\/2021\/11\/bereit-weil-ih-facebook-sharepic-768x403.png 768w, https:\/\/www.gruene-mkk.de\/wp-content\/uploads\/2021\/11\/bereit-weil-ih-facebook-sharepic.png 1200w\" sizes=\"auto, (max-width: 800px) 100vw, 800px\" \/><\/a><\/figure>\n\n\n\n<h4 class=\"h2 mt-4 wp-block-heading\">\u00c9lections f\u00e9d\u00e9rales de 2021<\/h4>\n\n\n\n<p>Nos candidats directs, les communiqu\u00e9s de presse, les dates et le programme \u00e9lectoral.<\/p>\n\n\n\n<p> <\/p>\n\n\n\n<div class=\"wp-block-buttons is-layout-flex wp-block-buttons-is-layout-flex\">\n<div class=\"wp-block-button\"><a class=\"wp-block-button__link no-border-radius\" href=\"https:\/\/www.alles-bleibt-anders.org\/wahlen\/bundestagswahl-2021\/\">En savoir plus<\/a><\/div>\n<\/div>\n<\/div>\n\n\n\n<div class=\"wp-block-column is-layout-flow wp-block-column-is-layout-flow\">\n<figure class=\"wp-block-image size-large\"><a href=\"https:\/\/www.alles-bleibt-anders.org\/wahlen\/kommunalwahl-2021\/\"><img decoding=\"async\" src=\"http:\/\/www.alles-bleibt-anders.org\/wp-content\/uploads\/2021\/11\/tree-247122-800x424.jpg\" alt=\"\" class=\"wp-image-369\"\/><\/a><\/figure>\n\n\n\n<h4 class=\"h2 mt-4 wp-block-heading\">\u00c9lections municipales de 2021<\/h4>\n\n\n\n<p>Nos candidats au conseil du district et au programme des Verts Main-Kinzig pour 2021-2026<\/p>\n\n\n\n<div class=\"wp-block-buttons is-layout-flex wp-block-buttons-is-layout-flex\">\n<div class=\"wp-block-button\"><a class=\"wp-block-button__link no-border-radius\" href=\"https:\/\/www.alles-bleibt-anders.org\/wahlen\/kommunalwahl-2021\/\">En savoir plus<\/a><\/div>\n<\/div>\n<\/div>\n<\/div>\n<\/div>\n\n\n<div class=\"has-background latest-posts wp-block-sunflower-latest-posts\">\n        <div class=\"wp-block-group__inner-container\">\n            \n                <div class=\"row\" data-masonry='{\"percentPosition\": true }'><div class=\"col-md-6\">\n<article id=\"post-1332\" class=\"bg-white mb-4 has-shadow post-1332 post type-post status-publish format-standard has-post-thumbnail hentry category-allgemein category-newswahlen\">\n\t<div class=\"\">\n\t\t\t\t\t<div class=\"\">\n\t\t\t\t<a href=\"https:\/\/www.gruene-mkk.de\/fr\/auf-in-den-wahlkampf\/\" aria-label=\"Post-thumbnail\" rel=\"bookmark\">\n\t\t\t\t\t\t\t\t<img loading=\"lazy\" decoding=\"async\" width=\"768\" height=\"550\" src=\"https:\/\/www.gruene-mkk.de\/wp-content\/uploads\/2022\/09\/Gruppenfoto_Kandidierende2-768x550.jpg\" class=\"post-thumbnail wp-post-image\" alt=\"En route pour la campagne \u00e9lectorale\" \/>\n\n\t\t\t\t\t\t\t<\/a>\n\t\t\t<\/div>\n\t\t\t\t\t<div class=\"p-45\">\n\t\t\t<header class=\"entry-header mb-2\">\n\t\t\t\t\t\t\t\t<h2 class=\"card-title h4 mb-3\"><a href=\"https:\/\/www.gruene-mkk.de\/fr\/auf-in-den-wahlkampf\/\" rel=\"bookmark\"><strong>En route pour la campagne \u00e9lectorale<\/strong><\/a><\/h2>\t\t\t\t\t<div class=\"entry-meta mb-3\">\n\t\t\t\t\t\t<span class=\"posted-on\"><time class=\"entry-date published\" datetime=\"2022-09-25T09:40:45+02:00\">25 septembre 2022<\/time><time class=\"updated\" datetime=\"2022-09-26T11:16:36+02:00\">26 septembre 2022<\/time><\/span>\t\t\t\t\t<\/div><!-- .entry-meta -->\n\t\t\t\t\t\t\t\t<\/header><!-- .entry-header -->\n\n\t\t\t<div class=\"entry-content\">\n\t\t\t\t<a href=\"https:\/\/www.gruene-mkk.de\/fr\/auf-in-den-wahlkampf\/\" rel=\"bookmark\">\n\t\t\t\t<p>Les Verts du Main-Kinzig c\u00e9l\u00e8brent une journ\u00e9e verte et \u00e9lisent leurs candidats aux \u00e9lections r\u00e9gionales \u00abNous avons montr\u00e9 aujourd\u2019hui qu\u2019avec une solide \u00e9quipe de candidats, de suppl\u00e9ants et de membres, nous [...]<\/p>\n\t\t\t\t<\/a>\n\t\t\t<\/div><!-- .entry-content -->\n\n\t\t\t<footer class=\"entry-footer\">\n\t\t\t\t\t\t\t<div class=\"d-flex mt-2 mb-2\">\n\t\t\t\t\t\t\t\t<div>\n\t\t<span class=\"cat-links small\"><a href=\"https:\/\/www.gruene-mkk.de\/fr\/category\/allgemein\/\" rel=\"category tag\">G\u00e9n\u00e9ralit\u00e9s<\/a>, <a href=\"https:\/\/www.gruene-mkk.de\/fr\/category\/newswahlen\/\" rel=\"category tag\">\u00e9lections<\/a><\/span>\n\t\t\t\t<\/div>\n\t\t\t<\/div>\n\t\t\n\t\t\t\t<div class=\"d-flex flex-row-reverse\">\n\t\t\t\t\t<a href=\"https:\/\/www.gruene-mkk.de\/fr\/auf-in-den-wahlkampf\/\" rel=\"bookmark\" class=\"continue-reading\">\n\t\t\t\t\tContinue reading\t\t\t\t<\/a>\n\t\t\t\t<\/div>\n\t\t\t<\/footer><!-- .entry-footer -->\n\t\t<\/div>\n\t<\/div>\n<\/article><!-- #post-1332 -->\n<\/div><div class=\"col-md-6\">\n<article id=\"post-1229\" class=\"bg-white mb-4 has-shadow post-1229 post type-post status-publish format-standard has-post-thumbnail hentry category-allgemein category-newswahlen\">\n\t<div class=\"\">\n\t\t\t\t\t<div class=\"\">\n\t\t\t\t<a href=\"https:\/\/www.gruene-mkk.de\/fr\/wir-haben-lust-auf-wahlkampf\/\" aria-label=\"Post-thumbnail\" rel=\"bookmark\">\n\t\t\t\t\t\t\t\t<img loading=\"lazy\" decoding=\"async\" width=\"768\" height=\"512\" src=\"https:\/\/www.gruene-mkk.de\/wp-content\/uploads\/2022\/07\/P1120062-768x512.jpg\" class=\"post-thumbnail wp-post-image\" alt=\"Nous avons envie d&#039;une campagne \u00e9lectorale!\" \/>\n\n\t\t\t\t\t\t\t<\/a>\n\t\t\t<\/div>\n\t\t\t\t\t<div class=\"p-45\">\n\t\t\t<header class=\"entry-header mb-2\">\n\t\t\t\t\t\t\t\t<h2 class=\"card-title h4 mb-3\"><a href=\"https:\/\/www.gruene-mkk.de\/fr\/wir-haben-lust-auf-wahlkampf\/\" rel=\"bookmark\">Nous avons envie d'une campagne \u00e9lectorale!<\/a><\/h2>\t\t\t\t\t<div class=\"entry-meta mb-3\">\n\t\t\t\t\t\t<span class=\"posted-on\"><time class=\"entry-date published\" datetime=\"2022-07-11T19:41:46+02:00\">11 juillet 2022<\/time><time class=\"updated\" datetime=\"2022-07-11T19:51:35+02:00\">11 juillet 2022<\/time><\/span>\t\t\t\t\t<\/div><!-- .entry-meta -->\n\t\t\t\t\t\t\t\t<\/header><!-- .entry-header -->\n\n\t\t\t<div class=\"entry-content\">\n\t\t\t\t<a href=\"https:\/\/www.gruene-mkk.de\/fr\/wir-haben-lust-auf-wahlkampf\/\" rel=\"bookmark\">\n\t\t\t\t<p>Le 8 juillet a eu lieu notre s\u00e9ance d'information sur la campagne \u00e9lectorale du Landtag \u00e0 Bad Orb. Une trentaine de membres et d'invit\u00e9s sont venus \u00e0 l'\u00e9v\u00e9nement et ont \u00e9t\u00e9 accueillis dans la salle de lecture de la salle de [...]<\/p>\n\t\t\t\t<\/a>\n\t\t\t<\/div><!-- .entry-content -->\n\n\t\t\t<footer class=\"entry-footer\">\n\t\t\t\t\t\t\t<div class=\"d-flex mt-2 mb-2\">\n\t\t\t\t\t\t\t\t<div>\n\t\t<span class=\"cat-links small\"><a href=\"https:\/\/www.gruene-mkk.de\/fr\/category\/allgemein\/\" rel=\"category tag\">G\u00e9n\u00e9ralit\u00e9s<\/a>, <a href=\"https:\/\/www.gruene-mkk.de\/fr\/category\/newswahlen\/\" rel=\"category tag\">\u00e9lections<\/a><\/span>\n\t\t\t\t<\/div>\n\t\t\t<\/div>\n\t\t\n\t\t\t\t<div class=\"d-flex flex-row-reverse\">\n\t\t\t\t\t<a href=\"https:\/\/www.gruene-mkk.de\/fr\/wir-haben-lust-auf-wahlkampf\/\" rel=\"bookmark\" class=\"continue-reading\">\n\t\t\t\t\tContinue reading\t\t\t\t<\/a>\n\t\t\t\t<\/div>\n\t\t\t<\/footer><!-- .entry-footer -->\n\t\t<\/div>\n\t<\/div>\n<\/article><!-- #post-1229 -->\n<\/div><div class=\"col-md-6\">\n<article id=\"post-1187\" class=\"bg-white mb-4 has-shadow post-1187 post type-post status-publish format-standard has-post-thumbnail hentry category-allgemein category-newswahlen\">\n\t<div class=\"\">\n\t\t\t\t\t<div class=\"\">\n\t\t\t\t<a href=\"https:\/\/www.gruene-mkk.de\/fr\/hessen-in-besten-haenden\/\" aria-label=\"Post-thumbnail\" rel=\"bookmark\">\n\t\t\t\t\t\t\t\t<img loading=\"lazy\" decoding=\"async\" width=\"768\" height=\"576\" src=\"https:\/\/www.gruene-mkk.de\/wp-content\/uploads\/2022\/06\/20220611_LMV-768x576.jpg\" class=\"post-thumbnail wp-post-image\" alt=\"La Hesse entre de bonnes mains\" \/>\n\n\t\t\t\t\t\t\t<\/a>\n\t\t\t<\/div>\n\t\t\t\t\t<div class=\"p-45\">\n\t\t\t<header class=\"entry-header mb-2\">\n\t\t\t\t\t\t\t\t<h2 class=\"card-title h4 mb-3\"><a href=\"https:\/\/www.gruene-mkk.de\/fr\/hessen-in-besten-haenden\/\" rel=\"bookmark\">La Hesse entre de bonnes mains<\/a><\/h2>\t\t\t\t\t<div class=\"entry-meta mb-3\">\n\t\t\t\t\t\t<span class=\"posted-on\"><time class=\"entry-date published\" datetime=\"2022-06-14T10:10:00+02:00\">14 juin 2022<\/time><time class=\"updated\" datetime=\"2022-06-24T10:13:11+02:00\">24 juin 2022<\/time><\/span>\t\t\t\t\t<\/div><!-- .entry-meta -->\n\t\t\t\t\t\t\t\t<\/header><!-- .entry-header -->\n\n\t\t\t<div class=\"entry-content\">\n\t\t\t\t<a href=\"https:\/\/www.gruene-mkk.de\/fr\/hessen-in-besten-haenden\/\" rel=\"bookmark\">\n\t\t\t\t<p>Avec cette promesse, notre association nationale a c\u00e9l\u00e9br\u00e9 aujourd\u2019hui le coup d\u2019envoi des \u00e9lections r\u00e9gionales de 2023. Notre pr\u00e9sident f\u00e9d\u00e9ral Omid Nouripur , qui a clairement d\u00e9clar\u00e9 avec la Hesse [...]<\/p>\n\t\t\t\t<\/a>\n\t\t\t<\/div><!-- .entry-content -->\n\n\t\t\t<footer class=\"entry-footer\">\n\t\t\t\t\t\t\t<div class=\"d-flex mt-2 mb-2\">\n\t\t\t\t\t\t\t\t<div>\n\t\t<span class=\"cat-links small\"><a href=\"https:\/\/www.gruene-mkk.de\/fr\/category\/allgemein\/\" rel=\"category tag\">G\u00e9n\u00e9ralit\u00e9s<\/a>, <a href=\"https:\/\/www.gruene-mkk.de\/fr\/category\/newswahlen\/\" rel=\"category tag\">\u00e9lections<\/a><\/span>\n\t\t\t\t<\/div>\n\t\t\t<\/div>\n\t\t\n\t\t\t\t<div class=\"d-flex flex-row-reverse\">\n\t\t\t\t\t<a href=\"https:\/\/www.gruene-mkk.de\/fr\/hessen-in-besten-haenden\/\" rel=\"bookmark\" class=\"continue-reading\">\n\t\t\t\t\tContinue reading\t\t\t\t<\/a>\n\t\t\t\t<\/div>\n\t\t\t<\/footer><!-- .entry-footer -->\n\t\t<\/div>\n\t<\/div>\n<\/article><!-- #post-1187 -->\n<\/div><div class=\"col-md-6\">\n<article id=\"post-216\" class=\"bg-white mb-4 has-shadow post-216 post type-post status-publish format-standard has-post-thumbnail hentry category-allgemein category-newswahlen\">\n\t<div class=\"\">\n\t\t\t\t\t<div class=\"\">\n\t\t\t\t<a href=\"https:\/\/www.gruene-mkk.de\/fr\/holz-als-umweltfreundliche-alternative-zu-anderen-baumaterialien\/\" aria-label=\"Post-thumbnail\" rel=\"bookmark\">\n\t\t\t\t\t\t\t\t<img loading=\"lazy\" decoding=\"async\" width=\"429\" height=\"438\" src=\"https:\/\/www.gruene-mkk.de\/wp-content\/uploads\/2021\/11\/20210921_Knut_ZimmereiChrist.jpg\" class=\"post-thumbnail wp-post-image\" alt=\"Le bois comme alternative \u00e9cologique aux autres mat\u00e9riaux de construction\" \/>\n\n\t\t\t\t\t\t\t<\/a>\n\t\t\t<\/div>\n\t\t\t\t\t<div class=\"p-45\">\n\t\t\t<header class=\"entry-header mb-2\">\n\t\t\t\t\t\t\t\t<h2 class=\"card-title h4 mb-3\"><a href=\"https:\/\/www.gruene-mkk.de\/fr\/holz-als-umweltfreundliche-alternative-zu-anderen-baumaterialien\/\" rel=\"bookmark\">Le bois comme alternative \u00e9cologique aux autres mat\u00e9riaux de construction<\/a><\/h2>\t\t\t\t\t<div class=\"entry-meta mb-3\">\n\t\t\t\t\t\t<span class=\"posted-on\"><time class=\"entry-date published\" datetime=\"2021-09-21T17:03:00+02:00\">21 septembre 2021<\/time><time class=\"updated\" datetime=\"2021-11-12T17:04:37+01:00\">12 novembre 2021<\/time><\/span>\t\t\t\t\t<\/div><!-- .entry-meta -->\n\t\t\t\t\t\t\t\t<\/header><!-- .entry-header -->\n\n\t\t\t<div class=\"entry-content\">\n\t\t\t\t<a href=\"https:\/\/www.gruene-mkk.de\/fr\/holz-als-umweltfreundliche-alternative-zu-anderen-baumaterialien\/\" rel=\"bookmark\">\n\t\t\t\t<p>Visite de Knut Kiesel, candidat des Verts au Bundestag, \u00e0 la charpenterie Christ \u00e0 Jossgrund<\/p>\n\t\t\t\t<\/a>\n\t\t\t<\/div><!-- .entry-content -->\n\n\t\t\t<footer class=\"entry-footer\">\n\t\t\t\t\t\t\t<div class=\"d-flex mt-2 mb-2\">\n\t\t\t\t\t\t\t\t<div>\n\t\t<span class=\"cat-links small\"><a href=\"https:\/\/www.gruene-mkk.de\/fr\/category\/allgemein\/\" rel=\"category tag\">G\u00e9n\u00e9ralit\u00e9s<\/a>, <a href=\"https:\/\/www.gruene-mkk.de\/fr\/category\/newswahlen\/\" rel=\"category tag\">\u00e9lections<\/a><\/span>\n\t\t\t\t<\/div>\n\t\t\t<\/div>\n\t\t\n\t\t\t\t<div class=\"d-flex flex-row-reverse\">\n\t\t\t\t\t<a href=\"https:\/\/www.gruene-mkk.de\/fr\/holz-als-umweltfreundliche-alternative-zu-anderen-baumaterialien\/\" rel=\"bookmark\" class=\"continue-reading\">\n\t\t\t\t\tContinue reading\t\t\t\t<\/a>\n\t\t\t\t<\/div>\n\t\t\t<\/footer><!-- .entry-footer -->\n\t\t<\/div>\n\t<\/div>\n<\/article><!-- #post-216 -->\n<\/div>\n    <a class=\"text-white no-link d-block bg-primary has-green-550-hover-background-color border-radius\" href=\"https:\/\/www.gruene-mkk.de\/fr?post_type=post\" rel=\"\">\n        <div class=\"p-45 row\">\n        <span class=\"continue-reading text-white text-center pt-0\">Acc\u00e9der \u00e0 l'archive du blog<\/span>\n        <\/div>\n    <\/a>\n<\/div><\/div><\/div>\n\n\n<p><\/p>","protected":false},"excerpt":{"rendered":"<p>\u00c9lections r\u00e9gionales de 2023 Tout savoir sur l'\u00e9tablissement des listes, les candidats directeurs et suppl\u00e9ants et la campagne \u00e9lectorale.lire la suite \u00c9lections f\u00e9d\u00e9rales de 2021 Nos candidats directs, communiqu\u00e9s de presse, dates et programme \u00e9lectoral. \u00c9lections municipales 2021 Nos candidats pour le conseil municipal [...]<\/p>","protected":false},"author":2,"featured_media":0,"parent":0,"menu_order":0,"comment_status":"closed","ping_status":"closed","template":"","meta":{"footnotes":""},"class_list":["post-355","page","type-page","status-publish","hentry"],"_links":{"self":[{"href":"https:\/\/www.gruene-mkk.de\/fr\/wp-json\/wp\/v2\/pages\/355","targetHints":{"allow":["GET"]}}],"collection":[{"href":"https:\/\/www.gruene-mkk.de\/fr\/wp-json\/wp\/v2\/pages"}],"about":[{"href":"https:\/\/www.gruene-mkk.de\/fr\/wp-json\/wp\/v2\/types\/page"}],"author":[{"embeddable":true,"href":"https:\/\/www.gruene-mkk.de\/fr\/wp-json\/wp\/v2\/users\/2"}],"replies":[{"embeddable":true,"href":"https:\/\/www.gruene-mkk.de\/fr\/wp-json\/wp\/v2\/comments?post=355"}],"version-history":[{"count":16,"href":"https:\/\/www.gruene-mkk.de\/fr\/wp-json\/wp\/v2\/pages\/355\/revisions"}],"predecessor-version":[{"id":1544,"href":"https:\/\/www.gruene-mkk.de\/fr\/wp-json\/wp\/v2\/pages\/355\/revisions\/1544"}],"wp:attachment":[{"href":"https:\/\/www.gruene-mkk.de\/fr\/wp-json\/wp\/v2\/media?parent=355"}],"curies":[{"name":"wp","href":"https:\/\/api.w.org\/{rel}","templated":true}]}}