{"id":3,"date":"2018-09-03T09:05:24","date_gmt":"2018-09-03T07:05:24","guid":{"rendered":"\/?page_id=3"},"modified":"2025-12-04T00:57:27","modified_gmt":"2025-12-03T23:57:27","slug":"datenschutzerklaerung","status":"publish","type":"page","link":"https:\/\/www.gruene-mkk.de\/fr\/datenschutzerklaerung\/","title":{"rendered":"Politique de confidentialit\u00e9 et mentions l\u00e9gales"},"content":{"rendered":"<p><strong>Alliance 90\/Les Verts Main-Kinzig<br><\/strong>Secr\u00e9tariat<br>Route de Calvin 10<br>63450 Hanau<\/p>\n\n\n\n<p>Courriel:&nbsp;<a href=\"#\" data-unscramble=\"ed.kkm-eneurg@vk\">kv@gruene-mkk.de<\/a><\/p>\n\n\n\n<p>Repr\u00e9sent\u00e9 par le conseil d'administration<\/p>\n\n\n\n<p>Anja Zeller, Beate Boege-Sonnek, Philip Schinkel, Steve Euler, Christine Dr\u00f6\u00dfler-Utecht, Matthias Kuponiyi-B\u00f6ff <\/p>\n\n\n\n<p><strong>Responsable au sens de l'article 5 de la loi sur les t\u00e9l\u00e9m\u00e9dias (TMD):<br><\/strong>Mareike J\u00e4ger &amp; Melanie Bosold | Directeur g\u00e9n\u00e9ral<br>Route de Calvin 10<br>63450 Hanau<\/p>\n\n\n\n<p><strong>Num\u00e9ro de TVA:<\/strong>&nbsp;<\/p>\n\n\n\n<p><strong>R\u00e9daction :<\/strong><br>Mareike J\u00e4ger &amp; Melanie Bosold<br>Courriel:&nbsp;<a href=\"#\" data-unscramble=\"ed.kkm-eneurg@vk\">kv@gruene-mkk.de<\/a><\/p>\n\n\n\n<p><\/p>\n\n\n\n<p>Nous savons que vous accordez une grande importance \u00e0 la protection des donn\u00e9es. C'est pourquoi nous accordons une grande importance \u00e0 la protection de vos donn\u00e9es personnelles.<\/p>\n\n\n\n<p><b>Donn\u00e9es personnelles et formulaire de contact<br>\n<\/b>Les donn\u00e9es personnelles que vous nous transmettez par voie \u00e9lectronique, telles que votre nom, votre adresse postale, votre adresse e-mail ou d'autres donn\u00e9es personnelles, ne sont utilis\u00e9es par nous qu'aux fins indiqu\u00e9es, sont conserv\u00e9es en toute s\u00e9curit\u00e9 et ne sont pas transmises \u00e0 des tiers. Nous ne vous enverrons des informations que si vous vous \u00eates inscrit \u00e0 ces services.<\/p>\n\n\n\n<p><b>Droit de r\u00e9tractation<br>\n<\/b>Vous avez le droit de vous r\u00e9tracter \u00e0 tout moment; Veuillez envoyer un e-mail \u00e0&nbsp;<a class=\"mail\" title=\"Opens window for sending email\">gcms(at)newthinking.de<\/a>. Vos donn\u00e9es seront alors imm\u00e9diatement effac\u00e9es.<\/p>\n\n\n\n<p><b>Liens vers d'autres sites<br>\n<\/b>Vous trouverez sur nos pages des liens vers d'autres sites sur Internet. Pour tous ces liens et banni\u00e8res, nous n'avons aucune influence sur la conception et le contenu des pages li\u00e9es. C'est pourquoi nous n'assumons aucune responsabilit\u00e9 pour le contenu, la conception et les dispositions de protection des donn\u00e9es de ces pages.<\/p>\n\n\n\n<p><b>Utilisation des cookies<br>\n<\/b>Il existe une technique appel\u00e9e \u00abcookies\u00bb qui permet d\u2019adapter les informations provenant d\u2019un site web \u00e0 vos besoins. Un cookie est un \u00e9l\u00e9ment de donn\u00e9es qu'un site Web peut envoyer \u00e0 votre navigateur pour le stocker sur votre syst\u00e8me.<\/p>\n\n\n\n<p>De temps en temps, nous utilisons \u00e9galement des cookies temporaires afin que nous puissions vous aider plus efficacement lorsque vous revenez sur un tel site Web. Cependant, vous avez la possibilit\u00e9 de configurer votre navigateur pour qu'il vous informe lorsque vous recevez un cookie. Ensuite, vous pouvez d\u00e9cider vous-m\u00eame si vous l'acceptez ou non.<\/p>\n\n\n\n<p><i>Firefox (Windows):<\/i>&nbsp;\u2192Outils \u2192Param\u00e8tres \u2192Confidentialit\u00e9 \u2192Cr\u00e9er une chronologie en fonction des param\u00e8tres personnalis\u00e9s<br>\n<i>Firefox (Linux):<\/i>&nbsp;\u2192Modifier \u2192Param\u00e8tres \u2192Confidentialit\u00e9 \u2192Cr\u00e9er une chronologie en fonction des param\u00e8tres personnalis\u00e9s<br>\n<i>Internet Explorer:&nbsp;<\/i>\u2192Outils \u2192Options Internet \u2192Confidentialit\u00e9 \u2192Avanc\u00e9<\/p>\n\n\n\n<p><b>Piwik<\/b><b><br>\n<\/b>Ce site web utilise le service d\u2019analyse web open source Piwik, qui utilise des \u00abcookies\u00bb. Les informations g\u00e9n\u00e9r\u00e9es par le cookie concernant l'utilisation du site Web sont stock\u00e9es sur notre serveur. L'adresse IP est anonymis\u00e9e avant le stockage.<\/p>\n\n\n\n<p>L'enregistrement des cookies peut \u00eatre bloqu\u00e9 via les param\u00e8tres de votre logiciel de navigation; Cependant, il est possible que toutes les fonctions de ce site ne puissent plus \u00eatre utilis\u00e9es.<\/p>\n\n\n\n<p><b>Utilisation de boutons de m\u00e9dias sociaux avec protection des donn\u00e9es (Shariff) pour Facebook, Twitter, Google+<\/b><br>\nNous utilisons des boutons de m\u00e9dias sociaux pour partager du contenu sur Facebook, Twitter et Google+. Ces boutons apparaissent sous les articles et peuvent \u00eatre utilis\u00e9s pour recommander des articles individuels sur les m\u00e9dias sociaux.\u00a0Les boutons sont \u00e9galement utilis\u00e9s pour activer l\u2019affichage des flux Facebook et Twitter et sont marqu\u00e9s \u00abConnecter \u00e0 Facebook\u00bb et \u00abConnecter \u00e0 Twitter\u00bb.\u00a0D\u00e8s que ces boutons sont activ\u00e9s, une connexion est \u00e9tablie avec les serveurs de Facebook, Twitter ou Google+ et les donn\u00e9es des utilisateurs sont transmises aux serveurs externes.<\/p>\n\n\n\n<p>Plus d'informations sur&nbsp;<a href=\"http:\/\/www.heise.de\/ct\/artikel\/Shariff-Social-Media-Buttons-mit-Datenschutz-2467514.html\" target=\"_blank\" rel=\"noopener\">Initiative de heise.de en faveur d\u2019une m\u00e9thode en 2 clics appel\u00e9e \u00abShariff\u00bb<\/a><\/p>\n\n\n\n<p><a href=\"http:\/\/www.alles-bleibt-anders.org\/wp-content\/uploads\/2021\/11\/Datenschutzerklaerung_Social-Media.pdf\">Ici<\/a> Consultez la politique de confidentialit\u00e9 de notre page Facebook.<\/p>\n\n\n\n<p><b>Int\u00e9gration de Google Maps<\/b><br>\nCe site utilise Google Maps API pour afficher visuellement des informations g\u00e9ographiques.\u00a0Google collecte \u00e9galement des donn\u00e9es sur les visiteurs du site Web, qui sont ensuite trait\u00e9es et utilis\u00e9es. De plus amples informations sur le traitement des donn\u00e9es sont d\u00e9crites dans la politique de confidentialit\u00e9 de Google:&nbsp;<a href=\"https:\/\/www.google.com\/intl\/de\/policies\/privacy\/\" target=\"_blank\" rel=\"noopener\">www.google.com\/intl\/de\/policies\/privacy\/<\/a>.\u00a0Dans le Centre de confidentialit\u00e9 de Google, les param\u00e8tres personnels peuvent \u00eatre modifi\u00e9s et ajust\u00e9s.<\/p>\n\n\n\n<p>Des instructions suppl\u00e9mentaires sur la gestion des donn\u00e9es personnelles lors de l'utilisation des produits Google sont disponibles sur le site Web exploit\u00e9 par Google.&nbsp;<a href=\"http:\/\/www.dataliberation.org\/\" target=\"_blank\" rel=\"noopener\">http:\/\/www.dataliberation.org\/<\/a><\/p>\n\n\n\n<p><b>Vid\u00e9os YouTube int\u00e9gr\u00e9es<\/b><br>\nCe site utilise des vid\u00e9os YouTube int\u00e9gr\u00e9es.\u00a0Ainsi, des cookies sont d\u00e9pos\u00e9s sur le syst\u00e8me des utilisateurs d\u00e8s qu'ils acc\u00e8dent au site Web.\u00a0Pour \u00e9viter cela, vous devez le bloquer dans les param\u00e8tres du navigateur.<br>\nVous trouverez de plus amples informations sur le traitement des donn\u00e9es et des informations sur la protection des donn\u00e9es par YouTube (Google) \u00e0 l'adresse suivante:&nbsp;<a href=\"http:\/\/www.google.de\/intl\/de\/policies\/privacy\/\" target=\"_blank\" rel=\"noopener\">www.google.de\/intl\/de\/policies\/privacy\/<\/a>.<\/p>\n\n\n\n<p><b>Vid\u00e9os Vimeo int\u00e9gr\u00e9es<br>\n<\/b>Ce site utilise des vid\u00e9os Vimeo int\u00e9gr\u00e9es.\u00a0Ainsi, des cookies sont d\u00e9pos\u00e9s sur le syst\u00e8me des utilisateurs d\u00e8s qu'ils acc\u00e8dent \u00e0 la page.\u00a0Pour \u00e9viter cela, vous devez le bloquer dans les param\u00e8tres du navigateur.<br>\nVous trouverez de plus amples informations sur le traitement des donn\u00e9es et des informations sur la protection des donn\u00e9es par Vimeo \u00e0 l'adresse suivante:&nbsp;<a href=\"https:\/\/vimeo.com\/privacy\" target=\"_blank\" rel=\"noopener\">https:\/\/vimeo.com\/privacy<\/a>.<\/p>","protected":false},"excerpt":{"rendered":"<p>FONDATION 90\/LES VERTS Main-KinzigSi\u00e8ge socialCalvinstra\u00dfe 1063450 Hanau E-mail:\u00a0kv@gruene-mkk.de Repr\u00e9sent\u00e9 par le bureau du district Anja Zeller, Beate Boege-Sonnek, Philip Schinkel, Steve Euler, Christine Dr\u00f6\u00dfler-Utecht, Matthias Kuponiyi-B\u00f6ff Responsable au sens de l'article 5 de la loi sur les t\u00e9l\u00e9m\u00e9dias (TMD):Mareike [...]<\/p>","protected":false},"author":1,"featured_media":0,"parent":0,"menu_order":0,"comment_status":"closed","ping_status":"open","template":"","meta":{"footnotes":""},"class_list":["post-3","page","type-page","status-publish","hentry"],"_links":{"self":[{"href":"https:\/\/www.gruene-mkk.de\/fr\/wp-json\/wp\/v2\/pages\/3","targetHints":{"allow":["GET"]}}],"collection":[{"href":"https:\/\/www.gruene-mkk.de\/fr\/wp-json\/wp\/v2\/pages"}],"about":[{"href":"https:\/\/www.gruene-mkk.de\/fr\/wp-json\/wp\/v2\/types\/page"}],"author":[{"embeddable":true,"href":"https:\/\/www.gruene-mkk.de\/fr\/wp-json\/wp\/v2\/users\/1"}],"replies":[{"embeddable":true,"href":"https:\/\/www.gruene-mkk.de\/fr\/wp-json\/wp\/v2\/comments?post=3"}],"version-history":[{"count":8,"href":"https:\/\/www.gruene-mkk.de\/fr\/wp-json\/wp\/v2\/pages\/3\/revisions"}],"predecessor-version":[{"id":3041,"href":"https:\/\/www.gruene-mkk.de\/fr\/wp-json\/wp\/v2\/pages\/3\/revisions\/3041"}],"wp:attachment":[{"href":"https:\/\/www.gruene-mkk.de\/fr\/wp-json\/wp\/v2\/media?parent=3"}],"curies":[{"name":"wp","href":"https:\/\/api.w.org\/{rel}","templated":true}]}}