{"id":1103,"date":"2022-06-15T14:35:27","date_gmt":"2022-06-15T12:35:27","guid":{"rendered":"https:\/\/www.gruene-mkk.de\/?page_id=1103"},"modified":"2023-08-11T18:19:50","modified_gmt":"2023-08-11T16:19:50","slug":"landtagswahl-2023","status":"publish","type":"page","link":"https:\/\/www.gruene-mkk.de\/fr\/wahlen\/landtagswahl-2023\/","title":{"rendered":"\u00c9lections r\u00e9gionales de 2023"},"content":{"rendered":"<p><\/p>\n\n\n\n<h2 class=\"wp-block-heading\">\u00c0 pr\u00e9sent, c\u2019est le cas!<\/h2>\n\n\n\n<p>En 2023, un nouveau Landtag est \u00e9lu et les Verts de Hesse pr\u00e9parent le trilogue pour la Chancellerie d\u2019\u00c9tat. <\/p>\n\n\n\n<p>Nous, les Verts Main-Kinzig, voulons soutenir cet objectif avec des candidats forts et veiller \u00e0 ce que le cercle soit \u00e0 nouveau repr\u00e9sent\u00e9 par un d\u00e9put\u00e9 du cercle Main-Kinzig au parlement du Land. <\/p>\n\n\n\n<div class=\"wp-block-group has-text-color has-background is-layout-flow wp-block-group-is-layout-flow\" style=\"color:#ffffff;background-color:#163c29\">\n<p><\/p>\n\n\n\n<p><\/p>\n\n\n\n<h2 class=\"wp-block-heading has-text-align-center h1 has-white-color has-text-color\"><a href=\"#\" data-unscramble=\"ed.kkm-eneurg@vk\">Inscrivez-vous d\u00e8s maintenant pour notre \u00e9quipe de campagne!<\/a><\/h2>\n\n\n\n<p class=\"has-text-align-center has-white-color has-text-color\"><\/p>\n\n\n\n<div class=\"wp-block-buttons is-horizontal is-content-justification-center is-layout-flex wp-container-core-buttons-is-layout-499968f5 wp-block-buttons-is-layout-flex\"><\/div>\n<\/div>\n\n\n\n<p><\/p>\n\n\n\n<h3 class=\"wp-block-heading\">Nos candidats<\/h3>\n\n\n\n<div class=\"wp-block-columns is-layout-flex wp-container-core-columns-is-layout-9d6595d7 wp-block-columns-is-layout-flex\">\n<div class=\"wp-block-column is-layout-flow wp-block-column-is-layout-flow\">\n<div class=\"wp-block-media-text alignwide is-stacked-on-mobile person has-shadow\"><figure class=\"wp-block-media-text__media\"><img loading=\"lazy\" decoding=\"async\" width=\"800\" height=\"1200\" src=\"https:\/\/www.gruene-mkk.de\/wp-content\/uploads\/2022\/09\/WK-40_Kandidatin_Anja-Zeller-800x1200.jpg\" alt=\"\" class=\"wp-image-1336 size-full\" srcset=\"https:\/\/www.gruene-mkk.de\/wp-content\/uploads\/2022\/09\/WK-40_Kandidatin_Anja-Zeller-800x1200.jpg 800w, https:\/\/www.gruene-mkk.de\/wp-content\/uploads\/2022\/09\/WK-40_Kandidatin_Anja-Zeller-400x600.jpg 400w, https:\/\/www.gruene-mkk.de\/wp-content\/uploads\/2022\/09\/WK-40_Kandidatin_Anja-Zeller-768x1152.jpg 768w, https:\/\/www.gruene-mkk.de\/wp-content\/uploads\/2022\/09\/WK-40_Kandidatin_Anja-Zeller-1024x1536.jpg 1024w, https:\/\/www.gruene-mkk.de\/wp-content\/uploads\/2022\/09\/WK-40_Kandidatin_Anja-Zeller-1365x2048.jpg 1365w, https:\/\/www.gruene-mkk.de\/wp-content\/uploads\/2022\/09\/WK-40_Kandidatin_Anja-Zeller-scaled.jpg 1707w\" sizes=\"auto, (max-width: 800px) 100vw, 800px\" \/><\/figure><div class=\"wp-block-media-text__content\">\n<p class=\"person-name\">Anja Zeller<\/p>\n\n\n\n<p>de Hanau<\/p>\n\n\n\n<p class=\"person-description\">Candidate directe pour la circonscription 40 Main-Kinzig I<\/p>\n\n\n\n<p><\/p>\n\n\n\n<p><\/p>\n\n\n\n<p class=\"person-mail no-link\"><a href=\"#\" data-unscramble=\"ed.kkm-eneurg@rellez.ajna\">anja.zeller@gruene-mkk.de<\/a><\/p>\n\n\n\n<div class=\"wp-block-group d-flex p-0 is-layout-flow wp-block-group-is-layout-flow\">\n<div class=\"wp-block-sunflower-meta-data\"><a href=\"https:\/\/twitter.com\/Anjata\" target=\"_blank\" rel=\"noopener\"><i class=\"fab fa-twitter\"><\/i><\/a><\/div>\n\n\n\n<div class=\"wp-block-sunflower-meta-data\"><a href=\"https:\/\/www.facebook.com\/AnjaZeller.DieGruenen\" target=\"_blank\" rel=\"noopener\"><i class=\"fab fa-facebook-f\"><\/i><\/a><\/div>\n\n\n\n<div class=\"wp-block-sunflower-meta-data\"><a href=\"\/\/www.instagram.com\/anjazeller_gruenemkk\/?igshid=MmIzYWVlNDQ5Yg%3D%3D\" target=\"_blank\" rel=\"noopener\"><i class=\"fab fa-instagram\"><\/i><\/a><\/div>\n\n\n\n<div class=\"wp-block-sunflower-meta-data\"><a href=\"#\" target=\"_blank\" rel=\"noopener\"><i class=\"fas fa-globe\"><\/i><\/a><\/div>\n<\/div>\n\n\n\n<hr class=\"wp-block-separator has-alpha-channel-opacity\"\/>\n\n\n\n<div class=\"wp-block-sunflower-accordion\"><div class=\"accordion-item\"><h4 class=\"accordion-header\"><button class=\"accordion-button collapsed\" type=\"button\" data-bs-toggle=\"collapse\" data-bs-target=\".sacc1dfe5153-a9f0-45e7-8bc4-b597a3fbca71\" aria-expanded=\"false\" aria-controls=\".sacc1dfe5153-a9f0-45e7-8bc4-b597a3fbca71\">Plus d'informations sur Anja Zeller<\/button><\/h4><div class=\"accordion-collapse collapse sacc1dfe5153-a9f0-45e7-8bc4-b597a3fbca71\" aria-labelledby=\".sacc1dfe5153-a9f0-45e7-8bc4-b597a3fbca71\"><div class=\"accordion-body\"><p class=\"sunflower-accordion\">Je m'appelle Anja Zeller et, en tant que candidate au Landtag, je me soucie de la mobilit\u00e9 durable, du tourisme de proximit\u00e9 et des villes et communes agr\u00e9ables \u00e0 vivre. Pour la circonscription 40 <br\/>Je m'occupe de la protection du paysage et de la nature, du bien-\u00eatre animal et des soins m\u00e9dicaux, ainsi que de la vision de produire nos aliments selon le principe du kilom\u00e8tre z\u00e9ro ou d'acheter \u00e0 partir de cha\u00eenes d'approvisionnement \u00e9quitables. Et oui, la num\u00e9risation est importante. Mais nous ne voulons pas de centres de donn\u00e9es sur les terres agricoles!<br\/>\u00a0<br\/>Qu'est-ce que j'apporte avec moi: Une exp\u00e9rience politique abondante, de bonnes connaissances administratives et le d\u00e9sir et la passion du changement pour le bien!<\/p><\/div><\/div><\/div><\/div>\n<\/div><\/div>\n<\/div>\n\n\n\n<div class=\"wp-block-column is-layout-flow wp-block-column-is-layout-flow\">\n<div class=\"wp-block-media-text alignwide is-stacked-on-mobile person has-shadow\"><figure class=\"wp-block-media-text__media\"><img loading=\"lazy\" decoding=\"async\" width=\"800\" height=\"1200\" src=\"https:\/\/www.gruene-mkk.de\/wp-content\/uploads\/2022\/09\/IMG_5228-2-800x1200.jpg\" alt=\"\" class=\"wp-image-1345 size-full\" srcset=\"https:\/\/www.gruene-mkk.de\/wp-content\/uploads\/2022\/09\/IMG_5228-2-800x1200.jpg 800w, https:\/\/www.gruene-mkk.de\/wp-content\/uploads\/2022\/09\/IMG_5228-2-400x600.jpg 400w, https:\/\/www.gruene-mkk.de\/wp-content\/uploads\/2022\/09\/IMG_5228-2-768x1152.jpg 768w, https:\/\/www.gruene-mkk.de\/wp-content\/uploads\/2022\/09\/IMG_5228-2-1024x1536.jpg 1024w, https:\/\/www.gruene-mkk.de\/wp-content\/uploads\/2022\/09\/IMG_5228-2-1365x2048.jpg 1365w, https:\/\/www.gruene-mkk.de\/wp-content\/uploads\/2022\/09\/IMG_5228-2-scaled.jpg 1707w\" sizes=\"auto, (max-width: 800px) 100vw, 800px\" \/><\/figure><div class=\"wp-block-media-text__content\">\n<p class=\"person-name\">Robert Erkan<\/p>\n\n\n\n<p>de Hanau<\/p>\n\n\n\n<p class=\"person-description\">Candidat direct pour la circonscription 41 Main-Kinzig II<\/p>\n\n\n\n<p class=\"no-link\"><a href=\"#\" data-unscramble=\"ed.uanah-eneurg@nakre\">erkan@gruene-hanau.de<\/a><\/p>\n\n\n\n<div class=\"wp-block-group d-flex p-0 is-layout-flow wp-block-group-is-layout-flow\">\n<div class=\"wp-block-sunflower-meta-data\"><a href=\"#\" target=\"_blank\" rel=\"noopener\"><i class=\"fab fa-twitter\"><\/i><\/a><\/div>\n\n\n\n<div class=\"wp-block-sunflower-meta-data\"><a href=\"\/\/www.facebook.com\/robert.erkan\" target=\"_blank\" rel=\"noopener\"><i class=\"fab fa-facebook-f\"><\/i><\/a><\/div>\n\n\n\n<div class=\"wp-block-sunflower-meta-data\"><a href=\"https:\/\/www.instagram.com\/roberterkan_mkk\/?igshid=MjEwN2IyYWYwYw%3D%3D\" target=\"_blank\" rel=\"noopener\"><i class=\"fab fa-instagram\"><\/i><\/a><\/div>\n\n\n\n<div class=\"wp-block-sunflower-meta-data\"><a href=\"#\" target=\"_blank\" rel=\"noopener\"><i class=\"fas fa-globe\"><\/i><\/a><\/div>\n<\/div>\n\n\n\n<hr class=\"wp-block-separator has-alpha-channel-opacity\"\/>\n\n\n\n<div class=\"wp-block-sunflower-accordion\"><div class=\"accordion-item\"><h4 class=\"accordion-header\"><button class=\"accordion-button collapsed\" type=\"button\" data-bs-toggle=\"collapse\" data-bs-target=\".sacc96167679-a486-4f27-b582-58113058bad3\" aria-expanded=\"false\" aria-controls=\".sacc96167679-a486-4f27-b582-58113058bad3\">Plus d'informations sur Robert Erkan<\/button><\/h4><div class=\"accordion-collapse collapse sacc96167679-a486-4f27-b582-58113058bad3\" aria-labelledby=\".sacc96167679-a486-4f27-b582-58113058bad3\"><div class=\"accordion-body\"><p class=\"sunflower-accordion\">Je m'appelle Robert Erkan.<br\/><br\/>et je suis le candidat direct de l'Alliance 90 Die\/Gr\u00fcnen pour la circonscription 41 (Gro\u00dfkrotzenburg, Hanau, Maintal, Niederdorfelden).<br\/><br\/>Je suis engag\u00e9 dans la politique communale depuis 12 ans, qu'il s'agisse d'un conseil consultatif pour les \u00e9trangers ou d'un conseiller municipal \u00e0 Hanau. Depuis les \u00e9lections municipales de 2021, je fais partie du groupe des Verts \u00e0 Hanau.<br\/><br\/>Mes th\u00e8mes sont la diversit\u00e9 &amp; l'int\u00e9gration, la sant\u00e9 &amp; la pr\u00e9vention, mais aussi les questions sociales et contre le racisme et la discrimination. Hanau est devenue une grande ville et le MKK le plus grand cercle en Hesse, il faut une meilleure perception \u00e0 Wiesbaden pour les sujets locaux.<br\/><br\/>Tous les points qui m\u2019ont pouss\u00e9 \u00e0 devenir une voix au niveau du Land et au parlement du Land de Hesse, selon la devise \u00abde Hanau pour la Hesse\u00bb.<br\/><br\/><strong>\u00c0 propos de moi:<\/strong><br\/>J'habite depuis de nombreuses d\u00e9cennies \u00e0 Hanau, mon pays d'adoption, j'aime faire du v\u00e9lo et laisser la voiture dans la mesure du possible.\u00a0Je suis Frankfurter Bub, fan de l'Eintracht, socialis\u00e9 en Hesse, parents de Zagreb et d'Istanbul, deux enfants adultes, m\u00e9diateur ind\u00e9pendant, ancien repr\u00e9sentant des victimes 19.02, honor\u00e9 du prix Walter-L\u00fcbcke-D\u00e9mocratie.<\/p><\/div><\/div><\/div><\/div>\n<\/div><\/div>\n<\/div>\n\n\n\n<div class=\"wp-block-column is-layout-flow wp-block-column-is-layout-flow\">\n<div class=\"wp-block-media-text alignwide is-stacked-on-mobile person has-shadow\"><figure class=\"wp-block-media-text__media\"><img loading=\"lazy\" decoding=\"async\" width=\"800\" height=\"1200\" src=\"https:\/\/www.gruene-mkk.de\/wp-content\/uploads\/2022\/09\/WK-42_Kandidat_Guenther-Koch-800x1200.jpg\" alt=\"\" class=\"wp-image-1333 size-full\" srcset=\"https:\/\/www.gruene-mkk.de\/wp-content\/uploads\/2022\/09\/WK-42_Kandidat_Guenther-Koch-800x1200.jpg 800w, https:\/\/www.gruene-mkk.de\/wp-content\/uploads\/2022\/09\/WK-42_Kandidat_Guenther-Koch-400x600.jpg 400w, https:\/\/www.gruene-mkk.de\/wp-content\/uploads\/2022\/09\/WK-42_Kandidat_Guenther-Koch-768x1152.jpg 768w, https:\/\/www.gruene-mkk.de\/wp-content\/uploads\/2022\/09\/WK-42_Kandidat_Guenther-Koch-1024x1536.jpg 1024w, https:\/\/www.gruene-mkk.de\/wp-content\/uploads\/2022\/09\/WK-42_Kandidat_Guenther-Koch-1365x2048.jpg 1365w, https:\/\/www.gruene-mkk.de\/wp-content\/uploads\/2022\/09\/WK-42_Kandidat_Guenther-Koch-scaled.jpg 1707w\" sizes=\"auto, (max-width: 800px) 100vw, 800px\" \/><\/figure><div class=\"wp-block-media-text__content\">\n<p class=\"h4\">G\u00fcnther Koch<\/p>\n\n\n\n<p>de Schl\u00fcchtern<\/p>\n\n\n\n<p>Candidat direct pour la circonscription 42 Main-Kinzig III<\/p>\n\n\n\n<p class=\"no-link\"><a rel=\"noreferrer noopener\" href=\"#\" data-unscramble=\"moc.duolci@hcokeug\" target=\"_blank\">guekoch@icloud.com<\/a><\/p>\n\n\n\n<div class=\"wp-block-group d-flex p-0 is-layout-flow wp-block-group-is-layout-flow\">\n<div class=\"wp-block-sunflower-meta-data\"><a href=\"#\" target=\"_blank\" rel=\"noopener\"><i class=\"fab fa-twitter\"><\/i><\/a><\/div>\n\n\n\n<div class=\"wp-block-sunflower-meta-data\"><a href=\"https:\/\/www.facebook.com\/Guenther.Koch.Gruene\/\" target=\"_blank\" rel=\"noopener\"><i class=\"fab fa-facebook-f\"><\/i><\/a><\/div>\n\n\n\n<div class=\"wp-block-sunflower-meta-data\"><a href=\"https:\/\/www.instagram.com\/guenther_koch\/\" target=\"_blank\" rel=\"noopener\"><i class=\"fab fa-instagram\"><\/i><\/a><\/div>\n\n\n\n<div class=\"wp-block-sunflower-meta-data\"><a href=\"#\" target=\"_blank\" rel=\"noopener\"><i class=\"fas fa-globe\"><\/i><\/a><\/div>\n<\/div>\n\n\n\n<hr class=\"wp-block-separator has-alpha-channel-opacity\"\/>\n\n\n\n<div class=\"wp-block-sunflower-accordion\"><div class=\"accordion-item\"><h4 class=\"accordion-header\"><button class=\"accordion-button collapsed\" type=\"button\" data-bs-toggle=\"collapse\" data-bs-target=\".sacc7dfad914-48bc-4a6d-933a-51252dc1ea40\" aria-expanded=\"false\" aria-controls=\".sacc7dfad914-48bc-4a6d-933a-51252dc1ea40\">Plus d'informations sur G\u00fcnther Koch<\/button><\/h4><div class=\"accordion-collapse collapse sacc7dfad914-48bc-4a6d-933a-51252dc1ea40\" aria-labelledby=\".sacc7dfad914-48bc-4a6d-933a-51252dc1ea40\"><div class=\"accordion-body\"><p class=\"sunflower-accordion\">Je m'appelle G\u00fcnther Koch et j'\u00e9tais<br\/>Ancien porte-parole des Verts, je suis actuellement conseiller municipal<br\/>Faible et actif dans la communaut\u00e9 de travail nationale pour les enfants,<br\/>Jeunes et famille.<br\/>En tant que planificateur de l'aide \u00e0 la jeunesse dans le cercle et en tant que pr\u00e9sident du Comit\u00e9 social<br\/>Dans la ville de Schl\u00fcchtern, le domaine de l'enfance, de la jeunesse et de<br\/>La politique familiale \u00e0 c\u0153ur: C'est justement dans cette situation de m\u00eal\u00e9e qu'il nous faut<br\/>des offres fiables et adapt\u00e9es aux besoins des situations de crise actuelles; et<br\/>Prestations pour les enfants, les adolescents et les familles en Hesse. Pour ce faire:<br\/>Je m'engage au niveau national. En outre, il est important pour moi que<br\/>Les r\u00e9gions et les villes rurales se d\u00e9veloppent ensemble et ensemble<br\/>seront: Ce n'est qu'ainsi que nous pourrons relever les nombreux d\u00e9fis<br\/>Transports, questions sociales, environnementales et \u00e9conomiques<br\/>g\u00e9rer.<br\/><br\/><strong>\u00c0 propos de moi:<\/strong><br\/>J'aime marcher ou faire du v\u00e9lo de montagne dans l'angle de la montagne,<br\/>Spessart, Rh\u00f6n et Vogelsberg.<\/p><\/div><\/div><\/div><\/div>\n<\/div><\/div>\n<\/div>\n<\/div>\n\n\n\n<p>  <\/p>\n\n\n\n<div class=\"wp-block-columns is-layout-flex wp-container-core-columns-is-layout-9d6595d7 wp-block-columns-is-layout-flex\">\n<div class=\"wp-block-column is-layout-flow wp-block-column-is-layout-flow\">\n<div class=\"wp-block-media-text alignwide is-stacked-on-mobile person has-shadow\"><figure class=\"wp-block-media-text__media\"><img loading=\"lazy\" decoding=\"async\" width=\"800\" height=\"1033\" src=\"https:\/\/www.gruene-mkk.de\/wp-content\/uploads\/2022\/12\/Matthias-Dorka1-800x1033.jpg\" alt=\"\" class=\"wp-image-1506 size-full\" srcset=\"https:\/\/www.gruene-mkk.de\/wp-content\/uploads\/2022\/12\/Matthias-Dorka1-800x1033.jpg 800w, https:\/\/www.gruene-mkk.de\/wp-content\/uploads\/2022\/12\/Matthias-Dorka1-400x517.jpg 400w, https:\/\/www.gruene-mkk.de\/wp-content\/uploads\/2022\/12\/Matthias-Dorka1-768x992.jpg 768w, https:\/\/www.gruene-mkk.de\/wp-content\/uploads\/2022\/12\/Matthias-Dorka1-1189x1536.jpg 1189w, https:\/\/www.gruene-mkk.de\/wp-content\/uploads\/2022\/12\/Matthias-Dorka1-1586x2048.jpg 1586w, https:\/\/www.gruene-mkk.de\/wp-content\/uploads\/2022\/12\/Matthias-Dorka1-scaled.jpg 1982w\" sizes=\"auto, (max-width: 800px) 100vw, 800px\" \/><\/figure><div class=\"wp-block-media-text__content\">\n<p class=\"person-name\">Matthias Dorka<\/p>\n\n\n\n<p>de Brachttal<\/p>\n\n\n\n<p class=\"person-description\">Candidat de remplacement pour la circonscription 40 Main-Kinzig I<\/p>\n\n\n\n<p class=\"person-mail no-link\"><a href=\"#\" data-unscramble=\"ed.kkm-eneurg@akrod.saihttam\">matthias.dorka@gruene-mkk.de<\/a> <\/p>\n\n\n\n<div class=\"wp-block-group d-flex p-0 is-layout-flow wp-block-group-is-layout-flow\">\n<div class=\"wp-block-sunflower-meta-data\"><a href=\"#\" target=\"_blank\" rel=\"noopener\"><i class=\"fab fa-twitter\"><\/i><\/a><\/div>\n\n\n\n<div class=\"wp-block-sunflower-meta-data\"><a href=\"#\" target=\"_blank\" rel=\"noopener\"><i class=\"fab fa-facebook-f\"><\/i><\/a><\/div>\n\n\n\n<div class=\"wp-block-sunflower-meta-data\"><a href=\"#\" target=\"_blank\" rel=\"noopener\"><i class=\"fab fa-instagram\"><\/i><\/a><\/div>\n\n\n\n<div class=\"wp-block-sunflower-meta-data\"><a href=\"#\" data-unscramble=\"ed.kkm-eneurg@akrod.saihttam\" target=\"_blank\" rel=\"noopener\"><i class=\"fas fa-envelope\"><\/i><\/a><\/div>\n\n\n\n<div class=\"wp-block-sunflower-meta-data\"><a href=\"#\" target=\"_blank\" rel=\"noopener\"><i class=\"fas fa-globe\"><\/i><\/a><\/div>\n<\/div>\n<\/div><\/div>\n<\/div>\n\n\n\n<div class=\"wp-block-column is-layout-flow wp-block-column-is-layout-flow\">\n<div class=\"wp-block-media-text alignwide is-stacked-on-mobile person has-shadow\"><figure class=\"wp-block-media-text__media\"><img loading=\"lazy\" decoding=\"async\" width=\"800\" height=\"1200\" src=\"https:\/\/www.gruene-mkk.de\/wp-content\/uploads\/2022\/09\/WK-41_Ersatzk_Josefine-Lamss-800x1200.jpg\" alt=\"\" class=\"wp-image-1337 size-full\" srcset=\"https:\/\/www.gruene-mkk.de\/wp-content\/uploads\/2022\/09\/WK-41_Ersatzk_Josefine-Lamss-800x1200.jpg 800w, https:\/\/www.gruene-mkk.de\/wp-content\/uploads\/2022\/09\/WK-41_Ersatzk_Josefine-Lamss-400x600.jpg 400w, https:\/\/www.gruene-mkk.de\/wp-content\/uploads\/2022\/09\/WK-41_Ersatzk_Josefine-Lamss-768x1152.jpg 768w, https:\/\/www.gruene-mkk.de\/wp-content\/uploads\/2022\/09\/WK-41_Ersatzk_Josefine-Lamss-1024x1536.jpg 1024w, https:\/\/www.gruene-mkk.de\/wp-content\/uploads\/2022\/09\/WK-41_Ersatzk_Josefine-Lamss-1365x2048.jpg 1365w, https:\/\/www.gruene-mkk.de\/wp-content\/uploads\/2022\/09\/WK-41_Ersatzk_Josefine-Lamss-scaled.jpg 1707w\" sizes=\"auto, (max-width: 800px) 100vw, 800px\" \/><\/figure><div class=\"wp-block-media-text__content\">\n<p class=\"person-name\">Josefine Lam\u00df<\/p>\n\n\n\n<p>de Hanau<\/p>\n\n\n\n<p class=\"person-description\">Candidat de remplacement pour la circonscription 41 Main-Kinzig II<\/p>\n\n\n\n<p class=\"no-link\"><a href=\"#\" data-unscramble=\"ed.uanah-eneurg@ssmal\">lamss@gruene-hanau.de<\/a><\/p>\n\n\n\n<div class=\"wp-block-group d-flex p-0 is-layout-flow wp-block-group-is-layout-flow\">\n<div class=\"wp-block-sunflower-meta-data\"><a href=\"#\" target=\"_blank\" rel=\"noopener\"><i class=\"fab fa-twitter\"><\/i><\/a><\/div>\n\n\n\n<div class=\"wp-block-sunflower-meta-data\"><a href=\"#\" target=\"_blank\" rel=\"noopener\"><i class=\"fab fa-facebook-f\"><\/i><\/a><\/div>\n\n\n\n<div class=\"wp-block-sunflower-meta-data\"><a href=\"#\" target=\"_blank\" rel=\"noopener\"><i class=\"fab fa-instagram\"><\/i><\/a><\/div>\n\n\n\n<div class=\"wp-block-sunflower-meta-data\"><a href=\"#\" target=\"_blank\" rel=\"noopener\"><i class=\"fas fa-envelope\"><\/i><\/a><\/div>\n\n\n\n<div class=\"wp-block-sunflower-meta-data\"><a href=\"#\" target=\"_blank\" rel=\"noopener\"><i class=\"fas fa-globe\"><\/i><\/a><\/div>\n<\/div>\n<\/div><\/div>\n\n\n\n<p><\/p>\n<\/div>\n\n\n\n<div class=\"wp-block-column is-layout-flow wp-block-column-is-layout-flow\">\n<div class=\"wp-block-media-text alignwide is-stacked-on-mobile person has-shadow\"><figure class=\"wp-block-media-text__media\"><img loading=\"lazy\" decoding=\"async\" width=\"800\" height=\"1200\" src=\"https:\/\/www.gruene-mkk.de\/wp-content\/uploads\/2022\/09\/WK-42_Ersatzk_Beate-Boege-Sonnek-800x1200.jpg\" alt=\"\" class=\"wp-image-1339 size-full\" srcset=\"https:\/\/www.gruene-mkk.de\/wp-content\/uploads\/2022\/09\/WK-42_Ersatzk_Beate-Boege-Sonnek-800x1200.jpg 800w, https:\/\/www.gruene-mkk.de\/wp-content\/uploads\/2022\/09\/WK-42_Ersatzk_Beate-Boege-Sonnek-400x600.jpg 400w, https:\/\/www.gruene-mkk.de\/wp-content\/uploads\/2022\/09\/WK-42_Ersatzk_Beate-Boege-Sonnek-768x1152.jpg 768w, https:\/\/www.gruene-mkk.de\/wp-content\/uploads\/2022\/09\/WK-42_Ersatzk_Beate-Boege-Sonnek-1024x1536.jpg 1024w, https:\/\/www.gruene-mkk.de\/wp-content\/uploads\/2022\/09\/WK-42_Ersatzk_Beate-Boege-Sonnek-1365x2048.jpg 1365w, https:\/\/www.gruene-mkk.de\/wp-content\/uploads\/2022\/09\/WK-42_Ersatzk_Beate-Boege-Sonnek-scaled.jpg 1707w\" sizes=\"auto, (max-width: 800px) 100vw, 800px\" \/><\/figure><div class=\"wp-block-media-text__content\">\n<p class=\"h4\">Beate Boege-Sonnek<\/p>\n\n\n\n<p>\u00e0 Bad Orb<\/p>\n\n\n\n<p>Candidate de remplacement pour la circonscription 42 Main-Kinzig III<\/p>\n\n\n\n<p class=\"no-link\"><\/p>\n\n\n\n<div class=\"wp-block-group d-flex p-0 is-layout-flow wp-block-group-is-layout-flow\">\n<div class=\"wp-block-sunflower-meta-data\"><a href=\"#\" target=\"_blank\" rel=\"noopener\"><i class=\"fab fa-twitter\"><\/i><\/a><\/div>\n\n\n\n<div class=\"wp-block-sunflower-meta-data\"><a href=\"#\" target=\"_blank\" rel=\"noopener\"><i class=\"fab fa-facebook-f\"><\/i><\/a><\/div>\n\n\n\n<div class=\"wp-block-sunflower-meta-data\"><a href=\"#\" target=\"_blank\" rel=\"noopener\"><i class=\"fab fa-instagram\"><\/i><\/a><\/div>\n\n\n\n<div class=\"wp-block-sunflower-meta-data\"><a href=\"#\" target=\"_blank\" rel=\"noopener\"><i class=\"fas fa-envelope\"><\/i><\/a><\/div>\n\n\n\n<div class=\"wp-block-sunflower-meta-data\"><a href=\"#\" target=\"_blank\" rel=\"noopener\"><i class=\"fas fa-globe\"><\/i><\/a><\/div>\n<\/div>\n<\/div><\/div>\n\n\n\n<p><\/p>\n<\/div>\n<\/div>\n\n\n\n<p><\/p>\n\n\n <div class=\"wp-block-group alignfull sunflower-has-background-dim has-text-color has-white-color has-background is-vertical is-content-justification-center is-content-justification-center is-layout-flex wp-block-group-is-layout-flex next-events\">\n                    <div class=\"wp-block-group__inner-container\">\n                        <h2 class=\"wp-block-heading has-text-align-center h1\">Prochaines dates<\/h2>\n                        <div class=\"wp-block-button text-center mb-5\"><a class=\"wp-block-button__link no-border-radius\" href=\"https:\/\/www.gruene-mkk.de\/fr\/termine\/\" rel=\"\">tous les \u00e9v\u00e9nements<\/a><\/div>\n                    <div class=\"row\"><div class=\"col-12 col-md-6 col-lg-4 mb-4\">\n\n<a href=\"https:\/\/www.gruene-mkk.de\/fr\/termine\/kreismitgliederversammlung-18\/\" class=\"event-card\" rel=\"bookmark\">\n<article id=\"post-3325\" class=\"event has-shadow post-3325 sunflower_event type-sunflower_event status-publish hentry\">\n\t<div class=\"p-4\">\n\t\t\t\t<div class=\"event-archive-meta\">\n\t\t\t<div class=\"text-uppercase small\">mardi<\/div>\n\t\t\t<div class=\"date\">\n\t\t\t\t<time datetime=\"2026-05-12 19:30\">\n\t\t\t\t\t12.05.2026 <span class=\"small\">19:30 \u2013 21:00 o\u2019clock<\/span>\t\t\t\t<\/time>\n\t\t\t<\/div>\n\t\t\t<div class=\"fst-italic small\">\n\t\t\t\t\t\t\t<\/div>\n\t\t<\/div>\n\n\t\t<div class=\"mt-2\">\n\t\t\t<header class=\"entry-header pt-2 pb-2\">\n\t\t\t\t<span class=\"h2\">Assembl\u00e9e des membres du cercle<\/span>\t\t\t<\/header><!-- .entry-header -->\n\n\n\t\t\t<div class=\"entry-content\">\n\t\t\t\t<p>\u00c0 l\u2019ordre du jour figurent, entre autres, les \u00e9lections des d\u00e9l\u00e9gu\u00e9s \u00e0 la conf\u00e9rence des d\u00e9l\u00e9gu\u00e9s f\u00e9d\u00e9raux du 4 au 6. d\u00e9cembre 2026. Venez, apportez vos id\u00e9es et vos questions et organisez activement la soir\u00e9e [\u2026]<\/p>\n\t\t\t<\/div><!-- .entry-content -->\n\n\t\t<\/div>\n\n\t<\/div>\n<\/article><!-- #post-3325 -->\n<\/a>\n<\/div><div class=\"col-12 col-md-6 col-lg-4 mb-4\">\n\n<a href=\"https:\/\/www.gruene-mkk.de\/fr\/termine\/fruehstueck-mit-den-gruenen-60\/\" class=\"event-card\" rel=\"bookmark\">\n<article id=\"post-3349\" class=\"event has-shadow post-3349 sunflower_event type-sunflower_event status-publish hentry\">\n\t<div class=\"p-4\">\n\t\t\t\t<div class=\"event-archive-meta\">\n\t\t\t<div class=\"text-uppercase small\">samedi<\/div>\n\t\t\t<div class=\"date\">\n\t\t\t\t<time datetime=\"2026-05-16 10:00\">\n\t\t\t\t\t16.05.2026 <span class=\"small\">10:00 \u2013 13:00 o\u2019clock<\/span>\t\t\t\t<\/time>\n\t\t\t<\/div>\n\t\t\t<div class=\"fst-italic small\">\n\t\t\t\t\t\t\t<\/div>\n\t\t<\/div>\n\n\t\t<div class=\"mt-2\">\n\t\t\t<header class=\"entry-header pt-2 pb-2\">\n\t\t\t\t<span class=\"h2\">Petit d\u00e9jeuner avec les Verts 60+<\/span>\t\t\t<\/header><!-- .entry-header -->\n\n\n\t\t\t<div class=\"entry-content\">\n\t\t\t\t<p>Nous vous invitons cordialement au petit-d\u00e9jeuner des Verts 60+ au caf\u00e9 \u00abIm Garten Eden\u00bb \u00e0 Maintal. Dans une atmosph\u00e8re d\u00e9tendue, nous aimerions \u00e9changer sur les \u00e9lections municipales pass\u00e9es et jeter un coup d'\u0153il \u00e0 la [\u2026]<\/p>\n\t\t\t<\/div><!-- .entry-content -->\n\n\t\t<\/div>\n\n\t<\/div>\n<\/article><!-- #post-3349 -->\n<\/a>\n<\/div><div class=\"col-12 col-md-6 col-lg-4 mb-4\">\n\n<a href=\"https:\/\/www.gruene-mkk.de\/fr\/termine\/sommerfest-3\/\" class=\"event-card\" rel=\"bookmark\">\n<article id=\"post-3326\" class=\"event has-shadow post-3326 sunflower_event type-sunflower_event status-publish hentry\">\n\t<div class=\"p-4\">\n\t\t\t\t<div class=\"event-archive-meta\">\n\t\t\t<div class=\"text-uppercase small\">samedi<\/div>\n\t\t\t<div class=\"date\">\n\t\t\t\t<time datetime=\"2026-08-15 00:00\">\n\t\t\t\t\t15.08.2026\t\t\t\t<\/time>\n\t\t\t<\/div>\n\t\t\t<div class=\"fst-italic small\">\n\t\t\t\t\t\t\t<\/div>\n\t\t<\/div>\n\n\t\t<div class=\"mt-2\">\n\t\t\t<header class=\"entry-header pt-2 pb-2\">\n\t\t\t\t<span class=\"h2\">F\u00eate d'\u00e9t\u00e9<\/span>\t\t\t<\/header><!-- .entry-header -->\n\n\n\t\t\t<div class=\"entry-content\">\n\t\t\t\t<p>Save the date<\/p>\n\t\t\t<\/div><!-- .entry-content -->\n\n\t\t<\/div>\n\n\t<\/div>\n<\/article><!-- #post-3326 -->\n<\/a>\n<\/div><\/div><\/div><\/div>","protected":false},"excerpt":{"rendered":"<p>\u00c0 pr\u00e9sent, c\u2019est le cas! En 2023, un nouveau Landtag est \u00e9lu et les Verts de Hesse pr\u00e9parent le trilogue pour la Chancellerie d\u2019\u00c9tat. Nous, les Verts Main-Kinzig, voulons atteindre cet objectif avec des candidats forts [...]<\/p>","protected":false},"author":2,"featured_media":0,"parent":355,"menu_order":0,"comment_status":"closed","ping_status":"closed","template":"","meta":{"footnotes":""},"class_list":["post-1103","page","type-page","status-publish","hentry"],"_links":{"self":[{"href":"https:\/\/www.gruene-mkk.de\/fr\/wp-json\/wp\/v2\/pages\/1103","targetHints":{"allow":["GET"]}}],"collection":[{"href":"https:\/\/www.gruene-mkk.de\/fr\/wp-json\/wp\/v2\/pages"}],"about":[{"href":"https:\/\/www.gruene-mkk.de\/fr\/wp-json\/wp\/v2\/types\/page"}],"author":[{"embeddable":true,"href":"https:\/\/www.gruene-mkk.de\/fr\/wp-json\/wp\/v2\/users\/2"}],"replies":[{"embeddable":true,"href":"https:\/\/www.gruene-mkk.de\/fr\/wp-json\/wp\/v2\/comments?post=1103"}],"version-history":[{"count":95,"href":"https:\/\/www.gruene-mkk.de\/fr\/wp-json\/wp\/v2\/pages\/1103\/revisions"}],"predecessor-version":[{"id":1725,"href":"https:\/\/www.gruene-mkk.de\/fr\/wp-json\/wp\/v2\/pages\/1103\/revisions\/1725"}],"up":[{"embeddable":true,"href":"https:\/\/www.gruene-mkk.de\/fr\/wp-json\/wp\/v2\/pages\/355"}],"wp:attachment":[{"href":"https:\/\/www.gruene-mkk.de\/fr\/wp-json\/wp\/v2\/media?parent=1103"}],"curies":[{"name":"wp","href":"https:\/\/api.w.org\/{rel}","templated":true}]}}