{"id":613,"date":"2021-11-29T14:38:51","date_gmt":"2021-11-29T13:38:51","guid":{"rendered":"https:\/\/www.alles-bleibt-anders.org\/?page_id=613"},"modified":"2026-03-11T14:00:04","modified_gmt":"2026-03-11T13:00:04","slug":"ortsverbaende","status":"publish","type":"page","link":"https:\/\/www.gruene-mkk.de\/en\/gruene-vor-ort\/ortsverbaende\/","title":{"rendered":"Local associations"},"content":{"rendered":"<div class=\"wp-block-cover is-light\" style=\"min-height:147px;aspect-ratio:unset;\"><span aria-hidden=\"true\" class=\"wp-block-cover__background has-green-800-background-color has-background-dim-100 has-background-dim\"><\/span><div class=\"wp-block-cover__inner-container is-layout-flow wp-block-cover-is-layout-flow\">\n<h1 class=\"wp-block-heading has-text-align-center has-gray-100-color has-text-color\">Local associations<\/h1>\n<\/div><\/div>\n\n\n\n<p><\/p>\n\n\n\n<div class=\"wp-block-columns is-layout-flex wp-container-core-columns-is-layout-9d6595d7 wp-block-columns-is-layout-flex\">\n<div class=\"wp-block-column is-layout-flow wp-block-column-is-layout-flow\">\n<figure class=\"wp-block-image size-large\"><a href=\"https:\/\/gruenebadorb.wordpress.com\/\"><img loading=\"lazy\" decoding=\"async\" width=\"800\" height=\"600\" src=\"http:\/\/www.alles-bleibt-anders.org\/wp-content\/uploads\/2021\/12\/Bad-Orb-800x600.jpg\" alt=\"\" class=\"wp-image-802\" srcset=\"https:\/\/www.gruene-mkk.de\/wp-content\/uploads\/2021\/12\/Bad-Orb-800x600.jpg 800w, https:\/\/www.gruene-mkk.de\/wp-content\/uploads\/2021\/12\/Bad-Orb-400x300.jpg 400w, https:\/\/www.gruene-mkk.de\/wp-content\/uploads\/2021\/12\/Bad-Orb-768x576.jpg 768w, https:\/\/www.gruene-mkk.de\/wp-content\/uploads\/2021\/12\/Bad-Orb-1536x1152.jpg 1536w, https:\/\/www.gruene-mkk.de\/wp-content\/uploads\/2021\/12\/Bad-Orb-2048x1536.jpg 2048w\" sizes=\"auto, (max-width: 800px) 100vw, 800px\" \/><\/a><\/figure>\n\n\n\n<h3 class=\"wp-block-heading\"><a href=\"https:\/\/www.gruene-bad-orb.de\" data-type=\"link\" data-id=\"https:\/\/www.gruene-bad-orb.de\" target=\"_blank\" rel=\"noreferrer noopener\">Bad Orb<\/a><\/h3>\n\n\n\n<p><\/p>\n<\/div>\n\n\n\n<div class=\"wp-block-column is-layout-flow wp-block-column-is-layout-flow\">\n<figure class=\"wp-block-image size-large\"><a href=\"https:\/\/www.alles-bleibt-anders.org\/gruene-vor-ort\/gemeinden-ohne-gruen\/\"><img loading=\"lazy\" decoding=\"async\" width=\"800\" height=\"600\" src=\"http:\/\/www.alles-bleibt-anders.org\/wp-content\/uploads\/2021\/11\/hier-gibt-es-noch-keinen-ortsv-800x600.png\" alt=\"\" class=\"wp-image-635\" srcset=\"https:\/\/www.gruene-mkk.de\/wp-content\/uploads\/2021\/11\/hier-gibt-es-noch-keinen-ortsv-800x600.png 800w, https:\/\/www.gruene-mkk.de\/wp-content\/uploads\/2021\/11\/hier-gibt-es-noch-keinen-ortsv-400x300.png 400w, https:\/\/www.gruene-mkk.de\/wp-content\/uploads\/2021\/11\/hier-gibt-es-noch-keinen-ortsv-768x576.png 768w, https:\/\/www.gruene-mkk.de\/wp-content\/uploads\/2021\/11\/hier-gibt-es-noch-keinen-ortsv-1536x1152.png 1536w, https:\/\/www.gruene-mkk.de\/wp-content\/uploads\/2021\/11\/hier-gibt-es-noch-keinen-ortsv-2048x1536.png 2048w\" sizes=\"auto, (max-width: 800px) 100vw, 800px\" \/><\/a><\/figure>\n\n\n\n<h3 class=\"wp-block-heading\"><a href=\"http:\/\/alles-bleibt-anders.org\/gemeinden-ohne-gruen\">Bad Soden-Salm\u00fcnster<\/a><\/h3>\n\n\n\n<p><\/p>\n<\/div>\n\n\n\n<div class=\"wp-block-column is-layout-flow wp-block-column-is-layout-flow\">\n<figure class=\"wp-block-image size-large\"><a href=\"https:\/\/www.gruene-biebergemuend.de\/\"><img loading=\"lazy\" decoding=\"async\" width=\"2084\" height=\"1563\" src=\"https:\/\/www.gruene-mkk.de\/wp-content\/uploads\/2026\/02\/Biebergemuend-edited.jpg\" alt=\"Biebergem\u00fcnd\" class=\"wp-image-3262\" srcset=\"https:\/\/www.gruene-mkk.de\/wp-content\/uploads\/2026\/02\/Biebergemuend-edited.jpg 2084w, https:\/\/www.gruene-mkk.de\/wp-content\/uploads\/2026\/02\/Biebergemuend-edited-400x300.jpg 400w, https:\/\/www.gruene-mkk.de\/wp-content\/uploads\/2026\/02\/Biebergemuend-edited-800x600.jpg 800w, https:\/\/www.gruene-mkk.de\/wp-content\/uploads\/2026\/02\/Biebergemuend-edited-768x576.jpg 768w, https:\/\/www.gruene-mkk.de\/wp-content\/uploads\/2026\/02\/Biebergemuend-edited-1536x1152.jpg 1536w, https:\/\/www.gruene-mkk.de\/wp-content\/uploads\/2026\/02\/Biebergemuend-edited-2048x1536.jpg 2048w, https:\/\/www.gruene-mkk.de\/wp-content\/uploads\/2026\/02\/Biebergemuend-edited-16x12.jpg 16w\" sizes=\"auto, (max-width: 2084px) 100vw, 2084px\" \/><\/a><\/figure>\n\n\n\n<h3 class=\"wp-block-heading\"><a href=\"https:\/\/www.gruene-biebergemuend.de\/\" target=\"_blank\" rel=\"noreferrer noopener\">Biebergem\u00fcnd<\/a><\/h3>\n<\/div>\n<\/div>\n\n\n\n<p><\/p>\n\n\n\n<div class=\"wp-block-columns is-layout-flex wp-container-core-columns-is-layout-9d6595d7 wp-block-columns-is-layout-flex\">\n<div class=\"wp-block-column is-layout-flow wp-block-column-is-layout-flow\">\n<figure class=\"wp-block-image size-large\"><a href=\"http:\/\/alles-bleibt-anders.org\/gemeinden-ohne-gruen\"><img loading=\"lazy\" decoding=\"async\" width=\"800\" height=\"600\" src=\"http:\/\/www.alles-bleibt-anders.org\/wp-content\/uploads\/2021\/11\/hier-gibt-es-noch-keinen-ortsv-800x600.png\" alt=\"\" class=\"wp-image-635\" srcset=\"https:\/\/www.gruene-mkk.de\/wp-content\/uploads\/2021\/11\/hier-gibt-es-noch-keinen-ortsv-800x600.png 800w, https:\/\/www.gruene-mkk.de\/wp-content\/uploads\/2021\/11\/hier-gibt-es-noch-keinen-ortsv-400x300.png 400w, https:\/\/www.gruene-mkk.de\/wp-content\/uploads\/2021\/11\/hier-gibt-es-noch-keinen-ortsv-768x576.png 768w, https:\/\/www.gruene-mkk.de\/wp-content\/uploads\/2021\/11\/hier-gibt-es-noch-keinen-ortsv-1536x1152.png 1536w, https:\/\/www.gruene-mkk.de\/wp-content\/uploads\/2021\/11\/hier-gibt-es-noch-keinen-ortsv-2048x1536.png 2048w\" sizes=\"auto, (max-width: 800px) 100vw, 800px\" \/><\/a><\/figure>\n\n\n\n<h3 class=\"wp-block-heading\"><a href=\"http:\/\/alles-bleibt-anders.org\/gemeinden-ohne-gruen\">Birstein<\/a><\/h3>\n\n\n\n<p><\/p>\n<\/div>\n\n\n\n<div class=\"wp-block-column is-layout-flow wp-block-column-is-layout-flow\">\n<figure class=\"wp-block-image size-large\"><a href=\"http:\/\/gruenebrachttal.de\"><img loading=\"lazy\" decoding=\"async\" width=\"1749\" height=\"1313\" src=\"https:\/\/www.gruene-mkk.de\/wp-content\/uploads\/2026\/02\/Anwesende-Kandidaten-e1762273704475-edited.jpg\" alt=\"\" class=\"wp-image-3260\" srcset=\"https:\/\/www.gruene-mkk.de\/wp-content\/uploads\/2026\/02\/Anwesende-Kandidaten-e1762273704475-edited.jpg 1749w, https:\/\/www.gruene-mkk.de\/wp-content\/uploads\/2026\/02\/Anwesende-Kandidaten-e1762273704475-edited-400x300.jpg 400w, https:\/\/www.gruene-mkk.de\/wp-content\/uploads\/2026\/02\/Anwesende-Kandidaten-e1762273704475-edited-800x601.jpg 800w, https:\/\/www.gruene-mkk.de\/wp-content\/uploads\/2026\/02\/Anwesende-Kandidaten-e1762273704475-edited-768x577.jpg 768w, https:\/\/www.gruene-mkk.de\/wp-content\/uploads\/2026\/02\/Anwesende-Kandidaten-e1762273704475-edited-1536x1153.jpg 1536w, https:\/\/www.gruene-mkk.de\/wp-content\/uploads\/2026\/02\/Anwesende-Kandidaten-e1762273704475-edited-16x12.jpg 16w\" sizes=\"auto, (max-width: 1749px) 100vw, 1749px\" \/><\/a><\/figure>\n\n\n\n<h3 class=\"wp-block-heading\"><a href=\"http:\/\/gruenebrachttal.de\" data-type=\"URL\" data-id=\"gruenebrachttal.de\">Bracht valley<\/a><\/h3>\n\n\n\n<p><\/p>\n<\/div>\n\n\n\n<div class=\"wp-block-column is-layout-flow wp-block-column-is-layout-flow\">\n<figure class=\"wp-block-image size-large\"><img loading=\"lazy\" decoding=\"async\" width=\"800\" height=\"600\" src=\"http:\/\/www.alles-bleibt-anders.org\/wp-content\/uploads\/2021\/11\/IMG_0173-800x600.jpg\" alt=\"\" class=\"wp-image-298\" srcset=\"https:\/\/www.gruene-mkk.de\/wp-content\/uploads\/2021\/11\/IMG_0173-800x600.jpg 800w, https:\/\/www.gruene-mkk.de\/wp-content\/uploads\/2021\/11\/IMG_0173-400x300.jpg 400w, https:\/\/www.gruene-mkk.de\/wp-content\/uploads\/2021\/11\/IMG_0173-768x576.jpg 768w, https:\/\/www.gruene-mkk.de\/wp-content\/uploads\/2021\/11\/IMG_0173-1536x1152.jpg 1536w, https:\/\/www.gruene-mkk.de\/wp-content\/uploads\/2021\/11\/IMG_0173-2048x1536.jpg 2048w\" sizes=\"auto, (max-width: 800px) 100vw, 800px\" \/><\/figure>\n\n\n\n<h3 class=\"wp-block-heading\"><a href=\"http:\/\/gruene-bruchkoebel.de\">Bruchk\u00f6bel<\/a><\/h3>\n<\/div>\n<\/div>\n\n\n\n<p><\/p>\n\n\n\n<div class=\"wp-block-columns is-layout-flex wp-container-core-columns-is-layout-9d6595d7 wp-block-columns-is-layout-flex\">\n<div class=\"wp-block-column is-layout-flow wp-block-column-is-layout-flow\">\n<figure class=\"wp-block-image size-large\"><a href=\"https:\/\/gruene-erlensee.de\/\"><img loading=\"lazy\" decoding=\"async\" width=\"800\" height=\"600\" src=\"http:\/\/www.alles-bleibt-anders.org\/wp-content\/uploads\/2021\/11\/IMG_0173-800x600.jpg\" alt=\"\" class=\"wp-image-298\" srcset=\"https:\/\/www.gruene-mkk.de\/wp-content\/uploads\/2021\/11\/IMG_0173-800x600.jpg 800w, https:\/\/www.gruene-mkk.de\/wp-content\/uploads\/2021\/11\/IMG_0173-400x300.jpg 400w, https:\/\/www.gruene-mkk.de\/wp-content\/uploads\/2021\/11\/IMG_0173-768x576.jpg 768w, https:\/\/www.gruene-mkk.de\/wp-content\/uploads\/2021\/11\/IMG_0173-1536x1152.jpg 1536w, https:\/\/www.gruene-mkk.de\/wp-content\/uploads\/2021\/11\/IMG_0173-2048x1536.jpg 2048w\" sizes=\"auto, (max-width: 800px) 100vw, 800px\" \/><\/a><\/figure>\n\n\n\n<h3 class=\"wp-block-heading\"><a href=\"https:\/\/gruene-erlensee.de\/\">Lake Erlen<\/a><\/h3>\n\n\n\n<p><\/p>\n<\/div>\n\n\n\n<div class=\"wp-block-column is-layout-flow wp-block-column-is-layout-flow\">\n<figure class=\"wp-block-image size-large\"><a href=\"http:\/\/alles-bleibt-anders.org\/gemeinden-ohne-gruen\"><img loading=\"lazy\" decoding=\"async\" width=\"800\" height=\"600\" src=\"http:\/\/www.alles-bleibt-anders.org\/wp-content\/uploads\/2021\/11\/hier-gibt-es-noch-keinen-ortsv-800x600.png\" alt=\"\" class=\"wp-image-635\" srcset=\"https:\/\/www.gruene-mkk.de\/wp-content\/uploads\/2021\/11\/hier-gibt-es-noch-keinen-ortsv-800x600.png 800w, https:\/\/www.gruene-mkk.de\/wp-content\/uploads\/2021\/11\/hier-gibt-es-noch-keinen-ortsv-400x300.png 400w, https:\/\/www.gruene-mkk.de\/wp-content\/uploads\/2021\/11\/hier-gibt-es-noch-keinen-ortsv-768x576.png 768w, https:\/\/www.gruene-mkk.de\/wp-content\/uploads\/2021\/11\/hier-gibt-es-noch-keinen-ortsv-1536x1152.png 1536w, https:\/\/www.gruene-mkk.de\/wp-content\/uploads\/2021\/11\/hier-gibt-es-noch-keinen-ortsv-2048x1536.png 2048w\" sizes=\"auto, (max-width: 800px) 100vw, 800px\" \/><\/a><\/figure>\n\n\n\n<h3 class=\"wp-block-heading\"><a href=\"http:\/\/alles-bleibt-anders.org\/gemeinden-ohne-gruen\">Fl\u00f6rsbach valley<\/a><\/h3>\n\n\n\n<p><\/p>\n<\/div>\n\n\n\n<div class=\"wp-block-column is-layout-flow wp-block-column-is-layout-flow\">\n<figure class=\"wp-block-image size-large\"><img loading=\"lazy\" decoding=\"async\" width=\"800\" height=\"600\" src=\"http:\/\/www.alles-bleibt-anders.org\/wp-content\/uploads\/2021\/11\/IMG_0173-800x600.jpg\" alt=\"\" class=\"wp-image-298\" srcset=\"https:\/\/www.gruene-mkk.de\/wp-content\/uploads\/2021\/11\/IMG_0173-800x600.jpg 800w, https:\/\/www.gruene-mkk.de\/wp-content\/uploads\/2021\/11\/IMG_0173-400x300.jpg 400w, https:\/\/www.gruene-mkk.de\/wp-content\/uploads\/2021\/11\/IMG_0173-768x576.jpg 768w, https:\/\/www.gruene-mkk.de\/wp-content\/uploads\/2021\/11\/IMG_0173-1536x1152.jpg 1536w, https:\/\/www.gruene-mkk.de\/wp-content\/uploads\/2021\/11\/IMG_0173-2048x1536.jpg 2048w\" sizes=\"auto, (max-width: 800px) 100vw, 800px\" \/><\/figure>\n\n\n\n<h3 class=\"wp-block-heading\"><a href=\"http:\/\/gruene-freigericht.de\/\" data-type=\"URL\" data-id=\"http:\/\/gruene-freigericht.de\/\">Free court<\/a><\/h3>\n<\/div>\n<\/div>\n\n\n\n<p><\/p>\n\n\n\n<div class=\"wp-block-columns is-layout-flex wp-container-core-columns-is-layout-9d6595d7 wp-block-columns-is-layout-flex\">\n<div class=\"wp-block-column is-layout-flow wp-block-column-is-layout-flow\">\n<figure class=\"wp-block-image size-large\"><img loading=\"lazy\" decoding=\"async\" width=\"800\" height=\"600\" src=\"http:\/\/www.alles-bleibt-anders.org\/wp-content\/uploads\/2021\/11\/IMG_0173-800x600.jpg\" alt=\"\" class=\"wp-image-298\" srcset=\"https:\/\/www.gruene-mkk.de\/wp-content\/uploads\/2021\/11\/IMG_0173-800x600.jpg 800w, https:\/\/www.gruene-mkk.de\/wp-content\/uploads\/2021\/11\/IMG_0173-400x300.jpg 400w, https:\/\/www.gruene-mkk.de\/wp-content\/uploads\/2021\/11\/IMG_0173-768x576.jpg 768w, https:\/\/www.gruene-mkk.de\/wp-content\/uploads\/2021\/11\/IMG_0173-1536x1152.jpg 1536w, https:\/\/www.gruene-mkk.de\/wp-content\/uploads\/2021\/11\/IMG_0173-2048x1536.jpg 2048w\" sizes=\"auto, (max-width: 800px) 100vw, 800px\" \/><\/figure>\n\n\n\n<h3 class=\"wp-block-heading\"><a href=\"https:\/\/gruene-gelnhausen.de\/start\/\" data-type=\"URL\" data-id=\"https:\/\/gruene-gelnhausen.de\/start\/\">Gelnhausen<\/a><\/h3>\n\n\n\n<p><\/p>\n<\/div>\n\n\n\n<div class=\"wp-block-column is-layout-flow wp-block-column-is-layout-flow\">\n<figure class=\"wp-block-image size-large\"><a href=\"https:\/\/www.krotzebojer-gruene.de\/\"><img loading=\"lazy\" decoding=\"async\" width=\"800\" height=\"600\" src=\"http:\/\/www.alles-bleibt-anders.org\/wp-content\/uploads\/2021\/12\/Grosskrotzenburg-800x600.jpg\" alt=\"Gro\u00dfkrotzenburg\" class=\"wp-image-803\" srcset=\"https:\/\/www.gruene-mkk.de\/wp-content\/uploads\/2021\/12\/Grosskrotzenburg-800x600.jpg 800w, https:\/\/www.gruene-mkk.de\/wp-content\/uploads\/2021\/12\/Grosskrotzenburg-400x300.jpg 400w, https:\/\/www.gruene-mkk.de\/wp-content\/uploads\/2021\/12\/Grosskrotzenburg-768x576.jpg 768w, https:\/\/www.gruene-mkk.de\/wp-content\/uploads\/2021\/12\/Grosskrotzenburg-1536x1152.jpg 1536w, https:\/\/www.gruene-mkk.de\/wp-content\/uploads\/2021\/12\/Grosskrotzenburg-2048x1536.jpg 2048w\" sizes=\"auto, (max-width: 800px) 100vw, 800px\" \/><\/a><\/figure>\n\n\n\n<h3 class=\"wp-block-heading\"><a href=\"https:\/\/www.krotzebojer-gruene.de\/\" data-type=\"URL\" data-id=\"https:\/\/www.krotzebojer-gruene.de\/\">Gro\u00dfkrotzenburg<\/a><\/h3>\n\n\n\n<p><\/p>\n<\/div>\n\n\n\n<div class=\"wp-block-column is-layout-flow wp-block-column-is-layout-flow\">\n<figure class=\"wp-block-image size-large\"><a href=\"https:\/\/www.alles-bleibt-anders.org\/gruene-vor-ort\/gemeinden-ohne-gruen\/\"><img loading=\"lazy\" decoding=\"async\" width=\"800\" height=\"600\" src=\"http:\/\/www.alles-bleibt-anders.org\/wp-content\/uploads\/2021\/11\/hier-gibt-es-noch-keinen-ortsv-800x600.png\" alt=\"\" class=\"wp-image-635\" srcset=\"https:\/\/www.gruene-mkk.de\/wp-content\/uploads\/2021\/11\/hier-gibt-es-noch-keinen-ortsv-800x600.png 800w, https:\/\/www.gruene-mkk.de\/wp-content\/uploads\/2021\/11\/hier-gibt-es-noch-keinen-ortsv-400x300.png 400w, https:\/\/www.gruene-mkk.de\/wp-content\/uploads\/2021\/11\/hier-gibt-es-noch-keinen-ortsv-768x576.png 768w, https:\/\/www.gruene-mkk.de\/wp-content\/uploads\/2021\/11\/hier-gibt-es-noch-keinen-ortsv-1536x1152.png 1536w, https:\/\/www.gruene-mkk.de\/wp-content\/uploads\/2021\/11\/hier-gibt-es-noch-keinen-ortsv-2048x1536.png 2048w\" sizes=\"auto, (max-width: 800px) 100vw, 800px\" \/><\/a><\/figure>\n\n\n\n<h3 class=\"wp-block-heading\"><a href=\"https:\/\/www.alles-bleibt-anders.org\/gruene-vor-ort\/gemeinden-ohne-gruen\/\">Gr\u00fcndau<\/a><\/h3>\n<\/div>\n<\/div>\n\n\n\n<p><\/p>\n\n\n\n<div class=\"wp-block-columns is-layout-flex wp-container-core-columns-is-layout-9d6595d7 wp-block-columns-is-layout-flex\">\n<div class=\"wp-block-column is-layout-flow wp-block-column-is-layout-flow\">\n<figure class=\"wp-block-image size-large\"><a href=\"https:\/\/gruene-hammersbach.de\"><img loading=\"lazy\" decoding=\"async\" width=\"800\" height=\"600\" src=\"http:\/\/www.alles-bleibt-anders.org\/wp-content\/uploads\/2021\/12\/Hammersbach-800x600.jpg\" alt=\"\" class=\"wp-image-798\" srcset=\"https:\/\/www.gruene-mkk.de\/wp-content\/uploads\/2021\/12\/Hammersbach-800x600.jpg 800w, https:\/\/www.gruene-mkk.de\/wp-content\/uploads\/2021\/12\/Hammersbach-400x300.jpg 400w, https:\/\/www.gruene-mkk.de\/wp-content\/uploads\/2021\/12\/Hammersbach-768x576.jpg 768w, https:\/\/www.gruene-mkk.de\/wp-content\/uploads\/2021\/12\/Hammersbach.jpg 1134w\" sizes=\"auto, (max-width: 800px) 100vw, 800px\" \/><\/a><\/figure>\n\n\n\n<h3 class=\"wp-block-heading\"><a href=\"https:\/\/gruene-hammersbach.de\" data-type=\"URL\" data-id=\"https:\/\/gruene-hammersbach.de\" target=\"_blank\" rel=\"noreferrer noopener\">Hammersbach<\/a><\/h3>\n\n\n\n<p><\/p>\n<\/div>\n\n\n\n<div class=\"wp-block-column is-layout-flow wp-block-column-is-layout-flow\">\n<figure class=\"wp-block-image size-large\"><a href=\"http:\/\/gruene-hanau.de\"><img loading=\"lazy\" decoding=\"async\" width=\"800\" height=\"600\" src=\"http:\/\/www.alles-bleibt-anders.org\/wp-content\/uploads\/2021\/12\/P1050774-800x600.jpg\" alt=\"Hanau\" class=\"wp-image-742\" srcset=\"https:\/\/www.gruene-mkk.de\/wp-content\/uploads\/2021\/12\/P1050774-800x600.jpg 800w, https:\/\/www.gruene-mkk.de\/wp-content\/uploads\/2021\/12\/P1050774-400x300.jpg 400w, https:\/\/www.gruene-mkk.de\/wp-content\/uploads\/2021\/12\/P1050774-768x576.jpg 768w, https:\/\/www.gruene-mkk.de\/wp-content\/uploads\/2021\/12\/P1050774-1536x1152.jpg 1536w, https:\/\/www.gruene-mkk.de\/wp-content\/uploads\/2021\/12\/P1050774-2048x1536.jpg 2048w\" sizes=\"auto, (max-width: 800px) 100vw, 800px\" \/><\/a><\/figure>\n\n\n\n<h3 class=\"wp-block-heading\"><a href=\"http:\/\/gruene-hanau.de\" data-type=\"URL\">Hanau<\/a><\/h3>\n\n\n\n<p><\/p>\n<\/div>\n\n\n\n<div class=\"wp-block-column is-layout-flow wp-block-column-is-layout-flow\">\n<figure class=\"wp-block-image size-large\"><a href=\"https:\/\/www.alles-bleibt-anders.org\/gruene-vor-ort\/gemeinden-ohne-gruen\/\"><img loading=\"lazy\" decoding=\"async\" width=\"800\" height=\"600\" src=\"http:\/\/www.alles-bleibt-anders.org\/wp-content\/uploads\/2021\/11\/hier-gibt-es-noch-keinen-ortsv-800x600.png\" alt=\"\" class=\"wp-image-635\" srcset=\"https:\/\/www.gruene-mkk.de\/wp-content\/uploads\/2021\/11\/hier-gibt-es-noch-keinen-ortsv-800x600.png 800w, https:\/\/www.gruene-mkk.de\/wp-content\/uploads\/2021\/11\/hier-gibt-es-noch-keinen-ortsv-400x300.png 400w, https:\/\/www.gruene-mkk.de\/wp-content\/uploads\/2021\/11\/hier-gibt-es-noch-keinen-ortsv-768x576.png 768w, https:\/\/www.gruene-mkk.de\/wp-content\/uploads\/2021\/11\/hier-gibt-es-noch-keinen-ortsv-1536x1152.png 1536w, https:\/\/www.gruene-mkk.de\/wp-content\/uploads\/2021\/11\/hier-gibt-es-noch-keinen-ortsv-2048x1536.png 2048w\" sizes=\"auto, (max-width: 800px) 100vw, 800px\" \/><\/a><\/figure>\n\n\n\n<h3 class=\"wp-block-heading\"><a href=\"https:\/\/www.alles-bleibt-anders.org\/gruene-vor-ort\/gemeinden-ohne-gruen\/https:\/\/www.alles-bleibt-anders.org\/gruene-vor-ort\/gemeinden-ohne-gruen\/\" data-type=\"URL\" data-id=\"https:\/\/www.alles-bleibt-anders.org\/gruene-vor-ort\/gemeinden-ohne-gruen\/https:\/\/www.alles-bleibt-anders.org\/gruene-vor-ort\/gemeinden-ohne-gruen\/\" target=\"_blank\" rel=\"noreferrer noopener\">Hasselroth<\/a><\/h3>\n\n\n\n<p><\/p>\n<\/div>\n<\/div>\n\n\n\n<p><\/p>\n\n\n\n<div class=\"wp-block-columns is-layout-flex wp-container-core-columns-is-layout-9d6595d7 wp-block-columns-is-layout-flex\">\n<div class=\"wp-block-column is-layout-flow wp-block-column-is-layout-flow\">\n<figure class=\"wp-block-gallery has-nested-images columns-default is-cropped wp-block-gallery-1 is-layout-flex wp-block-gallery-is-layout-flex\">\n<figure class=\"wp-block-image size-large\"><a href=\"https:\/\/gruene-jossgrund.de\/\"><img loading=\"lazy\" decoding=\"async\" width=\"1605\" height=\"1205\" data-id=\"3258\" src=\"https:\/\/www.gruene-mkk.de\/wp-content\/uploads\/2026\/02\/b03de1bf-0386-4bce-97e4-416ecf51d938-edited-3.jpeg\" alt=\"\" class=\"wp-image-3258\" srcset=\"https:\/\/www.gruene-mkk.de\/wp-content\/uploads\/2026\/02\/b03de1bf-0386-4bce-97e4-416ecf51d938-edited-3.jpeg 1605w, https:\/\/www.gruene-mkk.de\/wp-content\/uploads\/2026\/02\/b03de1bf-0386-4bce-97e4-416ecf51d938-edited-3-400x300.jpeg 400w, https:\/\/www.gruene-mkk.de\/wp-content\/uploads\/2026\/02\/b03de1bf-0386-4bce-97e4-416ecf51d938-edited-3-800x601.jpeg 800w, https:\/\/www.gruene-mkk.de\/wp-content\/uploads\/2026\/02\/b03de1bf-0386-4bce-97e4-416ecf51d938-edited-3-768x577.jpeg 768w, https:\/\/www.gruene-mkk.de\/wp-content\/uploads\/2026\/02\/b03de1bf-0386-4bce-97e4-416ecf51d938-edited-3-1536x1153.jpeg 1536w, https:\/\/www.gruene-mkk.de\/wp-content\/uploads\/2026\/02\/b03de1bf-0386-4bce-97e4-416ecf51d938-edited-3-16x12.jpeg 16w\" sizes=\"auto, (max-width: 1605px) 100vw, 1605px\" \/><\/a><\/figure>\n<\/figure>\n\n\n\n<h3 class=\"wp-block-heading\"><a href=\"https:\/\/gruene-jossgrund.de\/\" data-type=\"link\" data-id=\"https:\/\/gruene-jossgrund.de\/\">Jossgrund<\/a><\/h3>\n\n\n\n<p><\/p>\n<\/div>\n\n\n\n<div class=\"wp-block-column is-layout-flow wp-block-column-is-layout-flow\">\n<figure class=\"wp-block-image size-large\"><img loading=\"lazy\" decoding=\"async\" width=\"800\" height=\"600\" src=\"http:\/\/www.alles-bleibt-anders.org\/wp-content\/uploads\/2021\/11\/IMG_0173-800x600.jpg\" alt=\"\" class=\"wp-image-298\" srcset=\"https:\/\/www.gruene-mkk.de\/wp-content\/uploads\/2021\/11\/IMG_0173-800x600.jpg 800w, https:\/\/www.gruene-mkk.de\/wp-content\/uploads\/2021\/11\/IMG_0173-400x300.jpg 400w, https:\/\/www.gruene-mkk.de\/wp-content\/uploads\/2021\/11\/IMG_0173-768x576.jpg 768w, https:\/\/www.gruene-mkk.de\/wp-content\/uploads\/2021\/11\/IMG_0173-1536x1152.jpg 1536w, https:\/\/www.gruene-mkk.de\/wp-content\/uploads\/2021\/11\/IMG_0173-2048x1536.jpg 2048w\" sizes=\"auto, (max-width: 800px) 100vw, 800px\" \/><\/figure>\n\n\n\n<h3 class=\"wp-block-heading\"><a href=\"https:\/\/gruene-langenselbold-ov.de\/startseite\/\" data-type=\"URL\" data-id=\"https:\/\/gruene-langenselbold-ov.de\/startseite\/\">Langenselbold<\/a><\/h3>\n\n\n\n<p><\/p>\n<\/div>\n\n\n\n<div class=\"wp-block-column is-layout-flow wp-block-column-is-layout-flow\">\n<figure class=\"wp-block-image size-large\"><img loading=\"lazy\" decoding=\"async\" width=\"800\" height=\"600\" src=\"http:\/\/www.alles-bleibt-anders.org\/wp-content\/uploads\/2021\/11\/IMG_0173-800x600.jpg\" alt=\"\" class=\"wp-image-298\" srcset=\"https:\/\/www.gruene-mkk.de\/wp-content\/uploads\/2021\/11\/IMG_0173-800x600.jpg 800w, https:\/\/www.gruene-mkk.de\/wp-content\/uploads\/2021\/11\/IMG_0173-400x300.jpg 400w, https:\/\/www.gruene-mkk.de\/wp-content\/uploads\/2021\/11\/IMG_0173-768x576.jpg 768w, https:\/\/www.gruene-mkk.de\/wp-content\/uploads\/2021\/11\/IMG_0173-1536x1152.jpg 1536w, https:\/\/www.gruene-mkk.de\/wp-content\/uploads\/2021\/11\/IMG_0173-2048x1536.jpg 2048w\" sizes=\"auto, (max-width: 800px) 100vw, 800px\" \/><\/figure>\n\n\n\n<h3 class=\"wp-block-heading\"><a href=\"https:\/\/gruene-linsengericht.de\/\" data-type=\"URL\" data-id=\"https:\/\/gruene-linsengericht.de\/\">Lentil dish<\/a><\/h3>\n\n\n\n<p><\/p>\n<\/div>\n<\/div>\n\n\n\n<p><\/p>\n\n\n\n<div class=\"wp-block-columns is-layout-flex wp-container-core-columns-is-layout-9d6595d7 wp-block-columns-is-layout-flex\">\n<div class=\"wp-block-column is-layout-flow wp-block-column-is-layout-flow\">\n<figure class=\"wp-block-image size-large\"><img loading=\"lazy\" decoding=\"async\" width=\"800\" height=\"600\" src=\"http:\/\/www.alles-bleibt-anders.org\/wp-content\/uploads\/2021\/11\/IMG_0173-800x600.jpg\" alt=\"\" class=\"wp-image-298\" srcset=\"https:\/\/www.gruene-mkk.de\/wp-content\/uploads\/2021\/11\/IMG_0173-800x600.jpg 800w, https:\/\/www.gruene-mkk.de\/wp-content\/uploads\/2021\/11\/IMG_0173-400x300.jpg 400w, https:\/\/www.gruene-mkk.de\/wp-content\/uploads\/2021\/11\/IMG_0173-768x576.jpg 768w, https:\/\/www.gruene-mkk.de\/wp-content\/uploads\/2021\/11\/IMG_0173-1536x1152.jpg 1536w, https:\/\/www.gruene-mkk.de\/wp-content\/uploads\/2021\/11\/IMG_0173-2048x1536.jpg 2048w\" sizes=\"auto, (max-width: 800px) 100vw, 800px\" \/><\/figure>\n\n\n\n<h3 class=\"wp-block-heading\"><a href=\"https:\/\/www.gruene-maintal.de\/\" data-type=\"link\" data-id=\"https:\/\/www.gruene-maintal.de\/\">Maintal<\/a><\/h3>\n\n\n\n<p><\/p>\n<\/div>\n\n\n\n<div class=\"wp-block-column is-layout-flow wp-block-column-is-layout-flow\">\n<figure class=\"wp-block-image size-large\"><img loading=\"lazy\" decoding=\"async\" width=\"800\" height=\"600\" src=\"http:\/\/www.alles-bleibt-anders.org\/wp-content\/uploads\/2021\/11\/IMG_0173-800x600.jpg\" alt=\"\" class=\"wp-image-298\" srcset=\"https:\/\/www.gruene-mkk.de\/wp-content\/uploads\/2021\/11\/IMG_0173-800x600.jpg 800w, https:\/\/www.gruene-mkk.de\/wp-content\/uploads\/2021\/11\/IMG_0173-400x300.jpg 400w, https:\/\/www.gruene-mkk.de\/wp-content\/uploads\/2021\/11\/IMG_0173-768x576.jpg 768w, https:\/\/www.gruene-mkk.de\/wp-content\/uploads\/2021\/11\/IMG_0173-1536x1152.jpg 1536w, https:\/\/www.gruene-mkk.de\/wp-content\/uploads\/2021\/11\/IMG_0173-2048x1536.jpg 2048w\" sizes=\"auto, (max-width: 800px) 100vw, 800px\" \/><\/figure>\n\n\n\n<h3 class=\"wp-block-heading\"><a href=\"https:\/\/www.gruene-neuberg.de\/\" data-type=\"URL\" data-id=\"https:\/\/www.gruene-neuberg.de\/\">Neuberg<\/a><\/h3>\n\n\n\n<p><\/p>\n<\/div>\n\n\n\n<div class=\"wp-block-column is-layout-flow wp-block-column-is-layout-flow\">\n<figure class=\"wp-block-image size-large\"><img loading=\"lazy\" decoding=\"async\" width=\"800\" height=\"600\" src=\"http:\/\/www.gruene-mkk.de\/wp-content\/uploads\/2022\/01\/Niederdorfelden-800x600.jpg\" alt=\"Niederdorfelden\" class=\"wp-image-855\" srcset=\"https:\/\/www.gruene-mkk.de\/wp-content\/uploads\/2022\/01\/Niederdorfelden-800x600.jpg 800w, https:\/\/www.gruene-mkk.de\/wp-content\/uploads\/2022\/01\/Niederdorfelden-400x300.jpg 400w, https:\/\/www.gruene-mkk.de\/wp-content\/uploads\/2022\/01\/Niederdorfelden-768x576.jpg 768w, https:\/\/www.gruene-mkk.de\/wp-content\/uploads\/2022\/01\/Niederdorfelden-1536x1152.jpg 1536w, https:\/\/www.gruene-mkk.de\/wp-content\/uploads\/2022\/01\/Niederdorfelden-2048x1536.jpg 2048w\" sizes=\"auto, (max-width: 800px) 100vw, 800px\" \/><\/figure>\n\n\n\n<h3 class=\"wp-block-heading\"><a href=\"https:\/\/www.facebook.com\/gruene.niederdorfelden\">Niederdorfelden<\/a><\/h3>\n\n\n\n<p><\/p>\n<\/div>\n<\/div>\n\n\n\n<p><\/p>\n\n\n\n<div class=\"wp-block-columns is-layout-flex wp-container-core-columns-is-layout-9d6595d7 wp-block-columns-is-layout-flex\">\n<div class=\"wp-block-column is-layout-flow wp-block-column-is-layout-flow\">\n<figure class=\"wp-block-image size-full\"><img loading=\"lazy\" decoding=\"async\" width=\"568\" height=\"425\" src=\"http:\/\/www.gruene-mkk.de\/wp-content\/uploads\/2022\/02\/Nidderau_s.jpg\" alt=\"Nidderau\" class=\"wp-image-898\" srcset=\"https:\/\/www.gruene-mkk.de\/wp-content\/uploads\/2022\/02\/Nidderau_s.jpg 568w, https:\/\/www.gruene-mkk.de\/wp-content\/uploads\/2022\/02\/Nidderau_s-400x299.jpg 400w\" sizes=\"auto, (max-width: 568px) 100vw, 568px\" \/><\/figure>\n\n\n\n<h3 class=\"wp-block-heading\"><a href=\"http:\/\/gruene-nidderau.de\/\" data-type=\"URL\" data-id=\"http:\/\/gruene-nidderau.de\/\">Nidderau<\/a><\/h3>\n\n\n\n<p><\/p>\n<\/div>\n\n\n\n<div class=\"wp-block-column is-layout-flow wp-block-column-is-layout-flow\">\n<figure class=\"wp-block-image size-large\"><img loading=\"lazy\" decoding=\"async\" width=\"800\" height=\"600\" src=\"http:\/\/www.gruene-mkk.de\/wp-content\/uploads\/2022\/02\/Rodenbach-800x600.jpg\" alt=\"Rodenbach\" class=\"wp-image-904\" srcset=\"https:\/\/www.gruene-mkk.de\/wp-content\/uploads\/2022\/02\/Rodenbach-800x600.jpg 800w, https:\/\/www.gruene-mkk.de\/wp-content\/uploads\/2022\/02\/Rodenbach-400x300.jpg 400w, https:\/\/www.gruene-mkk.de\/wp-content\/uploads\/2022\/02\/Rodenbach-768x576.jpg 768w, https:\/\/www.gruene-mkk.de\/wp-content\/uploads\/2022\/02\/Rodenbach-1536x1152.jpg 1536w, https:\/\/www.gruene-mkk.de\/wp-content\/uploads\/2022\/02\/Rodenbach-2048x1535.jpg 2048w\" sizes=\"auto, (max-width: 800px) 100vw, 800px\" \/><\/figure>\n\n\n\n<h3 class=\"wp-block-heading\"><a href=\"https:\/\/gruene-rodenbach.de\/\" data-type=\"URL\" data-id=\"https:\/\/gruene-rodenbach.de\/\">Rodenbach<\/a><\/h3>\n\n\n\n<p><\/p>\n<\/div>\n\n\n\n<div class=\"wp-block-column is-layout-flow wp-block-column-is-layout-flow\">\n<figure class=\"wp-block-image size-large\"><a href=\"https:\/\/www.alles-bleibt-anders.org\/gruene-vor-ort\/gemeinden-ohne-gruen\/\"><img loading=\"lazy\" decoding=\"async\" width=\"800\" height=\"600\" src=\"http:\/\/www.alles-bleibt-anders.org\/wp-content\/uploads\/2021\/11\/hier-gibt-es-noch-keinen-ortsv-800x600.png\" alt=\"\" class=\"wp-image-635\" srcset=\"https:\/\/www.gruene-mkk.de\/wp-content\/uploads\/2021\/11\/hier-gibt-es-noch-keinen-ortsv-800x600.png 800w, https:\/\/www.gruene-mkk.de\/wp-content\/uploads\/2021\/11\/hier-gibt-es-noch-keinen-ortsv-400x300.png 400w, https:\/\/www.gruene-mkk.de\/wp-content\/uploads\/2021\/11\/hier-gibt-es-noch-keinen-ortsv-768x576.png 768w, https:\/\/www.gruene-mkk.de\/wp-content\/uploads\/2021\/11\/hier-gibt-es-noch-keinen-ortsv-1536x1152.png 1536w, https:\/\/www.gruene-mkk.de\/wp-content\/uploads\/2021\/11\/hier-gibt-es-noch-keinen-ortsv-2048x1536.png 2048w\" sizes=\"auto, (max-width: 800px) 100vw, 800px\" \/><\/a><\/figure>\n\n\n\n<h3 class=\"wp-block-heading\"><a href=\"https:\/\/www.alles-bleibt-anders.org\/gruene-vor-ort\/gemeinden-ohne-gruen\/\">Ronneburg<\/a><\/h3>\n\n\n\n<p><\/p>\n<\/div>\n<\/div>\n\n\n\n<p><\/p>\n\n\n\n<div class=\"wp-block-columns is-layout-flex wp-container-core-columns-is-layout-9d6595d7 wp-block-columns-is-layout-flex\">\n<div class=\"wp-block-column is-layout-flow wp-block-column-is-layout-flow\">\n<figure class=\"wp-block-image size-large\"><img loading=\"lazy\" decoding=\"async\" width=\"800\" height=\"600\" src=\"http:\/\/www.alles-bleibt-anders.org\/wp-content\/uploads\/2021\/11\/IMG_0173-800x600.jpg\" alt=\"\" class=\"wp-image-298\" srcset=\"https:\/\/www.gruene-mkk.de\/wp-content\/uploads\/2021\/11\/IMG_0173-800x600.jpg 800w, https:\/\/www.gruene-mkk.de\/wp-content\/uploads\/2021\/11\/IMG_0173-400x300.jpg 400w, https:\/\/www.gruene-mkk.de\/wp-content\/uploads\/2021\/11\/IMG_0173-768x576.jpg 768w, https:\/\/www.gruene-mkk.de\/wp-content\/uploads\/2021\/11\/IMG_0173-1536x1152.jpg 1536w, https:\/\/www.gruene-mkk.de\/wp-content\/uploads\/2021\/11\/IMG_0173-2048x1536.jpg 2048w\" sizes=\"auto, (max-width: 800px) 100vw, 800px\" \/><\/figure>\n\n\n\n<h3 class=\"wp-block-heading\"><a href=\"https:\/\/gruene-schluechtern.de\/\" data-type=\"URL\" data-id=\"https:\/\/gruene-schluechtern.de\/\">shy<\/a><\/h3>\n\n\n\n<p><\/p>\n<\/div>\n\n\n\n<div class=\"wp-block-column is-layout-flow wp-block-column-is-layout-flow\">\n<figure class=\"wp-block-image size-large\"><a href=\"https:\/\/gruene-schoeneck.de\/startseite\/\"><img loading=\"lazy\" decoding=\"async\" width=\"800\" height=\"600\" src=\"http:\/\/www.gruene-mkk.de\/wp-content\/uploads\/2022\/01\/Schoeneck-NeuesSchlossBuedesheim_s-800x600.jpg\" alt=\"Castle of B\u00fcdesheim\" class=\"wp-image-880\" srcset=\"https:\/\/www.gruene-mkk.de\/wp-content\/uploads\/2022\/01\/Schoeneck-NeuesSchlossBuedesheim_s-800x600.jpg 800w, https:\/\/www.gruene-mkk.de\/wp-content\/uploads\/2022\/01\/Schoeneck-NeuesSchlossBuedesheim_s-400x300.jpg 400w, https:\/\/www.gruene-mkk.de\/wp-content\/uploads\/2022\/01\/Schoeneck-NeuesSchlossBuedesheim_s-768x576.jpg 768w, https:\/\/www.gruene-mkk.de\/wp-content\/uploads\/2022\/01\/Schoeneck-NeuesSchlossBuedesheim_s-1536x1152.jpg 1536w, https:\/\/www.gruene-mkk.de\/wp-content\/uploads\/2022\/01\/Schoeneck-NeuesSchlossBuedesheim_s-2048x1536.jpg 2048w\" sizes=\"auto, (max-width: 800px) 100vw, 800px\" \/><\/a><\/figure>\n\n\n\n<h3 class=\"wp-block-heading\"><a href=\"https:\/\/gruene-schoeneck.de\/startseite\/\" data-type=\"URL\">Sch\u00f6neck<\/a><\/h3>\n\n\n\n<p><\/p>\n<\/div>\n\n\n\n<div class=\"wp-block-column is-layout-flow wp-block-column-is-layout-flow\">\n<figure class=\"wp-block-image size-large\"><a href=\"https:\/\/www.alles-bleibt-anders.org\/gruene-vor-ort\/gemeinden-ohne-gruen\/\"><img loading=\"lazy\" decoding=\"async\" width=\"800\" height=\"600\" src=\"http:\/\/www.alles-bleibt-anders.org\/wp-content\/uploads\/2021\/11\/hier-gibt-es-noch-keinen-ortsv-800x600.png\" alt=\"\" class=\"wp-image-635\" srcset=\"https:\/\/www.gruene-mkk.de\/wp-content\/uploads\/2021\/11\/hier-gibt-es-noch-keinen-ortsv-800x600.png 800w, https:\/\/www.gruene-mkk.de\/wp-content\/uploads\/2021\/11\/hier-gibt-es-noch-keinen-ortsv-400x300.png 400w, https:\/\/www.gruene-mkk.de\/wp-content\/uploads\/2021\/11\/hier-gibt-es-noch-keinen-ortsv-768x576.png 768w, https:\/\/www.gruene-mkk.de\/wp-content\/uploads\/2021\/11\/hier-gibt-es-noch-keinen-ortsv-1536x1152.png 1536w, https:\/\/www.gruene-mkk.de\/wp-content\/uploads\/2021\/11\/hier-gibt-es-noch-keinen-ortsv-2048x1536.png 2048w\" sizes=\"auto, (max-width: 800px) 100vw, 800px\" \/><\/a><\/figure>\n\n\n\n<h3 class=\"wp-block-heading\"><a href=\"https:\/\/www.alles-bleibt-anders.org\/gruene-vor-ort\/gemeinden-ohne-gruen\/\">Sinntal<\/a><\/h3>\n\n\n\n<p><\/p>\n<\/div>\n<\/div>\n\n\n\n<p><\/p>\n\n\n\n<div class=\"wp-block-columns is-layout-flex wp-container-core-columns-is-layout-9d6595d7 wp-block-columns-is-layout-flex\">\n<div class=\"wp-block-column is-layout-flow wp-block-column-is-layout-flow\">\n<figure class=\"wp-block-image size-large\"><a href=\"https:\/\/www.alles-bleibt-anders.org\/gruene-vor-ort\/gemeinden-ohne-gruen\/\"><img loading=\"lazy\" decoding=\"async\" width=\"800\" height=\"600\" src=\"http:\/\/www.alles-bleibt-anders.org\/wp-content\/uploads\/2021\/11\/hier-gibt-es-noch-keinen-ortsv-800x600.png\" alt=\"\" class=\"wp-image-635\" srcset=\"https:\/\/www.gruene-mkk.de\/wp-content\/uploads\/2021\/11\/hier-gibt-es-noch-keinen-ortsv-800x600.png 800w, https:\/\/www.gruene-mkk.de\/wp-content\/uploads\/2021\/11\/hier-gibt-es-noch-keinen-ortsv-400x300.png 400w, https:\/\/www.gruene-mkk.de\/wp-content\/uploads\/2021\/11\/hier-gibt-es-noch-keinen-ortsv-768x576.png 768w, https:\/\/www.gruene-mkk.de\/wp-content\/uploads\/2021\/11\/hier-gibt-es-noch-keinen-ortsv-1536x1152.png 1536w, https:\/\/www.gruene-mkk.de\/wp-content\/uploads\/2021\/11\/hier-gibt-es-noch-keinen-ortsv-2048x1536.png 2048w\" sizes=\"auto, (max-width: 800px) 100vw, 800px\" \/><\/a><\/figure>\n\n\n\n<h3 class=\"wp-block-heading\"><a href=\"https:\/\/www.alles-bleibt-anders.org\/gruene-vor-ort\/gemeinden-ohne-gruen\/\">Steinau a.d.Str.<\/a><\/h3>\n\n\n\n<p><\/p>\n<\/div>\n\n\n\n<div class=\"wp-block-column is-layout-flow wp-block-column-is-layout-flow\">\n<figure class=\"wp-block-image size-large\"><img loading=\"lazy\" decoding=\"async\" width=\"800\" height=\"600\" src=\"http:\/\/www.alles-bleibt-anders.org\/wp-content\/uploads\/2021\/11\/IMG_0173-800x600.jpg\" alt=\"\" class=\"wp-image-298\" srcset=\"https:\/\/www.gruene-mkk.de\/wp-content\/uploads\/2021\/11\/IMG_0173-800x600.jpg 800w, https:\/\/www.gruene-mkk.de\/wp-content\/uploads\/2021\/11\/IMG_0173-400x300.jpg 400w, https:\/\/www.gruene-mkk.de\/wp-content\/uploads\/2021\/11\/IMG_0173-768x576.jpg 768w, https:\/\/www.gruene-mkk.de\/wp-content\/uploads\/2021\/11\/IMG_0173-1536x1152.jpg 1536w, https:\/\/www.gruene-mkk.de\/wp-content\/uploads\/2021\/11\/IMG_0173-2048x1536.jpg 2048w\" sizes=\"auto, (max-width: 800px) 100vw, 800px\" \/><\/figure>\n\n\n\n<h3 class=\"wp-block-heading\"><a href=\"https:\/\/www.gruene-waechtersbach.de\/\" data-type=\"URL\" data-id=\"https:\/\/www.gruene-waechtersbach.de\/\">W\u00e4chtersbach<\/a><\/h3>\n\n\n\n<p><\/p>\n<\/div>\n\n\n\n<div class=\"wp-block-column is-layout-flow wp-block-column-is-layout-flow\">\n<h2 class=\"wp-block-heading\"><\/h2>\n\n\n\n<p><\/p>\n<\/div>\n<\/div>\n\n\n\n<p><\/p>","protected":false},"excerpt":{"rendered":"<p>Bad Orb Bad Soden-Salm\u00fcnster Biebergem\u00fcnd Birstein Brachttal Bruchk\u00f6bel Erlensee Fl\u00f6rsbachtal Freigericht Gelnhausen Gro\u00dfkrotzenburg Gr\u00fcndau Hammersbach Hanau Hasselroth Jossgrund Langenselbold Linsengericht Maintal Neuberg Niederdorfelden Nidderau Rodenbach Ronneburg Schl\u00fcchtern Sch\u00f6neck Sinntal Steinau [...]<\/p>","protected":false},"author":2,"featured_media":0,"parent":152,"menu_order":0,"comment_status":"closed","ping_status":"closed","template":"","meta":{"footnotes":""},"class_list":["post-613","page","type-page","status-publish","hentry"],"_links":{"self":[{"href":"https:\/\/www.gruene-mkk.de\/en\/wp-json\/wp\/v2\/pages\/613","targetHints":{"allow":["GET"]}}],"collection":[{"href":"https:\/\/www.gruene-mkk.de\/en\/wp-json\/wp\/v2\/pages"}],"about":[{"href":"https:\/\/www.gruene-mkk.de\/en\/wp-json\/wp\/v2\/types\/page"}],"author":[{"embeddable":true,"href":"https:\/\/www.gruene-mkk.de\/en\/wp-json\/wp\/v2\/users\/2"}],"replies":[{"embeddable":true,"href":"https:\/\/www.gruene-mkk.de\/en\/wp-json\/wp\/v2\/comments?post=613"}],"version-history":[{"count":32,"href":"https:\/\/www.gruene-mkk.de\/en\/wp-json\/wp\/v2\/pages\/613\/revisions"}],"predecessor-version":[{"id":3342,"href":"https:\/\/www.gruene-mkk.de\/en\/wp-json\/wp\/v2\/pages\/613\/revisions\/3342"}],"up":[{"embeddable":true,"href":"https:\/\/www.gruene-mkk.de\/en\/wp-json\/wp\/v2\/pages\/152"}],"wp:attachment":[{"href":"https:\/\/www.gruene-mkk.de\/en\/wp-json\/wp\/v2\/media?parent=613"}],"curies":[{"name":"wp","href":"https:\/\/api.w.org\/{rel}","templated":true}]}}