{"id":293,"date":"2021-11-17T18:12:18","date_gmt":"2021-11-17T17:12:18","guid":{"rendered":"https:\/\/www.alles-bleibt-anders.org\/?page_id=293"},"modified":"2026-04-21T14:03:15","modified_gmt":"2026-04-21T12:03:15","slug":"home","status":"publish","type":"page","link":"https:\/\/www.gruene-mkk.de\/en\/","title":{"rendered":"Home"},"content":{"rendered":"<div style=\"height:100px\" aria-hidden=\"true\" class=\"wp-block-spacer\"><\/div>\n\n\n\n<p><\/p>\n\n\n\n<div class=\"wp-block-group has-white-background-color has-background is-layout-flow wp-block-group-is-layout-flow\">\n<div class=\"wp-block-columns is-layout-flex wp-container-core-columns-is-layout-9d6595d7 wp-block-columns-is-layout-flex\">\n<div class=\"wp-block-column is-layout-flow wp-block-column-is-layout-flow\">\n<h2 class=\"wp-block-heading h1\" id=\"first-content\">cordially<br>Welcome<\/h2>\n\n\n\n<h3 class=\"wp-block-heading h4\">the Green Main-Kinzig<\/h3>\n<\/div>\n\n\n\n<div class=\"wp-block-column is-layout-flow wp-block-column-is-layout-flow\">\n<p>Make the Main-Kinzig-Kreis greener and fairer. We live up to our responsibility for nature and the environment. Achieve the best possible outcome for citizens in the MKK. We focus on three main areas: Ecology and climate protection, sustainable development and social policy. <\/p>\n\n\n\n<p>The MKK can do much more. It is now necessary to fully exploit the potential of the circle. We Greens are ready to play an active role!<\/p>\n\n\n\n<div style=\"height:100px\" aria-hidden=\"true\" class=\"wp-block-spacer\"><\/div>\n<\/div>\n<\/div>\n<\/div>\n\n\n <div class=\"wp-block-group alignfull sunflower-has-background-dim has-text-color has-white-color has-background is-vertical is-content-justification-center is-content-justification-center is-layout-flex wp-block-group-is-layout-flex next-events\">\n                    <div class=\"wp-block-group__inner-container\">\n                        <h2 class=\"wp-block-heading has-text-align-center h1\">Next dates<\/h2>\n                        <div class=\"wp-block-button text-center mb-5\"><a class=\"wp-block-button__link no-border-radius\" href=\"https:\/\/www.gruene-mkk.de\/en\/termine\/\" rel=\"\">all events<\/a><\/div>\n                    <div class=\"row\"><div class=\"col-12 col-md-6 col-lg-4 mb-4\">\n\n<a href=\"https:\/\/www.gruene-mkk.de\/en\/termine\/kreismitgliederversammlung-18\/\" class=\"event-card\" rel=\"bookmark\">\n<article id=\"post-3325\" class=\"event has-shadow post-3325 sunflower_event type-sunflower_event status-publish hentry\">\n\t<div class=\"p-4\">\n\t\t\t\t<div class=\"event-archive-meta\">\n\t\t\t<div class=\"text-uppercase small\">Tuesday<\/div>\n\t\t\t<div class=\"date\">\n\t\t\t\t<time datetime=\"2026-05-12 19:30\">\n\t\t\t\t\t12.05.2026 <span class=\"small\">19:30 \u2013 21:00 o\u2019clock<\/span>\t\t\t\t<\/time>\n\t\t\t<\/div>\n\t\t\t<div class=\"fst-italic small\">\n\t\t\t\t\t\t\t<\/div>\n\t\t<\/div>\n\n\t\t<div class=\"mt-2\">\n\t\t\t<header class=\"entry-header pt-2 pb-2\">\n\t\t\t\t<span class=\"h2\">Meeting of members of the district<\/span>\t\t\t<\/header><!-- .entry-header -->\n\n\n\t\t\t<div class=\"entry-content\">\n\t\t\t\t<p>The agenda includes the elections of delegates for the Federal Conference of Delegates from 4 to 6. December 2026. Come by, bring your ideas and questions and actively design the evening [\u2026]<\/p>\n\t\t\t<\/div><!-- .entry-content -->\n\n\t\t<\/div>\n\n\t<\/div>\n<\/article><!-- #post-3325 -->\n<\/a>\n<\/div><div class=\"col-12 col-md-6 col-lg-4 mb-4\">\n\n<a href=\"https:\/\/www.gruene-mkk.de\/en\/termine\/fruehstueck-mit-den-gruenen-60\/\" class=\"event-card\" rel=\"bookmark\">\n<article id=\"post-3349\" class=\"event has-shadow post-3349 sunflower_event type-sunflower_event status-publish hentry\">\n\t<div class=\"p-4\">\n\t\t\t\t<div class=\"event-archive-meta\">\n\t\t\t<div class=\"text-uppercase small\">Saturday<\/div>\n\t\t\t<div class=\"date\">\n\t\t\t\t<time datetime=\"2026-05-16 10:00\">\n\t\t\t\t\t16.05.2026 <span class=\"small\">10:00 \u2013 13:00 o\u2019clock<\/span>\t\t\t\t<\/time>\n\t\t\t<\/div>\n\t\t\t<div class=\"fst-italic small\">\n\t\t\t\t\t\t\t<\/div>\n\t\t<\/div>\n\n\t\t<div class=\"mt-2\">\n\t\t\t<header class=\"entry-header pt-2 pb-2\">\n\t\t\t\t<span class=\"h2\">Breakfast with the Greens 60+<\/span>\t\t\t<\/header><!-- .entry-header -->\n\n\n\t\t\t<div class=\"entry-content\">\n\t\t\t\t<p>Warm invitation to the breakfast of the Greens 60+ at the Caf\u00e9 \u2018Im Garten Eden\u2019 in Maintal. In a relaxed atmosphere, we would like to discuss the past municipal elections and take a look at the [\u2026]<\/p>\n\t\t\t<\/div><!-- .entry-content -->\n\n\t\t<\/div>\n\n\t<\/div>\n<\/article><!-- #post-3349 -->\n<\/a>\n<\/div><div class=\"col-12 col-md-6 col-lg-4 mb-4\">\n\n<a href=\"https:\/\/www.gruene-mkk.de\/en\/termine\/sommerfest-3\/\" class=\"event-card\" rel=\"bookmark\">\n<article id=\"post-3326\" class=\"event has-shadow post-3326 sunflower_event type-sunflower_event status-publish hentry\">\n\t<div class=\"p-4\">\n\t\t\t\t<div class=\"event-archive-meta\">\n\t\t\t<div class=\"text-uppercase small\">Saturday<\/div>\n\t\t\t<div class=\"date\">\n\t\t\t\t<time datetime=\"2026-08-15 00:00\">\n\t\t\t\t\t15.08.2026\t\t\t\t<\/time>\n\t\t\t<\/div>\n\t\t\t<div class=\"fst-italic small\">\n\t\t\t\t\t\t\t<\/div>\n\t\t<\/div>\n\n\t\t<div class=\"mt-2\">\n\t\t\t<header class=\"entry-header pt-2 pb-2\">\n\t\t\t\t<span class=\"h2\">Summer party<\/span>\t\t\t<\/header><!-- .entry-header -->\n\n\n\t\t\t<div class=\"entry-content\">\n\t\t\t\t<p>Save the date<\/p>\n\t\t\t<\/div><!-- .entry-content -->\n\n\t\t<\/div>\n\n\t<\/div>\n<\/article><!-- #post-3326 -->\n<\/a>\n<\/div><\/div><\/div><\/div>\n\n\n<p><\/p>\n\n\n\n<div style=\"height:100px\" aria-hidden=\"true\" class=\"wp-block-spacer\"><\/div>\n\n\n<div class=\"has-background latest-posts wp-block-sunflower-latest-posts\">\n        <div class=\"wp-block-group__inner-container\">\n            \n                <div class=\"row\" data-masonry='{\"percentPosition\": true }'><div class=\"col-md-6\">\n<article id=\"post-3343\" class=\"bg-white mb-4 has-shadow post-3343 post type-post status-publish format-standard hentry category-allgemein\">\n\t<div class=\"\">\n\t\t\t\t<div class=\"p-45\">\n\t\t\t<header class=\"entry-header mb-2\">\n\t\t\t\t\t\t\t\t<h2 class=\"card-title h4 mb-3\"><a href=\"https:\/\/www.gruene-mkk.de\/en\/kommunalwahl-gruene-im-main-kinzig-kreis-zufrieden-starke-ergebnisse-fuer-neue-ortsverbaende-in-brachttal-und-jossgrund\/\" rel=\"bookmark\">Local elections: Greens in the Main-Kinzig district satisfied - strong results for new local associations in Brachttal and Jossgrund<\/a><\/h2>\t\t\t\t\t<div class=\"entry-meta mb-3\">\n\t\t\t\t\t\t<span class=\"posted-on\"><time class=\"entry-date published\" datetime=\"2026-03-16T13:16:38+01:00\">16 March 2026<\/time><time class=\"updated\" datetime=\"2026-03-16T13:17:11+01:00\">16 March 2026<\/time><\/span>\t\t\t\t\t<\/div><!-- .entry-meta -->\n\t\t\t\t\t\t\t\t<\/header><!-- .entry-header -->\n\n\t\t\t<div class=\"entry-content\">\n\t\t\t\t<a href=\"https:\/\/www.gruene-mkk.de\/en\/kommunalwahl-gruene-im-main-kinzig-kreis-zufrieden-starke-ergebnisse-fuer-neue-ortsverbaende-in-brachttal-und-jossgrund\/\" rel=\"bookmark\">\n\t\t\t\t<p>The preliminary trend results of the local elections on 15 March 2026 show that B\u00fcndnis 90\/Die Gr\u00fcnen in the Main-Kinzig district emerge from the election with a solid result. Particularly pleasing is the performance [\u2026]<\/p>\n\t\t\t\t<\/a>\n\t\t\t<\/div><!-- .entry-content -->\n\n\t\t\t<footer class=\"entry-footer\">\n\t\t\t\t\t\t\t<div class=\"d-flex mt-2 mb-2\">\n\t\t\t\t\t\t\t\t<div>\n\t\t<span class=\"cat-links small\"><a href=\"https:\/\/www.gruene-mkk.de\/en\/category\/allgemein\/\" rel=\"category tag\">General<\/a><\/span>\n\t\t\t\t<\/div>\n\t\t\t<\/div>\n\t\t\n\t\t\t\t<div class=\"d-flex flex-row-reverse\">\n\t\t\t\t\t<a href=\"https:\/\/www.gruene-mkk.de\/en\/kommunalwahl-gruene-im-main-kinzig-kreis-zufrieden-starke-ergebnisse-fuer-neue-ortsverbaende-in-brachttal-und-jossgrund\/\" rel=\"bookmark\" class=\"continue-reading\">\n\t\t\t\t\tContinue reading\t\t\t\t<\/a>\n\t\t\t\t<\/div>\n\t\t\t<\/footer><!-- .entry-footer -->\n\t\t<\/div>\n\t<\/div>\n<\/article><!-- #post-3343 -->\n<\/div><div class=\"col-md-6\">\n<article id=\"post-3338\" class=\"bg-white mb-4 has-shadow post-3338 post type-post status-publish format-standard has-post-thumbnail hentry category-allgemein\">\n\t<div class=\"\">\n\t\t\t\t\t<div class=\"\">\n\t\t\t\t<a href=\"https:\/\/www.gruene-mkk.de\/en\/mehr-schutz-fuer-frauen-gruene-podiumsdiskussion-mit-omid-nouripour-in-hanau\/\" aria-label=\"Post thumbnail\" rel=\"bookmark\">\n\t\t\t\t\t\t\t\t<img loading=\"lazy\" decoding=\"async\" width=\"768\" height=\"405\" src=\"https:\/\/www.gruene-mkk.de\/wp-content\/uploads\/2026\/03\/GRUeNE-Podiumsdiskussion-768x405.jpg\" class=\"post-thumbnail wp-post-image\" alt=\"More protection for women - GREEN panel with Omid Nouripour in Hanau\" \/>\n\n\t\t\t\t\t\t\t<\/a>\n\t\t\t<\/div>\n\t\t\t\t\t<div class=\"p-45\">\n\t\t\t<header class=\"entry-header mb-2\">\n\t\t\t\t\t\t\t\t<h2 class=\"card-title h4 mb-3\"><a href=\"https:\/\/www.gruene-mkk.de\/en\/mehr-schutz-fuer-frauen-gruene-podiumsdiskussion-mit-omid-nouripour-in-hanau\/\" rel=\"bookmark\">More protection for women - GREEN panel with Omid Nouripour in Hanau<\/a><\/h2>\t\t\t\t\t<div class=\"entry-meta mb-3\">\n\t\t\t\t\t\t<span class=\"posted-on\"><time class=\"entry-date published\" datetime=\"2026-03-11T11:25:47+01:00\">11 March 2026<\/time><time class=\"updated\" datetime=\"2026-03-11T11:26:09+01:00\">11 March 2026<\/time><\/span>\t\t\t\t\t<\/div><!-- .entry-meta -->\n\t\t\t\t\t\t\t\t<\/header><!-- .entry-header -->\n\n\t\t\t<div class=\"entry-content\">\n\t\t\t\t<a href=\"https:\/\/www.gruene-mkk.de\/en\/mehr-schutz-fuer-frauen-gruene-podiumsdiskussion-mit-omid-nouripour-in-hanau\/\" rel=\"bookmark\">\n\t\t\t\t<p>On Saturday evening, 7 March 2026, more than 60 interested parties accepted the invitation of B\u00fcndnis 90\/Die Gr\u00fcnen in the Main-Kinzig-Kreis and in Hanau for a panel discussion entitled \u2018Protecting women \u2013 [\u2026]<\/p>\n\t\t\t\t<\/a>\n\t\t\t<\/div><!-- .entry-content -->\n\n\t\t\t<footer class=\"entry-footer\">\n\t\t\t\t\t\t\t<div class=\"d-flex mt-2 mb-2\">\n\t\t\t\t\t\t\t\t<div>\n\t\t<span class=\"cat-links small\"><a href=\"https:\/\/www.gruene-mkk.de\/en\/category\/allgemein\/\" rel=\"category tag\">General<\/a><\/span>\n\t\t\t\t<\/div>\n\t\t\t<\/div>\n\t\t\n\t\t\t\t<div class=\"d-flex flex-row-reverse\">\n\t\t\t\t\t<a href=\"https:\/\/www.gruene-mkk.de\/en\/mehr-schutz-fuer-frauen-gruene-podiumsdiskussion-mit-omid-nouripour-in-hanau\/\" rel=\"bookmark\" class=\"continue-reading\">\n\t\t\t\t\tContinue reading\t\t\t\t<\/a>\n\t\t\t\t<\/div>\n\t\t\t<\/footer><!-- .entry-footer -->\n\t\t<\/div>\n\t<\/div>\n<\/article><!-- #post-3338 -->\n<\/div><div class=\"col-md-6\">\n<article id=\"post-3329\" class=\"bg-white mb-4 has-shadow post-3329 post type-post status-publish format-standard hentry category-allgemein\">\n\t<div class=\"\">\n\t\t\t\t<div class=\"p-45\">\n\t\t\t<header class=\"entry-header mb-2\">\n\t\t\t\t\t\t\t\t<h2 class=\"card-title h4 mb-3\"><a href=\"https:\/\/www.gruene-mkk.de\/en\/wahlkampfhoehepunkt-der-gruenen-main-kinzig-und-hanau-podiumsdiskussion-frauen-schuetzen-lokal-handeln-global-denken\/\" rel=\"bookmark\">Campaign highlight of the GREEN Main-Kinzig and Hanau: Panel discussion \"Protecting women \u2013 acting locally, thinking globally\"<\/a><\/h2>\t\t\t\t\t<div class=\"entry-meta mb-3\">\n\t\t\t\t\t\t<span class=\"posted-on\"><time class=\"entry-date published\" datetime=\"2026-03-06T14:05:20+01:00\">6 March 2026<\/time><time class=\"updated\" datetime=\"2026-03-06T14:05:32+01:00\">6 March 2026<\/time><\/span>\t\t\t\t\t<\/div><!-- .entry-meta -->\n\t\t\t\t\t\t\t\t<\/header><!-- .entry-header -->\n\n\t\t\t<div class=\"entry-content\">\n\t\t\t\t<a href=\"https:\/\/www.gruene-mkk.de\/en\/wahlkampfhoehepunkt-der-gruenen-main-kinzig-und-hanau-podiumsdiskussion-frauen-schuetzen-lokal-handeln-global-denken\/\" rel=\"bookmark\">\n\t\t\t\t<p>On the occasion of the upcoming International Women's Day, B\u00fcndnis 90\/Die Gr\u00fcnen in the Main-Kinzig-Kreis and Hanau invite you to a public campaign highlight with a panel discussion. The event will take place on Saturday, 7 March 2026, at 19:00 [\u2026]<\/p>\n\t\t\t\t<\/a>\n\t\t\t<\/div><!-- .entry-content -->\n\n\t\t\t<footer class=\"entry-footer\">\n\t\t\t\t\t\t\t<div class=\"d-flex mt-2 mb-2\">\n\t\t\t\t\t\t\t\t<div>\n\t\t<span class=\"cat-links small\"><a href=\"https:\/\/www.gruene-mkk.de\/en\/category\/allgemein\/\" rel=\"category tag\">General<\/a><\/span>\n\t\t\t\t<\/div>\n\t\t\t<\/div>\n\t\t\n\t\t\t\t<div class=\"d-flex flex-row-reverse\">\n\t\t\t\t\t<a href=\"https:\/\/www.gruene-mkk.de\/en\/wahlkampfhoehepunkt-der-gruenen-main-kinzig-und-hanau-podiumsdiskussion-frauen-schuetzen-lokal-handeln-global-denken\/\" rel=\"bookmark\" class=\"continue-reading\">\n\t\t\t\t\tContinue reading\t\t\t\t<\/a>\n\t\t\t\t<\/div>\n\t\t\t<\/footer><!-- .entry-footer -->\n\t\t<\/div>\n\t<\/div>\n<\/article><!-- #post-3329 -->\n<\/div><div class=\"col-md-6\">\n<article id=\"post-3318\" class=\"bg-white mb-4 has-shadow post-3318 post type-post status-publish format-standard hentry category-allgemein\">\n\t<div class=\"\">\n\t\t\t\t<div class=\"p-45\">\n\t\t\t<header class=\"entry-header mb-2\">\n\t\t\t\t\t\t\t\t<h2 class=\"card-title h4 mb-3\"><a href=\"https:\/\/www.gruene-mkk.de\/en\/after-wahl-party-zur-earth-hour\/\" rel=\"bookmark\">After-election party for Earth Hour<\/a><\/h2>\t\t\t\t\t<div class=\"entry-meta mb-3\">\n\t\t\t\t\t\t<span class=\"posted-on\"><time class=\"entry-date published\" datetime=\"2026-03-06T13:51:00+01:00\">6 March 2026<\/time><time class=\"updated\" datetime=\"2026-03-06T13:51:01+01:00\">6 March 2026<\/time><\/span>\t\t\t\t\t<\/div><!-- .entry-meta -->\n\t\t\t\t\t\t\t\t<\/header><!-- .entry-header -->\n\n\t\t\t<div class=\"entry-content\">\n\t\t\t\t<a href=\"https:\/\/www.gruene-mkk.de\/en\/after-wahl-party-zur-earth-hour\/\" rel=\"bookmark\">\n\t\t\t\t<p>On 27 March, the official final result of the district election will be determined. A day later, we would like to meet with you to look back on the last intense weeks \u2013 and what we have achieved together [\u2026]<\/p>\n\t\t\t\t<\/a>\n\t\t\t<\/div><!-- .entry-content -->\n\n\t\t\t<footer class=\"entry-footer\">\n\t\t\t\t\t\t\t<div class=\"d-flex mt-2 mb-2\">\n\t\t\t\t\t\t\t\t<div>\n\t\t<span class=\"cat-links small\"><a href=\"https:\/\/www.gruene-mkk.de\/en\/category\/allgemein\/\" rel=\"category tag\">General<\/a><\/span>\n\t\t\t\t<\/div>\n\t\t\t<\/div>\n\t\t\n\t\t\t\t<div class=\"d-flex flex-row-reverse\">\n\t\t\t\t\t<a href=\"https:\/\/www.gruene-mkk.de\/en\/after-wahl-party-zur-earth-hour\/\" rel=\"bookmark\" class=\"continue-reading\">\n\t\t\t\t\tContinue reading\t\t\t\t<\/a>\n\t\t\t\t<\/div>\n\t\t\t<\/footer><!-- .entry-footer -->\n\t\t<\/div>\n\t<\/div>\n<\/article><!-- #post-3318 -->\n<\/div><div class=\"col-md-6\">\n<article id=\"post-3312\" class=\"bg-white mb-4 has-shadow post-3312 post type-post status-publish format-standard has-post-thumbnail hentry category-allgemein\">\n\t<div class=\"\">\n\t\t\t\t\t<div class=\"\">\n\t\t\t\t<a href=\"https:\/\/www.gruene-mkk.de\/en\/starker-einsatz-fuer-den-gesellschaftlichen-zusammenhalt\/\" aria-label=\"Post thumbnail\" rel=\"bookmark\">\n\t\t\t\t\t\t\t\t<img loading=\"lazy\" decoding=\"async\" width=\"768\" height=\"675\" src=\"https:\/\/www.gruene-mkk.de\/wp-content\/uploads\/2026\/03\/Bild-DRK-Besuch-768x675.jpeg\" class=\"post-thumbnail wp-post-image\" alt=\"Strong commitment to social cohesion\" \/>\n\n\t\t\t\t\t\t\t<\/a>\n\t\t\t<\/div>\n\t\t\t\t\t<div class=\"p-45\">\n\t\t\t<header class=\"entry-header mb-2\">\n\t\t\t\t\t\t\t\t<h2 class=\"card-title h4 mb-3\"><a href=\"https:\/\/www.gruene-mkk.de\/en\/starker-einsatz-fuer-den-gesellschaftlichen-zusammenhalt\/\" rel=\"bookmark\">Strong commitment to social cohesion<\/a><\/h2>\t\t\t\t\t<div class=\"entry-meta mb-3\">\n\t\t\t\t\t\t<span class=\"posted-on\"><time class=\"entry-date published\" datetime=\"2026-03-06T13:40:41+01:00\">6 March 2026<\/time><time class=\"updated\" datetime=\"2026-03-06T13:40:43+01:00\">6 March 2026<\/time><\/span>\t\t\t\t\t<\/div><!-- .entry-meta -->\n\t\t\t\t\t\t\t\t<\/header><!-- .entry-header -->\n\n\t\t\t<div class=\"entry-content\">\n\t\t\t\t<a href=\"https:\/\/www.gruene-mkk.de\/en\/starker-einsatz-fuer-den-gesellschaftlichen-zusammenhalt\/\" rel=\"bookmark\">\n\t\t\t\t<p>A delegation of B\u00fcndnis 90\/Die Gr\u00fcnen from the Main-Kinzig-Kreis with their top candidates Mahwish Iftikhar and Philip Schinkel visited the DRK-Kreisverband Gelnhausen-Schl\u00fcchtern. Particular emphasis was placed on [\u2026]<\/p>\n\t\t\t\t<\/a>\n\t\t\t<\/div><!-- .entry-content -->\n\n\t\t\t<footer class=\"entry-footer\">\n\t\t\t\t\t\t\t<div class=\"d-flex mt-2 mb-2\">\n\t\t\t\t\t\t\t\t<div>\n\t\t<span class=\"cat-links small\"><a href=\"https:\/\/www.gruene-mkk.de\/en\/category\/allgemein\/\" rel=\"category tag\">General<\/a><\/span>\n\t\t\t\t<\/div>\n\t\t\t<\/div>\n\t\t\n\t\t\t\t<div class=\"d-flex flex-row-reverse\">\n\t\t\t\t\t<a href=\"https:\/\/www.gruene-mkk.de\/en\/starker-einsatz-fuer-den-gesellschaftlichen-zusammenhalt\/\" rel=\"bookmark\" class=\"continue-reading\">\n\t\t\t\t\tContinue reading\t\t\t\t<\/a>\n\t\t\t\t<\/div>\n\t\t\t<\/footer><!-- .entry-footer -->\n\t\t<\/div>\n\t<\/div>\n<\/article><!-- #post-3312 -->\n<\/div><div class=\"col-md-6\">\n<article id=\"post-3276\" class=\"bg-white mb-4 has-shadow post-3276 post type-post status-publish format-standard has-post-thumbnail hentry category-allgemein\">\n\t<div class=\"\">\n\t\t\t\t\t<div class=\"\">\n\t\t\t\t<a href=\"https:\/\/www.gruene-mkk.de\/en\/politischer-aschermittwoch-von-buendnis-90-die-gruenen-im-main-kinzig-kreis-gemeinsam-gehts\/\" aria-label=\"Post thumbnail\" rel=\"bookmark\">\n\t\t\t\t\t\t\t\t<img loading=\"lazy\" decoding=\"async\" width=\"768\" height=\"1024\" src=\"https:\/\/www.gruene-mkk.de\/wp-content\/uploads\/2026\/02\/Politischer-Aschermittwoch_GRUeNE-MKK-768x1024.jpeg\" class=\"post-thumbnail wp-post-image\" alt=\"Political Ash Wednesday of B\u00fcndnis 90\/Die Gr\u00fcnen in the Main-Kinzig district: Let&#039;s go together!\" \/>\n\n\t\t\t\t\t\t\t<\/a>\n\t\t\t<\/div>\n\t\t\t\t\t<div class=\"p-45\">\n\t\t\t<header class=\"entry-header mb-2\">\n\t\t\t\t\t\t\t\t<h2 class=\"card-title h4 mb-3\"><a href=\"https:\/\/www.gruene-mkk.de\/en\/politischer-aschermittwoch-von-buendnis-90-die-gruenen-im-main-kinzig-kreis-gemeinsam-gehts\/\" rel=\"bookmark\">Political Ash Wednesday of B\u00fcndnis 90\/Die Gr\u00fcnen in the Main-Kinzig district: Let's go together!<\/a><\/h2>\t\t\t\t\t<div class=\"entry-meta mb-3\">\n\t\t\t\t\t\t<span class=\"posted-on\"><time class=\"entry-date published\" datetime=\"2026-02-20T13:28:50+01:00\">20 February 2026<\/time><time class=\"updated\" datetime=\"2026-02-20T13:28:51+01:00\">20 February 2026<\/time><\/span>\t\t\t\t\t<\/div><!-- .entry-meta -->\n\t\t\t\t\t\t\t\t<\/header><!-- .entry-header -->\n\n\t\t\t<div class=\"entry-content\">\n\t\t\t\t<a href=\"https:\/\/www.gruene-mkk.de\/en\/politischer-aschermittwoch-von-buendnis-90-die-gruenen-im-main-kinzig-kreis-gemeinsam-gehts\/\" rel=\"bookmark\">\n\t\t\t\t<p>With around 80 guests, the Green Main-Kinzig celebrated Political Ash Wednesday at Caf\u00e9 Kowalski in the spa park of Bad Orb with green sauce and apple juice. Philip Schinkel, local top candidate [...]<\/p>\n\t\t\t\t<\/a>\n\t\t\t<\/div><!-- .entry-content -->\n\n\t\t\t<footer class=\"entry-footer\">\n\t\t\t\t\t\t\t<div class=\"d-flex mt-2 mb-2\">\n\t\t\t\t\t\t\t\t<div>\n\t\t<span class=\"cat-links small\"><a href=\"https:\/\/www.gruene-mkk.de\/en\/category\/allgemein\/\" rel=\"category tag\">General<\/a><\/span>\n\t\t\t\t<\/div>\n\t\t\t<\/div>\n\t\t\n\t\t\t\t<div class=\"d-flex flex-row-reverse\">\n\t\t\t\t\t<a href=\"https:\/\/www.gruene-mkk.de\/en\/politischer-aschermittwoch-von-buendnis-90-die-gruenen-im-main-kinzig-kreis-gemeinsam-gehts\/\" rel=\"bookmark\" class=\"continue-reading\">\n\t\t\t\t\tContinue reading\t\t\t\t<\/a>\n\t\t\t\t<\/div>\n\t\t\t<\/footer><!-- .entry-footer -->\n\t\t<\/div>\n\t<\/div>\n<\/article><!-- #post-3276 -->\n<\/div><div class=\"col-md-6\">\n<article id=\"post-3267\" class=\"bg-white mb-4 has-shadow post-3267 post type-post status-publish format-standard hentry category-allgemein\">\n\t<div class=\"\">\n\t\t\t\t<div class=\"p-45\">\n\t\t\t<header class=\"entry-header mb-2\">\n\t\t\t\t\t\t\t\t<h2 class=\"card-title h4 mb-3\"><a href=\"https:\/\/www.gruene-mkk.de\/en\/wahlkampfhoehepunkt-mit-omid-nouripour-podiumsdiskussion-frauen-schuetzen-lokal-handeln-global-denken\/\" rel=\"bookmark\">Campaign highlight with Omid Nouripour<\/a><\/h2>\t\t\t\t\t<div class=\"entry-meta mb-3\">\n\t\t\t\t\t\t<span class=\"posted-on\"><time class=\"entry-date published\" datetime=\"2026-02-20T12:15:05+01:00\">20 February 2026<\/time><time class=\"updated\" datetime=\"2026-02-23T18:33:32+01:00\">23 February 2026<\/time><\/span>\t\t\t\t\t<\/div><!-- .entry-meta -->\n\t\t\t\t\t\t\t\t<\/header><!-- .entry-header -->\n\n\t\t\t<div class=\"entry-content\">\n\t\t\t\t<a href=\"https:\/\/www.gruene-mkk.de\/en\/wahlkampfhoehepunkt-mit-omid-nouripour-podiumsdiskussion-frauen-schuetzen-lokal-handeln-global-denken\/\" rel=\"bookmark\">\n\t\t\t\t<p>Panel discussion \u2018Protecting women \u2013 acting locally, thinking globally\u2019 A day before International Women\u2019s Day, we invite you to a special panel discussion: \u201cProtecting women \u2013 acting locally, thinking globally\u201d. The event will take place [...]<\/p>\n\t\t\t\t<\/a>\n\t\t\t<\/div><!-- .entry-content -->\n\n\t\t\t<footer class=\"entry-footer\">\n\t\t\t\t\t\t\t<div class=\"d-flex mt-2 mb-2\">\n\t\t\t\t\t\t\t\t<div>\n\t\t<span class=\"cat-links small\"><a href=\"https:\/\/www.gruene-mkk.de\/en\/category\/allgemein\/\" rel=\"category tag\">General<\/a><\/span>\n\t\t\t\t<\/div>\n\t\t\t<\/div>\n\t\t\n\t\t\t\t<div class=\"d-flex flex-row-reverse\">\n\t\t\t\t\t<a href=\"https:\/\/www.gruene-mkk.de\/en\/wahlkampfhoehepunkt-mit-omid-nouripour-podiumsdiskussion-frauen-schuetzen-lokal-handeln-global-denken\/\" rel=\"bookmark\" class=\"continue-reading\">\n\t\t\t\t\tContinue reading\t\t\t\t<\/a>\n\t\t\t\t<\/div>\n\t\t\t<\/footer><!-- .entry-footer -->\n\t\t<\/div>\n\t<\/div>\n<\/article><!-- #post-3267 -->\n<\/div><div class=\"col-md-6\">\n<article id=\"post-3250\" class=\"bg-white mb-4 has-shadow post-3250 post type-post status-publish format-standard has-post-thumbnail hentry category-allgemein\">\n\t<div class=\"\">\n\t\t\t\t\t<div class=\"\">\n\t\t\t\t<a href=\"https:\/\/www.gruene-mkk.de\/en\/franziska-brantner-besucht-umicore-in-hanau-fokus-auf-nachhaltige-wirtschaft-und-innovation\/\" aria-label=\"Post thumbnail\" rel=\"bookmark\">\n\t\t\t\t\t\t\t\t<img loading=\"lazy\" decoding=\"async\" width=\"768\" height=\"425\" src=\"https:\/\/www.gruene-mkk.de\/wp-content\/uploads\/2026\/02\/Besuch-Umicore-e1770902109391-768x425.jpeg\" class=\"post-thumbnail wp-post-image\" alt=\"Franziska Brantner visits Umicore in Hanau - Focus on sustainable economy and innovation\" \/>\n\n\t\t\t\t\t\t\t<\/a>\n\t\t\t<\/div>\n\t\t\t\t\t<div class=\"p-45\">\n\t\t\t<header class=\"entry-header mb-2\">\n\t\t\t\t\t\t\t\t<h2 class=\"card-title h4 mb-3\"><a href=\"https:\/\/www.gruene-mkk.de\/en\/franziska-brantner-besucht-umicore-in-hanau-fokus-auf-nachhaltige-wirtschaft-und-innovation\/\" rel=\"bookmark\">Franziska Brantner visits Umicore in Hanau - Focus on sustainable economy and innovation<\/a><\/h2>\t\t\t\t\t<div class=\"entry-meta mb-3\">\n\t\t\t\t\t\t<span class=\"posted-on\"><time class=\"entry-date published\" datetime=\"2026-02-12T14:15:27+01:00\">12 February 2026<\/time><time class=\"updated\" datetime=\"2026-02-12T14:15:28+01:00\">12 February 2026<\/time><\/span>\t\t\t\t\t<\/div><!-- .entry-meta -->\n\t\t\t\t\t\t\t\t<\/header><!-- .entry-header -->\n\n\t\t\t<div class=\"entry-content\">\n\t\t\t\t<a href=\"https:\/\/www.gruene-mkk.de\/en\/franziska-brantner-besucht-umicore-in-hanau-fokus-auf-nachhaltige-wirtschaft-und-innovation\/\" rel=\"bookmark\">\n\t\t\t\t<p>On February 6, 2026, the Federal Chairman of B\u00fcndnis 90\/Die Gr\u00fcnen, Franziska Brantner, visited the Hanau-based company Umicore, a leading player in sustainable materials management. She was accompanied by Julia Frank, Chairman of [...]<\/p>\n\t\t\t\t<\/a>\n\t\t\t<\/div><!-- .entry-content -->\n\n\t\t\t<footer class=\"entry-footer\">\n\t\t\t\t\t\t\t<div class=\"d-flex mt-2 mb-2\">\n\t\t\t\t\t\t\t\t<div>\n\t\t<span class=\"cat-links small\"><a href=\"https:\/\/www.gruene-mkk.de\/en\/category\/allgemein\/\" rel=\"category tag\">General<\/a><\/span>\n\t\t\t\t<\/div>\n\t\t\t<\/div>\n\t\t\n\t\t\t\t<div class=\"d-flex flex-row-reverse\">\n\t\t\t\t\t<a href=\"https:\/\/www.gruene-mkk.de\/en\/franziska-brantner-besucht-umicore-in-hanau-fokus-auf-nachhaltige-wirtschaft-und-innovation\/\" rel=\"bookmark\" class=\"continue-reading\">\n\t\t\t\t\tContinue reading\t\t\t\t<\/a>\n\t\t\t\t<\/div>\n\t\t\t<\/footer><!-- .entry-footer -->\n\t\t<\/div>\n\t<\/div>\n<\/article><!-- #post-3250 -->\n<\/div><div class=\"col-md-6\">\n<article id=\"post-3229\" class=\"bg-white mb-4 has-shadow post-3229 post type-post status-publish format-standard hentry category-allgemein\">\n\t<div class=\"\">\n\t\t\t\t<div class=\"p-45\">\n\t\t\t<header class=\"entry-header mb-2\">\n\t\t\t\t\t\t\t\t<h2 class=\"card-title h4 mb-3\"><a href=\"https:\/\/www.gruene-mkk.de\/en\/gruene-kreistagsfraktion-begruesst-gesetzesentwurf-land-zurueck-in-bauernhand\/\" rel=\"bookmark\">Green parliamentary group welcomes draft law \"Land back in farmers' hands\"<\/a><\/h2>\t\t\t\t\t<div class=\"entry-meta mb-3\">\n\t\t\t\t\t\t<span class=\"posted-on\"><time class=\"entry-date published\" datetime=\"2026-02-06T16:21:28+01:00\">6 February 2026<\/time><time class=\"updated\" datetime=\"2026-02-06T16:21:29+01:00\">6 February 2026<\/time><\/span>\t\t\t\t\t<\/div><!-- .entry-meta -->\n\t\t\t\t\t\t\t\t<\/header><!-- .entry-header -->\n\n\t\t\t<div class=\"entry-content\">\n\t\t\t\t<a href=\"https:\/\/www.gruene-mkk.de\/en\/gruene-kreistagsfraktion-begruesst-gesetzesentwurf-land-zurueck-in-bauernhand\/\" rel=\"bookmark\">\n\t\t\t\t<p>Hessian Landtag faction launches offensive against soil speculation The Landtag faction of B\u00fcndnis 90\/Die Gr\u00fcnen has tabled a bill for the upcoming Landtag Plenary, which [...]<\/p>\n\t\t\t\t<\/a>\n\t\t\t<\/div><!-- .entry-content -->\n\n\t\t\t<footer class=\"entry-footer\">\n\t\t\t\t\t\t\t<div class=\"d-flex mt-2 mb-2\">\n\t\t\t\t\t\t\t\t<div>\n\t\t<span class=\"cat-links small\"><a href=\"https:\/\/www.gruene-mkk.de\/en\/category\/allgemein\/\" rel=\"category tag\">General<\/a><\/span>\n\t\t\t\t<\/div>\n\t\t\t<\/div>\n\t\t\n\t\t\t\t<div class=\"d-flex flex-row-reverse\">\n\t\t\t\t\t<a href=\"https:\/\/www.gruene-mkk.de\/en\/gruene-kreistagsfraktion-begruesst-gesetzesentwurf-land-zurueck-in-bauernhand\/\" rel=\"bookmark\" class=\"continue-reading\">\n\t\t\t\t\tContinue reading\t\t\t\t<\/a>\n\t\t\t\t<\/div>\n\t\t\t<\/footer><!-- .entry-footer -->\n\t\t<\/div>\n\t<\/div>\n<\/article><!-- #post-3229 -->\n<\/div><div class=\"col-md-6\">\n<article id=\"post-3167\" class=\"bg-white mb-4 has-shadow post-3167 post type-post status-publish format-standard hentry category-allgemein\">\n\t<div class=\"\">\n\t\t\t\t<div class=\"p-45\">\n\t\t\t<header class=\"entry-header mb-2\">\n\t\t\t\t\t\t\t\t<h2 class=\"card-title h4 mb-3\"><a href=\"https:\/\/www.gruene-mkk.de\/en\/austausch-gruene-sosse-politischer-aschermittwoch-in-bad-orb\/\" rel=\"bookmark\">Exchange &amp; Green Sauce - Political Ash Wednesday in Bad Orb<\/a><\/h2>\t\t\t\t\t<div class=\"entry-meta mb-3\">\n\t\t\t\t\t\t<span class=\"posted-on\"><time class=\"entry-date published\" datetime=\"2026-02-05T11:46:51+01:00\">5 February 2026<\/time><time class=\"updated\" datetime=\"2026-02-09T22:33:36+01:00\">9 February 2026<\/time><\/span>\t\t\t\t\t<\/div><!-- .entry-meta -->\n\t\t\t\t\t\t\t\t<\/header><!-- .entry-header -->\n\n\t\t\t<div class=\"entry-content\">\n\t\t\t\t<a href=\"https:\/\/www.gruene-mkk.de\/en\/austausch-gruene-sosse-politischer-aschermittwoch-in-bad-orb\/\" rel=\"bookmark\">\n\t\t\t\t<p>On 18 February 2026, B\u00fcndnis 90\/Die Gr\u00fcnen cordially invites all interested parties to the \"Political Ash Wednesday\" at Caf\u00e9 Kowalski in Bad Orb. As a special guest, the Bundestag member Tarek Al-Wazir is expected, who, with his long-standing political [...]<\/p>\n\t\t\t\t<\/a>\n\t\t\t<\/div><!-- .entry-content -->\n\n\t\t\t<footer class=\"entry-footer\">\n\t\t\t\t\t\t\t<div class=\"d-flex mt-2 mb-2\">\n\t\t\t\t\t\t\t\t<div>\n\t\t<span class=\"cat-links small\"><a href=\"https:\/\/www.gruene-mkk.de\/en\/category\/allgemein\/\" rel=\"category tag\">General<\/a><\/span>\n\t\t\t\t<\/div>\n\t\t\t<\/div>\n\t\t\n\t\t\t\t<div class=\"d-flex flex-row-reverse\">\n\t\t\t\t\t<a href=\"https:\/\/www.gruene-mkk.de\/en\/austausch-gruene-sosse-politischer-aschermittwoch-in-bad-orb\/\" rel=\"bookmark\" class=\"continue-reading\">\n\t\t\t\t\tContinue reading\t\t\t\t<\/a>\n\t\t\t\t<\/div>\n\t\t\t<\/footer><!-- .entry-footer -->\n\t\t<\/div>\n\t<\/div>\n<\/article><!-- #post-3167 -->\n<\/div><div class=\"col-md-6\">\n<article id=\"post-3213\" class=\"bg-white mb-4 has-shadow post-3213 post type-post status-publish format-standard has-post-thumbnail hentry category-allgemein\">\n\t<div class=\"\">\n\t\t\t\t\t<div class=\"\">\n\t\t\t\t<a href=\"https:\/\/www.gruene-mkk.de\/en\/neujahrsempfang-2026\/\" aria-label=\"Post thumbnail\" rel=\"bookmark\">\n\t\t\t\t\t\t\t\t<img loading=\"lazy\" decoding=\"async\" width=\"768\" height=\"512\" src=\"https:\/\/www.gruene-mkk.de\/wp-content\/uploads\/2026\/02\/IMG_7125-768x512.jpg\" class=\"post-thumbnail wp-post-image\" alt=\"New Year&#039;s reception 2026\" \/>\n\n\t\t\t\t\t\t\t<\/a>\n\t\t\t<\/div>\n\t\t\t\t\t<div class=\"p-45\">\n\t\t\t<header class=\"entry-header mb-2\">\n\t\t\t\t\t\t\t\t<h2 class=\"card-title h4 mb-3\"><a href=\"https:\/\/www.gruene-mkk.de\/en\/neujahrsempfang-2026\/\" rel=\"bookmark\">New Year's reception 2026<\/a><\/h2>\t\t\t\t\t<div class=\"entry-meta mb-3\">\n\t\t\t\t\t\t<span class=\"posted-on\"><time class=\"entry-date published\" datetime=\"2026-02-02T21:34:22+01:00\">2 February 2026<\/time><time class=\"updated\" datetime=\"2026-02-02T21:34:23+01:00\">2 February 2026<\/time><\/span>\t\t\t\t\t<\/div><!-- .entry-meta -->\n\t\t\t\t\t\t\t\t<\/header><!-- .entry-header -->\n\n\t\t\t<div class=\"entry-content\">\n\t\t\t\t<a href=\"https:\/\/www.gruene-mkk.de\/en\/neujahrsempfang-2026\/\" rel=\"bookmark\">\n\t\t\t\t<p>What a start to the New Year  \u2047  The atmosphere at the New Year's Reception 2026 in Gr\u00fcndau was exuberant and full of energy. Britta Ha\u00dfelmann inspired with a rousing speech, which [...]<\/p>\n\t\t\t\t<\/a>\n\t\t\t<\/div><!-- .entry-content -->\n\n\t\t\t<footer class=\"entry-footer\">\n\t\t\t\t\t\t\t<div class=\"d-flex mt-2 mb-2\">\n\t\t\t\t\t\t\t\t<div>\n\t\t<span class=\"cat-links small\"><a href=\"https:\/\/www.gruene-mkk.de\/en\/category\/allgemein\/\" rel=\"category tag\">General<\/a><\/span>\n\t\t\t\t<\/div>\n\t\t\t<\/div>\n\t\t\n\t\t\t\t<div class=\"d-flex flex-row-reverse\">\n\t\t\t\t\t<a href=\"https:\/\/www.gruene-mkk.de\/en\/neujahrsempfang-2026\/\" rel=\"bookmark\" class=\"continue-reading\">\n\t\t\t\t\tContinue reading\t\t\t\t<\/a>\n\t\t\t\t<\/div>\n\t\t\t<\/footer><!-- .entry-footer -->\n\t\t<\/div>\n\t<\/div>\n<\/article><!-- #post-3213 -->\n<\/div><div class=\"col-md-6\">\n<article id=\"post-3055\" class=\"bg-white mb-4 has-shadow post-3055 post type-post status-publish format-standard has-post-thumbnail hentry category-allgemein\">\n\t<div class=\"\">\n\t\t\t\t\t<div class=\"\">\n\t\t\t\t<a href=\"https:\/\/www.gruene-mkk.de\/en\/gruene-praesentieren-wahlprogramm-gemeinsam-gehts-fuer-einen-main-kinzig-kreis-mit-zusammenhalt-und-perspektive\/\" aria-label=\"Post thumbnail\" rel=\"bookmark\">\n\t\t\t\t\t\t\t\t<img loading=\"lazy\" decoding=\"async\" width=\"768\" height=\"512\" src=\"https:\/\/www.gruene-mkk.de\/wp-content\/uploads\/2025\/12\/20250913RH5_2686-Bearbeitet-768x512.jpg\" class=\"post-thumbnail wp-post-image\" alt=\"Greens present election program: Going together \u2013 For a Main-Kinzig district with cohesion and perspective\" \/>\n\n\t\t\t\t\t\t\t<\/a>\n\t\t\t<\/div>\n\t\t\t\t\t<div class=\"p-45\">\n\t\t\t<header class=\"entry-header mb-2\">\n\t\t\t\t\t\t\t\t<h2 class=\"card-title h4 mb-3\"><a href=\"https:\/\/www.gruene-mkk.de\/en\/gruene-praesentieren-wahlprogramm-gemeinsam-gehts-fuer-einen-main-kinzig-kreis-mit-zusammenhalt-und-perspektive\/\" rel=\"bookmark\">Greens present election program: Going together \u2013 For a Main-Kinzig district with cohesion and perspective<\/a><\/h2>\t\t\t\t\t<div class=\"entry-meta mb-3\">\n\t\t\t\t\t\t<span class=\"posted-on\"><time class=\"entry-date published\" datetime=\"2025-12-11T11:39:53+01:00\">11. December 2025<\/time><time class=\"updated\" datetime=\"2025-12-11T11:58:34+01:00\">11. December 2025<\/time><\/span>\t\t\t\t\t<\/div><!-- .entry-meta -->\n\t\t\t\t\t\t\t\t<\/header><!-- .entry-header -->\n\n\t\t\t<div class=\"entry-content\">\n\t\t\t\t<a href=\"https:\/\/www.gruene-mkk.de\/en\/gruene-praesentieren-wahlprogramm-gemeinsam-gehts-fuer-einen-main-kinzig-kreis-mit-zusammenhalt-und-perspektive\/\" rel=\"bookmark\">\n\t\t\t\t<p>With a comprehensive electoral programme geared towards the coming years, the Greens in the Main-Kinzig district will start the local election campaign in 2026. Under the motto \u2018Going together\u2019, they present a set of measures [...]<\/p>\n\t\t\t\t<\/a>\n\t\t\t<\/div><!-- .entry-content -->\n\n\t\t\t<footer class=\"entry-footer\">\n\t\t\t\t\t\t\t<div class=\"d-flex mt-2 mb-2\">\n\t\t\t\t\t\t\t\t<div>\n\t\t<span class=\"cat-links small\"><a href=\"https:\/\/www.gruene-mkk.de\/en\/category\/allgemein\/\" rel=\"category tag\">General<\/a><\/span>\n\t\t\t\t<\/div>\n\t\t\t<\/div>\n\t\t\n\t\t\t\t<div class=\"d-flex flex-row-reverse\">\n\t\t\t\t\t<a href=\"https:\/\/www.gruene-mkk.de\/en\/gruene-praesentieren-wahlprogramm-gemeinsam-gehts-fuer-einen-main-kinzig-kreis-mit-zusammenhalt-und-perspektive\/\" rel=\"bookmark\" class=\"continue-reading\">\n\t\t\t\t\tContinue reading\t\t\t\t<\/a>\n\t\t\t\t<\/div>\n\t\t\t<\/footer><!-- .entry-footer -->\n\t\t<\/div>\n\t<\/div>\n<\/article><!-- #post-3055 -->\n<\/div><div class=\"col-md-6\">\n<article id=\"post-2982\" class=\"bg-white mb-4 has-shadow post-2982 post type-post status-publish format-standard has-post-thumbnail hentry category-allgemein\">\n\t<div class=\"\">\n\t\t\t\t\t<div class=\"\">\n\t\t\t\t<a href=\"https:\/\/www.gruene-mkk.de\/en\/gruene-wachsen-weiter-im-main-kinzig-kreis\/\" aria-label=\"Post thumbnail\" rel=\"bookmark\">\n\t\t\t\t\t\t\t\t<img loading=\"lazy\" decoding=\"async\" width=\"768\" height=\"470\" src=\"https:\/\/www.gruene-mkk.de\/wp-content\/uploads\/2025\/11\/Anwesende-Kandidaten-e1762273704475-768x470.jpg\" class=\"post-thumbnail wp-post-image\" alt=\"Greens continue to grow in the Main-Kinzig district\" \/>\n\n\t\t\t\t\t\t\t<\/a>\n\t\t\t<\/div>\n\t\t\t\t\t<div class=\"p-45\">\n\t\t\t<header class=\"entry-header mb-2\">\n\t\t\t\t\t\t\t\t<h2 class=\"card-title h4 mb-3\"><a href=\"https:\/\/www.gruene-mkk.de\/en\/gruene-wachsen-weiter-im-main-kinzig-kreis\/\" rel=\"bookmark\">Greens continue to grow in the Main-Kinzig district<\/a><\/h2>\t\t\t\t\t<div class=\"entry-meta mb-3\">\n\t\t\t\t\t\t<span class=\"posted-on\"><time class=\"entry-date published\" datetime=\"2025-11-04T15:57:11+01:00\">4 November 2025<\/time><time class=\"updated\" datetime=\"2025-11-04T17:36:52+01:00\">4 November 2025<\/time><\/span>\t\t\t\t\t<\/div><!-- .entry-meta -->\n\t\t\t\t\t\t\t\t<\/header><!-- .entry-header -->\n\n\t\t\t<div class=\"entry-content\">\n\t\t\t\t<a href=\"https:\/\/www.gruene-mkk.de\/en\/gruene-wachsen-weiter-im-main-kinzig-kreis\/\" rel=\"bookmark\">\n\t\t\t\t<p>Last weekend, the new local association of B\u00fcndnis 90\/Die Gr\u00fcnen (Alliance 90\/The Greens) was founded in Brachttal. [...]<\/p>\n\t\t\t\t<\/a>\n\t\t\t<\/div><!-- .entry-content -->\n\n\t\t\t<footer class=\"entry-footer\">\n\t\t\t\t\t\t\t<div class=\"d-flex mt-2 mb-2\">\n\t\t\t\t\t\t\t\t<div>\n\t\t<span class=\"cat-links small\"><a href=\"https:\/\/www.gruene-mkk.de\/en\/category\/allgemein\/\" rel=\"category tag\">General<\/a><\/span>\n\t\t\t\t<\/div>\n\t\t\t<\/div>\n\t\t\n\t\t\t\t<div class=\"d-flex flex-row-reverse\">\n\t\t\t\t\t<a href=\"https:\/\/www.gruene-mkk.de\/en\/gruene-wachsen-weiter-im-main-kinzig-kreis\/\" rel=\"bookmark\" class=\"continue-reading\">\n\t\t\t\t\tContinue reading\t\t\t\t<\/a>\n\t\t\t\t<\/div>\n\t\t\t<\/footer><!-- .entry-footer -->\n\t\t<\/div>\n\t<\/div>\n<\/article><!-- #post-2982 -->\n<\/div><div class=\"col-md-6\">\n<article id=\"post-2968\" class=\"bg-white mb-4 has-shadow post-2968 post type-post status-publish format-standard has-post-thumbnail hentry category-allgemein\">\n\t<div class=\"\">\n\t\t\t\t\t<div class=\"\">\n\t\t\t\t<a href=\"https:\/\/www.gruene-mkk.de\/en\/neuer-vorstand-von-buendnis-90-die-gruenen-main-kinzig-kreis-gewaehlt-startschuss-fuer-den-kommunalwahlkampf-2026\/\" aria-label=\"Post thumbnail\" rel=\"bookmark\">\n\t\t\t\t\t\t\t\t<img loading=\"lazy\" decoding=\"async\" width=\"768\" height=\"1024\" src=\"https:\/\/www.gruene-mkk.de\/wp-content\/uploads\/2025\/10\/Kreisvorstand_GRUeNE-MKK-768x1024.jpg\" class=\"post-thumbnail wp-post-image\" alt=\"New board elected by B\u00fcndnis 90\/Die Gr\u00fcnen Main-Kinzig-Kreis \u2013 starting signal for the local election campaign in 2026\" \/>\n\n\t\t\t\t\t\t\t<\/a>\n\t\t\t<\/div>\n\t\t\t\t\t<div class=\"p-45\">\n\t\t\t<header class=\"entry-header mb-2\">\n\t\t\t\t\t\t\t\t<h2 class=\"card-title h4 mb-3\"><a href=\"https:\/\/www.gruene-mkk.de\/en\/neuer-vorstand-von-buendnis-90-die-gruenen-main-kinzig-kreis-gewaehlt-startschuss-fuer-den-kommunalwahlkampf-2026\/\" rel=\"bookmark\">New board elected by B\u00fcndnis 90\/Die Gr\u00fcnen Main-Kinzig-Kreis \u2013 starting signal for the local election campaign in 2026<\/a><\/h2>\t\t\t\t\t<div class=\"entry-meta mb-3\">\n\t\t\t\t\t\t<span class=\"posted-on\"><time class=\"entry-date published\" datetime=\"2025-10-24T15:12:58+02:00\">24 October 2025<\/time><time class=\"updated\" datetime=\"2025-10-24T15:13:13+02:00\">24 October 2025<\/time><\/span>\t\t\t\t\t<\/div><!-- .entry-meta -->\n\t\t\t\t\t\t\t\t<\/header><!-- .entry-header -->\n\n\t\t\t<div class=\"entry-content\">\n\t\t\t\t<a href=\"https:\/\/www.gruene-mkk.de\/en\/neuer-vorstand-von-buendnis-90-die-gruenen-main-kinzig-kreis-gewaehlt-startschuss-fuer-den-kommunalwahlkampf-2026\/\" rel=\"bookmark\">\n\t\t\t\t<p>At yesterday's meeting of the members of the district in the Willi-Salzmann-Halle in Nidderau, the focus was on a generational change: The previous board of B\u00fcndnis 90\/Die Gr\u00fcnen Main-Kinzig-Kreis (MKK) has been approved, a new board has been elected and [...]<\/p>\n\t\t\t\t<\/a>\n\t\t\t<\/div><!-- .entry-content -->\n\n\t\t\t<footer class=\"entry-footer\">\n\t\t\t\t\t\t\t<div class=\"d-flex mt-2 mb-2\">\n\t\t\t\t\t\t\t\t<div>\n\t\t<span class=\"cat-links small\"><a href=\"https:\/\/www.gruene-mkk.de\/en\/category\/allgemein\/\" rel=\"category tag\">General<\/a><\/span>\n\t\t\t\t<\/div>\n\t\t\t<\/div>\n\t\t\n\t\t\t\t<div class=\"d-flex flex-row-reverse\">\n\t\t\t\t\t<a href=\"https:\/\/www.gruene-mkk.de\/en\/neuer-vorstand-von-buendnis-90-die-gruenen-main-kinzig-kreis-gewaehlt-startschuss-fuer-den-kommunalwahlkampf-2026\/\" rel=\"bookmark\" class=\"continue-reading\">\n\t\t\t\t\tContinue reading\t\t\t\t<\/a>\n\t\t\t\t<\/div>\n\t\t\t<\/footer><!-- .entry-footer -->\n\t\t<\/div>\n\t<\/div>\n<\/article><!-- #post-2968 -->\n<\/div><div class=\"col-md-6\">\n<article id=\"post-2959\" class=\"bg-white mb-4 has-shadow post-2959 post type-post status-publish format-standard hentry category-allgemein\">\n\t<div class=\"\">\n\t\t\t\t<div class=\"p-45\">\n\t\t\t<header class=\"entry-header mb-2\">\n\t\t\t\t\t\t\t\t<h2 class=\"card-title h4 mb-3\"><a href=\"https:\/\/www.gruene-mkk.de\/en\/buendnis-90-die-gruenen-planen-die-gruendung-eines-ortsverbandes-in-brachttal\/\" rel=\"bookmark\">Alliance 90\/The Greens plan to found a local association in Brachttal<\/a><\/h2>\t\t\t\t\t<div class=\"entry-meta mb-3\">\n\t\t\t\t\t\t<span class=\"posted-on\"><time class=\"entry-date published\" datetime=\"2025-10-22T11:27:45+02:00\">22 October 2025<\/time><time class=\"updated\" datetime=\"2025-10-22T11:28:08+02:00\">22 October 2025<\/time><\/span>\t\t\t\t\t<\/div><!-- .entry-meta -->\n\t\t\t\t\t\t\t\t<\/header><!-- .entry-header -->\n\n\t\t\t<div class=\"entry-content\">\n\t\t\t\t<a href=\"https:\/\/www.gruene-mkk.de\/en\/buendnis-90-die-gruenen-planen-die-gruendung-eines-ortsverbandes-in-brachttal\/\" rel=\"bookmark\">\n\t\t\t\t<p>On 01.11.2025 at 18:00, the Kreisverband B\u00fcndnis 90\/Die Gr\u00fcnen Main-Kinzig invites you to the \u2018Alte Schule Hellstein \u2013 Dorfgemeinschaftshaus\u2019 \u2013 Raiffeisenstra\u00dfe 10, 63636 Brachttal. The party wants to [...]<\/p>\n\t\t\t\t<\/a>\n\t\t\t<\/div><!-- .entry-content -->\n\n\t\t\t<footer class=\"entry-footer\">\n\t\t\t\t\t\t\t<div class=\"d-flex mt-2 mb-2\">\n\t\t\t\t\t\t\t\t<div>\n\t\t<span class=\"cat-links small\"><a href=\"https:\/\/www.gruene-mkk.de\/en\/category\/allgemein\/\" rel=\"category tag\">General<\/a><\/span>\n\t\t\t\t<\/div>\n\t\t\t<\/div>\n\t\t\n\t\t\t\t<div class=\"d-flex flex-row-reverse\">\n\t\t\t\t\t<a href=\"https:\/\/www.gruene-mkk.de\/en\/buendnis-90-die-gruenen-planen-die-gruendung-eines-ortsverbandes-in-brachttal\/\" rel=\"bookmark\" class=\"continue-reading\">\n\t\t\t\t\tContinue reading\t\t\t\t<\/a>\n\t\t\t\t<\/div>\n\t\t\t<\/footer><!-- .entry-footer -->\n\t\t<\/div>\n\t<\/div>\n<\/article><!-- #post-2959 -->\n<\/div><div class=\"col-md-6\">\n<article id=\"post-2936\" class=\"bg-white mb-4 has-shadow post-2936 post type-post status-publish format-standard has-post-thumbnail hentry category-allgemein\">\n\t<div class=\"\">\n\t\t\t\t\t<div class=\"\">\n\t\t\t\t<a href=\"https:\/\/www.gruene-mkk.de\/en\/gruene-wollen-route-des-radschnellwegs-sichtbar-machen-suedmainisch-auf-zwei-raedern-unterwegs\/\" aria-label=\"Post thumbnail\" rel=\"bookmark\">\n\t\t\t\t\t\t\t\t<img loading=\"lazy\" decoding=\"async\" width=\"768\" height=\"960\" src=\"https:\/\/www.gruene-mkk.de\/wp-content\/uploads\/2025\/09\/Anradeln-768x960.jpg\" class=\"post-thumbnail wp-post-image\" alt=\"Greens want to make the route of the rapid cycle path visible \u2013 South Mainland on two wheels\" \/>\n\n\t\t\t\t\t\t\t<\/a>\n\t\t\t<\/div>\n\t\t\t\t\t<div class=\"p-45\">\n\t\t\t<header class=\"entry-header mb-2\">\n\t\t\t\t\t\t\t\t<h2 class=\"card-title h4 mb-3\"><a href=\"https:\/\/www.gruene-mkk.de\/en\/gruene-wollen-route-des-radschnellwegs-sichtbar-machen-suedmainisch-auf-zwei-raedern-unterwegs\/\" rel=\"bookmark\">Greens want to make the route of the rapid cycle path visible \u2013 South Mainland on two wheels<\/a><\/h2>\t\t\t\t\t<div class=\"entry-meta mb-3\">\n\t\t\t\t\t\t<span class=\"posted-on\"><time class=\"entry-date published\" datetime=\"2025-09-22T16:37:27+02:00\">22 September 2025<\/time><time class=\"updated\" datetime=\"2025-09-22T17:00:27+02:00\">22 September 2025<\/time><\/span>\t\t\t\t\t<\/div><!-- .entry-meta -->\n\t\t\t\t\t\t\t\t<\/header><!-- .entry-header -->\n\n\t\t\t<div class=\"entry-content\">\n\t\t\t\t<a href=\"https:\/\/www.gruene-mkk.de\/en\/gruene-wollen-route-des-radschnellwegs-sichtbar-machen-suedmainisch-auf-zwei-raedern-unterwegs\/\" rel=\"bookmark\">\n\t\t\t\t<p>Joint press release of the Greens in the Romans (Frankfurt am Main), the Green City Council Group Offenbach, the Green Local Associations M\u00fchlheim and Hanau as well as Katy Walther, MdL and transport policy spokeswoman of the Green Parliamentary Group, Tarek [...]<\/p>\n\t\t\t\t<\/a>\n\t\t\t<\/div><!-- .entry-content -->\n\n\t\t\t<footer class=\"entry-footer\">\n\t\t\t\t\t\t\t<div class=\"d-flex mt-2 mb-2\">\n\t\t\t\t\t\t\t\t<div>\n\t\t<span class=\"cat-links small\"><a href=\"https:\/\/www.gruene-mkk.de\/en\/category\/allgemein\/\" rel=\"category tag\">General<\/a><\/span>\n\t\t\t\t<\/div>\n\t\t\t<\/div>\n\t\t\n\t\t\t\t<div class=\"d-flex flex-row-reverse\">\n\t\t\t\t\t<a href=\"https:\/\/www.gruene-mkk.de\/en\/gruene-wollen-route-des-radschnellwegs-sichtbar-machen-suedmainisch-auf-zwei-raedern-unterwegs\/\" rel=\"bookmark\" class=\"continue-reading\">\n\t\t\t\t\tContinue reading\t\t\t\t<\/a>\n\t\t\t\t<\/div>\n\t\t\t<\/footer><!-- .entry-footer -->\n\t\t<\/div>\n\t<\/div>\n<\/article><!-- #post-2936 -->\n<\/div><div class=\"col-md-6\">\n<article id=\"post-2934\" class=\"bg-white mb-4 has-shadow post-2934 post type-post status-publish format-standard hentry category-allgemein\">\n\t<div class=\"\">\n\t\t\t\t<div class=\"p-45\">\n\t\t\t<header class=\"entry-header mb-2\">\n\t\t\t\t\t\t\t\t<h2 class=\"card-title h4 mb-3\"><a href=\"https:\/\/www.gruene-mkk.de\/en\/wir-suchen-dich-werde-mitgliederbeauftragter\/\" rel=\"bookmark\">We are looking for you: Become a member representative!<\/a><\/h2>\t\t\t\t\t<div class=\"entry-meta mb-3\">\n\t\t\t\t\t\t<span class=\"posted-on\"><time class=\"entry-date published\" datetime=\"2025-09-17T11:21:18+02:00\">17 September 2025<\/time><time class=\"updated\" datetime=\"2025-09-17T11:21:25+02:00\">17 September 2025<\/time><\/span>\t\t\t\t\t<\/div><!-- .entry-meta -->\n\t\t\t\t\t\t\t\t<\/header><!-- .entry-header -->\n\n\t\t\t<div class=\"entry-content\">\n\t\t\t\t<a href=\"https:\/\/www.gruene-mkk.de\/en\/wir-suchen-dich-werde-mitgliederbeauftragter\/\" rel=\"bookmark\">\n\t\t\t\t<p>Become our connection between members and party! \u2047   \u2047  What you do  \u2047  Time  \u2047  You fit perfectly when you  \u2047  What you get back  \u2047  If you are interested, [...]<\/p>\n\t\t\t\t<\/a>\n\t\t\t<\/div><!-- .entry-content -->\n\n\t\t\t<footer class=\"entry-footer\">\n\t\t\t\t\t\t\t<div class=\"d-flex mt-2 mb-2\">\n\t\t\t\t\t\t\t\t<div>\n\t\t<span class=\"cat-links small\"><a href=\"https:\/\/www.gruene-mkk.de\/en\/category\/allgemein\/\" rel=\"category tag\">General<\/a><\/span>\n\t\t\t\t<\/div>\n\t\t\t<\/div>\n\t\t\n\t\t\t\t<div class=\"d-flex flex-row-reverse\">\n\t\t\t\t\t<a href=\"https:\/\/www.gruene-mkk.de\/en\/wir-suchen-dich-werde-mitgliederbeauftragter\/\" rel=\"bookmark\" class=\"continue-reading\">\n\t\t\t\t\tContinue reading\t\t\t\t<\/a>\n\t\t\t\t<\/div>\n\t\t\t<\/footer><!-- .entry-footer -->\n\t\t<\/div>\n\t<\/div>\n<\/article><!-- #post-2934 -->\n<\/div><div class=\"col-md-6\">\n<article id=\"post-2932\" class=\"bg-white mb-4 has-shadow post-2932 post type-post status-publish format-standard hentry category-allgemein\">\n\t<div class=\"\">\n\t\t\t\t<div class=\"p-45\">\n\t\t\t<header class=\"entry-header mb-2\">\n\t\t\t\t\t\t\t\t<h2 class=\"card-title h4 mb-3\"><a href=\"https:\/\/www.gruene-mkk.de\/en\/mach-mit-im-kreisvorstand\/\" rel=\"bookmark\">Join the Circle Board!<\/a><\/h2>\t\t\t\t\t<div class=\"entry-meta mb-3\">\n\t\t\t\t\t\t<span class=\"posted-on\"><time class=\"entry-date published\" datetime=\"2025-09-17T11:20:15+02:00\">17 September 2025<\/time><time class=\"updated\" datetime=\"2025-09-17T11:20:28+02:00\">17 September 2025<\/time><\/span>\t\t\t\t\t<\/div><!-- .entry-meta -->\n\t\t\t\t\t\t\t\t<\/header><!-- .entry-header -->\n\n\t\t\t<div class=\"entry-content\">\n\t\t\t\t<a href=\"https:\/\/www.gruene-mkk.de\/en\/mach-mit-im-kreisvorstand\/\" rel=\"bookmark\">\n\t\t\t\t<p>B\u00dcNDNIS 90\/DIE GR\u00dcNEN Main-Kinzig is looking for committed people who want to take responsibility in the district association and help shape green politics in the Main-Kinzig district together. \u2047  What does the district board do? The Board of Directors is [...]<\/p>\n\t\t\t\t<\/a>\n\t\t\t<\/div><!-- .entry-content -->\n\n\t\t\t<footer class=\"entry-footer\">\n\t\t\t\t\t\t\t<div class=\"d-flex mt-2 mb-2\">\n\t\t\t\t\t\t\t\t<div>\n\t\t<span class=\"cat-links small\"><a href=\"https:\/\/www.gruene-mkk.de\/en\/category\/allgemein\/\" rel=\"category tag\">General<\/a><\/span>\n\t\t\t\t<\/div>\n\t\t\t<\/div>\n\t\t\n\t\t\t\t<div class=\"d-flex flex-row-reverse\">\n\t\t\t\t\t<a href=\"https:\/\/www.gruene-mkk.de\/en\/mach-mit-im-kreisvorstand\/\" rel=\"bookmark\" class=\"continue-reading\">\n\t\t\t\t\tContinue reading\t\t\t\t<\/a>\n\t\t\t\t<\/div>\n\t\t\t<\/footer><!-- .entry-footer -->\n\t\t<\/div>\n\t<\/div>\n<\/article><!-- #post-2932 -->\n<\/div><div class=\"col-md-6\">\n<article id=\"post-2928\" class=\"bg-white mb-4 has-shadow post-2928 post type-post status-publish format-standard has-post-thumbnail hentry category-allgemein\">\n\t<div class=\"\">\n\t\t\t\t\t<div class=\"\">\n\t\t\t\t<a href=\"https:\/\/www.gruene-mkk.de\/en\/gruene-main-kinzig-stellen-liste-fuer-den-kreistag-auf-mahwish-iftikhar-und-philip-schinkel-fuehren-an\/\" aria-label=\"Post thumbnail\" rel=\"bookmark\">\n\t\t\t\t\t\t\t\t<img loading=\"lazy\" decoding=\"async\" width=\"768\" height=\"512\" src=\"https:\/\/www.gruene-mkk.de\/wp-content\/uploads\/2025\/09\/20250913RH5_2686-Bearbeitet-768x512.jpg\" class=\"post-thumbnail wp-post-image\" alt=\"Green Main-Kinzig draw up list for the district council \u2013 Mahwish Iftikhar and Philip Schinkel lead\" \/>\n\n\t\t\t\t\t\t\t<\/a>\n\t\t\t<\/div>\n\t\t\t\t\t<div class=\"p-45\">\n\t\t\t<header class=\"entry-header mb-2\">\n\t\t\t\t\t\t\t\t<h2 class=\"card-title h4 mb-3\"><a href=\"https:\/\/www.gruene-mkk.de\/en\/gruene-main-kinzig-stellen-liste-fuer-den-kreistag-auf-mahwish-iftikhar-und-philip-schinkel-fuehren-an\/\" rel=\"bookmark\">Green Main-Kinzig draw up list for the district council \u2013 Mahwish Iftikhar and Philip Schinkel lead<\/a><\/h2>\t\t\t\t\t<div class=\"entry-meta mb-3\">\n\t\t\t\t\t\t<span class=\"posted-on\"><time class=\"entry-date published\" datetime=\"2025-09-15T14:10:51+02:00\">15 September 2025<\/time><time class=\"updated\" datetime=\"2025-09-15T14:11:16+02:00\">15 September 2025<\/time><\/span>\t\t\t\t\t<\/div><!-- .entry-meta -->\n\t\t\t\t\t\t\t\t<\/header><!-- .entry-header -->\n\n\t\t\t<div class=\"entry-content\">\n\t\t\t\t<a href=\"https:\/\/www.gruene-mkk.de\/en\/gruene-main-kinzig-stellen-liste-fuer-den-kreistag-auf-mahwish-iftikhar-und-philip-schinkel-fuehren-an\/\" rel=\"bookmark\">\n\t\t\t\t<p>On Saturday, 13 September 2025, the district association Main-Kinzig of B\u00fcndnis 90\/Die Gr\u00fcnen drew up its list for the district elections in the course of the local elections on 15 March 2026. To [...]<\/p>\n\t\t\t\t<\/a>\n\t\t\t<\/div><!-- .entry-content -->\n\n\t\t\t<footer class=\"entry-footer\">\n\t\t\t\t\t\t\t<div class=\"d-flex mt-2 mb-2\">\n\t\t\t\t\t\t\t\t<div>\n\t\t<span class=\"cat-links small\"><a href=\"https:\/\/www.gruene-mkk.de\/en\/category\/allgemein\/\" rel=\"category tag\">General<\/a><\/span>\n\t\t\t\t<\/div>\n\t\t\t<\/div>\n\t\t\n\t\t\t\t<div class=\"d-flex flex-row-reverse\">\n\t\t\t\t\t<a href=\"https:\/\/www.gruene-mkk.de\/en\/gruene-main-kinzig-stellen-liste-fuer-den-kreistag-auf-mahwish-iftikhar-und-philip-schinkel-fuehren-an\/\" rel=\"bookmark\" class=\"continue-reading\">\n\t\t\t\t\tContinue reading\t\t\t\t<\/a>\n\t\t\t\t<\/div>\n\t\t\t<\/footer><!-- .entry-footer -->\n\t\t<\/div>\n\t<\/div>\n<\/article><!-- #post-2928 -->\n<\/div><div class=\"col-md-6\">\n<article id=\"post-2980\" class=\"bg-white mb-4 has-shadow post-2980 post type-post status-publish format-standard hentry category-allgemein\">\n\t<div class=\"\">\n\t\t\t\t<div class=\"p-45\">\n\t\t\t<header class=\"entry-header mb-2\">\n\t\t\t\t\t\t\t\t<h2 class=\"card-title h4 mb-3\"><a href=\"https:\/\/www.gruene-mkk.de\/en\/neuer-ortsverband-buendnis-90-die-gruenen-jossgrund-erfolgreich-gegruendet\/\" rel=\"bookmark\">New local association B\u00fcndnis 90\/Die Gr\u00fcnen Jossgrund successfully founded<\/a><\/h2>\t\t\t\t\t<div class=\"entry-meta mb-3\">\n\t\t\t\t\t\t<span class=\"posted-on\"><time class=\"entry-date published\" datetime=\"2025-09-03T15:46:50+02:00\">3 September 2025<\/time><time class=\"updated\" datetime=\"2025-11-04T15:53:06+01:00\">4 November 2025<\/time><\/span>\t\t\t\t\t<\/div><!-- .entry-meta -->\n\t\t\t\t\t\t\t\t<\/header><!-- .entry-header -->\n\n\t\t\t<div class=\"entry-content\">\n\t\t\t\t<a href=\"https:\/\/www.gruene-mkk.de\/en\/neuer-ortsverband-buendnis-90-die-gruenen-jossgrund-erfolgreich-gegruendet\/\" rel=\"bookmark\">\n\t\t\t\t<p>On 29 August 2025, the local association B\u00fcndnis 90\/Die Gr\u00fcnen Jossgrund was officially founded in BeilsteinStadl (Jossgrund). With the election of the Executive Board - Lene Jeckel, J\u00f6rg Sprenger and Silke von Rahden - the new association sets clear accents [...]<\/p>\n\t\t\t\t<\/a>\n\t\t\t<\/div><!-- .entry-content -->\n\n\t\t\t<footer class=\"entry-footer\">\n\t\t\t\t\t\t\t<div class=\"d-flex mt-2 mb-2\">\n\t\t\t\t\t\t\t\t<div>\n\t\t<span class=\"cat-links small\"><a href=\"https:\/\/www.gruene-mkk.de\/en\/category\/allgemein\/\" rel=\"category tag\">General<\/a><\/span>\n\t\t\t\t<\/div>\n\t\t\t<\/div>\n\t\t\n\t\t\t\t<div class=\"d-flex flex-row-reverse\">\n\t\t\t\t\t<a href=\"https:\/\/www.gruene-mkk.de\/en\/neuer-ortsverband-buendnis-90-die-gruenen-jossgrund-erfolgreich-gegruendet\/\" rel=\"bookmark\" class=\"continue-reading\">\n\t\t\t\t\tContinue reading\t\t\t\t<\/a>\n\t\t\t\t<\/div>\n\t\t\t<\/footer><!-- .entry-footer -->\n\t\t<\/div>\n\t<\/div>\n<\/article><!-- #post-2980 -->\n<\/div><div class=\"col-md-6\">\n<article id=\"post-2903\" class=\"bg-white mb-4 has-shadow post-2903 post type-post status-publish format-standard hentry category-allgemein\">\n\t<div class=\"\">\n\t\t\t\t<div class=\"p-45\">\n\t\t\t<header class=\"entry-header mb-2\">\n\t\t\t\t\t\t\t\t<h2 class=\"card-title h4 mb-3\"><a href=\"https:\/\/www.gruene-mkk.de\/en\/waehlerinnen-in-linsengericht-soll-ein-gruenes-angebot-gemacht-werden\/\" rel=\"bookmark\">Voters in Linsengericht to be offered a green offer<\/a><\/h2>\t\t\t\t\t<div class=\"entry-meta mb-3\">\n\t\t\t\t\t\t<span class=\"posted-on\"><time class=\"entry-date published\" datetime=\"2025-08-15T14:01:11+02:00\">15 August 2025<\/time><time class=\"updated\" datetime=\"2025-08-15T14:01:47+02:00\">15 August 2025<\/time><\/span>\t\t\t\t\t<\/div><!-- .entry-meta -->\n\t\t\t\t\t\t\t\t<\/header><!-- .entry-header -->\n\n\t\t\t<div class=\"entry-content\">\n\t\t\t\t<a href=\"https:\/\/www.gruene-mkk.de\/en\/waehlerinnen-in-linsengericht-soll-ein-gruenes-angebot-gemacht-werden\/\" rel=\"bookmark\">\n\t\t\t\t<p>Invitation to a meeting on Wednesday, August 27 at 7:30 p.m. in the Sch\u00fctzenhaus Gro\u00dfenhausen On March 15, 2026, local elections will take place. The candidate lists of the parties should be expected by Christmas at the [...]<\/p>\n\t\t\t\t<\/a>\n\t\t\t<\/div><!-- .entry-content -->\n\n\t\t\t<footer class=\"entry-footer\">\n\t\t\t\t\t\t\t<div class=\"d-flex mt-2 mb-2\">\n\t\t\t\t\t\t\t\t<div>\n\t\t<span class=\"cat-links small\"><a href=\"https:\/\/www.gruene-mkk.de\/en\/category\/allgemein\/\" rel=\"category tag\">General<\/a><\/span>\n\t\t\t\t<\/div>\n\t\t\t<\/div>\n\t\t\n\t\t\t\t<div class=\"d-flex flex-row-reverse\">\n\t\t\t\t\t<a href=\"https:\/\/www.gruene-mkk.de\/en\/waehlerinnen-in-linsengericht-soll-ein-gruenes-angebot-gemacht-werden\/\" rel=\"bookmark\" class=\"continue-reading\">\n\t\t\t\t\tContinue reading\t\t\t\t<\/a>\n\t\t\t\t<\/div>\n\t\t\t<\/footer><!-- .entry-footer -->\n\t\t<\/div>\n\t<\/div>\n<\/article><!-- #post-2903 -->\n<\/div><div class=\"col-md-6\">\n<article id=\"post-2876\" class=\"bg-white mb-4 has-shadow post-2876 post type-post status-publish format-standard hentry category-allgemein\">\n\t<div class=\"\">\n\t\t\t\t<div class=\"p-45\">\n\t\t\t<header class=\"entry-header mb-2\">\n\t\t\t\t\t\t\t\t<h2 class=\"card-title h4 mb-3\"><a href=\"https:\/\/www.gruene-mkk.de\/en\/rueckenwind-fuer-den-radverkehr-im-westlichen-main-kinzig-kreis\/\" rel=\"bookmark\">REAR WIND FOR RADIAL TRANSPORT in the western Main-Kinzig-Kreis<\/a><\/h2>\t\t\t\t\t<div class=\"entry-meta mb-3\">\n\t\t\t\t\t\t<span class=\"posted-on\"><time class=\"entry-date published updated\" datetime=\"2025-08-11T16:05:50+02:00\">11 August 2025<\/time><\/span>\t\t\t\t\t<\/div><!-- .entry-meta -->\n\t\t\t\t\t\t\t\t<\/header><!-- .entry-header -->\n\n\t\t\t<div class=\"entry-content\">\n\t\t\t\t<a href=\"https:\/\/www.gruene-mkk.de\/en\/rueckenwind-fuer-den-radverkehr-im-westlichen-main-kinzig-kreis\/\" rel=\"bookmark\">\n\t\t\t\t<p>The Greens of Hanau and Main-Kinzig welcome the support of the state of Hesse for the concrete planning of the FRM7 cycle route. [...]<\/p>\n\t\t\t\t<\/a>\n\t\t\t<\/div><!-- .entry-content -->\n\n\t\t\t<footer class=\"entry-footer\">\n\t\t\t\t\t\t\t<div class=\"d-flex mt-2 mb-2\">\n\t\t\t\t\t\t\t\t<div>\n\t\t<span class=\"cat-links small\"><a href=\"https:\/\/www.gruene-mkk.de\/en\/category\/allgemein\/\" rel=\"category tag\">General<\/a><\/span>\n\t\t\t\t<\/div>\n\t\t\t<\/div>\n\t\t\n\t\t\t\t<div class=\"d-flex flex-row-reverse\">\n\t\t\t\t\t<a href=\"https:\/\/www.gruene-mkk.de\/en\/rueckenwind-fuer-den-radverkehr-im-westlichen-main-kinzig-kreis\/\" rel=\"bookmark\" class=\"continue-reading\">\n\t\t\t\t\tContinue reading\t\t\t\t<\/a>\n\t\t\t\t<\/div>\n\t\t\t<\/footer><!-- .entry-footer -->\n\t\t<\/div>\n\t<\/div>\n<\/article><!-- #post-2876 -->\n<\/div><div class=\"col-md-6\">\n<article id=\"post-2850\" class=\"bg-white mb-4 has-shadow post-2850 post type-post status-publish format-standard hentry category-allgemein\">\n\t<div class=\"\">\n\t\t\t\t<div class=\"p-45\">\n\t\t\t<header class=\"entry-header mb-2\">\n\t\t\t\t\t\t\t\t<h2 class=\"card-title h4 mb-3\"><a href=\"https:\/\/www.gruene-mkk.de\/en\/angelika-gunkel-wird-70-unermuedlicher-einsatz-fuer-klimaschutz-nachhaltigkeit-und-gerechte-mobilitaet\/\" rel=\"bookmark\">Angelika Gunkel turns 70: Relentless commitment to climate protection, sustainability and equitable mobility<\/a><\/h2>\t\t\t\t\t<div class=\"entry-meta mb-3\">\n\t\t\t\t\t\t<span class=\"posted-on\"><time class=\"entry-date published\" datetime=\"2025-08-02T07:32:00+02:00\">2 August 2025<\/time><time class=\"updated\" datetime=\"2025-08-05T17:10:14+02:00\">5 August 2025<\/time><\/span>\t\t\t\t\t<\/div><!-- .entry-meta -->\n\t\t\t\t\t\t\t\t<\/header><!-- .entry-header -->\n\n\t\t\t<div class=\"entry-content\">\n\t\t\t\t<a href=\"https:\/\/www.gruene-mkk.de\/en\/angelika-gunkel-wird-70-unermuedlicher-einsatz-fuer-klimaschutz-nachhaltigkeit-und-gerechte-mobilitaet\/\" rel=\"bookmark\">\n\t\t\t\t<p>On 2 August 2025, Angelika Gunkel, member of the district committee of the Main-Kinzig district and long-time local politician of B\u00fcndnis 90\/Die Gr\u00fcnen, celebrates her 70th birthday. birthday. The Green parliamentary group of the Kreistag and the Kreisverband B\u00fcndnis 90\/Die [...]<\/p>\n\t\t\t\t<\/a>\n\t\t\t<\/div><!-- .entry-content -->\n\n\t\t\t<footer class=\"entry-footer\">\n\t\t\t\t\t\t\t<div class=\"d-flex mt-2 mb-2\">\n\t\t\t\t\t\t\t\t<div>\n\t\t<span class=\"cat-links small\"><a href=\"https:\/\/www.gruene-mkk.de\/en\/category\/allgemein\/\" rel=\"category tag\">General<\/a><\/span>\n\t\t\t\t<\/div>\n\t\t\t<\/div>\n\t\t\n\t\t\t\t<div class=\"d-flex flex-row-reverse\">\n\t\t\t\t\t<a href=\"https:\/\/www.gruene-mkk.de\/en\/angelika-gunkel-wird-70-unermuedlicher-einsatz-fuer-klimaschutz-nachhaltigkeit-und-gerechte-mobilitaet\/\" rel=\"bookmark\" class=\"continue-reading\">\n\t\t\t\t\tContinue reading\t\t\t\t<\/a>\n\t\t\t\t<\/div>\n\t\t\t<\/footer><!-- .entry-footer -->\n\t\t<\/div>\n\t<\/div>\n<\/article><!-- #post-2850 -->\n<\/div><div class=\"col-md-6\">\n<article id=\"post-2841\" class=\"bg-white mb-4 has-shadow post-2841 post type-post status-publish format-standard hentry category-allgemein\">\n\t<div class=\"\">\n\t\t\t\t<div class=\"p-45\">\n\t\t\t<header class=\"entry-header mb-2\">\n\t\t\t\t\t\t\t\t<h2 class=\"card-title h4 mb-3\"><a href=\"https:\/\/www.gruene-mkk.de\/en\/politik-begegnung-buffet-wir-feiern-gemeinsam\/\" rel=\"bookmark\">Green connects \u2013 our summer party<\/a><\/h2>\t\t\t\t\t<div class=\"entry-meta mb-3\">\n\t\t\t\t\t\t<span class=\"posted-on\"><time class=\"entry-date published\" datetime=\"2025-07-30T17:56:24+02:00\">30 July 2025<\/time><time class=\"updated\" datetime=\"2025-08-07T16:07:00+02:00\">7 August 2025<\/time><\/span>\t\t\t\t\t<\/div><!-- .entry-meta -->\n\t\t\t\t\t\t\t\t<\/header><!-- .entry-header -->\n\n\t\t\t<div class=\"entry-content\">\n\t\t\t\t<a href=\"https:\/\/www.gruene-mkk.de\/en\/politik-begegnung-buffet-wir-feiern-gemeinsam\/\" rel=\"bookmark\">\n\t\t\t\t<p>We cordially invite you to our summer party at the Hof Buchwald in Nidderau on Saturday, August 23, 2025 from 2 pm.<\/p>\n\t\t\t\t<\/a>\n\t\t\t<\/div><!-- .entry-content -->\n\n\t\t\t<footer class=\"entry-footer\">\n\t\t\t\t\t\t\t<div class=\"d-flex mt-2 mb-2\">\n\t\t\t\t\t\t\t\t<div>\n\t\t<span class=\"cat-links small\"><a href=\"https:\/\/www.gruene-mkk.de\/en\/category\/allgemein\/\" rel=\"category tag\">General<\/a><\/span>\n\t\t\t\t<\/div>\n\t\t\t<\/div>\n\t\t\n\t\t\t\t<div class=\"d-flex flex-row-reverse\">\n\t\t\t\t\t<a href=\"https:\/\/www.gruene-mkk.de\/en\/politik-begegnung-buffet-wir-feiern-gemeinsam\/\" rel=\"bookmark\" class=\"continue-reading\">\n\t\t\t\t\tContinue reading\t\t\t\t<\/a>\n\t\t\t\t<\/div>\n\t\t\t<\/footer><!-- .entry-footer -->\n\t\t<\/div>\n\t<\/div>\n<\/article><!-- #post-2841 -->\n<\/div><div class=\"col-md-6\">\n<article id=\"post-2828\" class=\"bg-white mb-4 has-shadow post-2828 post type-post status-publish format-standard hentry category-allgemein\">\n\t<div class=\"\">\n\t\t\t\t<div class=\"p-45\">\n\t\t\t<header class=\"entry-header mb-2\">\n\t\t\t\t\t\t\t\t<h2 class=\"card-title h4 mb-3\"><a href=\"https:\/\/www.gruene-mkk.de\/en\/gemeinsam-laufen-gemeinsam-haltung-zeigen-hanauer-stadtlauf-am-19-september\/\" rel=\"bookmark\">Running together, showing a common attitude: Hanauer Stadtlauf on 19 September<\/a><\/h2>\t\t\t\t\t<div class=\"entry-meta mb-3\">\n\t\t\t\t\t\t<span class=\"posted-on\"><time class=\"entry-date published\" datetime=\"2025-07-18T11:34:37+02:00\">18 July 2025<\/time><time class=\"updated\" datetime=\"2025-08-07T16:07:36+02:00\">7 August 2025<\/time><\/span>\t\t\t\t\t<\/div><!-- .entry-meta -->\n\t\t\t\t\t\t\t\t<\/header><!-- .entry-header -->\n\n\t\t\t<div class=\"entry-content\">\n\t\t\t\t<a href=\"https:\/\/www.gruene-mkk.de\/en\/gemeinsam-laufen-gemeinsam-haltung-zeigen-hanauer-stadtlauf-am-19-september\/\" rel=\"bookmark\">\n\t\t\t\t<p>On Friday, September 19, 2025 at 5:00 p.m., the charity run in favor of the women's shelters Hanau and W\u00e4chtersbach will take place again in Hanau. This year, the run is under the [...]<\/p>\n\t\t\t\t<\/a>\n\t\t\t<\/div><!-- .entry-content -->\n\n\t\t\t<footer class=\"entry-footer\">\n\t\t\t\t\t\t\t<div class=\"d-flex mt-2 mb-2\">\n\t\t\t\t\t\t\t\t<div>\n\t\t<span class=\"cat-links small\"><a href=\"https:\/\/www.gruene-mkk.de\/en\/category\/allgemein\/\" rel=\"category tag\">General<\/a><\/span>\n\t\t\t\t<\/div>\n\t\t\t<\/div>\n\t\t\n\t\t\t\t<div class=\"d-flex flex-row-reverse\">\n\t\t\t\t\t<a href=\"https:\/\/www.gruene-mkk.de\/en\/gemeinsam-laufen-gemeinsam-haltung-zeigen-hanauer-stadtlauf-am-19-september\/\" rel=\"bookmark\" class=\"continue-reading\">\n\t\t\t\t\tContinue reading\t\t\t\t<\/a>\n\t\t\t\t<\/div>\n\t\t\t<\/footer><!-- .entry-footer -->\n\t\t<\/div>\n\t<\/div>\n<\/article><!-- #post-2828 -->\n<\/div><div class=\"col-md-6\">\n<article id=\"post-2810\" class=\"bg-white mb-4 has-shadow post-2810 post type-post status-publish format-standard has-post-thumbnail hentry category-allgemein\">\n\t<div class=\"\">\n\t\t\t\t\t<div class=\"\">\n\t\t\t\t<a href=\"https:\/\/www.gruene-mkk.de\/en\/gruene-laden-zum-offenen-mitgliedertreffen-nach-bad-soden-salmuenster-ein\/\" aria-label=\"Post thumbnail\" rel=\"bookmark\">\n\t\t\t\t\t\t\t\t<img loading=\"lazy\" decoding=\"async\" width=\"768\" height=\"688\" src=\"https:\/\/www.gruene-mkk.de\/wp-content\/uploads\/2025\/06\/Veranstaltung-2-e1749726761742-768x688.png\" class=\"post-thumbnail wp-post-image\" alt=\"Greens invite you to the open members&#039; meeting in Bad Soden-Salm\u00fcnster\" \/>\n\n\t\t\t\t\t\t\t<\/a>\n\t\t\t<\/div>\n\t\t\t\t\t<div class=\"p-45\">\n\t\t\t<header class=\"entry-header mb-2\">\n\t\t\t\t\t\t\t\t<h2 class=\"card-title h4 mb-3\"><a href=\"https:\/\/www.gruene-mkk.de\/en\/gruene-laden-zum-offenen-mitgliedertreffen-nach-bad-soden-salmuenster-ein\/\" rel=\"bookmark\">Greens invite you to the open members' meeting in Bad Soden-Salm\u00fcnster<\/a><\/h2>\t\t\t\t\t<div class=\"entry-meta mb-3\">\n\t\t\t\t\t\t<span class=\"posted-on\"><time class=\"entry-date published\" datetime=\"2025-06-12T12:56:54+02:00\">12 June 2025<\/time><time class=\"updated\" datetime=\"2025-06-12T13:12:48+02:00\">12 June 2025<\/time><\/span>\t\t\t\t\t<\/div><!-- .entry-meta -->\n\t\t\t\t\t\t\t\t<\/header><!-- .entry-header -->\n\n\t\t\t<div class=\"entry-content\">\n\t\t\t\t<a href=\"https:\/\/www.gruene-mkk.de\/en\/gruene-laden-zum-offenen-mitgliedertreffen-nach-bad-soden-salmuenster-ein\/\" rel=\"bookmark\">\n\t\t\t\t<p>The district association of B\u00dcNDNIS 90\/DIE GR\u00dcNEN Main-Kinzig invites you to an open member meeting in the BistroCaf\u00e9 at the Salz in Bad Soden-Salm\u00fcnster at 2 p.m. on Saturday, June 21, 2025. [...]<\/p>\n\t\t\t\t<\/a>\n\t\t\t<\/div><!-- .entry-content -->\n\n\t\t\t<footer class=\"entry-footer\">\n\t\t\t\t\t\t\t<div class=\"d-flex mt-2 mb-2\">\n\t\t\t\t\t\t\t\t<div>\n\t\t<span class=\"cat-links small\"><a href=\"https:\/\/www.gruene-mkk.de\/en\/category\/allgemein\/\" rel=\"category tag\">General<\/a><\/span>\n\t\t\t\t<\/div>\n\t\t\t<\/div>\n\t\t\n\t\t\t\t<div class=\"d-flex flex-row-reverse\">\n\t\t\t\t\t<a href=\"https:\/\/www.gruene-mkk.de\/en\/gruene-laden-zum-offenen-mitgliedertreffen-nach-bad-soden-salmuenster-ein\/\" rel=\"bookmark\" class=\"continue-reading\">\n\t\t\t\t\tContinue reading\t\t\t\t<\/a>\n\t\t\t\t<\/div>\n\t\t\t<\/footer><!-- .entry-footer -->\n\t\t<\/div>\n\t<\/div>\n<\/article><!-- #post-2810 -->\n<\/div><div class=\"col-md-6\">\n<article id=\"post-2805\" class=\"bg-white mb-4 has-shadow post-2805 post type-post status-publish format-standard has-post-thumbnail hentry category-allgemein\">\n\t<div class=\"\">\n\t\t\t\t\t<div class=\"\">\n\t\t\t\t<a href=\"https:\/\/www.gruene-mkk.de\/en\/kreismitgliederversammlung-der-gruenen-mkk-co-landesvorsitzende-julia-frank-gibt-impuls-fuer-den-kommunalwahlkampf\/\" aria-label=\"Post thumbnail\" rel=\"bookmark\">\n\t\t\t\t\t\t\t\t<img loading=\"lazy\" decoding=\"async\" width=\"768\" height=\"567\" src=\"https:\/\/www.gruene-mkk.de\/wp-content\/uploads\/2025\/06\/IMG_6906-scaled-e1749725528440-768x567.jpg\" class=\"post-thumbnail wp-post-image\" alt=\"Green MKK Regional Assembly: Co-Chairman Julia Frank gives impetus for the local election campaign\" \/>\n\n\t\t\t\t\t\t\t<\/a>\n\t\t\t<\/div>\n\t\t\t\t\t<div class=\"p-45\">\n\t\t\t<header class=\"entry-header mb-2\">\n\t\t\t\t\t\t\t\t<h2 class=\"card-title h4 mb-3\"><a href=\"https:\/\/www.gruene-mkk.de\/en\/kreismitgliederversammlung-der-gruenen-mkk-co-landesvorsitzende-julia-frank-gibt-impuls-fuer-den-kommunalwahlkampf\/\" rel=\"bookmark\">Green MKK Regional Assembly: Co-Chairman Julia Frank gives impetus for the local election campaign<\/a><\/h2>\t\t\t\t\t<div class=\"entry-meta mb-3\">\n\t\t\t\t\t\t<span class=\"posted-on\"><time class=\"entry-date published\" datetime=\"2025-06-12T12:52:41+02:00\">12 June 2025<\/time><time class=\"updated\" datetime=\"2025-06-12T12:53:46+02:00\">12 June 2025<\/time><\/span>\t\t\t\t\t<\/div><!-- .entry-meta -->\n\t\t\t\t\t\t\t\t<\/header><!-- .entry-header -->\n\n\t\t\t<div class=\"entry-content\">\n\t\t\t\t<a href=\"https:\/\/www.gruene-mkk.de\/en\/kreismitgliederversammlung-der-gruenen-mkk-co-landesvorsitzende-julia-frank-gibt-impuls-fuer-den-kommunalwahlkampf\/\" rel=\"bookmark\">\n\t\t\t\t<p>Main-Kinzig. At the district meeting of the Greens Main-Kinzig on 04.06.2025, the members were able to welcome a special guest: Julia Frank, Co-Chairman of the Green Hesse, was personally present and reported on current state [...]<\/p>\n\t\t\t\t<\/a>\n\t\t\t<\/div><!-- .entry-content -->\n\n\t\t\t<footer class=\"entry-footer\">\n\t\t\t\t\t\t\t<div class=\"d-flex mt-2 mb-2\">\n\t\t\t\t\t\t\t\t<div>\n\t\t<span class=\"cat-links small\"><a href=\"https:\/\/www.gruene-mkk.de\/en\/category\/allgemein\/\" rel=\"category tag\">General<\/a><\/span>\n\t\t\t\t<\/div>\n\t\t\t<\/div>\n\t\t\n\t\t\t\t<div class=\"d-flex flex-row-reverse\">\n\t\t\t\t\t<a href=\"https:\/\/www.gruene-mkk.de\/en\/kreismitgliederversammlung-der-gruenen-mkk-co-landesvorsitzende-julia-frank-gibt-impuls-fuer-den-kommunalwahlkampf\/\" rel=\"bookmark\" class=\"continue-reading\">\n\t\t\t\t\tContinue reading\t\t\t\t<\/a>\n\t\t\t\t<\/div>\n\t\t\t<\/footer><!-- .entry-footer -->\n\t\t<\/div>\n\t<\/div>\n<\/article><!-- #post-2805 -->\n<\/div><div class=\"col-md-6\">\n<article id=\"post-2771\" class=\"bg-white mb-4 has-shadow post-2771 post type-post status-publish format-standard hentry category-allgemein\">\n\t<div class=\"\">\n\t\t\t\t<div class=\"p-45\">\n\t\t\t<header class=\"entry-header mb-2\">\n\t\t\t\t\t\t\t\t<h2 class=\"card-title h4 mb-3\"><a href=\"https:\/\/www.gruene-mkk.de\/en\/einladung-zur-kmv-2\/\" rel=\"bookmark\">Invitation to the KMV on 04.06.2025<\/a><\/h2>\t\t\t\t\t<div class=\"entry-meta mb-3\">\n\t\t\t\t\t\t<span class=\"posted-on\"><time class=\"entry-date published\" datetime=\"2025-05-19T16:58:00+02:00\">19 May 2025<\/time><time class=\"updated\" datetime=\"2025-05-19T17:02:08+02:00\">19 May 2025<\/time><\/span>\t\t\t\t\t<\/div><!-- .entry-meta -->\n\t\t\t\t\t\t\t\t<\/header><!-- .entry-header -->\n\n\t\t\t<div class=\"entry-content\">\n\t\t\t\t<a href=\"https:\/\/www.gruene-mkk.de\/en\/einladung-zur-kmv-2\/\" rel=\"bookmark\">\n\t\t\t\t<p>We cordially invite you to our next Circle Members' Meeting (KMV) on Wednesday, June 4, 2025 at 7:30 p.m. The venue is the B\u00fcrgerhaus Bischofsheim, Maintal. The meeting will be held in a hybrid [...]<\/p>\n\t\t\t\t<\/a>\n\t\t\t<\/div><!-- .entry-content -->\n\n\t\t\t<footer class=\"entry-footer\">\n\t\t\t\t\t\t\t<div class=\"d-flex mt-2 mb-2\">\n\t\t\t\t\t\t\t\t<div>\n\t\t<span class=\"cat-links small\"><a href=\"https:\/\/www.gruene-mkk.de\/en\/category\/allgemein\/\" rel=\"category tag\">General<\/a><\/span>\n\t\t\t\t<\/div>\n\t\t\t<\/div>\n\t\t\n\t\t\t\t<div class=\"d-flex flex-row-reverse\">\n\t\t\t\t\t<a href=\"https:\/\/www.gruene-mkk.de\/en\/einladung-zur-kmv-2\/\" rel=\"bookmark\" class=\"continue-reading\">\n\t\t\t\t\tContinue reading\t\t\t\t<\/a>\n\t\t\t\t<\/div>\n\t\t\t<\/footer><!-- .entry-footer -->\n\t\t<\/div>\n\t<\/div>\n<\/article><!-- #post-2771 -->\n<\/div><div class=\"col-md-6\">\n<article id=\"post-2761\" class=\"bg-white mb-4 has-shadow post-2761 post type-post status-publish format-standard has-post-thumbnail hentry category-allgemein\">\n\t<div class=\"\">\n\t\t\t\t\t<div class=\"\">\n\t\t\t\t<a href=\"https:\/\/www.gruene-mkk.de\/en\/neumitglieder-fruehstueck\/\" aria-label=\"Post thumbnail\" rel=\"bookmark\">\n\t\t\t\t\t\t\t\t<img loading=\"lazy\" decoding=\"async\" width=\"768\" height=\"685\" src=\"https:\/\/www.gruene-mkk.de\/wp-content\/uploads\/2025\/03\/Fruehstueck-mit-den-GRUeNE-601-e1747324881316-768x685.png\" class=\"post-thumbnail wp-post-image\" alt=\"New members breakfast\" \/>\n\n\t\t\t\t\t\t\t<\/a>\n\t\t\t<\/div>\n\t\t\t\t\t<div class=\"p-45\">\n\t\t\t<header class=\"entry-header mb-2\">\n\t\t\t\t\t\t\t\t<h2 class=\"card-title h4 mb-3\"><a href=\"https:\/\/www.gruene-mkk.de\/en\/neumitglieder-fruehstueck\/\" rel=\"bookmark\">New members breakfast<\/a><\/h2>\t\t\t\t\t<div class=\"entry-meta mb-3\">\n\t\t\t\t\t\t<span class=\"posted-on\"><time class=\"entry-date published\" datetime=\"2025-05-15T17:58:32+02:00\">15 May 2025<\/time><time class=\"updated\" datetime=\"2025-05-23T14:50:20+02:00\">23 May 2025<\/time><\/span>\t\t\t\t\t<\/div><!-- .entry-meta -->\n\t\t\t\t\t\t\t\t<\/header><!-- .entry-header -->\n\n\t\t\t<div class=\"entry-content\">\n\t\t\t\t<a href=\"https:\/\/www.gruene-mkk.de\/en\/neumitglieder-fruehstueck\/\" rel=\"bookmark\">\n\t\t\t\t<p>Are you new to the district association or would you like to get to know the Greens better on site? Then we cordially invite you to our new member breakfast on Saturday, June 14, 2025 at 10:00 [...]<\/p>\n\t\t\t\t<\/a>\n\t\t\t<\/div><!-- .entry-content -->\n\n\t\t\t<footer class=\"entry-footer\">\n\t\t\t\t\t\t\t<div class=\"d-flex mt-2 mb-2\">\n\t\t\t\t\t\t\t\t<div>\n\t\t<span class=\"cat-links small\"><a href=\"https:\/\/www.gruene-mkk.de\/en\/category\/allgemein\/\" rel=\"category tag\">General<\/a><\/span>\n\t\t\t\t<\/div>\n\t\t\t<\/div>\n\t\t\n\t\t\t\t<div class=\"d-flex flex-row-reverse\">\n\t\t\t\t\t<a href=\"https:\/\/www.gruene-mkk.de\/en\/neumitglieder-fruehstueck\/\" rel=\"bookmark\" class=\"continue-reading\">\n\t\t\t\t\tContinue reading\t\t\t\t<\/a>\n\t\t\t\t<\/div>\n\t\t\t<\/footer><!-- .entry-footer -->\n\t\t<\/div>\n\t<\/div>\n<\/article><!-- #post-2761 -->\n<\/div><div class=\"col-md-6\">\n<article id=\"post-2743\" class=\"bg-white mb-4 has-shadow post-2743 post type-post status-publish format-standard has-post-thumbnail hentry category-allgemein\">\n\t<div class=\"\">\n\t\t\t\t\t<div class=\"\">\n\t\t\t\t<a href=\"https:\/\/www.gruene-mkk.de\/en\/neuer-schwung-fuer-die-kommunalpolitik\/\" aria-label=\"Post thumbnail\" rel=\"bookmark\">\n\t\t\t\t\t\t\t\t<img loading=\"lazy\" decoding=\"async\" width=\"768\" height=\"539\" src=\"https:\/\/www.gruene-mkk.de\/wp-content\/uploads\/2025\/04\/image0-scaled-e1744882246875-768x539.jpeg\" class=\"post-thumbnail wp-post-image\" alt=\"A new impetus for local politics: Greens want to found a local association in Jossgrund &amp; Fl\u00f6rsbachtal\" \/>\n\n\t\t\t\t\t\t\t<\/a>\n\t\t\t<\/div>\n\t\t\t\t\t<div class=\"p-45\">\n\t\t\t<header class=\"entry-header mb-2\">\n\t\t\t\t\t\t\t\t<h2 class=\"card-title h4 mb-3\"><a href=\"https:\/\/www.gruene-mkk.de\/en\/neuer-schwung-fuer-die-kommunalpolitik\/\" rel=\"bookmark\">A new impetus for local politics: Greens want to found a local association in Jossgrund &amp; Fl\u00f6rsbachtal<\/a><\/h2>\t\t\t\t\t<div class=\"entry-meta mb-3\">\n\t\t\t\t\t\t<span class=\"posted-on\"><time class=\"entry-date published\" datetime=\"2025-04-17T11:29:21+02:00\">17 April 2025<\/time><time class=\"updated\" datetime=\"2025-04-17T11:31:54+02:00\">17 April 2025<\/time><\/span>\t\t\t\t\t<\/div><!-- .entry-meta -->\n\t\t\t\t\t\t\t\t<\/header><!-- .entry-header -->\n\n\t\t\t<div class=\"entry-content\">\n\t\t\t\t<a href=\"https:\/\/www.gruene-mkk.de\/en\/neuer-schwung-fuer-die-kommunalpolitik\/\" rel=\"bookmark\">\n\t\t\t\t<p>A Green Local Association in Jossgrund and Fl\u00f6rsbachtal is in the starting blocks. For this reason, the Kreisverband B\u00fcndnis 90\/Die Gr\u00fcnen Main Kinzig is organising an information event on 7 May 2025 in the Jossgrund, [...]<\/p>\n\t\t\t\t<\/a>\n\t\t\t<\/div><!-- .entry-content -->\n\n\t\t\t<footer class=\"entry-footer\">\n\t\t\t\t\t\t\t<div class=\"d-flex mt-2 mb-2\">\n\t\t\t\t\t\t\t\t<div>\n\t\t<span class=\"cat-links small\"><a href=\"https:\/\/www.gruene-mkk.de\/en\/category\/allgemein\/\" rel=\"category tag\">General<\/a><\/span>\n\t\t\t\t<\/div>\n\t\t\t<\/div>\n\t\t\n\t\t\t\t<div class=\"d-flex flex-row-reverse\">\n\t\t\t\t\t<a href=\"https:\/\/www.gruene-mkk.de\/en\/neuer-schwung-fuer-die-kommunalpolitik\/\" rel=\"bookmark\" class=\"continue-reading\">\n\t\t\t\t\tContinue reading\t\t\t\t<\/a>\n\t\t\t\t<\/div>\n\t\t\t<\/footer><!-- .entry-footer -->\n\t\t<\/div>\n\t<\/div>\n<\/article><!-- #post-2743 -->\n<\/div><div class=\"col-md-6\">\n<article id=\"post-2737\" class=\"bg-white mb-4 has-shadow post-2737 post type-post status-publish format-standard has-post-thumbnail hentry category-allgemein\">\n\t<div class=\"\">\n\t\t\t\t\t<div class=\"\">\n\t\t\t\t<a href=\"https:\/\/www.gruene-mkk.de\/en\/gemeinsam-gegen-rechts-gruene-main-kinzig-setzen-auf-aufklaerung-und-engagement\/\" aria-label=\"Post thumbnail\" rel=\"bookmark\">\n\t\t\t\t\t\t\t\t<img loading=\"lazy\" decoding=\"async\" width=\"768\" height=\"393\" src=\"https:\/\/www.gruene-mkk.de\/wp-content\/uploads\/2025\/03\/Foto_KMV-mit-Sascha-Schmidt-scaled-e1742985915178-768x393.jpg\" class=\"post-thumbnail wp-post-image\" alt=\"Together against right: Gr\u00fcne Main-Kinzig focus on education and commitment\" \/>\n\n\t\t\t\t\t\t\t<\/a>\n\t\t\t<\/div>\n\t\t\t\t\t<div class=\"p-45\">\n\t\t\t<header class=\"entry-header mb-2\">\n\t\t\t\t\t\t\t\t<h2 class=\"card-title h4 mb-3\"><a href=\"https:\/\/www.gruene-mkk.de\/en\/gemeinsam-gegen-rechts-gruene-main-kinzig-setzen-auf-aufklaerung-und-engagement\/\" rel=\"bookmark\">Together against right: Gr\u00fcne Main-Kinzig focus on education and commitment<\/a><\/h2>\t\t\t\t\t<div class=\"entry-meta mb-3\">\n\t\t\t\t\t\t<span class=\"posted-on\"><time class=\"entry-date published\" datetime=\"2025-03-26T11:45:27+01:00\">26 March 2025<\/time><time class=\"updated\" datetime=\"2025-03-26T11:45:37+01:00\">26 March 2025<\/time><\/span>\t\t\t\t\t<\/div><!-- .entry-meta -->\n\t\t\t\t\t\t\t\t<\/header><!-- .entry-header -->\n\n\t\t\t<div class=\"entry-content\">\n\t\t\t\t<a href=\"https:\/\/www.gruene-mkk.de\/en\/gemeinsam-gegen-rechts-gruene-main-kinzig-setzen-auf-aufklaerung-und-engagement\/\" rel=\"bookmark\">\n\t\t\t\t<p>On Wednesday, 12 March 2025, the renowned extermism expert Sascha Schmidt gave an urgent lecture on \u2018Right-wing terror in the Main-Kinzig district\u2019 at the district assembly of the GREEN Main-Kinzig in W\u00e4chtersbach [...]<\/p>\n\t\t\t\t<\/a>\n\t\t\t<\/div><!-- .entry-content -->\n\n\t\t\t<footer class=\"entry-footer\">\n\t\t\t\t\t\t\t<div class=\"d-flex mt-2 mb-2\">\n\t\t\t\t\t\t\t\t<div>\n\t\t<span class=\"cat-links small\"><a href=\"https:\/\/www.gruene-mkk.de\/en\/category\/allgemein\/\" rel=\"category tag\">General<\/a><\/span>\n\t\t\t\t<\/div>\n\t\t\t<\/div>\n\t\t\n\t\t\t\t<div class=\"d-flex flex-row-reverse\">\n\t\t\t\t\t<a href=\"https:\/\/www.gruene-mkk.de\/en\/gemeinsam-gegen-rechts-gruene-main-kinzig-setzen-auf-aufklaerung-und-engagement\/\" rel=\"bookmark\" class=\"continue-reading\">\n\t\t\t\t\tContinue reading\t\t\t\t<\/a>\n\t\t\t\t<\/div>\n\t\t\t<\/footer><!-- .entry-footer -->\n\t\t<\/div>\n\t<\/div>\n<\/article><!-- #post-2737 -->\n<\/div><div class=\"col-md-6\">\n<article id=\"post-2730\" class=\"bg-white mb-4 has-shadow post-2730 post type-post status-publish format-standard has-post-thumbnail hentry category-allgemein\">\n\t<div class=\"\">\n\t\t\t\t\t<div class=\"\">\n\t\t\t\t<a href=\"https:\/\/www.gruene-mkk.de\/en\/fruehstueck-mit-uns-naechstes-gruene-60-treffen\/\" aria-label=\"Post thumbnail\" rel=\"bookmark\">\n\t\t\t\t\t\t\t\t<img loading=\"lazy\" decoding=\"async\" width=\"768\" height=\"685\" src=\"https:\/\/www.gruene-mkk.de\/wp-content\/uploads\/2025\/03\/Fruehstueck-mit-den-GRUeNE-601-e1747324881316-768x685.png\" class=\"post-thumbnail wp-post-image\" alt=\"Breakfast with us!\" \/>\n\n\t\t\t\t\t\t\t<\/a>\n\t\t\t<\/div>\n\t\t\t\t\t<div class=\"p-45\">\n\t\t\t<header class=\"entry-header mb-2\">\n\t\t\t\t\t\t\t\t<h2 class=\"card-title h4 mb-3\"><a href=\"https:\/\/www.gruene-mkk.de\/en\/fruehstueck-mit-uns-naechstes-gruene-60-treffen\/\" rel=\"bookmark\">Breakfast with us!<\/a><\/h2>\t\t\t\t\t<div class=\"entry-meta mb-3\">\n\t\t\t\t\t\t<span class=\"posted-on\"><time class=\"entry-date published\" datetime=\"2025-03-21T11:28:08+01:00\">21 March 2025<\/time><time class=\"updated\" datetime=\"2025-03-21T14:47:23+01:00\">21 March 2025<\/time><\/span>\t\t\t\t\t<\/div><!-- .entry-meta -->\n\t\t\t\t\t\t\t\t<\/header><!-- .entry-header -->\n\n\t\t\t<div class=\"entry-content\">\n\t\t\t\t<a href=\"https:\/\/www.gruene-mkk.de\/en\/fruehstueck-mit-uns-naechstes-gruene-60-treffen\/\" rel=\"bookmark\">\n\t\t\t\t<p>Dear Greens 60+ Main-Kinzig, we would like to invite you to our upcoming meeting of the Greens 60+ in the district association Main-Kinzig. At the breakfast we want to take the opportunity to exchange ideas and [...]<\/p>\n\t\t\t\t<\/a>\n\t\t\t<\/div><!-- .entry-content -->\n\n\t\t\t<footer class=\"entry-footer\">\n\t\t\t\t\t\t\t<div class=\"d-flex mt-2 mb-2\">\n\t\t\t\t\t\t\t\t<div>\n\t\t<span class=\"cat-links small\"><a href=\"https:\/\/www.gruene-mkk.de\/en\/category\/allgemein\/\" rel=\"category tag\">General<\/a><\/span>\n\t\t\t\t<\/div>\n\t\t\t<\/div>\n\t\t\n\t\t\t\t<div class=\"d-flex flex-row-reverse\">\n\t\t\t\t\t<a href=\"https:\/\/www.gruene-mkk.de\/en\/fruehstueck-mit-uns-naechstes-gruene-60-treffen\/\" rel=\"bookmark\" class=\"continue-reading\">\n\t\t\t\t\tContinue reading\t\t\t\t<\/a>\n\t\t\t\t<\/div>\n\t\t\t<\/footer><!-- .entry-footer -->\n\t\t<\/div>\n\t<\/div>\n<\/article><!-- #post-2730 -->\n<\/div><div class=\"col-md-6\">\n<article id=\"post-2726\" class=\"bg-white mb-4 has-shadow post-2726 post type-post status-publish format-standard has-post-thumbnail hentry category-allgemein\">\n\t<div class=\"\">\n\t\t\t\t\t<div class=\"\">\n\t\t\t\t<a href=\"https:\/\/www.gruene-mkk.de\/en\/mahwish-iftikhar-aus-nidderau-neu-im-landesvorstand-der-gruenen-hessen-eine-starke-stimme-aus-dem-main-kinzig-kreis\/\" aria-label=\"Post thumbnail\" rel=\"bookmark\">\n\t\t\t\t\t\t\t\t<img loading=\"lazy\" decoding=\"async\" width=\"768\" height=\"441\" src=\"https:\/\/www.gruene-mkk.de\/wp-content\/uploads\/2025\/03\/File-4-768x441.jpg\" class=\"post-thumbnail wp-post-image\" alt=\"Mahwish Iftikhar from Nidderau new member of the regional board of the Green Hesse \u2013 A strong voice from the Main-Kinzig district\" \/>\n\n\t\t\t\t\t\t\t<\/a>\n\t\t\t<\/div>\n\t\t\t\t\t<div class=\"p-45\">\n\t\t\t<header class=\"entry-header mb-2\">\n\t\t\t\t\t\t\t\t<h2 class=\"card-title h4 mb-3\"><a href=\"https:\/\/www.gruene-mkk.de\/en\/mahwish-iftikhar-aus-nidderau-neu-im-landesvorstand-der-gruenen-hessen-eine-starke-stimme-aus-dem-main-kinzig-kreis\/\" rel=\"bookmark\">Mahwish Iftikhar from Nidderau new member of the regional board of the Green Hesse \u2013 A strong voice from the Main-Kinzig district<\/a><\/h2>\t\t\t\t\t<div class=\"entry-meta mb-3\">\n\t\t\t\t\t\t<span class=\"posted-on\"><time class=\"entry-date published\" datetime=\"2025-03-19T11:11:00+01:00\">19 March 2025<\/time><time class=\"updated\" datetime=\"2025-03-19T11:11:18+01:00\">19 March 2025<\/time><\/span>\t\t\t\t\t<\/div><!-- .entry-meta -->\n\t\t\t\t\t\t\t\t<\/header><!-- .entry-header -->\n\n\t\t\t<div class=\"entry-content\">\n\t\t\t\t<a href=\"https:\/\/www.gruene-mkk.de\/en\/mahwish-iftikhar-aus-nidderau-neu-im-landesvorstand-der-gruenen-hessen-eine-starke-stimme-aus-dem-main-kinzig-kreis\/\" rel=\"bookmark\">\n\t\t\t\t<p>Great joy at the GREEN Main-Kinzig: The committed local politician Mahwish Iftikhar from Nidderau was elected to the state board of the Green Hesse at the party congress on 15.03.2025! As an associate, she will [...]<\/p>\n\t\t\t\t<\/a>\n\t\t\t<\/div><!-- .entry-content -->\n\n\t\t\t<footer class=\"entry-footer\">\n\t\t\t\t\t\t\t<div class=\"d-flex mt-2 mb-2\">\n\t\t\t\t\t\t\t\t<div>\n\t\t<span class=\"cat-links small\"><a href=\"https:\/\/www.gruene-mkk.de\/en\/category\/allgemein\/\" rel=\"category tag\">General<\/a><\/span>\n\t\t\t\t<\/div>\n\t\t\t<\/div>\n\t\t\n\t\t\t\t<div class=\"d-flex flex-row-reverse\">\n\t\t\t\t\t<a href=\"https:\/\/www.gruene-mkk.de\/en\/mahwish-iftikhar-aus-nidderau-neu-im-landesvorstand-der-gruenen-hessen-eine-starke-stimme-aus-dem-main-kinzig-kreis\/\" rel=\"bookmark\" class=\"continue-reading\">\n\t\t\t\t\tContinue reading\t\t\t\t<\/a>\n\t\t\t\t<\/div>\n\t\t\t<\/footer><!-- .entry-footer -->\n\t\t<\/div>\n\t<\/div>\n<\/article><!-- #post-2726 -->\n<\/div><div class=\"col-md-6\">\n<article id=\"post-2699\" class=\"bg-white mb-4 has-shadow post-2699 post type-post status-publish format-standard has-post-thumbnail hentry category-allgemein\">\n\t<div class=\"\">\n\t\t\t\t\t<div class=\"\">\n\t\t\t\t<a href=\"https:\/\/www.gruene-mkk.de\/en\/politischer-aschermittwoch-der-gruenen-main-kinzig-optimistisch-in-die-zukunft\/\" aria-label=\"Post thumbnail\" rel=\"bookmark\">\n\t\t\t\t\t\t\t\t<img loading=\"lazy\" decoding=\"async\" width=\"768\" height=\"678\" src=\"https:\/\/www.gruene-mkk.de\/wp-content\/uploads\/2025\/03\/IMG_5771-3-768x678.jpg\" class=\"post-thumbnail wp-post-image\" alt=\"Political Ash Wednesday of the Greens Main-Kinzig: Optimistic about the future\" \/>\n\n\t\t\t\t\t\t\t<\/a>\n\t\t\t<\/div>\n\t\t\t\t\t<div class=\"p-45\">\n\t\t\t<header class=\"entry-header mb-2\">\n\t\t\t\t\t\t\t\t<h2 class=\"card-title h4 mb-3\"><a href=\"https:\/\/www.gruene-mkk.de\/en\/politischer-aschermittwoch-der-gruenen-main-kinzig-optimistisch-in-die-zukunft\/\" rel=\"bookmark\">Political Ash Wednesday of the Greens Main-Kinzig: Optimistic about the future<\/a><\/h2>\t\t\t\t\t<div class=\"entry-meta mb-3\">\n\t\t\t\t\t\t<span class=\"posted-on\"><time class=\"entry-date published\" datetime=\"2025-03-12T15:29:13+01:00\">12 March 2025<\/time><time class=\"updated\" datetime=\"2025-03-12T15:29:14+01:00\">12 March 2025<\/time><\/span>\t\t\t\t\t<\/div><!-- .entry-meta -->\n\t\t\t\t\t\t\t\t<\/header><!-- .entry-header -->\n\n\t\t\t<div class=\"entry-content\">\n\t\t\t\t<a href=\"https:\/\/www.gruene-mkk.de\/en\/politischer-aschermittwoch-der-gruenen-main-kinzig-optimistisch-in-die-zukunft\/\" rel=\"bookmark\">\n\t\t\t\t<p>Monika K\u00fchn-Bousonville is honored for 40 years of membership in B\u00fcndnis 90\/Die Gr\u00fcnen 6 March 2025 At the traditional political Ash Wednesday of the Main-Kinzig district association of B\u00fcndnis 90\/Die Gr\u00fcnen, Caf\u00e9 Kowalski [...]<\/p>\n\t\t\t\t<\/a>\n\t\t\t<\/div><!-- .entry-content -->\n\n\t\t\t<footer class=\"entry-footer\">\n\t\t\t\t\t\t\t<div class=\"d-flex mt-2 mb-2\">\n\t\t\t\t\t\t\t\t<div>\n\t\t<span class=\"cat-links small\"><a href=\"https:\/\/www.gruene-mkk.de\/en\/category\/allgemein\/\" rel=\"category tag\">General<\/a><\/span>\n\t\t\t\t<\/div>\n\t\t\t<\/div>\n\t\t\n\t\t\t\t<div class=\"d-flex flex-row-reverse\">\n\t\t\t\t\t<a href=\"https:\/\/www.gruene-mkk.de\/en\/politischer-aschermittwoch-der-gruenen-main-kinzig-optimistisch-in-die-zukunft\/\" rel=\"bookmark\" class=\"continue-reading\">\n\t\t\t\t\tContinue reading\t\t\t\t<\/a>\n\t\t\t\t<\/div>\n\t\t\t<\/footer><!-- .entry-footer -->\n\t\t<\/div>\n\t<\/div>\n<\/article><!-- #post-2699 -->\n<\/div><div class=\"col-md-6\">\n<article id=\"post-2629\" class=\"bg-white mb-4 has-shadow post-2629 post type-post status-publish format-standard hentry category-allgemein\">\n\t<div class=\"\">\n\t\t\t\t<div class=\"p-45\">\n\t\t\t<header class=\"entry-header mb-2\">\n\t\t\t\t\t\t\t\t<h2 class=\"card-title h4 mb-3\"><a href=\"https:\/\/www.gruene-mkk.de\/en\/einladung-zur-kmv\/\" rel=\"bookmark\">Invitation to the KMV<\/a><\/h2>\t\t\t\t\t<div class=\"entry-meta mb-3\">\n\t\t\t\t\t\t<span class=\"posted-on\"><time class=\"entry-date published\" datetime=\"2025-02-25T20:22:54+01:00\">25 February 2025<\/time><time class=\"updated\" datetime=\"2025-03-14T10:32:28+01:00\">14 March 2025<\/time><\/span>\t\t\t\t\t<\/div><!-- .entry-meta -->\n\t\t\t\t\t\t\t\t<\/header><!-- .entry-header -->\n\n\t\t\t<div class=\"entry-content\">\n\t\t\t\t<a href=\"https:\/\/www.gruene-mkk.de\/en\/einladung-zur-kmv\/\" rel=\"bookmark\">\n\t\t\t\t<p>We cordially invite you to our next Circle Members' Meeting (KMV) on Wednesday, 12 March 2025 at 19:30. The venue is the Landgasthof \"Zur Quelle\" in W\u00e4chtersbach. The meeting will take place [...]<\/p>\n\t\t\t\t<\/a>\n\t\t\t<\/div><!-- .entry-content -->\n\n\t\t\t<footer class=\"entry-footer\">\n\t\t\t\t\t\t\t<div class=\"d-flex mt-2 mb-2\">\n\t\t\t\t\t\t\t\t<div>\n\t\t<span class=\"cat-links small\"><a href=\"https:\/\/www.gruene-mkk.de\/en\/category\/allgemein\/\" rel=\"category tag\">General<\/a><\/span>\n\t\t\t\t<\/div>\n\t\t\t<\/div>\n\t\t\n\t\t\t\t<div class=\"d-flex flex-row-reverse\">\n\t\t\t\t\t<a href=\"https:\/\/www.gruene-mkk.de\/en\/einladung-zur-kmv\/\" rel=\"bookmark\" class=\"continue-reading\">\n\t\t\t\t\tContinue reading\t\t\t\t<\/a>\n\t\t\t\t<\/div>\n\t\t\t<\/footer><!-- .entry-footer -->\n\t\t<\/div>\n\t<\/div>\n<\/article><!-- #post-2629 -->\n<\/div><div class=\"col-md-6\">\n<article id=\"post-2653\" class=\"bg-white mb-4 has-shadow post-2653 post type-post status-publish format-standard hentry category-allgemein\">\n\t<div class=\"\">\n\t\t\t\t<div class=\"p-45\">\n\t\t\t<header class=\"entry-header mb-2\">\n\t\t\t\t\t\t\t\t<h2 class=\"card-title h4 mb-3\"><a href=\"https:\/\/www.gruene-mkk.de\/en\/koennen-trotz-allem-zufrieden-sein\/\" rel=\"bookmark\">\"Can be satisfied in spite of everything\"<\/a><\/h2>\t\t\t\t\t<div class=\"entry-meta mb-3\">\n\t\t\t\t\t\t<span class=\"posted-on\"><time class=\"entry-date published\" datetime=\"2025-02-24T16:52:49+01:00\">24 February 2025<\/time><time class=\"updated\" datetime=\"2025-02-24T16:52:50+01:00\">24 February 2025<\/time><\/span>\t\t\t\t\t<\/div><!-- .entry-meta -->\n\t\t\t\t\t\t\t\t<\/header><!-- .entry-header -->\n\n\t\t\t<div class=\"entry-content\">\n\t\t\t\t<a href=\"https:\/\/www.gruene-mkk.de\/en\/koennen-trotz-allem-zufrieden-sein\/\" rel=\"bookmark\">\n\t\t\t\t<p>The spokespersons of the Main-Kinzig district association of B\u00dcNDNIS 90\/DIE GR\u00dcNEN, Anja Zeller and Thomas Gassen explain the preliminary final result of the federal election in the Main-Kinzig district: \u201cWith our results in constituency 174 and 179 [...]<\/p>\n\t\t\t\t<\/a>\n\t\t\t<\/div><!-- .entry-content -->\n\n\t\t\t<footer class=\"entry-footer\">\n\t\t\t\t\t\t\t<div class=\"d-flex mt-2 mb-2\">\n\t\t\t\t\t\t\t\t<div>\n\t\t<span class=\"cat-links small\"><a href=\"https:\/\/www.gruene-mkk.de\/en\/category\/allgemein\/\" rel=\"category tag\">General<\/a><\/span>\n\t\t\t\t<\/div>\n\t\t\t<\/div>\n\t\t\n\t\t\t\t<div class=\"d-flex flex-row-reverse\">\n\t\t\t\t\t<a href=\"https:\/\/www.gruene-mkk.de\/en\/koennen-trotz-allem-zufrieden-sein\/\" rel=\"bookmark\" class=\"continue-reading\">\n\t\t\t\t\tContinue reading\t\t\t\t<\/a>\n\t\t\t\t<\/div>\n\t\t\t<\/footer><!-- .entry-footer -->\n\t\t<\/div>\n\t<\/div>\n<\/article><!-- #post-2653 -->\n<\/div><div class=\"col-md-6\">\n<article id=\"post-2642\" class=\"bg-white mb-4 has-shadow post-2642 post type-post status-publish format-standard hentry category-allgemein\">\n\t<div class=\"\">\n\t\t\t\t<div class=\"p-45\">\n\t\t\t<header class=\"entry-header mb-2\">\n\t\t\t\t\t\t\t\t<h2 class=\"card-title h4 mb-3\"><a href=\"https:\/\/www.gruene-mkk.de\/en\/demokratie-lebt-vom-respekt-gemeinsam-fuer-einen-fairen-wahlkampf\/\" rel=\"bookmark\">Democracy thrives on respect \u2013 working together for a fair election campaign<\/a><\/h2>\t\t\t\t\t<div class=\"entry-meta mb-3\">\n\t\t\t\t\t\t<span class=\"posted-on\"><time class=\"entry-date published\" datetime=\"2025-02-21T16:05:21+01:00\">21 February 2025<\/time><time class=\"updated\" datetime=\"2025-02-21T16:05:22+01:00\">21 February 2025<\/time><\/span>\t\t\t\t\t<\/div><!-- .entry-meta -->\n\t\t\t\t\t\t\t\t<\/header><!-- .entry-header -->\n\n\t\t\t<div class=\"entry-content\">\n\t\t\t\t<a href=\"https:\/\/www.gruene-mkk.de\/en\/demokratie-lebt-vom-respekt-gemeinsam-fuer-einen-fairen-wahlkampf\/\" rel=\"bookmark\">\n\t\t\t\t<p>A vivid, fair election campaign is the foundation of our democracy. Therefore, the district association Main-Kinzig of B\u00dcNDNIS 90 \/ DIE GR\u00dcNEN is committed with full conviction to an open and respectful political [...]<\/p>\n\t\t\t\t<\/a>\n\t\t\t<\/div><!-- .entry-content -->\n\n\t\t\t<footer class=\"entry-footer\">\n\t\t\t\t\t\t\t<div class=\"d-flex mt-2 mb-2\">\n\t\t\t\t\t\t\t\t<div>\n\t\t<span class=\"cat-links small\"><a href=\"https:\/\/www.gruene-mkk.de\/en\/category\/allgemein\/\" rel=\"category tag\">General<\/a><\/span>\n\t\t\t\t<\/div>\n\t\t\t<\/div>\n\t\t\n\t\t\t\t<div class=\"d-flex flex-row-reverse\">\n\t\t\t\t\t<a href=\"https:\/\/www.gruene-mkk.de\/en\/demokratie-lebt-vom-respekt-gemeinsam-fuer-einen-fairen-wahlkampf\/\" rel=\"bookmark\" class=\"continue-reading\">\n\t\t\t\t\tContinue reading\t\t\t\t<\/a>\n\t\t\t\t<\/div>\n\t\t\t<\/footer><!-- .entry-footer -->\n\t\t<\/div>\n\t<\/div>\n<\/article><!-- #post-2642 -->\n<\/div><div class=\"col-md-6\">\n<article id=\"post-2639\" class=\"bg-white mb-4 has-shadow post-2639 post type-post status-publish format-standard has-post-thumbnail hentry category-allgemein\">\n\t<div class=\"\">\n\t\t\t\t\t<div class=\"\">\n\t\t\t\t<a href=\"https:\/\/www.gruene-mkk.de\/en\/wir-sind-500\/\" aria-label=\"Post thumbnail\" rel=\"bookmark\">\n\t\t\t\t\t\t\t\t<img loading=\"lazy\" decoding=\"async\" width=\"768\" height=\"534\" src=\"https:\/\/www.gruene-mkk.de\/wp-content\/uploads\/2025\/02\/Gruene-MKK-feiern-500.-Mitglied-768x534.jpg\" class=\"post-thumbnail wp-post-image\" alt=\"We are 500!\" \/>\n\n\t\t\t\t\t\t\t<\/a>\n\t\t\t<\/div>\n\t\t\t\t\t<div class=\"p-45\">\n\t\t\t<header class=\"entry-header mb-2\">\n\t\t\t\t\t\t\t\t<h2 class=\"card-title h4 mb-3\"><a href=\"https:\/\/www.gruene-mkk.de\/en\/wir-sind-500\/\" rel=\"bookmark\">We are 500!<\/a><\/h2>\t\t\t\t\t<div class=\"entry-meta mb-3\">\n\t\t\t\t\t\t<span class=\"posted-on\"><time class=\"entry-date published\" datetime=\"2025-02-21T16:03:54+01:00\">21 February 2025<\/time><time class=\"updated\" datetime=\"2025-02-21T16:04:38+01:00\">21 February 2025<\/time><\/span>\t\t\t\t\t<\/div><!-- .entry-meta -->\n\t\t\t\t\t\t\t\t<\/header><!-- .entry-header -->\n\n\t\t\t<div class=\"entry-content\">\n\t\t\t\t<a href=\"https:\/\/www.gruene-mkk.de\/en\/wir-sind-500\/\" rel=\"bookmark\">\n\t\t\t\t<p>A strong signal: The district association of B\u00dcNDNIS 90\/DIE GR\u00dcNEN Main-Kinzig continues to grow and will have its 500th anniversary on Thursday. Member welcomed. Fabian Jorda from Hanau is now stepping up the party [...]<\/p>\n\t\t\t\t<\/a>\n\t\t\t<\/div><!-- .entry-content -->\n\n\t\t\t<footer class=\"entry-footer\">\n\t\t\t\t\t\t\t<div class=\"d-flex mt-2 mb-2\">\n\t\t\t\t\t\t\t\t<div>\n\t\t<span class=\"cat-links small\"><a href=\"https:\/\/www.gruene-mkk.de\/en\/category\/allgemein\/\" rel=\"category tag\">General<\/a><\/span>\n\t\t\t\t<\/div>\n\t\t\t<\/div>\n\t\t\n\t\t\t\t<div class=\"d-flex flex-row-reverse\">\n\t\t\t\t\t<a href=\"https:\/\/www.gruene-mkk.de\/en\/wir-sind-500\/\" rel=\"bookmark\" class=\"continue-reading\">\n\t\t\t\t\tContinue reading\t\t\t\t<\/a>\n\t\t\t\t<\/div>\n\t\t\t<\/footer><!-- .entry-footer -->\n\t\t<\/div>\n\t<\/div>\n<\/article><!-- #post-2639 -->\n<\/div><div class=\"col-md-6\">\n<article id=\"post-2636\" class=\"bg-white mb-4 has-shadow post-2636 post type-post status-publish format-standard has-post-thumbnail hentry category-allgemein\">\n\t<div class=\"\">\n\t\t\t\t\t<div class=\"\">\n\t\t\t\t<a href=\"https:\/\/www.gruene-mkk.de\/en\/taxi-talk-mit-mahwish-politik-hautnah-erleben\/\" aria-label=\"Post thumbnail\" rel=\"bookmark\">\n\t\t\t\t\t\t\t\t<img loading=\"lazy\" decoding=\"async\" width=\"768\" height=\"546\" src=\"https:\/\/www.gruene-mkk.de\/wp-content\/uploads\/2025\/02\/Mahwish-Iftikhar-und-Anna-Luehrmann-e1740150144387-768x546.jpeg\" class=\"post-thumbnail wp-post-image\" alt=\"Taxi Talk with Mahwish: Experience politics up close!\" \/>\n\n\t\t\t\t\t\t\t<\/a>\n\t\t\t<\/div>\n\t\t\t\t\t<div class=\"p-45\">\n\t\t\t<header class=\"entry-header mb-2\">\n\t\t\t\t\t\t\t\t<h2 class=\"card-title h4 mb-3\"><a href=\"https:\/\/www.gruene-mkk.de\/en\/taxi-talk-mit-mahwish-politik-hautnah-erleben\/\" rel=\"bookmark\">Taxi Talk with Mahwish: Experience politics up close!<\/a><\/h2>\t\t\t\t\t<div class=\"entry-meta mb-3\">\n\t\t\t\t\t\t<span class=\"posted-on\"><time class=\"entry-date published\" datetime=\"2025-02-21T16:02:31+01:00\">21 February 2025<\/time><time class=\"updated\" datetime=\"2025-02-21T16:03:14+01:00\">21 February 2025<\/time><\/span>\t\t\t\t\t<\/div><!-- .entry-meta -->\n\t\t\t\t\t\t\t\t<\/header><!-- .entry-header -->\n\n\t\t\t<div class=\"entry-content\">\n\t\t\t\t<a href=\"https:\/\/www.gruene-mkk.de\/en\/taxi-talk-mit-mahwish-politik-hautnah-erleben\/\" rel=\"bookmark\">\n\t\t\t\t<p>Politics does not always have to take place behind lecterns or in meeting rooms, as demonstrated by last Saturday\u2019s \u2018Taxi Talk with Mahwish\u2019 in Hanau. The Bundestag candidate of the Greens for the constituency 179, [...]<\/p>\n\t\t\t\t<\/a>\n\t\t\t<\/div><!-- .entry-content -->\n\n\t\t\t<footer class=\"entry-footer\">\n\t\t\t\t\t\t\t<div class=\"d-flex mt-2 mb-2\">\n\t\t\t\t\t\t\t\t<div>\n\t\t<span class=\"cat-links small\"><a href=\"https:\/\/www.gruene-mkk.de\/en\/category\/allgemein\/\" rel=\"category tag\">General<\/a><\/span>\n\t\t\t\t<\/div>\n\t\t\t<\/div>\n\t\t\n\t\t\t\t<div class=\"d-flex flex-row-reverse\">\n\t\t\t\t\t<a href=\"https:\/\/www.gruene-mkk.de\/en\/taxi-talk-mit-mahwish-politik-hautnah-erleben\/\" rel=\"bookmark\" class=\"continue-reading\">\n\t\t\t\t\tContinue reading\t\t\t\t<\/a>\n\t\t\t\t<\/div>\n\t\t\t<\/footer><!-- .entry-footer -->\n\t\t<\/div>\n\t<\/div>\n<\/article><!-- #post-2636 -->\n<\/div><div class=\"col-md-6\">\n<article id=\"post-2611\" class=\"bg-white mb-4 has-shadow post-2611 post type-post status-publish format-standard hentry category-allgemein\">\n\t<div class=\"\">\n\t\t\t\t<div class=\"p-45\">\n\t\t\t<header class=\"entry-header mb-2\">\n\t\t\t\t\t\t\t\t<h2 class=\"card-title h4 mb-3\"><a href=\"https:\/\/www.gruene-mkk.de\/en\/gruene-main-kinzig-neujahrsempfang-im-zeichen-von-zuversicht-und-zusammenhalt\/\" rel=\"bookmark\">Green Main-Kinzig: New Year's reception in the sign of confidence and cohesion<\/a><\/h2>\t\t\t\t\t<div class=\"entry-meta mb-3\">\n\t\t\t\t\t\t<span class=\"posted-on\"><time class=\"entry-date published\" datetime=\"2025-01-21T14:21:00+01:00\">21 January 2025<\/time><time class=\"updated\" datetime=\"2025-01-21T14:21:01+01:00\">21 January 2025<\/time><\/span>\t\t\t\t\t<\/div><!-- .entry-meta -->\n\t\t\t\t\t\t\t\t<\/header><!-- .entry-header -->\n\n\t\t\t<div class=\"entry-content\">\n\t\t\t\t<a href=\"https:\/\/www.gruene-mkk.de\/en\/gruene-main-kinzig-neujahrsempfang-im-zeichen-von-zuversicht-und-zusammenhalt\/\" rel=\"bookmark\">\n\t\t\t\t<p>Numerous guests came to Brockenhaus Hanau on Saturday for the New Year's reception of the Main-Kinzig district association of B\u00fcndnis 90\/Die Gr\u00fcnen. The event marked the start of the hot phase of the Bundestag election campaign and offered [...]<\/p>\n\t\t\t\t<\/a>\n\t\t\t<\/div><!-- .entry-content -->\n\n\t\t\t<footer class=\"entry-footer\">\n\t\t\t\t\t\t\t<div class=\"d-flex mt-2 mb-2\">\n\t\t\t\t\t\t\t\t<div>\n\t\t<span class=\"cat-links small\"><a href=\"https:\/\/www.gruene-mkk.de\/en\/category\/allgemein\/\" rel=\"category tag\">General<\/a><\/span>\n\t\t\t\t<\/div>\n\t\t\t<\/div>\n\t\t\n\t\t\t\t<div class=\"d-flex flex-row-reverse\">\n\t\t\t\t\t<a href=\"https:\/\/www.gruene-mkk.de\/en\/gruene-main-kinzig-neujahrsempfang-im-zeichen-von-zuversicht-und-zusammenhalt\/\" rel=\"bookmark\" class=\"continue-reading\">\n\t\t\t\t\tContinue reading\t\t\t\t<\/a>\n\t\t\t\t<\/div>\n\t\t\t<\/footer><!-- .entry-footer -->\n\t\t<\/div>\n\t<\/div>\n<\/article><!-- #post-2611 -->\n<\/div><div class=\"col-md-6\">\n<article id=\"post-2511\" class=\"bg-white mb-4 has-shadow post-2511 post type-post status-publish format-standard has-post-thumbnail hentry category-allgemein\">\n\t<div class=\"\">\n\t\t\t\t\t<div class=\"\">\n\t\t\t\t<a href=\"https:\/\/www.gruene-mkk.de\/en\/chancen-auf-den-bundestag\/\" aria-label=\"Post thumbnail\" rel=\"bookmark\">\n\t\t\t\t\t\t\t\t<img loading=\"lazy\" decoding=\"async\" width=\"768\" height=\"404\" src=\"https:\/\/www.gruene-mkk.de\/wp-content\/uploads\/2024\/12\/Direktkandiderende-der-GRUeNE-MKK_-Philip-Schinkel-Mahwish-Iftikhar-e1734357224551-768x404.jpg\" class=\"post-thumbnail wp-post-image\" alt=\"Chances of the Bundestag\" \/>\n\n\t\t\t\t\t\t\t<\/a>\n\t\t\t<\/div>\n\t\t\t\t\t<div class=\"p-45\">\n\t\t\t<header class=\"entry-header mb-2\">\n\t\t\t\t\t\t\t\t<h2 class=\"card-title h4 mb-3\"><a href=\"https:\/\/www.gruene-mkk.de\/en\/chancen-auf-den-bundestag\/\" rel=\"bookmark\">Chances of the Bundestag<\/a><\/h2>\t\t\t\t\t<div class=\"entry-meta mb-3\">\n\t\t\t\t\t\t<span class=\"posted-on\"><time class=\"entry-date published\" datetime=\"2024-12-16T14:53:51+01:00\">16. December 2024<\/time><time class=\"updated\" datetime=\"2024-12-16T14:53:53+01:00\">16. December 2024<\/time><\/span>\t\t\t\t\t<\/div><!-- .entry-meta -->\n\t\t\t\t\t\t\t\t<\/header><!-- .entry-header -->\n\n\t\t\t<div class=\"entry-content\">\n\t\t\t\t<a href=\"https:\/\/www.gruene-mkk.de\/en\/chancen-auf-den-bundestag\/\" rel=\"bookmark\">\n\t\t\t\t<p>Very good results for Green direct candidates at the Hessian Congress Two high rankings for the Green direct candidates: Last Saturday, the List Party Congress of the Greens took place in Marburg. Mahwish was [...]<\/p>\n\t\t\t\t<\/a>\n\t\t\t<\/div><!-- .entry-content -->\n\n\t\t\t<footer class=\"entry-footer\">\n\t\t\t\t\t\t\t<div class=\"d-flex mt-2 mb-2\">\n\t\t\t\t\t\t\t\t<div>\n\t\t<span class=\"cat-links small\"><a href=\"https:\/\/www.gruene-mkk.de\/en\/category\/allgemein\/\" rel=\"category tag\">General<\/a><\/span>\n\t\t\t\t<\/div>\n\t\t\t<\/div>\n\t\t\n\t\t\t\t<div class=\"d-flex flex-row-reverse\">\n\t\t\t\t\t<a href=\"https:\/\/www.gruene-mkk.de\/en\/chancen-auf-den-bundestag\/\" rel=\"bookmark\" class=\"continue-reading\">\n\t\t\t\t\tContinue reading\t\t\t\t<\/a>\n\t\t\t\t<\/div>\n\t\t\t<\/footer><!-- .entry-footer -->\n\t\t<\/div>\n\t<\/div>\n<\/article><!-- #post-2511 -->\n<\/div><div class=\"col-md-6\">\n<article id=\"post-2506\" class=\"bg-white mb-4 has-shadow post-2506 post type-post status-publish format-standard hentry category-allgemein\">\n\t<div class=\"\">\n\t\t\t\t<div class=\"p-45\">\n\t\t\t<header class=\"entry-header mb-2\">\n\t\t\t\t\t\t\t\t<h2 class=\"card-title h4 mb-3\"><a href=\"https:\/\/www.gruene-mkk.de\/en\/erinnerung-landesparteitag-zur-listenaufstellung-am-samstag\/\" rel=\"bookmark\">Reminder: National Party Congress on the Listing on Saturday<\/a><\/h2>\t\t\t\t\t<div class=\"entry-meta mb-3\">\n\t\t\t\t\t\t<span class=\"posted-on\"><time class=\"entry-date published\" datetime=\"2024-12-12T14:55:20+01:00\">12. December 2024<\/time><time class=\"updated\" datetime=\"2024-12-12T14:55:22+01:00\">12. December 2024<\/time><\/span>\t\t\t\t\t<\/div><!-- .entry-meta -->\n\t\t\t\t\t\t\t\t<\/header><!-- .entry-header -->\n\n\t\t\t<div class=\"entry-content\">\n\t\t\t\t<a href=\"https:\/\/www.gruene-mkk.de\/en\/erinnerung-landesparteitag-zur-listenaufstellung-am-samstag\/\" rel=\"bookmark\">\n\t\t\t\t<p>\u2013 Join us and support our direct candidates Mahwish &amp; Philip! Next Saturday, the 14th. December, from 11 a.m., the state party congress on the list will take place in Marburg, and we are [...]<\/p>\n\t\t\t\t<\/a>\n\t\t\t<\/div><!-- .entry-content -->\n\n\t\t\t<footer class=\"entry-footer\">\n\t\t\t\t\t\t\t<div class=\"d-flex mt-2 mb-2\">\n\t\t\t\t\t\t\t\t<div>\n\t\t<span class=\"cat-links small\"><a href=\"https:\/\/www.gruene-mkk.de\/en\/category\/allgemein\/\" rel=\"category tag\">General<\/a><\/span>\n\t\t\t\t<\/div>\n\t\t\t<\/div>\n\t\t\n\t\t\t\t<div class=\"d-flex flex-row-reverse\">\n\t\t\t\t\t<a href=\"https:\/\/www.gruene-mkk.de\/en\/erinnerung-landesparteitag-zur-listenaufstellung-am-samstag\/\" rel=\"bookmark\" class=\"continue-reading\">\n\t\t\t\t\tContinue reading\t\t\t\t<\/a>\n\t\t\t\t<\/div>\n\t\t\t<\/footer><!-- .entry-footer -->\n\t\t<\/div>\n\t<\/div>\n<\/article><!-- #post-2506 -->\n<\/div><div class=\"col-md-6\">\n<article id=\"post-2503\" class=\"bg-white mb-4 has-shadow post-2503 post type-post status-publish format-standard has-post-thumbnail hentry category-allgemein\">\n\t<div class=\"\">\n\t\t\t\t\t<div class=\"\">\n\t\t\t\t<a href=\"https:\/\/www.gruene-mkk.de\/en\/einladung-zu-unserem-neujahrsempfang\/\" aria-label=\"Post thumbnail\" rel=\"bookmark\">\n\t\t\t\t\t\t\t\t<img loading=\"lazy\" decoding=\"async\" width=\"768\" height=\"358\" src=\"https:\/\/www.gruene-mkk.de\/wp-content\/uploads\/2024\/12\/Kopie-von-NJE-17-768x358.png\" class=\"post-thumbnail wp-post-image\" alt=\"Invitation to our New Year&#039;s reception\" \/>\n\n\t\t\t\t\t\t\t<\/a>\n\t\t\t<\/div>\n\t\t\t\t\t<div class=\"p-45\">\n\t\t\t<header class=\"entry-header mb-2\">\n\t\t\t\t\t\t\t\t<h2 class=\"card-title h4 mb-3\"><a href=\"https:\/\/www.gruene-mkk.de\/en\/einladung-zu-unserem-neujahrsempfang\/\" rel=\"bookmark\">Invitation to our New Year's reception<\/a><\/h2>\t\t\t\t\t<div class=\"entry-meta mb-3\">\n\t\t\t\t\t\t<span class=\"posted-on\"><time class=\"entry-date published\" datetime=\"2024-12-11T14:03:56+01:00\">11. December 2024<\/time><time class=\"updated\" datetime=\"2025-01-20T11:53:19+01:00\">20 January 2025<\/time><\/span>\t\t\t\t\t<\/div><!-- .entry-meta -->\n\t\t\t\t\t\t\t\t<\/header><!-- .entry-header -->\n\n\t\t\t<div class=\"entry-content\">\n\t\t\t\t<a href=\"https:\/\/www.gruene-mkk.de\/en\/einladung-zu-unserem-neujahrsempfang\/\" rel=\"bookmark\">\n\t\t\t\t<p>We cordially invite you to our New Year's reception! \u2047  When? Saturday, 18 January 2025, at 18:00 \u2047  Where? Brockenhaus Hanau, Lamboystr. 52, 63452 Hanau Let's celebrate the New Year together [...]<\/p>\n\t\t\t\t<\/a>\n\t\t\t<\/div><!-- .entry-content -->\n\n\t\t\t<footer class=\"entry-footer\">\n\t\t\t\t\t\t\t<div class=\"d-flex mt-2 mb-2\">\n\t\t\t\t\t\t\t\t<div>\n\t\t<span class=\"cat-links small\"><a href=\"https:\/\/www.gruene-mkk.de\/en\/category\/allgemein\/\" rel=\"category tag\">General<\/a><\/span>\n\t\t\t\t<\/div>\n\t\t\t<\/div>\n\t\t\n\t\t\t\t<div class=\"d-flex flex-row-reverse\">\n\t\t\t\t\t<a href=\"https:\/\/www.gruene-mkk.de\/en\/einladung-zu-unserem-neujahrsempfang\/\" rel=\"bookmark\" class=\"continue-reading\">\n\t\t\t\t\tContinue reading\t\t\t\t<\/a>\n\t\t\t\t<\/div>\n\t\t\t<\/footer><!-- .entry-footer -->\n\t\t<\/div>\n\t<\/div>\n<\/article><!-- #post-2503 -->\n<\/div><div class=\"col-md-6\">\n<article id=\"post-2490\" class=\"bg-white mb-4 has-shadow post-2490 post type-post status-publish format-standard hentry category-allgemein\">\n\t<div class=\"\">\n\t\t\t\t<div class=\"p-45\">\n\t\t\t<header class=\"entry-header mb-2\">\n\t\t\t\t\t\t\t\t<h2 class=\"card-title h4 mb-3\"><a href=\"https:\/\/www.gruene-mkk.de\/en\/einladung-zum-gruenen-stammtisch\/\" rel=\"bookmark\">Invitation to the Green Stammtisch<\/a><\/h2>\t\t\t\t\t<div class=\"entry-meta mb-3\">\n\t\t\t\t\t\t<span class=\"posted-on\"><time class=\"entry-date published\" datetime=\"2024-12-10T17:37:23+01:00\">10. December 2024<\/time><time class=\"updated\" datetime=\"2024-12-10T17:37:25+01:00\">10. December 2024<\/time><\/span>\t\t\t\t\t<\/div><!-- .entry-meta -->\n\t\t\t\t\t\t\t\t<\/header><!-- .entry-header -->\n\n\t\t\t<div class=\"entry-content\">\n\t\t\t\t<a href=\"https:\/\/www.gruene-mkk.de\/en\/einladung-zum-gruenen-stammtisch\/\" rel=\"bookmark\">\n\t\t\t\t<p>We cordially invite you to our Gr\u00fcner Stammtisch! We would like to discuss the upcoming List Party Congress on 14.12.2024 in Marburg in a relaxed manner and [...]<\/p>\n\t\t\t\t<\/a>\n\t\t\t<\/div><!-- .entry-content -->\n\n\t\t\t<footer class=\"entry-footer\">\n\t\t\t\t\t\t\t<div class=\"d-flex mt-2 mb-2\">\n\t\t\t\t\t\t\t\t<div>\n\t\t<span class=\"cat-links small\"><a href=\"https:\/\/www.gruene-mkk.de\/en\/category\/allgemein\/\" rel=\"category tag\">General<\/a><\/span>\n\t\t\t\t<\/div>\n\t\t\t<\/div>\n\t\t\n\t\t\t\t<div class=\"d-flex flex-row-reverse\">\n\t\t\t\t\t<a href=\"https:\/\/www.gruene-mkk.de\/en\/einladung-zum-gruenen-stammtisch\/\" rel=\"bookmark\" class=\"continue-reading\">\n\t\t\t\t\tContinue reading\t\t\t\t<\/a>\n\t\t\t\t<\/div>\n\t\t\t<\/footer><!-- .entry-footer -->\n\t\t<\/div>\n\t<\/div>\n<\/article><!-- #post-2490 -->\n<\/div><div class=\"col-md-6\">\n<article id=\"post-2487\" class=\"bg-white mb-4 has-shadow post-2487 post type-post status-publish format-standard has-post-thumbnail hentry category-allgemein\">\n\t<div class=\"\">\n\t\t\t\t\t<div class=\"\">\n\t\t\t\t<a href=\"https:\/\/www.gruene-mkk.de\/en\/us-wahlen-und-ihre-folgen-fuer-die-demokratie\/\" aria-label=\"Post thumbnail\" rel=\"bookmark\">\n\t\t\t\t\t\t\t\t<img loading=\"lazy\" decoding=\"async\" width=\"768\" height=\"224\" src=\"https:\/\/www.gruene-mkk.de\/wp-content\/uploads\/2024\/12\/US-Wahl-und-Folgen1-e1733848569767-768x224.png\" class=\"post-thumbnail wp-post-image\" alt=\"&quot;US elections and their consequences for democracy&quot;\" \/>\n\n\t\t\t\t\t\t\t<\/a>\n\t\t\t<\/div>\n\t\t\t\t\t<div class=\"p-45\">\n\t\t\t<header class=\"entry-header mb-2\">\n\t\t\t\t\t\t\t\t<h2 class=\"card-title h4 mb-3\"><a href=\"https:\/\/www.gruene-mkk.de\/en\/us-wahlen-und-ihre-folgen-fuer-die-demokratie\/\" rel=\"bookmark\">\"US elections and their consequences for democracy\"<\/a><\/h2>\t\t\t\t\t<div class=\"entry-meta mb-3\">\n\t\t\t\t\t\t<span class=\"posted-on\"><time class=\"entry-date published\" datetime=\"2024-12-10T17:36:14+01:00\">10. December 2024<\/time><time class=\"updated\" datetime=\"2024-12-10T17:36:24+01:00\">10. December 2024<\/time><\/span>\t\t\t\t\t<\/div><!-- .entry-meta -->\n\t\t\t\t\t\t\t\t<\/header><!-- .entry-header -->\n\n\t\t\t<div class=\"entry-content\">\n\t\t\t\t<a href=\"https:\/\/www.gruene-mkk.de\/en\/us-wahlen-und-ihre-folgen-fuer-die-demokratie\/\" rel=\"bookmark\">\n\t\t\t\t<p>The US elections raise questions not only about the future of the country, but also about the stability of democracy worldwide. What are the consequences and what does it mean to [...]<\/p>\n\t\t\t\t<\/a>\n\t\t\t<\/div><!-- .entry-content -->\n\n\t\t\t<footer class=\"entry-footer\">\n\t\t\t\t\t\t\t<div class=\"d-flex mt-2 mb-2\">\n\t\t\t\t\t\t\t\t<div>\n\t\t<span class=\"cat-links small\"><a href=\"https:\/\/www.gruene-mkk.de\/en\/category\/allgemein\/\" rel=\"category tag\">General<\/a><\/span>\n\t\t\t\t<\/div>\n\t\t\t<\/div>\n\t\t\n\t\t\t\t<div class=\"d-flex flex-row-reverse\">\n\t\t\t\t\t<a href=\"https:\/\/www.gruene-mkk.de\/en\/us-wahlen-und-ihre-folgen-fuer-die-demokratie\/\" rel=\"bookmark\" class=\"continue-reading\">\n\t\t\t\t\tContinue reading\t\t\t\t<\/a>\n\t\t\t\t<\/div>\n\t\t\t<\/footer><!-- .entry-footer -->\n\t\t<\/div>\n\t<\/div>\n<\/article><!-- #post-2487 -->\n<\/div><div class=\"col-md-6\">\n<article id=\"post-2429\" class=\"bg-white mb-4 has-shadow post-2429 post type-post status-publish format-standard has-post-thumbnail hentry category-allgemein\">\n\t<div class=\"\">\n\t\t\t\t\t<div class=\"\">\n\t\t\t\t<a href=\"https:\/\/www.gruene-mkk.de\/en\/gute-pflege-jetzt-erst-recht-wieso-es-uns-alle-betrifft\/\" aria-label=\"Post thumbnail\" rel=\"bookmark\">\n\t\t\t\t\t\t\t\t<img loading=\"lazy\" decoding=\"async\" width=\"768\" height=\"768\" src=\"https:\/\/www.gruene-mkk.de\/wp-content\/uploads\/2024\/11\/Mahwish-Kordula-Veranstaltung--768x768.png\" class=\"post-thumbnail wp-post-image\" alt=\"Good care all the more now \u2013 why it affects us all\" \/>\n\n\t\t\t\t\t\t\t<\/a>\n\t\t\t<\/div>\n\t\t\t\t\t<div class=\"p-45\">\n\t\t\t<header class=\"entry-header mb-2\">\n\t\t\t\t\t\t\t\t<h2 class=\"card-title h4 mb-3\"><a href=\"https:\/\/www.gruene-mkk.de\/en\/gute-pflege-jetzt-erst-recht-wieso-es-uns-alle-betrifft\/\" rel=\"bookmark\">Good care all the more now \u2013 why it affects us all<\/a><\/h2>\t\t\t\t\t<div class=\"entry-meta mb-3\">\n\t\t\t\t\t\t<span class=\"posted-on\"><time class=\"entry-date published\" datetime=\"2024-11-18T15:09:13+01:00\">18 November 2024<\/time><time class=\"updated\" datetime=\"2024-11-18T15:09:15+01:00\">18 November 2024<\/time><\/span>\t\t\t\t\t<\/div><!-- .entry-meta -->\n\t\t\t\t\t\t\t\t<\/header><!-- .entry-header -->\n\n\t\t\t<div class=\"entry-content\">\n\t\t\t\t<a href=\"https:\/\/www.gruene-mkk.de\/en\/gute-pflege-jetzt-erst-recht-wieso-es-uns-alle-betrifft\/\" rel=\"bookmark\">\n\t\t\t\t<p>We cordially invite you to the event \u2018Good care now all the more \u2013 why it affects us all\u2019, organised by Kordula Schulz-Asche (MdB) and the district association Main-Kinzig. The event will take place [...]<\/p>\n\t\t\t\t<\/a>\n\t\t\t<\/div><!-- .entry-content -->\n\n\t\t\t<footer class=\"entry-footer\">\n\t\t\t\t\t\t\t<div class=\"d-flex mt-2 mb-2\">\n\t\t\t\t\t\t\t\t<div>\n\t\t<span class=\"cat-links small\"><a href=\"https:\/\/www.gruene-mkk.de\/en\/category\/allgemein\/\" rel=\"category tag\">General<\/a><\/span>\n\t\t\t\t<\/div>\n\t\t\t<\/div>\n\t\t\n\t\t\t\t<div class=\"d-flex flex-row-reverse\">\n\t\t\t\t\t<a href=\"https:\/\/www.gruene-mkk.de\/en\/gute-pflege-jetzt-erst-recht-wieso-es-uns-alle-betrifft\/\" rel=\"bookmark\" class=\"continue-reading\">\n\t\t\t\t\tContinue reading\t\t\t\t<\/a>\n\t\t\t\t<\/div>\n\t\t\t<\/footer><!-- .entry-footer -->\n\t\t<\/div>\n\t<\/div>\n<\/article><!-- #post-2429 -->\n<\/div><div class=\"col-md-6\">\n<article id=\"post-2404\" class=\"bg-white mb-4 has-shadow post-2404 post type-post status-publish format-standard has-post-thumbnail hentry category-allgemein\">\n\t<div class=\"\">\n\t\t\t\t\t<div class=\"\">\n\t\t\t\t<a href=\"https:\/\/www.gruene-mkk.de\/en\/wir-laden-ein-zur-kmv-in-bruchkoebel\/\" aria-label=\"Post thumbnail\" rel=\"bookmark\">\n\t\t\t\t\t\t\t\t<img loading=\"lazy\" decoding=\"async\" width=\"768\" height=\"357\" src=\"https:\/\/www.gruene-mkk.de\/wp-content\/uploads\/2024\/11\/KMV_INFO-e1730899364365-768x357.png\" class=\"post-thumbnail wp-post-image\" alt=\"We invite you to the KMV in Bruchk\u00f6bel!\" \/>\n\n\t\t\t\t\t\t\t<\/a>\n\t\t\t<\/div>\n\t\t\t\t\t<div class=\"p-45\">\n\t\t\t<header class=\"entry-header mb-2\">\n\t\t\t\t\t\t\t\t<h2 class=\"card-title h4 mb-3\"><a href=\"https:\/\/www.gruene-mkk.de\/en\/wir-laden-ein-zur-kmv-in-bruchkoebel\/\" rel=\"bookmark\">We invite you to the KMV in Bruchk\u00f6bel!<\/a><\/h2>\t\t\t\t\t<div class=\"entry-meta mb-3\">\n\t\t\t\t\t\t<span class=\"posted-on\"><time class=\"entry-date published\" datetime=\"2024-11-06T14:09:43+01:00\">6 November 2024<\/time><time class=\"updated\" datetime=\"2024-11-06T14:26:09+01:00\">6 November 2024<\/time><\/span>\t\t\t\t\t<\/div><!-- .entry-meta -->\n\t\t\t\t\t\t\t\t<\/header><!-- .entry-header -->\n\n\t\t\t<div class=\"entry-content\">\n\t\t\t\t<a href=\"https:\/\/www.gruene-mkk.de\/en\/wir-laden-ein-zur-kmv-in-bruchkoebel\/\" rel=\"bookmark\">\n\t\t\t\t<p>We cordially invite you to our district members' meeting on Thursday, 21 November 2024 at 19:30. The meeting will take place in the Stadthaus Bruchk\u00f6bel, Hauptstra\u00dfe 32, 63486 Bruchk\u00f6bel. Uta Brehm [...]<\/p>\n\t\t\t\t<\/a>\n\t\t\t<\/div><!-- .entry-content -->\n\n\t\t\t<footer class=\"entry-footer\">\n\t\t\t\t\t\t\t<div class=\"d-flex mt-2 mb-2\">\n\t\t\t\t\t\t\t\t<div>\n\t\t<span class=\"cat-links small\"><a href=\"https:\/\/www.gruene-mkk.de\/en\/category\/allgemein\/\" rel=\"category tag\">General<\/a><\/span>\n\t\t\t\t<\/div>\n\t\t\t<\/div>\n\t\t\n\t\t\t\t<div class=\"d-flex flex-row-reverse\">\n\t\t\t\t\t<a href=\"https:\/\/www.gruene-mkk.de\/en\/wir-laden-ein-zur-kmv-in-bruchkoebel\/\" rel=\"bookmark\" class=\"continue-reading\">\n\t\t\t\t\tContinue reading\t\t\t\t<\/a>\n\t\t\t\t<\/div>\n\t\t\t<\/footer><!-- .entry-footer -->\n\t\t<\/div>\n\t<\/div>\n<\/article><!-- #post-2404 -->\n<\/div><div class=\"col-md-6\">\n<article id=\"post-2400\" class=\"bg-white mb-4 has-shadow post-2400 post type-post status-publish format-standard has-post-thumbnail hentry category-allgemein\">\n\t<div class=\"\">\n\t\t\t\t\t<div class=\"\">\n\t\t\t\t<a href=\"https:\/\/www.gruene-mkk.de\/en\/stellenausschreibung-vorstandsassistenz\/\" aria-label=\"Post thumbnail\" rel=\"bookmark\">\n\t\t\t\t\t\t\t\t<img loading=\"lazy\" decoding=\"async\" width=\"768\" height=\"768\" src=\"https:\/\/www.gruene-mkk.de\/wp-content\/uploads\/2024\/11\/Stellenausschreibung_Vorstandassistenz-768x768.png\" class=\"post-thumbnail wp-post-image\" alt=\"Vacancy notice: Assistant to the Board of Management\" \/>\n\n\t\t\t\t\t\t\t<\/a>\n\t\t\t<\/div>\n\t\t\t\t\t<div class=\"p-45\">\n\t\t\t<header class=\"entry-header mb-2\">\n\t\t\t\t\t\t\t\t<h2 class=\"card-title h4 mb-3\"><a href=\"https:\/\/www.gruene-mkk.de\/en\/stellenausschreibung-vorstandsassistenz\/\" rel=\"bookmark\">Vacancy notice: Assistant to the Board of Management<\/a><\/h2>\t\t\t\t\t<div class=\"entry-meta mb-3\">\n\t\t\t\t\t\t<span class=\"posted-on\"><time class=\"entry-date published\" datetime=\"2024-11-04T11:19:33+01:00\">4 November 2024<\/time><time class=\"updated\" datetime=\"2024-11-04T11:20:05+01:00\">4 November 2024<\/time><\/span>\t\t\t\t\t<\/div><!-- .entry-meta -->\n\t\t\t\t\t\t\t\t<\/header><!-- .entry-header -->\n\n\t\t\t<div class=\"entry-content\">\n\t\t\t\t<a href=\"https:\/\/www.gruene-mkk.de\/en\/stellenausschreibung-vorstandsassistenz\/\" rel=\"bookmark\">\n\t\t\t\t<p>The district association Main-Kinzig of B\u00dcNDNIS 90\/DIE GR\u00dcNEN is looking for a board assistant (m\/f\/d) on a mini-job basis to support the district board and organize the district office as soon as possible. We represent the Greens in the (area-wide) largest [...]<\/p>\n\t\t\t\t<\/a>\n\t\t\t<\/div><!-- .entry-content -->\n\n\t\t\t<footer class=\"entry-footer\">\n\t\t\t\t\t\t\t<div class=\"d-flex mt-2 mb-2\">\n\t\t\t\t\t\t\t\t<div>\n\t\t<span class=\"cat-links small\"><a href=\"https:\/\/www.gruene-mkk.de\/en\/category\/allgemein\/\" rel=\"category tag\">General<\/a><\/span>\n\t\t\t\t<\/div>\n\t\t\t<\/div>\n\t\t\n\t\t\t\t<div class=\"d-flex flex-row-reverse\">\n\t\t\t\t\t<a href=\"https:\/\/www.gruene-mkk.de\/en\/stellenausschreibung-vorstandsassistenz\/\" rel=\"bookmark\" class=\"continue-reading\">\n\t\t\t\t\tContinue reading\t\t\t\t<\/a>\n\t\t\t\t<\/div>\n\t\t\t<\/footer><!-- .entry-footer -->\n\t\t<\/div>\n\t<\/div>\n<\/article><!-- #post-2400 -->\n<\/div><div class=\"col-md-6\">\n<article id=\"post-2396\" class=\"bg-white mb-4 has-shadow post-2396 post type-post status-publish format-standard has-post-thumbnail hentry category-allgemein\">\n\t<div class=\"\">\n\t\t\t\t\t<div class=\"\">\n\t\t\t\t<a href=\"https:\/\/www.gruene-mkk.de\/en\/eine-herausragende-sozialpolitikerin\/\" aria-label=\"Post thumbnail\" rel=\"bookmark\">\n\t\t\t\t\t\t\t\t<img loading=\"lazy\" decoding=\"async\" width=\"768\" height=\"514\" src=\"https:\/\/www.gruene-mkk.de\/wp-content\/uploads\/2024\/10\/24_24_Gruene-Fraktion-MKK_Bild-1-e1728492729643-768x514.jpeg\" class=\"post-thumbnail wp-post-image\" alt=\"\u201cAn outstanding social politician\u201d\" \/>\n\n\t\t\t\t\t\t\t<\/a>\n\t\t\t<\/div>\n\t\t\t\t\t<div class=\"p-45\">\n\t\t\t<header class=\"entry-header mb-2\">\n\t\t\t\t\t\t\t\t<h2 class=\"card-title h4 mb-3\"><a href=\"https:\/\/www.gruene-mkk.de\/en\/eine-herausragende-sozialpolitikerin\/\" rel=\"bookmark\">\u201cAn outstanding social politician\u201d<\/a><\/h2>\t\t\t\t\t<div class=\"entry-meta mb-3\">\n\t\t\t\t\t\t<span class=\"posted-on\"><time class=\"entry-date published\" datetime=\"2024-10-09T18:52:17+02:00\">9 October 2024<\/time><time class=\"updated\" datetime=\"2024-10-09T18:52:26+02:00\">9 October 2024<\/time><\/span>\t\t\t\t\t<\/div><!-- .entry-meta -->\n\t\t\t\t\t\t\t\t<\/header><!-- .entry-header -->\n\n\t\t\t<div class=\"entry-content\">\n\t\t\t\t<a href=\"https:\/\/www.gruene-mkk.de\/en\/eine-herausragende-sozialpolitikerin\/\" rel=\"bookmark\">\n\t\t\t\t<p>The Green direct candidate Mahwish Iftikhar will run for 7th place on the state list \"I am pleased about the strong unanimous vote at the district members' assembly\", says Mahwish Iftikhar, direct candidate of the Greens for [...]<\/p>\n\t\t\t\t<\/a>\n\t\t\t<\/div><!-- .entry-content -->\n\n\t\t\t<footer class=\"entry-footer\">\n\t\t\t\t\t\t\t<div class=\"d-flex mt-2 mb-2\">\n\t\t\t\t\t\t\t\t<div>\n\t\t<span class=\"cat-links small\"><a href=\"https:\/\/www.gruene-mkk.de\/en\/category\/allgemein\/\" rel=\"category tag\">General<\/a><\/span>\n\t\t\t\t<\/div>\n\t\t\t<\/div>\n\t\t\n\t\t\t\t<div class=\"d-flex flex-row-reverse\">\n\t\t\t\t\t<a href=\"https:\/\/www.gruene-mkk.de\/en\/eine-herausragende-sozialpolitikerin\/\" rel=\"bookmark\" class=\"continue-reading\">\n\t\t\t\t\tContinue reading\t\t\t\t<\/a>\n\t\t\t\t<\/div>\n\t\t\t<\/footer><!-- .entry-footer -->\n\t\t<\/div>\n\t<\/div>\n<\/article><!-- #post-2396 -->\n<\/div><div class=\"col-md-6\">\n<article id=\"post-2383\" class=\"bg-white mb-4 has-shadow post-2383 post type-post status-publish format-standard has-post-thumbnail hentry category-allgemein\">\n\t<div class=\"\">\n\t\t\t\t\t<div class=\"\">\n\t\t\t\t<a href=\"https:\/\/www.gruene-mkk.de\/en\/einladung-zu-unserer-austauschrunde-zum-ruecktritt-des-bundesvorstands-der-gruenen-sowie-des-vorstands-der-gruenen-jugend\/\" aria-label=\"Post thumbnail\" rel=\"bookmark\">\n\t\t\t\t\t\t\t\t<img loading=\"lazy\" decoding=\"async\" width=\"768\" height=\"768\" src=\"https:\/\/www.gruene-mkk.de\/wp-content\/uploads\/2024\/10\/Sharepic_Einladung-zur-Austauschrunde-am-15.10-768x768.jpg\" class=\"post-thumbnail wp-post-image\" alt=\"Invitation to our exchange round on the resignation of the Federal Executive Board of the Greens and the Executive Board of the Green Youth\" \/>\n\n\t\t\t\t\t\t\t<\/a>\n\t\t\t<\/div>\n\t\t\t\t\t<div class=\"p-45\">\n\t\t\t<header class=\"entry-header mb-2\">\n\t\t\t\t\t\t\t\t<h2 class=\"card-title h4 mb-3\"><a href=\"https:\/\/www.gruene-mkk.de\/en\/einladung-zu-unserer-austauschrunde-zum-ruecktritt-des-bundesvorstands-der-gruenen-sowie-des-vorstands-der-gruenen-jugend\/\" rel=\"bookmark\">Invitation to our exchange round on the resignation of the Federal Executive Board of the Greens and the Executive Board of the Green Youth<\/a><\/h2>\t\t\t\t\t<div class=\"entry-meta mb-3\">\n\t\t\t\t\t\t<span class=\"posted-on\"><time class=\"entry-date published\" datetime=\"2024-10-07T14:03:42+02:00\">7 October 2024<\/time><time class=\"updated\" datetime=\"2024-10-07T14:03:43+02:00\">7 October 2024<\/time><\/span>\t\t\t\t\t<\/div><!-- .entry-meta -->\n\t\t\t\t\t\t\t\t<\/header><!-- .entry-header -->\n\n\t\t\t<div class=\"entry-content\">\n\t\t\t\t<a href=\"https:\/\/www.gruene-mkk.de\/en\/einladung-zu-unserer-austauschrunde-zum-ruecktritt-des-bundesvorstands-der-gruenen-sowie-des-vorstands-der-gruenen-jugend\/\" rel=\"bookmark\">\n\t\t\t\t<p>We would like to invite you to an exchange round of the district association Main-Kinzig! In view of the resignation of the Federal Board of the Greens and the Board of the Green Youth, the question arises: How does [...]<\/p>\n\t\t\t\t<\/a>\n\t\t\t<\/div><!-- .entry-content -->\n\n\t\t\t<footer class=\"entry-footer\">\n\t\t\t\t\t\t\t<div class=\"d-flex mt-2 mb-2\">\n\t\t\t\t\t\t\t\t<div>\n\t\t<span class=\"cat-links small\"><a href=\"https:\/\/www.gruene-mkk.de\/en\/category\/allgemein\/\" rel=\"category tag\">General<\/a><\/span>\n\t\t\t\t<\/div>\n\t\t\t<\/div>\n\t\t\n\t\t\t\t<div class=\"d-flex flex-row-reverse\">\n\t\t\t\t\t<a href=\"https:\/\/www.gruene-mkk.de\/en\/einladung-zu-unserer-austauschrunde-zum-ruecktritt-des-bundesvorstands-der-gruenen-sowie-des-vorstands-der-gruenen-jugend\/\" rel=\"bookmark\" class=\"continue-reading\">\n\t\t\t\t\tContinue reading\t\t\t\t<\/a>\n\t\t\t\t<\/div>\n\t\t\t<\/footer><!-- .entry-footer -->\n\t\t<\/div>\n\t<\/div>\n<\/article><!-- #post-2383 -->\n<\/div><div class=\"col-md-6\">\n<article id=\"post-2376\" class=\"bg-white mb-4 has-shadow post-2376 post type-post status-publish format-standard has-post-thumbnail hentry category-allgemein\">\n\t<div class=\"\">\n\t\t\t\t\t<div class=\"\">\n\t\t\t\t<a href=\"https:\/\/www.gruene-mkk.de\/en\/gruene-im-main-kinzig-kreis-nominieren-direktkandidatinnen-fuer-die-bundestagswahl-2025\/\" aria-label=\"Post thumbnail\" rel=\"bookmark\">\n\t\t\t\t\t\t\t\t<img loading=\"lazy\" decoding=\"async\" width=\"768\" height=\"512\" src=\"https:\/\/www.gruene-mkk.de\/wp-content\/uploads\/2024\/09\/Foto_Kreismitgliederversammlung-768x512.jpg\" class=\"post-thumbnail wp-post-image\" alt=\"Greens in the Main-Kinzig district nominate direct candidates for the 2025 federal election\" \/>\n\n\t\t\t\t\t\t\t<\/a>\n\t\t\t<\/div>\n\t\t\t\t\t<div class=\"p-45\">\n\t\t\t<header class=\"entry-header mb-2\">\n\t\t\t\t\t\t\t\t<h2 class=\"card-title h4 mb-3\"><a href=\"https:\/\/www.gruene-mkk.de\/en\/gruene-im-main-kinzig-kreis-nominieren-direktkandidatinnen-fuer-die-bundestagswahl-2025\/\" rel=\"bookmark\">Greens in the Main-Kinzig district nominate direct candidates for the 2025 federal election<\/a><\/h2>\t\t\t\t\t<div class=\"entry-meta mb-3\">\n\t\t\t\t\t\t<span class=\"posted-on\"><time class=\"entry-date published\" datetime=\"2024-09-20T11:53:45+02:00\">20 September 2024<\/time><time class=\"updated\" datetime=\"2024-09-20T11:53:57+02:00\">20 September 2024<\/time><\/span>\t\t\t\t\t<\/div><!-- .entry-meta -->\n\t\t\t\t\t\t\t\t<\/header><!-- .entry-header -->\n\n\t\t\t<div class=\"entry-content\">\n\t\t\t\t<a href=\"https:\/\/www.gruene-mkk.de\/en\/gruene-im-main-kinzig-kreis-nominieren-direktkandidatinnen-fuer-die-bundestagswahl-2025\/\" rel=\"bookmark\">\n\t\t\t\t<p>At their general assembly on 19 September 2024, B\u00dcNDNIS 90\/DIE GR\u00dcNEN nominated the direct candidates for the Bundestag elections 2025 in the district association Main-Kinzig. Philip Schinkel joins constituency 174 (Main-Kinzig - Wetterau [...]<\/p>\n\t\t\t\t<\/a>\n\t\t\t<\/div><!-- .entry-content -->\n\n\t\t\t<footer class=\"entry-footer\">\n\t\t\t\t\t\t\t<div class=\"d-flex mt-2 mb-2\">\n\t\t\t\t\t\t\t\t<div>\n\t\t<span class=\"cat-links small\"><a href=\"https:\/\/www.gruene-mkk.de\/en\/category\/allgemein\/\" rel=\"category tag\">General<\/a><\/span>\n\t\t\t\t<\/div>\n\t\t\t<\/div>\n\t\t\n\t\t\t\t<div class=\"d-flex flex-row-reverse\">\n\t\t\t\t\t<a href=\"https:\/\/www.gruene-mkk.de\/en\/gruene-im-main-kinzig-kreis-nominieren-direktkandidatinnen-fuer-die-bundestagswahl-2025\/\" rel=\"bookmark\" class=\"continue-reading\">\n\t\t\t\t\tContinue reading\t\t\t\t<\/a>\n\t\t\t\t<\/div>\n\t\t\t<\/footer><!-- .entry-footer -->\n\t\t<\/div>\n\t<\/div>\n<\/article><!-- #post-2376 -->\n<\/div><div class=\"col-md-6\">\n<article id=\"post-2372\" class=\"bg-white mb-4 has-shadow post-2372 post type-post status-publish format-standard has-post-thumbnail hentry category-allgemein\">\n\t<div class=\"\">\n\t\t\t\t\t<div class=\"\">\n\t\t\t\t<a href=\"https:\/\/www.gruene-mkk.de\/en\/landtagsabgeordneter-felix-martin-besucht-kindertagesstaette-kindertraum-in-floersbachtal-lohrhaupten\/\" aria-label=\"Post thumbnail\" rel=\"bookmark\">\n\t\t\t\t\t\t\t\t<img loading=\"lazy\" decoding=\"async\" width=\"768\" height=\"576\" src=\"https:\/\/www.gruene-mkk.de\/wp-content\/uploads\/2024\/09\/PHOTO-2024-09-05-15-57-40-768x576.jpg\" class=\"post-thumbnail wp-post-image\" alt=\"Member of Parliament Felix Martin visits Kindertraum daycare centre in Fl\u00f6rsbachtal-Lohrhaupten\" \/>\n\n\t\t\t\t\t\t\t<\/a>\n\t\t\t<\/div>\n\t\t\t\t\t<div class=\"p-45\">\n\t\t\t<header class=\"entry-header mb-2\">\n\t\t\t\t\t\t\t\t<h2 class=\"card-title h4 mb-3\"><a href=\"https:\/\/www.gruene-mkk.de\/en\/landtagsabgeordneter-felix-martin-besucht-kindertagesstaette-kindertraum-in-floersbachtal-lohrhaupten\/\" rel=\"bookmark\">Member of Parliament Felix Martin visits Kindertraum daycare centre in Fl\u00f6rsbachtal-Lohrhaupten<\/a><\/h2>\t\t\t\t\t<div class=\"entry-meta mb-3\">\n\t\t\t\t\t\t<span class=\"posted-on\"><time class=\"entry-date published\" datetime=\"2024-09-12T15:59:05+02:00\">12 September 2024<\/time><time class=\"updated\" datetime=\"2024-09-12T15:59:18+02:00\">12 September 2024<\/time><\/span>\t\t\t\t\t<\/div><!-- .entry-meta -->\n\t\t\t\t\t\t\t\t<\/header><!-- .entry-header -->\n\n\t\t\t<div class=\"entry-content\">\n\t\t\t\t<a href=\"https:\/\/www.gruene-mkk.de\/en\/landtagsabgeordneter-felix-martin-besucht-kindertagesstaette-kindertraum-in-floersbachtal-lohrhaupten\/\" rel=\"bookmark\">\n\t\t\t\t<p>As part of a nationwide tour through various daycare centers, the state parliamentarian Felix Martin (Greens) visited the daycare center Kindertraum Lohrhaupten. The aim of the tour is to provide a realistic [...]<\/p>\n\t\t\t\t<\/a>\n\t\t\t<\/div><!-- .entry-content -->\n\n\t\t\t<footer class=\"entry-footer\">\n\t\t\t\t\t\t\t<div class=\"d-flex mt-2 mb-2\">\n\t\t\t\t\t\t\t\t<div>\n\t\t<span class=\"cat-links small\"><a href=\"https:\/\/www.gruene-mkk.de\/en\/category\/allgemein\/\" rel=\"category tag\">General<\/a><\/span>\n\t\t\t\t<\/div>\n\t\t\t<\/div>\n\t\t\n\t\t\t\t<div class=\"d-flex flex-row-reverse\">\n\t\t\t\t\t<a href=\"https:\/\/www.gruene-mkk.de\/en\/landtagsabgeordneter-felix-martin-besucht-kindertagesstaette-kindertraum-in-floersbachtal-lohrhaupten\/\" rel=\"bookmark\" class=\"continue-reading\">\n\t\t\t\t\tContinue reading\t\t\t\t<\/a>\n\t\t\t\t<\/div>\n\t\t\t<\/footer><!-- .entry-footer -->\n\t\t<\/div>\n\t<\/div>\n<\/article><!-- #post-2372 -->\n<\/div><div class=\"col-md-6\">\n<article id=\"post-2356\" class=\"bg-white mb-4 has-shadow post-2356 post type-post status-publish format-standard has-post-thumbnail hentry category-allgemein\">\n\t<div class=\"\">\n\t\t\t\t\t<div class=\"\">\n\t\t\t\t<a href=\"https:\/\/www.gruene-mkk.de\/en\/gruene-main-kinzig-und-hanau-gratulieren-joachim-nickel-zum-70-geburtstag\/\" aria-label=\"Post thumbnail\" rel=\"bookmark\">\n\t\t\t\t\t\t\t\t<img loading=\"lazy\" decoding=\"async\" width=\"768\" height=\"1024\" src=\"https:\/\/www.gruene-mkk.de\/wp-content\/uploads\/2024\/08\/Foto_Joachim-Nickel-768x1024.jpg\" class=\"post-thumbnail wp-post-image\" alt=\"Gr\u00fcne Main-Kinzig and Hanau congratulate Joachim Nickel on his 70th birthday. birthday\" \/>\n\n\t\t\t\t\t\t\t<\/a>\n\t\t\t<\/div>\n\t\t\t\t\t<div class=\"p-45\">\n\t\t\t<header class=\"entry-header mb-2\">\n\t\t\t\t\t\t\t\t<h2 class=\"card-title h4 mb-3\"><a href=\"https:\/\/www.gruene-mkk.de\/en\/gruene-main-kinzig-und-hanau-gratulieren-joachim-nickel-zum-70-geburtstag\/\" rel=\"bookmark\">Gr\u00fcne Main-Kinzig and Hanau congratulate Joachim Nickel on his 70th birthday. birthday<\/a><\/h2>\t\t\t\t\t<div class=\"entry-meta mb-3\">\n\t\t\t\t\t\t<span class=\"posted-on\"><time class=\"entry-date published\" datetime=\"2024-08-28T16:08:41+02:00\">28 August 2024<\/time><time class=\"updated\" datetime=\"2024-08-28T16:08:49+02:00\">28 August 2024<\/time><\/span>\t\t\t\t\t<\/div><!-- .entry-meta -->\n\t\t\t\t\t\t\t\t<\/header><!-- .entry-header -->\n\n\t\t\t<div class=\"entry-content\">\n\t\t\t\t<a href=\"https:\/\/www.gruene-mkk.de\/en\/gruene-main-kinzig-und-hanau-gratulieren-joachim-nickel-zum-70-geburtstag\/\" rel=\"bookmark\">\n\t\t\t\t<p>The Greens Main-Kinzig and Hanau cordially congratulate their long-time committed member Joachim Nickel on his 70th birthday. birthday. For many years, Joachim Nickel has been carrying on as a district treasurer with untiring commitment and great [...]<\/p>\n\t\t\t\t<\/a>\n\t\t\t<\/div><!-- .entry-content -->\n\n\t\t\t<footer class=\"entry-footer\">\n\t\t\t\t\t\t\t<div class=\"d-flex mt-2 mb-2\">\n\t\t\t\t\t\t\t\t<div>\n\t\t<span class=\"cat-links small\"><a href=\"https:\/\/www.gruene-mkk.de\/en\/category\/allgemein\/\" rel=\"category tag\">General<\/a><\/span>\n\t\t\t\t<\/div>\n\t\t\t<\/div>\n\t\t\n\t\t\t\t<div class=\"d-flex flex-row-reverse\">\n\t\t\t\t\t<a href=\"https:\/\/www.gruene-mkk.de\/en\/gruene-main-kinzig-und-hanau-gratulieren-joachim-nickel-zum-70-geburtstag\/\" rel=\"bookmark\" class=\"continue-reading\">\n\t\t\t\t\tContinue reading\t\t\t\t<\/a>\n\t\t\t\t<\/div>\n\t\t\t<\/footer><!-- .entry-footer -->\n\t\t<\/div>\n\t<\/div>\n<\/article><!-- #post-2356 -->\n<\/div><div class=\"col-md-6\">\n<article id=\"post-2347\" class=\"bg-white mb-4 has-shadow post-2347 post type-post status-publish format-standard has-post-thumbnail hentry category-allgemein\">\n\t<div class=\"\">\n\t\t\t\t\t<div class=\"\">\n\t\t\t\t<a href=\"https:\/\/www.gruene-mkk.de\/en\/bunte-barrierefreiheit-gruene-in-hanau-erhalten-rampe-von-der-lego-oma\/\" aria-label=\"Post thumbnail\" rel=\"bookmark\">\n\t\t\t\t\t\t\t\t<img loading=\"lazy\" decoding=\"async\" width=\"768\" height=\"576\" src=\"https:\/\/www.gruene-mkk.de\/wp-content\/uploads\/2024\/08\/Foto_Gruene-MKK-Hanau-Lego-Oma-768x576.jpg\" class=\"post-thumbnail wp-post-image\" alt=\"Colourful accessibility: Greens in Hanau get ramp from Lego grandma\" \/>\n\n\t\t\t\t\t\t\t<\/a>\n\t\t\t<\/div>\n\t\t\t\t\t<div class=\"p-45\">\n\t\t\t<header class=\"entry-header mb-2\">\n\t\t\t\t\t\t\t\t<h2 class=\"card-title h4 mb-3\"><a href=\"https:\/\/www.gruene-mkk.de\/en\/bunte-barrierefreiheit-gruene-in-hanau-erhalten-rampe-von-der-lego-oma\/\" rel=\"bookmark\">Colourful accessibility: Greens in Hanau get ramp from Lego grandma<\/a><\/h2>\t\t\t\t\t<div class=\"entry-meta mb-3\">\n\t\t\t\t\t\t<span class=\"posted-on\"><time class=\"entry-date published\" datetime=\"2024-08-23T11:19:38+02:00\">23 August 2024<\/time><time class=\"updated\" datetime=\"2024-08-23T11:21:39+02:00\">23 August 2024<\/time><\/span>\t\t\t\t\t<\/div><!-- .entry-meta -->\n\t\t\t\t\t\t\t\t<\/header><!-- .entry-header -->\n\n\t\t\t<div class=\"entry-content\">\n\t\t\t\t<a href=\"https:\/\/www.gruene-mkk.de\/en\/bunte-barrierefreiheit-gruene-in-hanau-erhalten-rampe-von-der-lego-oma\/\" rel=\"bookmark\">\n\t\t\t\t<p>A very special ramp was inaugurated in Hanau: \u2018Lego grandma\u2019 Rita Ebel handed over a Lego ramp she had built to the office of the Main-Kinzig district association and the Hanau local association of B\u00dcNDNIS [...]<\/p>\n\t\t\t\t<\/a>\n\t\t\t<\/div><!-- .entry-content -->\n\n\t\t\t<footer class=\"entry-footer\">\n\t\t\t\t\t\t\t<div class=\"d-flex mt-2 mb-2\">\n\t\t\t\t\t\t\t\t<div>\n\t\t<span class=\"cat-links small\"><a href=\"https:\/\/www.gruene-mkk.de\/en\/category\/allgemein\/\" rel=\"category tag\">General<\/a><\/span>\n\t\t\t\t<\/div>\n\t\t\t<\/div>\n\t\t\n\t\t\t\t<div class=\"d-flex flex-row-reverse\">\n\t\t\t\t\t<a href=\"https:\/\/www.gruene-mkk.de\/en\/bunte-barrierefreiheit-gruene-in-hanau-erhalten-rampe-von-der-lego-oma\/\" rel=\"bookmark\" class=\"continue-reading\">\n\t\t\t\t\tContinue reading\t\t\t\t<\/a>\n\t\t\t\t<\/div>\n\t\t\t<\/footer><!-- .entry-footer -->\n\t\t<\/div>\n\t<\/div>\n<\/article><!-- #post-2347 -->\n<\/div><div class=\"col-md-6\">\n<article id=\"post-2309\" class=\"bg-white mb-4 has-shadow post-2309 post type-post status-publish format-standard has-post-thumbnail hentry category-allgemein\">\n\t<div class=\"\">\n\t\t\t\t\t<div class=\"\">\n\t\t\t\t<a href=\"https:\/\/www.gruene-mkk.de\/en\/gruene-main-kinzig-besuchen-alea-resort-in-bad-orb-nachhaltigkeit-und-regionale-initiativen-im-fokus\/\" aria-label=\"Post thumbnail\" rel=\"bookmark\">\n\t\t\t\t\t\t\t\t<img loading=\"lazy\" decoding=\"async\" width=\"768\" height=\"512\" src=\"https:\/\/www.gruene-mkk.de\/wp-content\/uploads\/2024\/08\/Gruene-Main-Kinzig-zu-Besuch-in-ALEA-RESORT-768x512.jpg\" class=\"post-thumbnail wp-post-image\" alt=\"Green Main-Kinzig visit ALEA RESORT in Bad Orb: Focus on sustainability and regional initiatives\" \/>\n\n\t\t\t\t\t\t\t<\/a>\n\t\t\t<\/div>\n\t\t\t\t\t<div class=\"p-45\">\n\t\t\t<header class=\"entry-header mb-2\">\n\t\t\t\t\t\t\t\t<h2 class=\"card-title h4 mb-3\"><a href=\"https:\/\/www.gruene-mkk.de\/en\/gruene-main-kinzig-besuchen-alea-resort-in-bad-orb-nachhaltigkeit-und-regionale-initiativen-im-fokus\/\" rel=\"bookmark\">Green Main-Kinzig visit ALEA RESORT in Bad Orb: Focus on sustainability and regional initiatives<\/a><\/h2>\t\t\t\t\t<div class=\"entry-meta mb-3\">\n\t\t\t\t\t\t<span class=\"posted-on\"><time class=\"entry-date published\" datetime=\"2024-08-02T11:32:29+02:00\">2 August 2024<\/time><time class=\"updated\" datetime=\"2024-08-02T11:32:30+02:00\">2 August 2024<\/time><\/span>\t\t\t\t\t<\/div><!-- .entry-meta -->\n\t\t\t\t\t\t\t\t<\/header><!-- .entry-header -->\n\n\t\t\t<div class=\"entry-content\">\n\t\t\t\t<a href=\"https:\/\/www.gruene-mkk.de\/en\/gruene-main-kinzig-besuchen-alea-resort-in-bad-orb-nachhaltigkeit-und-regionale-initiativen-im-fokus\/\" rel=\"bookmark\">\n\t\t\t\t<p>Bad Orb, 28 June 2024 \u2013 The district board of the Greens Main-Kinzig and the district parliamentary group of the Greens Main-Kinzig jointly visited the ALEA RESORT in Bad Orb. The visit provided a deep [...]<\/p>\n\t\t\t\t<\/a>\n\t\t\t<\/div><!-- .entry-content -->\n\n\t\t\t<footer class=\"entry-footer\">\n\t\t\t\t\t\t\t<div class=\"d-flex mt-2 mb-2\">\n\t\t\t\t\t\t\t\t<div>\n\t\t<span class=\"cat-links small\"><a href=\"https:\/\/www.gruene-mkk.de\/en\/category\/allgemein\/\" rel=\"category tag\">General<\/a><\/span>\n\t\t\t\t<\/div>\n\t\t\t<\/div>\n\t\t\n\t\t\t\t<div class=\"d-flex flex-row-reverse\">\n\t\t\t\t\t<a href=\"https:\/\/www.gruene-mkk.de\/en\/gruene-main-kinzig-besuchen-alea-resort-in-bad-orb-nachhaltigkeit-und-regionale-initiativen-im-fokus\/\" rel=\"bookmark\" class=\"continue-reading\">\n\t\t\t\t\tContinue reading\t\t\t\t<\/a>\n\t\t\t\t<\/div>\n\t\t\t<\/footer><!-- .entry-footer -->\n\t\t<\/div>\n\t<\/div>\n<\/article><!-- #post-2309 -->\n<\/div><div class=\"col-md-6\">\n<article id=\"post-2302\" class=\"bg-white mb-4 has-shadow post-2302 post type-post status-publish format-standard has-post-thumbnail hentry category-allgemein\">\n\t<div class=\"\">\n\t\t\t\t\t<div class=\"\">\n\t\t\t\t<a href=\"https:\/\/www.gruene-mkk.de\/en\/wann-kommt-die-erste-fahrradstrasse-im-main-kinzig-kreis\/\" aria-label=\"Post thumbnail\" rel=\"bookmark\">\n\t\t\t\t\t\t\t\t<img loading=\"lazy\" decoding=\"async\" width=\"768\" height=\"284\" src=\"https:\/\/www.gruene-mkk.de\/wp-content\/uploads\/2024\/07\/Huettenfest-in-Mittelbuchen1-768x284.png\" class=\"post-thumbnail wp-post-image\" alt=\"When is the first bicycle road in the Main-Kinzig-Kreis?\" \/>\n\n\t\t\t\t\t\t\t<\/a>\n\t\t\t<\/div>\n\t\t\t\t\t<div class=\"p-45\">\n\t\t\t<header class=\"entry-header mb-2\">\n\t\t\t\t\t\t\t\t<h2 class=\"card-title h4 mb-3\"><a href=\"https:\/\/www.gruene-mkk.de\/en\/wann-kommt-die-erste-fahrradstrasse-im-main-kinzig-kreis\/\" rel=\"bookmark\">When is the first bicycle road in the Main-Kinzig-Kreis?<\/a><\/h2>\t\t\t\t\t<div class=\"entry-meta mb-3\">\n\t\t\t\t\t\t<span class=\"posted-on\"><time class=\"entry-date published\" datetime=\"2024-07-29T16:47:41+02:00\">29 July 2024<\/time><time class=\"updated\" datetime=\"2024-08-01T14:30:20+02:00\">1 August 2024<\/time><\/span>\t\t\t\t\t<\/div><!-- .entry-meta -->\n\t\t\t\t\t\t\t\t<\/header><!-- .entry-header -->\n\n\t\t\t<div class=\"entry-content\">\n\t\t\t\t<a href=\"https:\/\/www.gruene-mkk.de\/en\/wann-kommt-die-erste-fahrradstrasse-im-main-kinzig-kreis\/\" rel=\"bookmark\">\n\t\t\t\t<p>If you want to promote cycling, you have to privilege it from time to time. No outcry is needed at this point. Cycling has been treated stepmotherly since reconstruction in the post-war period. The infrastructure has [...]<\/p>\n\t\t\t\t<\/a>\n\t\t\t<\/div><!-- .entry-content -->\n\n\t\t\t<footer class=\"entry-footer\">\n\t\t\t\t\t\t\t<div class=\"d-flex mt-2 mb-2\">\n\t\t\t\t\t\t\t\t<div>\n\t\t<span class=\"cat-links small\"><a href=\"https:\/\/www.gruene-mkk.de\/en\/category\/allgemein\/\" rel=\"category tag\">General<\/a><\/span>\n\t\t\t\t<\/div>\n\t\t\t<\/div>\n\t\t\n\t\t\t\t<div class=\"d-flex flex-row-reverse\">\n\t\t\t\t\t<a href=\"https:\/\/www.gruene-mkk.de\/en\/wann-kommt-die-erste-fahrradstrasse-im-main-kinzig-kreis\/\" rel=\"bookmark\" class=\"continue-reading\">\n\t\t\t\t\tContinue reading\t\t\t\t<\/a>\n\t\t\t\t<\/div>\n\t\t\t<\/footer><!-- .entry-footer -->\n\t\t<\/div>\n\t<\/div>\n<\/article><!-- #post-2302 -->\n<\/div><div class=\"col-md-6\">\n<article id=\"post-2250\" class=\"bg-white mb-4 has-shadow post-2250 post type-post status-publish format-standard hentry category-allgemein\">\n\t<div class=\"\">\n\t\t\t\t<div class=\"p-45\">\n\t\t\t<header class=\"entry-header mb-2\">\n\t\t\t\t\t\t\t\t<h2 class=\"card-title h4 mb-3\"><a href=\"https:\/\/www.gruene-mkk.de\/en\/gruene-main-kinzig-fuer-die-klima-und-umweltpolitik-bedeutet-der-ausgang-der-europawahl-nichts-gutes\/\" rel=\"bookmark\">Green Main-Kinzig: The outcome of the European elections does not bode well for climate and environmental policy<\/a><\/h2>\t\t\t\t\t<div class=\"entry-meta mb-3\">\n\t\t\t\t\t\t<span class=\"posted-on\"><time class=\"entry-date published updated\" datetime=\"2024-06-10T11:04:11+02:00\">10 June 2024<\/time><\/span>\t\t\t\t\t<\/div><!-- .entry-meta -->\n\t\t\t\t\t\t\t\t<\/header><!-- .entry-header -->\n\n\t\t\t<div class=\"entry-content\">\n\t\t\t\t<a href=\"https:\/\/www.gruene-mkk.de\/en\/gruene-main-kinzig-fuer-die-klima-und-umweltpolitik-bedeutet-der-ausgang-der-europawahl-nichts-gutes\/\" rel=\"bookmark\">\n\t\t\t\t<p>The district board of B\u00fcndnis 90\/Die Gr\u00fcnen Main-Kinzig is disappointed with the outcome of the 2024 European elections. Despite a dedicated election campaign and intensive efforts, the Greens were not able to achieve the good result [...]<\/p>\n\t\t\t\t<\/a>\n\t\t\t<\/div><!-- .entry-content -->\n\n\t\t\t<footer class=\"entry-footer\">\n\t\t\t\t\t\t\t<div class=\"d-flex mt-2 mb-2\">\n\t\t\t\t\t\t\t\t<div>\n\t\t<span class=\"cat-links small\"><a href=\"https:\/\/www.gruene-mkk.de\/en\/category\/allgemein\/\" rel=\"category tag\">General<\/a><\/span>\n\t\t\t\t<\/div>\n\t\t\t<\/div>\n\t\t\n\t\t\t\t<div class=\"d-flex flex-row-reverse\">\n\t\t\t\t\t<a href=\"https:\/\/www.gruene-mkk.de\/en\/gruene-main-kinzig-fuer-die-klima-und-umweltpolitik-bedeutet-der-ausgang-der-europawahl-nichts-gutes\/\" rel=\"bookmark\" class=\"continue-reading\">\n\t\t\t\t\tContinue reading\t\t\t\t<\/a>\n\t\t\t\t<\/div>\n\t\t\t<\/footer><!-- .entry-footer -->\n\t\t<\/div>\n\t<\/div>\n<\/article><!-- #post-2250 -->\n<\/div><div class=\"col-md-6\">\n<article id=\"post-2173\" class=\"bg-white mb-4 has-shadow post-2173 post type-post status-publish format-standard has-post-thumbnail hentry category-allgemein\">\n\t<div class=\"\">\n\t\t\t\t\t<div class=\"\">\n\t\t\t\t<a href=\"https:\/\/www.gruene-mkk.de\/en\/besuch-mit-uns-den-ziegenhof-groh\/\" aria-label=\"Post thumbnail\" rel=\"bookmark\">\n\t\t\t\t\t\t\t\t<img loading=\"lazy\" decoding=\"async\" width=\"768\" height=\"768\" src=\"https:\/\/www.gruene-mkk.de\/wp-content\/uploads\/2024\/04\/Kopie-von-Vorlage_02-768x768.png\" class=\"post-thumbnail wp-post-image\" alt=\"Visit with us the Ziegenhof Groh!\" \/>\n\n\t\t\t\t\t\t\t<\/a>\n\t\t\t<\/div>\n\t\t\t\t\t<div class=\"p-45\">\n\t\t\t<header class=\"entry-header mb-2\">\n\t\t\t\t\t\t\t\t<h2 class=\"card-title h4 mb-3\"><a href=\"https:\/\/www.gruene-mkk.de\/en\/besuch-mit-uns-den-ziegenhof-groh\/\" rel=\"bookmark\">Visit with us the Ziegenhof Groh!<\/a><\/h2>\t\t\t\t\t<div class=\"entry-meta mb-3\">\n\t\t\t\t\t\t<span class=\"posted-on\"><time class=\"entry-date published\" datetime=\"2024-04-29T16:23:23+02:00\">29 April 2024<\/time><time class=\"updated\" datetime=\"2024-06-18T15:26:14+02:00\">18 June 2024<\/time><\/span>\t\t\t\t\t<\/div><!-- .entry-meta -->\n\t\t\t\t\t\t\t\t<\/header><!-- .entry-header -->\n\n\t\t\t<div class=\"entry-content\">\n\t\t\t\t<a href=\"https:\/\/www.gruene-mkk.de\/en\/besuch-mit-uns-den-ziegenhof-groh\/\" rel=\"bookmark\">\n\t\t\t\t<p>Have you ever wondered how goat cheese is made? Are you interested in sustainable and regional production? Then you are cordially invited to a visit on 03.09.2024 to [...]<\/p>\n\t\t\t\t<\/a>\n\t\t\t<\/div><!-- .entry-content -->\n\n\t\t\t<footer class=\"entry-footer\">\n\t\t\t\t\t\t\t<div class=\"d-flex mt-2 mb-2\">\n\t\t\t\t\t\t\t\t<div>\n\t\t<span class=\"cat-links small\"><a href=\"https:\/\/www.gruene-mkk.de\/en\/category\/allgemein\/\" rel=\"category tag\">General<\/a><\/span>\n\t\t\t\t<\/div>\n\t\t\t<\/div>\n\t\t\n\t\t\t\t<div class=\"d-flex flex-row-reverse\">\n\t\t\t\t\t<a href=\"https:\/\/www.gruene-mkk.de\/en\/besuch-mit-uns-den-ziegenhof-groh\/\" rel=\"bookmark\" class=\"continue-reading\">\n\t\t\t\t\tContinue reading\t\t\t\t<\/a>\n\t\t\t\t<\/div>\n\t\t\t<\/footer><!-- .entry-footer -->\n\t\t<\/div>\n\t<\/div>\n<\/article><!-- #post-2173 -->\n<\/div><div class=\"col-md-6\">\n<article id=\"post-2161\" class=\"bg-white mb-4 has-shadow post-2161 post type-post status-publish format-standard has-post-thumbnail hentry category-allgemein\">\n\t<div class=\"\">\n\t\t\t\t\t<div class=\"\">\n\t\t\t\t<a href=\"https:\/\/www.gruene-mkk.de\/en\/fruehstueck-mit-felix-martin-gruene-main-kinzig-starten-motiviert-in-den-europa-wahlkampf\/\" aria-label=\"Post thumbnail\" rel=\"bookmark\">\n\t\t\t\t\t\t\t\t<img loading=\"lazy\" decoding=\"async\" width=\"768\" height=\"646\" src=\"https:\/\/www.gruene-mkk.de\/wp-content\/uploads\/2024\/04\/Wahlkampf-Fruehstueck-mit-Felix-Martin-scaled-e1714384899352-768x646.jpg\" class=\"post-thumbnail wp-post-image\" alt=\"Breakfast with Felix Martin: Green Main-Kinzig start motivated in the European election campaign\" \/>\n\n\t\t\t\t\t\t\t<\/a>\n\t\t\t<\/div>\n\t\t\t\t\t<div class=\"p-45\">\n\t\t\t<header class=\"entry-header mb-2\">\n\t\t\t\t\t\t\t\t<h2 class=\"card-title h4 mb-3\"><a href=\"https:\/\/www.gruene-mkk.de\/en\/fruehstueck-mit-felix-martin-gruene-main-kinzig-starten-motiviert-in-den-europa-wahlkampf\/\" rel=\"bookmark\">Breakfast with Felix Martin: Green Main-Kinzig start motivated in the European election campaign<\/a><\/h2>\t\t\t\t\t<div class=\"entry-meta mb-3\">\n\t\t\t\t\t\t<span class=\"posted-on\"><time class=\"entry-date published\" datetime=\"2024-04-29T12:01:47+02:00\">29 April 2024<\/time><time class=\"updated\" datetime=\"2024-04-29T16:32:35+02:00\">29 April 2024<\/time><\/span>\t\t\t\t\t<\/div><!-- .entry-meta -->\n\t\t\t\t\t\t\t\t<\/header><!-- .entry-header -->\n\n\t\t\t<div class=\"entry-content\">\n\t\t\t\t<a href=\"https:\/\/www.gruene-mkk.de\/en\/fruehstueck-mit-felix-martin-gruene-main-kinzig-starten-motiviert-in-den-europa-wahlkampf\/\" rel=\"bookmark\">\n\t\t\t\t<p>On Saturday, 27.04.2024, the election campaign breakfast of the Greens Main-Kinzig took place with the member of parliament Felix Martin in the Hanau office. Many members accepted the invitation and met [...]<\/p>\n\t\t\t\t<\/a>\n\t\t\t<\/div><!-- .entry-content -->\n\n\t\t\t<footer class=\"entry-footer\">\n\t\t\t\t\t\t\t<div class=\"d-flex mt-2 mb-2\">\n\t\t\t\t\t\t\t\t<div>\n\t\t<span class=\"cat-links small\"><a href=\"https:\/\/www.gruene-mkk.de\/en\/category\/allgemein\/\" rel=\"category tag\">General<\/a><\/span>\n\t\t\t\t<\/div>\n\t\t\t<\/div>\n\t\t\n\t\t\t\t<div class=\"d-flex flex-row-reverse\">\n\t\t\t\t\t<a href=\"https:\/\/www.gruene-mkk.de\/en\/fruehstueck-mit-felix-martin-gruene-main-kinzig-starten-motiviert-in-den-europa-wahlkampf\/\" rel=\"bookmark\" class=\"continue-reading\">\n\t\t\t\t\tContinue reading\t\t\t\t<\/a>\n\t\t\t\t<\/div>\n\t\t\t<\/footer><!-- .entry-footer -->\n\t\t<\/div>\n\t<\/div>\n<\/article><!-- #post-2161 -->\n<\/div><div class=\"col-md-6\">\n<article id=\"post-2157\" class=\"bg-white mb-4 has-shadow post-2157 post type-post status-publish format-standard has-post-thumbnail hentry category-allgemein\">\n\t<div class=\"\">\n\t\t\t\t\t<div class=\"\">\n\t\t\t\t<a href=\"https:\/\/www.gruene-mkk.de\/en\/wir-suchen-dich-fuer-unsere-wahlkampf-staende-im-mkk\/\" aria-label=\"Post thumbnail\" rel=\"bookmark\">\n\t\t\t\t\t\t\t\t<img loading=\"lazy\" decoding=\"async\" width=\"768\" height=\"768\" src=\"https:\/\/www.gruene-mkk.de\/wp-content\/uploads\/2024\/04\/Design-ohne-Titel3-768x768.png\" class=\"post-thumbnail wp-post-image\" alt=\"We are looking for you for our campaign stands in the MKK!\" \/>\n\n\t\t\t\t\t\t\t<\/a>\n\t\t\t<\/div>\n\t\t\t\t\t<div class=\"p-45\">\n\t\t\t<header class=\"entry-header mb-2\">\n\t\t\t\t\t\t\t\t<h2 class=\"card-title h4 mb-3\"><a href=\"https:\/\/www.gruene-mkk.de\/en\/wir-suchen-dich-fuer-unsere-wahlkampf-staende-im-mkk\/\" rel=\"bookmark\">We are looking for you for our campaign stands in the MKK!<\/a><\/h2>\t\t\t\t\t<div class=\"entry-meta mb-3\">\n\t\t\t\t\t\t<span class=\"posted-on\"><time class=\"entry-date published\" datetime=\"2024-04-29T11:58:52+02:00\">29 April 2024<\/time><time class=\"updated\" datetime=\"2024-04-29T11:58:53+02:00\">29 April 2024<\/time><\/span>\t\t\t\t\t<\/div><!-- .entry-meta -->\n\t\t\t\t\t\t\t\t<\/header><!-- .entry-header -->\n\n\t\t\t<div class=\"entry-content\">\n\t\t\t\t<a href=\"https:\/\/www.gruene-mkk.de\/en\/wir-suchen-dich-fuer-unsere-wahlkampf-staende-im-mkk\/\" rel=\"bookmark\">\n\t\t\t\t<p>Do what counts and support us at the election stands in the Main-Kinzig-Kreis! Together with the local associations in Hanau, Gelnhausen and Schl\u00fcchtern, we [...]<\/p>\n\t\t\t\t<\/a>\n\t\t\t<\/div><!-- .entry-content -->\n\n\t\t\t<footer class=\"entry-footer\">\n\t\t\t\t\t\t\t<div class=\"d-flex mt-2 mb-2\">\n\t\t\t\t\t\t\t\t<div>\n\t\t<span class=\"cat-links small\"><a href=\"https:\/\/www.gruene-mkk.de\/en\/category\/allgemein\/\" rel=\"category tag\">General<\/a><\/span>\n\t\t\t\t<\/div>\n\t\t\t<\/div>\n\t\t\n\t\t\t\t<div class=\"d-flex flex-row-reverse\">\n\t\t\t\t\t<a href=\"https:\/\/www.gruene-mkk.de\/en\/wir-suchen-dich-fuer-unsere-wahlkampf-staende-im-mkk\/\" rel=\"bookmark\" class=\"continue-reading\">\n\t\t\t\t\tContinue reading\t\t\t\t<\/a>\n\t\t\t\t<\/div>\n\t\t\t<\/footer><!-- .entry-footer -->\n\t\t<\/div>\n\t<\/div>\n<\/article><!-- #post-2157 -->\n<\/div><div class=\"col-md-6\">\n<article id=\"post-2120\" class=\"bg-white mb-4 has-shadow post-2120 post type-post status-publish format-standard has-post-thumbnail hentry category-allgemein\">\n\t<div class=\"\">\n\t\t\t\t\t<div class=\"\">\n\t\t\t\t<a href=\"https:\/\/www.gruene-mkk.de\/en\/grenzueberschreitende-1-mai-radtour\/\" aria-label=\"Post thumbnail\" rel=\"bookmark\">\n\t\t\t\t\t\t\t\t<img loading=\"lazy\" decoding=\"async\" width=\"768\" height=\"768\" src=\"https:\/\/www.gruene-mkk.de\/wp-content\/uploads\/2024\/04\/1.-Mai-Radtour-768x768.png\" class=\"post-thumbnail wp-post-image\" alt=\"Cross-border May 1st Bike Tour\" \/>\n\n\t\t\t\t\t\t\t<\/a>\n\t\t\t<\/div>\n\t\t\t\t\t<div class=\"p-45\">\n\t\t\t<header class=\"entry-header mb-2\">\n\t\t\t\t\t\t\t\t<h2 class=\"card-title h4 mb-3\"><a href=\"https:\/\/www.gruene-mkk.de\/en\/grenzueberschreitende-1-mai-radtour\/\" rel=\"bookmark\">Cross-border May 1st Bike Tour<\/a><\/h2>\t\t\t\t\t<div class=\"entry-meta mb-3\">\n\t\t\t\t\t\t<span class=\"posted-on\"><time class=\"entry-date published\" datetime=\"2024-04-17T10:21:23+02:00\">17 April 2024<\/time><time class=\"updated\" datetime=\"2024-04-17T10:23:00+02:00\">17 April 2024<\/time><\/span>\t\t\t\t\t<\/div><!-- .entry-meta -->\n\t\t\t\t\t\t\t\t<\/header><!-- .entry-header -->\n\n\t\t\t<div class=\"entry-content\">\n\t\t\t\t<a href=\"https:\/\/www.gruene-mkk.de\/en\/grenzueberschreitende-1-mai-radtour\/\" rel=\"bookmark\">\n\t\t\t\t<p>Our May 1 bike tour leads through three district associations, two federal states and over a river, to which we invite you together with the KV Aschaffenburg\/Land and Offenbach\/Land. Meeting point is on Wednesday, [...]<\/p>\n\t\t\t\t<\/a>\n\t\t\t<\/div><!-- .entry-content -->\n\n\t\t\t<footer class=\"entry-footer\">\n\t\t\t\t\t\t\t<div class=\"d-flex mt-2 mb-2\">\n\t\t\t\t\t\t\t\t<div>\n\t\t<span class=\"cat-links small\"><a href=\"https:\/\/www.gruene-mkk.de\/en\/category\/allgemein\/\" rel=\"category tag\">General<\/a><\/span>\n\t\t\t\t<\/div>\n\t\t\t<\/div>\n\t\t\n\t\t\t\t<div class=\"d-flex flex-row-reverse\">\n\t\t\t\t\t<a href=\"https:\/\/www.gruene-mkk.de\/en\/grenzueberschreitende-1-mai-radtour\/\" rel=\"bookmark\" class=\"continue-reading\">\n\t\t\t\t\tContinue reading\t\t\t\t<\/a>\n\t\t\t\t<\/div>\n\t\t\t<\/footer><!-- .entry-footer -->\n\t\t<\/div>\n\t<\/div>\n<\/article><!-- #post-2120 -->\n<\/div><div class=\"col-md-6\">\n<article id=\"post-2177\" class=\"bg-white mb-4 has-shadow post-2177 post type-post status-publish format-standard has-post-thumbnail hentry category-allgemein\">\n\t<div class=\"\">\n\t\t\t\t\t<div class=\"\">\n\t\t\t\t<a href=\"https:\/\/www.gruene-mkk.de\/en\/fruehstueck-mit-den-gruenen-ue60\/\" aria-label=\"Post thumbnail\" rel=\"bookmark\">\n\t\t\t\t\t\t\t\t<img loading=\"lazy\" decoding=\"async\" width=\"768\" height=\"768\" src=\"https:\/\/www.gruene-mkk.de\/wp-content\/uploads\/2024\/04\/Kopie-von-Vorlage_021-768x768.png\" class=\"post-thumbnail wp-post-image\" alt=\"Breakfast with the greens \u00dc60!\" \/>\n\n\t\t\t\t\t\t\t<\/a>\n\t\t\t<\/div>\n\t\t\t\t\t<div class=\"p-45\">\n\t\t\t<header class=\"entry-header mb-2\">\n\t\t\t\t\t\t\t\t<h2 class=\"card-title h4 mb-3\"><a href=\"https:\/\/www.gruene-mkk.de\/en\/fruehstueck-mit-den-gruenen-ue60\/\" rel=\"bookmark\">Breakfast with the greens \u00dc60!<\/a><\/h2>\t\t\t\t\t<div class=\"entry-meta mb-3\">\n\t\t\t\t\t\t<span class=\"posted-on\"><time class=\"entry-date published\" datetime=\"2024-04-10T16:30:23+02:00\">10 April 2024<\/time><time class=\"updated\" datetime=\"2024-04-29T16:32:16+02:00\">29 April 2024<\/time><\/span>\t\t\t\t\t<\/div><!-- .entry-meta -->\n\t\t\t\t\t\t\t\t<\/header><!-- .entry-header -->\n\n\t\t\t<div class=\"entry-content\">\n\t\t\t\t<a href=\"https:\/\/www.gruene-mkk.de\/en\/fruehstueck-mit-den-gruenen-ue60\/\" rel=\"bookmark\">\n\t\t\t\t<p>As agreed at the last meeting of the GREEN \u00dc60, we want to meet again this year. The meeting will take place on Sat, 04 May from 10 a.m. at Caf\u00e9 Hexenturm [...]<\/p>\n\t\t\t\t<\/a>\n\t\t\t<\/div><!-- .entry-content -->\n\n\t\t\t<footer class=\"entry-footer\">\n\t\t\t\t\t\t\t<div class=\"d-flex mt-2 mb-2\">\n\t\t\t\t\t\t\t\t<div>\n\t\t<span class=\"cat-links small\"><a href=\"https:\/\/www.gruene-mkk.de\/en\/category\/allgemein\/\" rel=\"category tag\">General<\/a><\/span>\n\t\t\t\t<\/div>\n\t\t\t<\/div>\n\t\t\n\t\t\t\t<div class=\"d-flex flex-row-reverse\">\n\t\t\t\t\t<a href=\"https:\/\/www.gruene-mkk.de\/en\/fruehstueck-mit-den-gruenen-ue60\/\" rel=\"bookmark\" class=\"continue-reading\">\n\t\t\t\t\tContinue reading\t\t\t\t<\/a>\n\t\t\t\t<\/div>\n\t\t\t<\/footer><!-- .entry-footer -->\n\t\t<\/div>\n\t<\/div>\n<\/article><!-- #post-2177 -->\n<\/div><div class=\"col-md-6\">\n<article id=\"post-2102\" class=\"bg-white mb-4 has-shadow post-2102 post type-post status-publish format-standard has-post-thumbnail hentry category-allgemein\">\n\t<div class=\"\">\n\t\t\t\t\t<div class=\"\">\n\t\t\t\t<a href=\"https:\/\/www.gruene-mkk.de\/en\/75-jahre-grundgesetz-feiert-mit-uns\/\" aria-label=\"Post thumbnail\" rel=\"bookmark\">\n\t\t\t\t\t\t\t\t<img loading=\"lazy\" decoding=\"async\" width=\"768\" height=\"768\" src=\"https:\/\/www.gruene-mkk.de\/wp-content\/uploads\/2024\/03\/sharepic1-768x768.jpg\" class=\"post-thumbnail wp-post-image\" alt=\"75 years of the Basic Law - Celebrate with us!\" \/>\n\n\t\t\t\t\t\t\t<\/a>\n\t\t\t<\/div>\n\t\t\t\t\t<div class=\"p-45\">\n\t\t\t<header class=\"entry-header mb-2\">\n\t\t\t\t\t\t\t\t<h2 class=\"card-title h4 mb-3\"><a href=\"https:\/\/www.gruene-mkk.de\/en\/75-jahre-grundgesetz-feiert-mit-uns\/\" rel=\"bookmark\">75 years of the Basic Law - Celebrate with us!<\/a><\/h2>\t\t\t\t\t<div class=\"entry-meta mb-3\">\n\t\t\t\t\t\t<span class=\"posted-on\"><time class=\"entry-date published\" datetime=\"2024-03-27T11:09:52+01:00\">27 March 2024<\/time><time class=\"updated\" datetime=\"2024-03-27T11:10:02+01:00\">27 March 2024<\/time><\/span>\t\t\t\t\t<\/div><!-- .entry-meta -->\n\t\t\t\t\t\t\t\t<\/header><!-- .entry-header -->\n\n\t\t\t<div class=\"entry-content\">\n\t\t\t\t<a href=\"https:\/\/www.gruene-mkk.de\/en\/75-jahre-grundgesetz-feiert-mit-uns\/\" rel=\"bookmark\">\n\t\t\t\t<p>Together with the \u2018Neuberger Liste\u2019, we invite you to the B\u00fcrgerhaus Ravolzhausen, Neuberg on Saturday, 13.4.24 from 4 p.m. There, visitors can expect a colourful program. While the small mobiles [...]<\/p>\n\t\t\t\t<\/a>\n\t\t\t<\/div><!-- .entry-content -->\n\n\t\t\t<footer class=\"entry-footer\">\n\t\t\t\t\t\t\t<div class=\"d-flex mt-2 mb-2\">\n\t\t\t\t\t\t\t\t<div>\n\t\t<span class=\"cat-links small\"><a href=\"https:\/\/www.gruene-mkk.de\/en\/category\/allgemein\/\" rel=\"category tag\">General<\/a><\/span>\n\t\t\t\t<\/div>\n\t\t\t<\/div>\n\t\t\n\t\t\t\t<div class=\"d-flex flex-row-reverse\">\n\t\t\t\t\t<a href=\"https:\/\/www.gruene-mkk.de\/en\/75-jahre-grundgesetz-feiert-mit-uns\/\" rel=\"bookmark\" class=\"continue-reading\">\n\t\t\t\t\tContinue reading\t\t\t\t<\/a>\n\t\t\t\t<\/div>\n\t\t\t<\/footer><!-- .entry-footer -->\n\t\t<\/div>\n\t<\/div>\n<\/article><!-- #post-2102 -->\n<\/div><div class=\"col-md-6\">\n<article id=\"post-2079\" class=\"bg-white mb-4 has-shadow post-2079 post type-post status-publish format-standard hentry category-allgemein\">\n\t<div class=\"\">\n\t\t\t\t<div class=\"p-45\">\n\t\t\t<header class=\"entry-header mb-2\">\n\t\t\t\t\t\t\t\t<h2 class=\"card-title h4 mb-3\"><a href=\"https:\/\/www.gruene-mkk.de\/en\/gruene-main-kinzig-danken-ihrem-buergermeisterkandidaten-wolfgang-seifried-sehr-fuer-seinen-wahlkampf-in-schoeneck\/\" rel=\"bookmark\">Gr\u00fcne Main-Kinzig thank their mayoral candidate Wolfgang Seifried very much for his election campaign in Sch\u00f6neck<\/a><\/h2>\t\t\t\t\t<div class=\"entry-meta mb-3\">\n\t\t\t\t\t\t<span class=\"posted-on\"><time class=\"entry-date published\" datetime=\"2024-02-26T16:25:42+01:00\">26 February 2024<\/time><time class=\"updated\" datetime=\"2024-09-05T14:26:18+02:00\">5 September 2024<\/time><\/span>\t\t\t\t\t<\/div><!-- .entry-meta -->\n\t\t\t\t\t\t\t\t<\/header><!-- .entry-header -->\n\n\t\t\t<div class=\"entry-content\">\n\t\t\t\t<a href=\"https:\/\/www.gruene-mkk.de\/en\/gruene-main-kinzig-danken-ihrem-buergermeisterkandidaten-wolfgang-seifried-sehr-fuer-seinen-wahlkampf-in-schoeneck\/\" rel=\"bookmark\">\n\t\t\t\t<p>The district association of the Green Main-Kinzig is satisfied with the result of their candidate Wolfgang Seifried in the mayoral election in Sch\u00f6neck. He reached 18.23 in the election.% Thus, it is above [...]<\/p>\n\t\t\t\t<\/a>\n\t\t\t<\/div><!-- .entry-content -->\n\n\t\t\t<footer class=\"entry-footer\">\n\t\t\t\t\t\t\t<div class=\"d-flex mt-2 mb-2\">\n\t\t\t\t\t\t\t\t<div>\n\t\t<span class=\"cat-links small\"><a href=\"https:\/\/www.gruene-mkk.de\/en\/category\/allgemein\/\" rel=\"category tag\">General<\/a><\/span>\n\t\t\t\t<\/div>\n\t\t\t<\/div>\n\t\t\n\t\t\t\t<div class=\"d-flex flex-row-reverse\">\n\t\t\t\t\t<a href=\"https:\/\/www.gruene-mkk.de\/en\/gruene-main-kinzig-danken-ihrem-buergermeisterkandidaten-wolfgang-seifried-sehr-fuer-seinen-wahlkampf-in-schoeneck\/\" rel=\"bookmark\" class=\"continue-reading\">\n\t\t\t\t\tContinue reading\t\t\t\t<\/a>\n\t\t\t\t<\/div>\n\t\t\t<\/footer><!-- .entry-footer -->\n\t\t<\/div>\n\t<\/div>\n<\/article><!-- #post-2079 -->\n<\/div><div class=\"col-md-6\">\n<article id=\"post-2077\" class=\"bg-white mb-4 has-shadow post-2077 post type-post status-publish format-standard hentry category-allgemein\">\n\t<div class=\"\">\n\t\t\t\t<div class=\"p-45\">\n\t\t\t<header class=\"entry-header mb-2\">\n\t\t\t\t\t\t\t\t<h2 class=\"card-title h4 mb-3\"><a href=\"https:\/\/www.gruene-mkk.de\/en\/gruene-main-kinzig-wachsen\/\" rel=\"bookmark\">Growing green Main-Kinzig<\/a><\/h2>\t\t\t\t\t<div class=\"entry-meta mb-3\">\n\t\t\t\t\t\t<span class=\"posted-on\"><time class=\"entry-date published\" datetime=\"2024-02-26T16:19:25+01:00\">26 February 2024<\/time><time class=\"updated\" datetime=\"2024-09-05T14:25:34+02:00\">5 September 2024<\/time><\/span>\t\t\t\t\t<\/div><!-- .entry-meta -->\n\t\t\t\t\t\t\t\t<\/header><!-- .entry-header -->\n\n\t\t\t<div class=\"entry-content\">\n\t\t\t\t<a href=\"https:\/\/www.gruene-mkk.de\/en\/gruene-main-kinzig-wachsen\/\" rel=\"bookmark\">\n\t\t\t\t<p>The Green District Association Main-Kinzig is pleased to welcome new members since the beginning of the year. The increasing number of supporters shows the growing interest in green issues and political work [...]<\/p>\n\t\t\t\t<\/a>\n\t\t\t<\/div><!-- .entry-content -->\n\n\t\t\t<footer class=\"entry-footer\">\n\t\t\t\t\t\t\t<div class=\"d-flex mt-2 mb-2\">\n\t\t\t\t\t\t\t\t<div>\n\t\t<span class=\"cat-links small\"><a href=\"https:\/\/www.gruene-mkk.de\/en\/category\/allgemein\/\" rel=\"category tag\">General<\/a><\/span>\n\t\t\t\t<\/div>\n\t\t\t<\/div>\n\t\t\n\t\t\t\t<div class=\"d-flex flex-row-reverse\">\n\t\t\t\t\t<a href=\"https:\/\/www.gruene-mkk.de\/en\/gruene-main-kinzig-wachsen\/\" rel=\"bookmark\" class=\"continue-reading\">\n\t\t\t\t\tContinue reading\t\t\t\t<\/a>\n\t\t\t\t<\/div>\n\t\t\t<\/footer><!-- .entry-footer -->\n\t\t<\/div>\n\t<\/div>\n<\/article><!-- #post-2077 -->\n<\/div><div class=\"col-md-6\">\n<article id=\"post-2069\" class=\"bg-white mb-4 has-shadow post-2069 post type-post status-publish format-standard has-post-thumbnail hentry category-allgemein\">\n\t<div class=\"\">\n\t\t\t\t\t<div class=\"\">\n\t\t\t\t<a href=\"https:\/\/www.gruene-mkk.de\/en\/gruene-main-kinzig-feiern-politischen-aschermittwoch-omid-nouripour-haelt-plaedoyer-fuer-demokratie\/\" aria-label=\"Post thumbnail\" rel=\"bookmark\">\n\t\t\t\t\t\t\t\t<img loading=\"lazy\" decoding=\"async\" width=\"768\" height=\"545\" src=\"https:\/\/www.gruene-mkk.de\/wp-content\/uploads\/2024\/02\/Politischer-Aschermittwoch_Gruene-MKK-1-768x545.jpg\" class=\"post-thumbnail wp-post-image\" alt=\"Green Main-Kinzig celebrate Political Ash Wednesday: Omid Nouripour calls for democracy\" \/>\n\n\t\t\t\t\t\t\t<\/a>\n\t\t\t<\/div>\n\t\t\t\t\t<div class=\"p-45\">\n\t\t\t<header class=\"entry-header mb-2\">\n\t\t\t\t\t\t\t\t<h2 class=\"card-title h4 mb-3\"><a href=\"https:\/\/www.gruene-mkk.de\/en\/gruene-main-kinzig-feiern-politischen-aschermittwoch-omid-nouripour-haelt-plaedoyer-fuer-demokratie\/\" rel=\"bookmark\">Green Main-Kinzig celebrate Political Ash Wednesday: Omid Nouripour calls for democracy<\/a><\/h2>\t\t\t\t\t<div class=\"entry-meta mb-3\">\n\t\t\t\t\t\t<span class=\"posted-on\"><time class=\"entry-date published\" datetime=\"2024-02-20T11:00:54+01:00\">20 February 2024<\/time><time class=\"updated\" datetime=\"2024-02-20T11:00:55+01:00\">20 February 2024<\/time><\/span>\t\t\t\t\t<\/div><!-- .entry-meta -->\n\t\t\t\t\t\t\t\t<\/header><!-- .entry-header -->\n\n\t\t\t<div class=\"entry-content\">\n\t\t\t\t<a href=\"https:\/\/www.gruene-mkk.de\/en\/gruene-main-kinzig-feiern-politischen-aschermittwoch-omid-nouripour-haelt-plaedoyer-fuer-demokratie\/\" rel=\"bookmark\">\n\t\t\t\t<p>On 14 February 2024, the Greens invited Main-Kinzig to Sch\u00f6neck in Das Kilian for their political Ash Wednesday. Highlights of the evening were the rousing speech by Omid Nouripour, Federal Chairman of [...]<\/p>\n\t\t\t\t<\/a>\n\t\t\t<\/div><!-- .entry-content -->\n\n\t\t\t<footer class=\"entry-footer\">\n\t\t\t\t\t\t\t<div class=\"d-flex mt-2 mb-2\">\n\t\t\t\t\t\t\t\t<div>\n\t\t<span class=\"cat-links small\"><a href=\"https:\/\/www.gruene-mkk.de\/en\/category\/allgemein\/\" rel=\"category tag\">General<\/a><\/span>\n\t\t\t\t<\/div>\n\t\t\t<\/div>\n\t\t\n\t\t\t\t<div class=\"d-flex flex-row-reverse\">\n\t\t\t\t\t<a href=\"https:\/\/www.gruene-mkk.de\/en\/gruene-main-kinzig-feiern-politischen-aschermittwoch-omid-nouripour-haelt-plaedoyer-fuer-demokratie\/\" rel=\"bookmark\" class=\"continue-reading\">\n\t\t\t\t\tContinue reading\t\t\t\t<\/a>\n\t\t\t\t<\/div>\n\t\t\t<\/footer><!-- .entry-footer -->\n\t\t<\/div>\n\t<\/div>\n<\/article><!-- #post-2069 -->\n<\/div><div class=\"col-md-6\">\n<article id=\"post-1977\" class=\"bg-white mb-4 has-shadow post-1977 post type-post status-publish format-standard hentry category-allgemein\">\n\t<div class=\"\">\n\t\t\t\t<div class=\"p-45\">\n\t\t\t<header class=\"entry-header mb-2\">\n\t\t\t\t\t\t\t\t<h2 class=\"card-title h4 mb-3\"><a href=\"https:\/\/www.gruene-mkk.de\/en\/politischer-aschermittwoch\/\" rel=\"bookmark\">Political Ash Wednesday<\/a><\/h2>\t\t\t\t\t<div class=\"entry-meta mb-3\">\n\t\t\t\t\t\t<span class=\"posted-on\"><time class=\"entry-date published\" datetime=\"2024-01-29T16:39:06+01:00\">29 January 2024<\/time><time class=\"updated\" datetime=\"2024-02-06T18:32:43+01:00\">6 February 2024<\/time><\/span>\t\t\t\t\t<\/div><!-- .entry-meta -->\n\t\t\t\t\t\t\t\t<\/header><!-- .entry-header -->\n\n\t\t\t<div class=\"entry-content\">\n\t\t\t\t<a href=\"https:\/\/www.gruene-mkk.de\/en\/politischer-aschermittwoch\/\" rel=\"bookmark\">\n\t\t\t\t<p>We cordially invite you to our Political Ash Wednesday with our Co-Federal Chairman Omid Nouripour and our mayoral candidate in Sch\u00f6neck, Wolfgang Seifried. The evening promises political discussions, interesting talks and of course the [...]<\/p>\n\t\t\t\t<\/a>\n\t\t\t<\/div><!-- .entry-content -->\n\n\t\t\t<footer class=\"entry-footer\">\n\t\t\t\t\t\t\t<div class=\"d-flex mt-2 mb-2\">\n\t\t\t\t\t\t\t\t<div>\n\t\t<span class=\"cat-links small\"><a href=\"https:\/\/www.gruene-mkk.de\/en\/category\/allgemein\/\" rel=\"category tag\">General<\/a><\/span>\n\t\t\t\t<\/div>\n\t\t\t<\/div>\n\t\t\n\t\t\t\t<div class=\"d-flex flex-row-reverse\">\n\t\t\t\t\t<a href=\"https:\/\/www.gruene-mkk.de\/en\/politischer-aschermittwoch\/\" rel=\"bookmark\" class=\"continue-reading\">\n\t\t\t\t\tContinue reading\t\t\t\t<\/a>\n\t\t\t\t<\/div>\n\t\t\t<\/footer><!-- .entry-footer -->\n\t\t<\/div>\n\t<\/div>\n<\/article><!-- #post-1977 -->\n<\/div><div class=\"col-md-6\">\n<article id=\"post-2028\" class=\"bg-white mb-4 has-shadow post-2028 post type-post status-publish format-standard has-post-thumbnail hentry category-allgemein\">\n\t<div class=\"\">\n\t\t\t\t\t<div class=\"\">\n\t\t\t\t<a href=\"https:\/\/www.gruene-mkk.de\/en\/neujahrsempfang-der-gruenen-main-kinzig-im-zeichen-der-europawahlen\/\" aria-label=\"Post thumbnail\" rel=\"bookmark\">\n\t\t\t\t\t\t\t\t<img loading=\"lazy\" decoding=\"async\" width=\"768\" height=\"432\" src=\"https:\/\/www.gruene-mkk.de\/wp-content\/uploads\/2024\/01\/Design-ohne-Titel-pdf.jpg\" class=\"post-thumbnail wp-post-image\" alt=\"New Year&#039;s reception of the Green Main-Kinzig in the sign of the European elections\" \/>\n\n\t\t\t\t\t\t\t<\/a>\n\t\t\t<\/div>\n\t\t\t\t\t<div class=\"p-45\">\n\t\t\t<header class=\"entry-header mb-2\">\n\t\t\t\t\t\t\t\t<h2 class=\"card-title h4 mb-3\"><a href=\"https:\/\/www.gruene-mkk.de\/en\/neujahrsempfang-der-gruenen-main-kinzig-im-zeichen-der-europawahlen\/\" rel=\"bookmark\">New Year's reception of the Green Main-Kinzig in the sign of the European elections<\/a><\/h2>\t\t\t\t\t<div class=\"entry-meta mb-3\">\n\t\t\t\t\t\t<span class=\"posted-on\"><time class=\"entry-date published\" datetime=\"2024-01-24T09:17:51+01:00\">24 January 2024<\/time><time class=\"updated\" datetime=\"2024-01-24T09:21:16+01:00\">24 January 2024<\/time><\/span>\t\t\t\t\t<\/div><!-- .entry-meta -->\n\t\t\t\t\t\t\t\t<\/header><!-- .entry-header -->\n\n\t\t\t<div class=\"entry-content\">\n\t\t\t\t<a href=\"https:\/\/www.gruene-mkk.de\/en\/neujahrsempfang-der-gruenen-main-kinzig-im-zeichen-der-europawahlen\/\" rel=\"bookmark\">\n\t\t\t\t<p>After a three-year break, the Greens invited Main-Kinzig to the New Year's reception in the Brockenhaus Hanau for the first time on Friday, 19 January 2024. Nearly a hundred guests from politics, associations and administration [...]<\/p>\n\t\t\t\t<\/a>\n\t\t\t<\/div><!-- .entry-content -->\n\n\t\t\t<footer class=\"entry-footer\">\n\t\t\t\t\t\t\t<div class=\"d-flex mt-2 mb-2\">\n\t\t\t\t\t\t\t\t<div>\n\t\t<span class=\"cat-links small\"><a href=\"https:\/\/www.gruene-mkk.de\/en\/category\/allgemein\/\" rel=\"category tag\">General<\/a><\/span>\n\t\t\t\t<\/div>\n\t\t\t<\/div>\n\t\t\n\t\t\t\t<div class=\"d-flex flex-row-reverse\">\n\t\t\t\t\t<a href=\"https:\/\/www.gruene-mkk.de\/en\/neujahrsempfang-der-gruenen-main-kinzig-im-zeichen-der-europawahlen\/\" rel=\"bookmark\" class=\"continue-reading\">\n\t\t\t\t\tContinue reading\t\t\t\t<\/a>\n\t\t\t\t<\/div>\n\t\t\t<\/footer><!-- .entry-footer -->\n\t\t<\/div>\n\t<\/div>\n<\/article><!-- #post-2028 -->\n<\/div><div class=\"col-md-6\">\n<article id=\"post-1963\" class=\"bg-white mb-4 has-shadow post-1963 post type-post status-publish format-standard hentry category-allgemein\">\n\t<div class=\"\">\n\t\t\t\t<div class=\"p-45\">\n\t\t\t<header class=\"entry-header mb-2\">\n\t\t\t\t\t\t\t\t<h2 class=\"card-title h4 mb-3\"><a href=\"https:\/\/www.gruene-mkk.de\/en\/thomas-gassen-und-anja-zeller-sind-neue-sprecher\/\" rel=\"bookmark\">Thomas Gassen and Anja Zeller are new speakers<\/a><\/h2>\t\t\t\t\t<div class=\"entry-meta mb-3\">\n\t\t\t\t\t\t<span class=\"posted-on\"><time class=\"entry-date published\" datetime=\"2023-12-07T16:49:43+01:00\">7. December 2023<\/time><time class=\"updated\" datetime=\"2023-12-12T14:52:33+01:00\">12. December 2023<\/time><\/span>\t\t\t\t\t<\/div><!-- .entry-meta -->\n\t\t\t\t\t\t\t\t<\/header><!-- .entry-header -->\n\n\t\t\t<div class=\"entry-content\">\n\t\t\t\t<a href=\"https:\/\/www.gruene-mkk.de\/en\/thomas-gassen-und-anja-zeller-sind-neue-sprecher\/\" rel=\"bookmark\">\n\t\t\t\t<p>Anja Zeller and Thomas Gassen are the new spokespersons of the Green District Board Main-Kinzig. In the course of their retreat, both [...]<\/p>\n\t\t\t\t<\/a>\n\t\t\t<\/div><!-- .entry-content -->\n\n\t\t\t<footer class=\"entry-footer\">\n\t\t\t\t\t\t\t<div class=\"d-flex mt-2 mb-2\">\n\t\t\t\t\t\t\t\t<div>\n\t\t<span class=\"cat-links small\"><a href=\"https:\/\/www.gruene-mkk.de\/en\/category\/allgemein\/\" rel=\"category tag\">General<\/a><\/span>\n\t\t\t\t<\/div>\n\t\t\t<\/div>\n\t\t\n\t\t\t\t<div class=\"d-flex flex-row-reverse\">\n\t\t\t\t\t<a href=\"https:\/\/www.gruene-mkk.de\/en\/thomas-gassen-und-anja-zeller-sind-neue-sprecher\/\" rel=\"bookmark\" class=\"continue-reading\">\n\t\t\t\t\tContinue reading\t\t\t\t<\/a>\n\t\t\t\t<\/div>\n\t\t\t<\/footer><!-- .entry-footer -->\n\t\t<\/div>\n\t<\/div>\n<\/article><!-- #post-1963 -->\n<\/div><div class=\"col-md-6\">\n<article id=\"post-1834\" class=\"bg-white mb-4 has-shadow post-1834 post type-post status-publish format-standard has-post-thumbnail hentry category-allgemein\">\n\t<div class=\"\">\n\t\t\t\t\t<div class=\"\">\n\t\t\t\t<a href=\"https:\/\/www.gruene-mkk.de\/en\/neujahrsempfang-2024\/\" aria-label=\"Post thumbnail\" rel=\"bookmark\">\n\t\t\t\t\t\t\t\t<img loading=\"lazy\" decoding=\"async\" width=\"768\" height=\"358\" src=\"https:\/\/www.gruene-mkk.de\/wp-content\/uploads\/2023\/12\/NJE-12-768x358.png\" class=\"post-thumbnail wp-post-image\" alt=\"New Year&#039;s reception 2024\" \/>\n\n\t\t\t\t\t\t\t<\/a>\n\t\t\t<\/div>\n\t\t\t\t\t<div class=\"p-45\">\n\t\t\t<header class=\"entry-header mb-2\">\n\t\t\t\t\t\t\t\t<h2 class=\"card-title h4 mb-3\"><a href=\"https:\/\/www.gruene-mkk.de\/en\/neujahrsempfang-2024\/\" rel=\"bookmark\">New Year's reception 2024<\/a><\/h2>\t\t\t\t\t<div class=\"entry-meta mb-3\">\n\t\t\t\t\t\t<span class=\"posted-on\"><time class=\"entry-date published\" datetime=\"2023-12-06T12:27:45+01:00\">6. December 2023<\/time><time class=\"updated\" datetime=\"2023-12-06T13:26:46+01:00\">6. December 2023<\/time><\/span>\t\t\t\t\t<\/div><!-- .entry-meta -->\n\t\t\t\t\t\t\t\t<\/header><!-- .entry-header -->\n\n\t\t\t<div class=\"entry-content\">\n\t\t\t\t<a href=\"https:\/\/www.gruene-mkk.de\/en\/neujahrsempfang-2024\/\" rel=\"bookmark\">\n\t\t\t\t<p>We cordially invite you to our New Year's reception on Friday, 19 January 2024 at 6 pm in the Brockenhaus, Lamboystra\u00dfe 52, 63452 Hanau. As guest speakers, Anna Cavazzini &amp; [...]<\/p>\n\t\t\t\t<\/a>\n\t\t\t<\/div><!-- .entry-content -->\n\n\t\t\t<footer class=\"entry-footer\">\n\t\t\t\t\t\t\t<div class=\"d-flex mt-2 mb-2\">\n\t\t\t\t\t\t\t\t<div>\n\t\t<span class=\"cat-links small\"><a href=\"https:\/\/www.gruene-mkk.de\/en\/category\/allgemein\/\" rel=\"category tag\">General<\/a><\/span>\n\t\t\t\t<\/div>\n\t\t\t<\/div>\n\t\t\n\t\t\t\t<div class=\"d-flex flex-row-reverse\">\n\t\t\t\t\t<a href=\"https:\/\/www.gruene-mkk.de\/en\/neujahrsempfang-2024\/\" rel=\"bookmark\" class=\"continue-reading\">\n\t\t\t\t\tContinue reading\t\t\t\t<\/a>\n\t\t\t\t<\/div>\n\t\t\t<\/footer><!-- .entry-footer -->\n\t\t<\/div>\n\t<\/div>\n<\/article><!-- #post-1834 -->\n<\/div><div class=\"col-md-6\">\n<article id=\"post-1792\" class=\"bg-white mb-4 has-shadow post-1792 post type-post status-publish format-standard has-post-thumbnail hentry category-allgemein\">\n\t<div class=\"\">\n\t\t\t\t\t<div class=\"\">\n\t\t\t\t<a href=\"https:\/\/www.gruene-mkk.de\/en\/ein-fast-komplett-neuer-vorstand\/\" aria-label=\"Post thumbnail\" rel=\"bookmark\">\n\t\t\t\t\t\t\t\t<img loading=\"lazy\" decoding=\"async\" width=\"768\" height=\"1024\" src=\"https:\/\/www.gruene-mkk.de\/wp-content\/uploads\/2023\/10\/IMG_3078-768x1024.jpg\" class=\"post-thumbnail wp-post-image\" alt=\"An almost completely new board\" \/>\n\n\t\t\t\t\t\t\t<\/a>\n\t\t\t<\/div>\n\t\t\t\t\t<div class=\"p-45\">\n\t\t\t<header class=\"entry-header mb-2\">\n\t\t\t\t\t\t\t\t<h2 class=\"card-title h4 mb-3\"><a href=\"https:\/\/www.gruene-mkk.de\/en\/ein-fast-komplett-neuer-vorstand\/\" rel=\"bookmark\">An almost completely new board<\/a><\/h2>\t\t\t\t\t<div class=\"entry-meta mb-3\">\n\t\t\t\t\t\t<span class=\"posted-on\"><time class=\"entry-date published\" datetime=\"2023-10-23T13:19:38+02:00\">23 October 2023<\/time><time class=\"updated\" datetime=\"2023-10-23T13:44:55+02:00\">23 October 2023<\/time><\/span>\t\t\t\t\t<\/div><!-- .entry-meta -->\n\t\t\t\t\t\t\t\t<\/header><!-- .entry-header -->\n\n\t\t\t<div class=\"entry-content\">\n\t\t\t\t<a href=\"https:\/\/www.gruene-mkk.de\/en\/ein-fast-komplett-neuer-vorstand\/\" rel=\"bookmark\">\n\t\t\t\t<p>Elections at the Green Main-Kinzig \/ Strengthening the Eastern Circle important Under the motto \u2018Together for a green future in the MKK\u2019, numerous members gathered in the Klosterberghalle in Langenselbold to [...]<\/p>\n\t\t\t\t<\/a>\n\t\t\t<\/div><!-- .entry-content -->\n\n\t\t\t<footer class=\"entry-footer\">\n\t\t\t\t\t\t\t<div class=\"d-flex mt-2 mb-2\">\n\t\t\t\t\t\t\t\t<div>\n\t\t<span class=\"cat-links small\"><a href=\"https:\/\/www.gruene-mkk.de\/en\/category\/allgemein\/\" rel=\"category tag\">General<\/a><\/span>\n\t\t\t\t<\/div>\n\t\t\t<\/div>\n\t\t\n\t\t\t\t<div class=\"d-flex flex-row-reverse\">\n\t\t\t\t\t<a href=\"https:\/\/www.gruene-mkk.de\/en\/ein-fast-komplett-neuer-vorstand\/\" rel=\"bookmark\" class=\"continue-reading\">\n\t\t\t\t\tContinue reading\t\t\t\t<\/a>\n\t\t\t\t<\/div>\n\t\t\t<\/footer><!-- .entry-footer -->\n\t\t<\/div>\n\t<\/div>\n<\/article><!-- #post-1792 -->\n<\/div><div class=\"col-md-6\">\n<article id=\"post-1806\" class=\"bg-white mb-4 has-shadow post-1806 post type-post status-publish format-standard hentry category-allgemein\">\n\t<div class=\"\">\n\t\t\t\t<div class=\"p-45\">\n\t\t\t<header class=\"entry-header mb-2\">\n\t\t\t\t\t\t\t\t<h2 class=\"card-title h4 mb-3\"><a href=\"https:\/\/www.gruene-mkk.de\/en\/gruene-mkk-blicken-nach-der-landtagswahl-mit-zuversicht-und-mut-zum-neubeginn-nach-vorne\/\" rel=\"bookmark\">Green MKK look forward with confidence and courage to a new start after the state election<\/a><\/h2>\t\t\t\t\t<div class=\"entry-meta mb-3\">\n\t\t\t\t\t\t<span class=\"posted-on\"><time class=\"entry-date published\" datetime=\"2023-10-08T13:34:32+02:00\">8 October 2023<\/time><time class=\"updated\" datetime=\"2023-10-23T13:45:21+02:00\">23 October 2023<\/time><\/span>\t\t\t\t\t<\/div><!-- .entry-meta -->\n\t\t\t\t\t\t\t\t<\/header><!-- .entry-header -->\n\n\t\t\t<div class=\"entry-content\">\n\t\t\t\t<a href=\"https:\/\/www.gruene-mkk.de\/en\/gruene-mkk-blicken-nach-der-landtagswahl-mit-zuversicht-und-mut-zum-neubeginn-nach-vorne\/\" rel=\"bookmark\">\n\t\t\t\t<p>The last state election made it clear: Political landscapes are changing and the Green MKK is also facing challenges that we want to tackle critically but optimistically. In the beginning, our [...]<\/p>\n\t\t\t\t<\/a>\n\t\t\t<\/div><!-- .entry-content -->\n\n\t\t\t<footer class=\"entry-footer\">\n\t\t\t\t\t\t\t<div class=\"d-flex mt-2 mb-2\">\n\t\t\t\t\t\t\t\t<div>\n\t\t<span class=\"cat-links small\"><a href=\"https:\/\/www.gruene-mkk.de\/en\/category\/allgemein\/\" rel=\"category tag\">General<\/a><\/span>\n\t\t\t\t<\/div>\n\t\t\t<\/div>\n\t\t\n\t\t\t\t<div class=\"d-flex flex-row-reverse\">\n\t\t\t\t\t<a href=\"https:\/\/www.gruene-mkk.de\/en\/gruene-mkk-blicken-nach-der-landtagswahl-mit-zuversicht-und-mut-zum-neubeginn-nach-vorne\/\" rel=\"bookmark\" class=\"continue-reading\">\n\t\t\t\t\tContinue reading\t\t\t\t<\/a>\n\t\t\t\t<\/div>\n\t\t\t<\/footer><!-- .entry-footer -->\n\t\t<\/div>\n\t<\/div>\n<\/article><!-- #post-1806 -->\n<\/div><div class=\"col-md-6\">\n<article id=\"post-1812\" class=\"bg-white mb-4 has-shadow post-1812 post type-post status-publish format-standard has-post-thumbnail hentry category-allgemein\">\n\t<div class=\"\">\n\t\t\t\t\t<div class=\"\">\n\t\t\t\t<a href=\"https:\/\/www.gruene-mkk.de\/en\/gruene-mkk-und-hanau-laden-zur-kneipentour-mit-tarek-al-wazir-und-robert-erkan-ein\/\" aria-label=\"Post thumbnail\" rel=\"bookmark\">\n\t\t\t\t\t\t\t\t<img loading=\"lazy\" decoding=\"async\" width=\"768\" height=\"960\" src=\"https:\/\/www.gruene-mkk.de\/wp-content\/uploads\/2023\/10\/image-wahlkampf-kneipentour-1-768x960.png\" class=\"post-thumbnail wp-post-image\" alt=\"Green MKK and Hanau invite you to a pub tour with Tarek Al-Wazir and Robert Erkan\" \/>\n\n\t\t\t\t\t\t\t<\/a>\n\t\t\t<\/div>\n\t\t\t\t\t<div class=\"p-45\">\n\t\t\t<header class=\"entry-header mb-2\">\n\t\t\t\t\t\t\t\t<h2 class=\"card-title h4 mb-3\"><a href=\"https:\/\/www.gruene-mkk.de\/en\/gruene-mkk-und-hanau-laden-zur-kneipentour-mit-tarek-al-wazir-und-robert-erkan-ein\/\" rel=\"bookmark\">Green MKK and Hanau invite you to a pub tour with Tarek Al-Wazir and Robert Erkan<\/a><\/h2>\t\t\t\t\t<div class=\"entry-meta mb-3\">\n\t\t\t\t\t\t<span class=\"posted-on\"><time class=\"entry-date published\" datetime=\"2023-10-05T13:35:58+02:00\">5 October 2023<\/time><time class=\"updated\" datetime=\"2023-10-23T13:45:32+02:00\">23 October 2023<\/time><\/span>\t\t\t\t\t<\/div><!-- .entry-meta -->\n\t\t\t\t\t\t\t\t<\/header><!-- .entry-header -->\n\n\t\t\t<div class=\"entry-content\">\n\t\t\t\t<a href=\"https:\/\/www.gruene-mkk.de\/en\/gruene-mkk-und-hanau-laden-zur-kneipentour-mit-tarek-al-wazir-und-robert-erkan-ein\/\" rel=\"bookmark\">\n\t\t\t\t<p>The Green MKK and the Green Hanau invite you to an exciting and entertaining pub election campaign tour through the city center of Hanau! Next Friday, 06.10.2023, the tour starts together with the [...]<\/p>\n\t\t\t\t<\/a>\n\t\t\t<\/div><!-- .entry-content -->\n\n\t\t\t<footer class=\"entry-footer\">\n\t\t\t\t\t\t\t<div class=\"d-flex mt-2 mb-2\">\n\t\t\t\t\t\t\t\t<div>\n\t\t<span class=\"cat-links small\"><a href=\"https:\/\/www.gruene-mkk.de\/en\/category\/allgemein\/\" rel=\"category tag\">General<\/a><\/span>\n\t\t\t\t<\/div>\n\t\t\t<\/div>\n\t\t\n\t\t\t\t<div class=\"d-flex flex-row-reverse\">\n\t\t\t\t\t<a href=\"https:\/\/www.gruene-mkk.de\/en\/gruene-mkk-und-hanau-laden-zur-kneipentour-mit-tarek-al-wazir-und-robert-erkan-ein\/\" rel=\"bookmark\" class=\"continue-reading\">\n\t\t\t\t\tContinue reading\t\t\t\t<\/a>\n\t\t\t\t<\/div>\n\t\t\t<\/footer><!-- .entry-footer -->\n\t\t<\/div>\n\t<\/div>\n<\/article><!-- #post-1812 -->\n<\/div><div class=\"col-md-6\">\n<article id=\"post-1808\" class=\"bg-white mb-4 has-shadow post-1808 post type-post status-publish format-standard hentry category-allgemein\">\n\t<div class=\"\">\n\t\t\t\t<div class=\"p-45\">\n\t\t\t<header class=\"entry-header mb-2\">\n\t\t\t\t\t\t\t\t<h2 class=\"card-title h4 mb-3\"><a href=\"https:\/\/www.gruene-mkk.de\/en\/stellungnahme-zur-pm-der-freien-waehler-neuberg\/\" rel=\"bookmark\">Statement on the PM of the Free Voters Neuberg<\/a><\/h2>\t\t\t\t\t<div class=\"entry-meta mb-3\">\n\t\t\t\t\t\t<span class=\"posted-on\"><time class=\"entry-date published\" datetime=\"2023-10-05T13:35:01+02:00\">5 October 2023<\/time><time class=\"updated\" datetime=\"2023-10-23T13:45:44+02:00\">23 October 2023<\/time><\/span>\t\t\t\t\t<\/div><!-- .entry-meta -->\n\t\t\t\t\t\t\t\t<\/header><!-- .entry-header -->\n\n\t\t\t<div class=\"entry-content\">\n\t\t\t\t<a href=\"https:\/\/www.gruene-mkk.de\/en\/stellungnahme-zur-pm-der-freien-waehler-neuberg\/\" rel=\"bookmark\">\n\t\t\t\t<p>The district board of the Greens Main-Kinzig is \u2018surprised\u2019 by a press release from the Free Voters of Neuberg. In this it says that the local association of the Greens dissolved and to a foundation [...]<\/p>\n\t\t\t\t<\/a>\n\t\t\t<\/div><!-- .entry-content -->\n\n\t\t\t<footer class=\"entry-footer\">\n\t\t\t\t\t\t\t<div class=\"d-flex mt-2 mb-2\">\n\t\t\t\t\t\t\t\t<div>\n\t\t<span class=\"cat-links small\"><a href=\"https:\/\/www.gruene-mkk.de\/en\/category\/allgemein\/\" rel=\"category tag\">General<\/a><\/span>\n\t\t\t\t<\/div>\n\t\t\t<\/div>\n\t\t\n\t\t\t\t<div class=\"d-flex flex-row-reverse\">\n\t\t\t\t\t<a href=\"https:\/\/www.gruene-mkk.de\/en\/stellungnahme-zur-pm-der-freien-waehler-neuberg\/\" rel=\"bookmark\" class=\"continue-reading\">\n\t\t\t\t\tContinue reading\t\t\t\t<\/a>\n\t\t\t\t<\/div>\n\t\t\t<\/footer><!-- .entry-footer -->\n\t\t<\/div>\n\t<\/div>\n<\/article><!-- #post-1808 -->\n<\/div><div class=\"col-md-6\">\n<article id=\"post-1815\" class=\"bg-white mb-4 has-shadow post-1815 post type-post status-publish format-standard has-post-thumbnail hentry category-allgemein\">\n\t<div class=\"\">\n\t\t\t\t\t<div class=\"\">\n\t\t\t\t<a href=\"https:\/\/www.gruene-mkk.de\/en\/demokratie-braucht-kultur-zum-atmen\/\" aria-label=\"Post thumbnail\" rel=\"bookmark\">\n\t\t\t\t\t\t\t\t<img loading=\"lazy\" decoding=\"async\" width=\"768\" height=\"739\" src=\"https:\/\/www.gruene-mkk.de\/wp-content\/uploads\/2023\/10\/gruene-schluechtern-768x739.jpg\" class=\"post-thumbnail wp-post-image\" alt=\"&quot;Democracy needs culture to breathe&quot;\" \/>\n\n\t\t\t\t\t\t\t<\/a>\n\t\t\t<\/div>\n\t\t\t\t\t<div class=\"p-45\">\n\t\t\t<header class=\"entry-header mb-2\">\n\t\t\t\t\t\t\t\t<h2 class=\"card-title h4 mb-3\"><a href=\"https:\/\/www.gruene-mkk.de\/en\/demokratie-braucht-kultur-zum-atmen\/\" rel=\"bookmark\">\"Democracy needs culture to breathe\"<\/a><\/h2>\t\t\t\t\t<div class=\"entry-meta mb-3\">\n\t\t\t\t\t\t<span class=\"posted-on\"><time class=\"entry-date published\" datetime=\"2023-10-04T13:41:06+02:00\">4 October 2023<\/time><time class=\"updated\" datetime=\"2023-10-23T13:45:55+02:00\">23 October 2023<\/time><\/span>\t\t\t\t\t<\/div><!-- .entry-meta -->\n\t\t\t\t\t\t\t\t<\/header><!-- .entry-header -->\n\n\t\t\t<div class=\"entry-content\">\n\t\t\t\t<a href=\"https:\/\/www.gruene-mkk.de\/en\/demokratie-braucht-kultur-zum-atmen\/\" rel=\"bookmark\">\n\t\t\t\t<p>Green shy people invited to the Theatrium Steinau. On 3 October, the Greens invited Schl\u00fcchtern to the roundtable \u2018Does democracy need culture to breathe?\u2019, with Angela Dorn, Minister of Culture and Science in Hesse, G\u00fcnther [...]<\/p>\n\t\t\t\t<\/a>\n\t\t\t<\/div><!-- .entry-content -->\n\n\t\t\t<footer class=\"entry-footer\">\n\t\t\t\t\t\t\t<div class=\"d-flex mt-2 mb-2\">\n\t\t\t\t\t\t\t\t<div>\n\t\t<span class=\"cat-links small\"><a href=\"https:\/\/www.gruene-mkk.de\/en\/category\/allgemein\/\" rel=\"category tag\">General<\/a><\/span>\n\t\t\t\t<\/div>\n\t\t\t<\/div>\n\t\t\n\t\t\t\t<div class=\"d-flex flex-row-reverse\">\n\t\t\t\t\t<a href=\"https:\/\/www.gruene-mkk.de\/en\/demokratie-braucht-kultur-zum-atmen\/\" rel=\"bookmark\" class=\"continue-reading\">\n\t\t\t\t\tContinue reading\t\t\t\t<\/a>\n\t\t\t\t<\/div>\n\t\t\t<\/footer><!-- .entry-footer -->\n\t\t<\/div>\n\t<\/div>\n<\/article><!-- #post-1815 -->\n<\/div><div class=\"col-md-6\">\n<article id=\"post-1785\" class=\"bg-white mb-4 has-shadow post-1785 post type-post status-publish format-standard hentry category-allgemein\">\n\t<div class=\"\">\n\t\t\t\t<div class=\"p-45\">\n\t\t\t<header class=\"entry-header mb-2\">\n\t\t\t\t\t\t\t\t<h2 class=\"card-title h4 mb-3\"><a href=\"https:\/\/www.gruene-mkk.de\/en\/einladung-zum-themenabend-frauen-gestalten-politik\/\" rel=\"bookmark\">Invitation to the theme evening \"Women shaping politics\"<\/a><\/h2>\t\t\t\t\t<div class=\"entry-meta mb-3\">\n\t\t\t\t\t\t<span class=\"posted-on\"><time class=\"entry-date published\" datetime=\"2023-09-28T12:15:49+02:00\">28 September 2023<\/time><time class=\"updated\" datetime=\"2023-10-23T13:46:20+02:00\">23 October 2023<\/time><\/span>\t\t\t\t\t<\/div><!-- .entry-meta -->\n\t\t\t\t\t\t\t\t<\/header><!-- .entry-header -->\n\n\t\t\t<div class=\"entry-content\">\n\t\t\t\t<a href=\"https:\/\/www.gruene-mkk.de\/en\/einladung-zum-themenabend-frauen-gestalten-politik\/\" rel=\"bookmark\">\n\t\t\t\t<p>We cordially invite you on Thursday, October 12th. 2023 at 7 pm in the office (Calvinstra\u00dfe 10, 63450 Hanau) for an inspiring and empowering evening where we [...]<\/p>\n\t\t\t\t<\/a>\n\t\t\t<\/div><!-- .entry-content -->\n\n\t\t\t<footer class=\"entry-footer\">\n\t\t\t\t\t\t\t<div class=\"d-flex mt-2 mb-2\">\n\t\t\t\t\t\t\t\t<div>\n\t\t<span class=\"cat-links small\"><a href=\"https:\/\/www.gruene-mkk.de\/en\/category\/allgemein\/\" rel=\"category tag\">General<\/a><\/span>\n\t\t\t\t<\/div>\n\t\t\t<\/div>\n\t\t\n\t\t\t\t<div class=\"d-flex flex-row-reverse\">\n\t\t\t\t\t<a href=\"https:\/\/www.gruene-mkk.de\/en\/einladung-zum-themenabend-frauen-gestalten-politik\/\" rel=\"bookmark\" class=\"continue-reading\">\n\t\t\t\t\tContinue reading\t\t\t\t<\/a>\n\t\t\t\t<\/div>\n\t\t\t<\/footer><!-- .entry-footer -->\n\t\t<\/div>\n\t<\/div>\n<\/article><!-- #post-1785 -->\n<\/div><div class=\"col-md-6\">\n<article id=\"post-1828\" class=\"bg-white mb-4 has-shadow post-1828 post type-post status-publish format-standard hentry category-allgemein\">\n\t<div class=\"\">\n\t\t\t\t<div class=\"p-45\">\n\t\t\t<header class=\"entry-header mb-2\">\n\t\t\t\t\t\t\t\t<h2 class=\"card-title h4 mb-3\"><a href=\"https:\/\/www.gruene-mkk.de\/en\/gruene-mkk-setzen-auf-spannende-impulse-und-mitgliederbeteiligung\/\" rel=\"bookmark\">Green MKK rely on exciting impulses and membership participation<\/a><\/h2>\t\t\t\t\t<div class=\"entry-meta mb-3\">\n\t\t\t\t\t\t<span class=\"posted-on\"><time class=\"entry-date published\" datetime=\"2023-09-15T13:51:43+02:00\">15 September 2023<\/time><time class=\"updated\" datetime=\"2023-10-23T13:52:39+02:00\">23 October 2023<\/time><\/span>\t\t\t\t\t<\/div><!-- .entry-meta -->\n\t\t\t\t\t\t\t\t<\/header><!-- .entry-header -->\n\n\t\t\t<div class=\"entry-content\">\n\t\t\t\t<a href=\"https:\/\/www.gruene-mkk.de\/en\/gruene-mkk-setzen-auf-spannende-impulse-und-mitgliederbeteiligung\/\" rel=\"bookmark\">\n\t\t\t\t<p>In the middle of the election campaign, the Green MKK gathered for its district members' meeting on Tuesday in the Willi-Salzmann-Halle in Nidderau. The event provided the members with interesting impulses on the subject of agriculture as well as exciting [...]<\/p>\n\t\t\t\t<\/a>\n\t\t\t<\/div><!-- .entry-content -->\n\n\t\t\t<footer class=\"entry-footer\">\n\t\t\t\t\t\t\t<div class=\"d-flex mt-2 mb-2\">\n\t\t\t\t\t\t\t\t<div>\n\t\t<span class=\"cat-links small\"><a href=\"https:\/\/www.gruene-mkk.de\/en\/category\/allgemein\/\" rel=\"category tag\">General<\/a><\/span>\n\t\t\t\t<\/div>\n\t\t\t<\/div>\n\t\t\n\t\t\t\t<div class=\"d-flex flex-row-reverse\">\n\t\t\t\t\t<a href=\"https:\/\/www.gruene-mkk.de\/en\/gruene-mkk-setzen-auf-spannende-impulse-und-mitgliederbeteiligung\/\" rel=\"bookmark\" class=\"continue-reading\">\n\t\t\t\t\tContinue reading\t\t\t\t<\/a>\n\t\t\t\t<\/div>\n\t\t\t<\/footer><!-- .entry-footer -->\n\t\t<\/div>\n\t<\/div>\n<\/article><!-- #post-1828 -->\n<\/div><div class=\"col-md-6\">\n<article id=\"post-1819\" class=\"bg-white mb-4 has-shadow post-1819 post type-post status-publish format-standard has-post-thumbnail hentry category-allgemein\">\n\t<div class=\"\">\n\t\t\t\t\t<div class=\"\">\n\t\t\t\t<a href=\"https:\/\/www.gruene-mkk.de\/en\/auf-einen-ebbelwoi-mit-omid-nouripour-gruene-mkk-und-hanau-laden-zum-austausch-nach-hanau-ein\/\" aria-label=\"Post thumbnail\" rel=\"bookmark\">\n\t\t\t\t\t\t\t\t<img loading=\"lazy\" decoding=\"async\" width=\"768\" height=\"512\" src=\"https:\/\/www.gruene-mkk.de\/wp-content\/uploads\/2023\/09\/20230913_Omid-Nouripour-in-Hanau-768x512.jpg\" class=\"post-thumbnail wp-post-image\" alt=\"\u2018On an Ebbelwoi with Omid Nouripour\u2019: Green MKK and Hanau invite you to exchange ideas in Hanau\" \/>\n\n\t\t\t\t\t\t\t<\/a>\n\t\t\t<\/div>\n\t\t\t\t\t<div class=\"p-45\">\n\t\t\t<header class=\"entry-header mb-2\">\n\t\t\t\t\t\t\t\t<h2 class=\"card-title h4 mb-3\"><a href=\"https:\/\/www.gruene-mkk.de\/en\/auf-einen-ebbelwoi-mit-omid-nouripour-gruene-mkk-und-hanau-laden-zum-austausch-nach-hanau-ein\/\" rel=\"bookmark\">\u2018On an Ebbelwoi with Omid Nouripour\u2019: Green MKK and Hanau invite you to exchange ideas in Hanau<\/a><\/h2>\t\t\t\t\t<div class=\"entry-meta mb-3\">\n\t\t\t\t\t\t<span class=\"posted-on\"><time class=\"entry-date published\" datetime=\"2023-09-15T13:42:24+02:00\">15 September 2023<\/time><time class=\"updated\" datetime=\"2023-10-23T13:44:40+02:00\">23 October 2023<\/time><\/span>\t\t\t\t\t<\/div><!-- .entry-meta -->\n\t\t\t\t\t\t\t\t<\/header><!-- .entry-header -->\n\n\t\t\t<div class=\"entry-content\">\n\t\t\t\t<a href=\"https:\/\/www.gruene-mkk.de\/en\/auf-einen-ebbelwoi-mit-omid-nouripour-gruene-mkk-und-hanau-laden-zum-austausch-nach-hanau-ein\/\" rel=\"bookmark\">\n\t\t\t\t<p>On Wednesday, the Greens invited MKK and Hanau to a cozy evening in the Kanne Ebbelwoi in Hanau. Under the motto \u2018To an Ebbelwoi with Omid Nouripour\u2019, the [...]<\/p>\n\t\t\t\t<\/a>\n\t\t\t<\/div><!-- .entry-content -->\n\n\t\t\t<footer class=\"entry-footer\">\n\t\t\t\t\t\t\t<div class=\"d-flex mt-2 mb-2\">\n\t\t\t\t\t\t\t\t<div>\n\t\t<span class=\"cat-links small\"><a href=\"https:\/\/www.gruene-mkk.de\/en\/category\/allgemein\/\" rel=\"category tag\">General<\/a><\/span>\n\t\t\t\t<\/div>\n\t\t\t<\/div>\n\t\t\n\t\t\t\t<div class=\"d-flex flex-row-reverse\">\n\t\t\t\t\t<a href=\"https:\/\/www.gruene-mkk.de\/en\/auf-einen-ebbelwoi-mit-omid-nouripour-gruene-mkk-und-hanau-laden-zum-austausch-nach-hanau-ein\/\" rel=\"bookmark\" class=\"continue-reading\">\n\t\t\t\t\tContinue reading\t\t\t\t<\/a>\n\t\t\t\t<\/div>\n\t\t\t<\/footer><!-- .entry-footer -->\n\t\t<\/div>\n\t<\/div>\n<\/article><!-- #post-1819 -->\n<\/div><div class=\"col-md-6\">\n<article id=\"post-1826\" class=\"bg-white mb-4 has-shadow post-1826 post type-post status-publish format-standard hentry category-allgemein\">\n\t<div class=\"\">\n\t\t\t\t<div class=\"p-45\">\n\t\t\t<header class=\"entry-header mb-2\">\n\t\t\t\t\t\t\t\t<h2 class=\"card-title h4 mb-3\"><a href=\"https:\/\/www.gruene-mkk.de\/en\/townhall-mit-tarek-al-wazir-und-den-drei-direktkandidaten-im-mkk-markiert-erfolgreichen-wahlkampf-auftakt\/\" rel=\"bookmark\">Townhall with Tarek Al-Wazir and the three direct candidates in the MKK marks successful campaign launch<\/a><\/h2>\t\t\t\t\t<div class=\"entry-meta mb-3\">\n\t\t\t\t\t\t<span class=\"posted-on\"><time class=\"entry-date published\" datetime=\"2023-08-27T13:49:29+02:00\">27 August 2023<\/time><time class=\"updated\" datetime=\"2023-10-23T13:50:11+02:00\">23 October 2023<\/time><\/span>\t\t\t\t\t<\/div><!-- .entry-meta -->\n\t\t\t\t\t\t\t\t<\/header><!-- .entry-header -->\n\n\t\t\t<div class=\"entry-content\">\n\t\t\t\t<a href=\"https:\/\/www.gruene-mkk.de\/en\/townhall-mit-tarek-al-wazir-und-den-drei-direktkandidaten-im-mkk-markiert-erfolgreichen-wahlkampf-auftakt\/\" rel=\"bookmark\">\n\t\t\t\t<p>The Green Spitzenkandidat for the office of prime minister could not have planned his visit more appropriately \u2013 on the weekend, when the first posters were already hung in some municipalities, [...]<\/p>\n\t\t\t\t<\/a>\n\t\t\t<\/div><!-- .entry-content -->\n\n\t\t\t<footer class=\"entry-footer\">\n\t\t\t\t\t\t\t<div class=\"d-flex mt-2 mb-2\">\n\t\t\t\t\t\t\t\t<div>\n\t\t<span class=\"cat-links small\"><a href=\"https:\/\/www.gruene-mkk.de\/en\/category\/allgemein\/\" rel=\"category tag\">General<\/a><\/span>\n\t\t\t\t<\/div>\n\t\t\t<\/div>\n\t\t\n\t\t\t\t<div class=\"d-flex flex-row-reverse\">\n\t\t\t\t\t<a href=\"https:\/\/www.gruene-mkk.de\/en\/townhall-mit-tarek-al-wazir-und-den-drei-direktkandidaten-im-mkk-markiert-erfolgreichen-wahlkampf-auftakt\/\" rel=\"bookmark\" class=\"continue-reading\">\n\t\t\t\t\tContinue reading\t\t\t\t<\/a>\n\t\t\t\t<\/div>\n\t\t\t<\/footer><!-- .entry-footer -->\n\t\t<\/div>\n\t<\/div>\n<\/article><!-- #post-1826 -->\n<\/div><div class=\"col-md-6\">\n<article id=\"post-1684\" class=\"bg-white mb-4 has-shadow post-1684 post type-post status-publish format-standard has-post-thumbnail hentry category-allgemein\">\n\t<div class=\"\">\n\t\t\t\t\t<div class=\"\">\n\t\t\t\t<a href=\"https:\/\/www.gruene-mkk.de\/en\/gesellschaftlicher-zusammenhalt-britta-hasselmann-besucht-spielmobil-und-initiativen-in-hanau\/\" aria-label=\"Post thumbnail\" rel=\"bookmark\">\n\t\t\t\t\t\t\t\t<img loading=\"lazy\" decoding=\"async\" width=\"768\" height=\"512\" src=\"https:\/\/www.gruene-mkk.de\/wp-content\/uploads\/2023\/07\/Foto-19.07.23-10-24-06-1-768x512.jpg\" class=\"post-thumbnail wp-post-image\" alt=\"&quot;Societal cohesion&quot; - Britta Ha\u00dfelmann visits Spielmobil and initiatives in Hanau\" \/>\n\n\t\t\t\t\t\t\t<\/a>\n\t\t\t<\/div>\n\t\t\t\t\t<div class=\"p-45\">\n\t\t\t<header class=\"entry-header mb-2\">\n\t\t\t\t\t\t\t\t<h2 class=\"card-title h4 mb-3\"><a href=\"https:\/\/www.gruene-mkk.de\/en\/gesellschaftlicher-zusammenhalt-britta-hasselmann-besucht-spielmobil-und-initiativen-in-hanau\/\" rel=\"bookmark\">\"Societal cohesion\" - Britta Ha\u00dfelmann visits Spielmobil and initiatives in Hanau<\/a><\/h2>\t\t\t\t\t<div class=\"entry-meta mb-3\">\n\t\t\t\t\t\t<span class=\"posted-on\"><time class=\"entry-date published\" datetime=\"2023-07-24T16:35:53+02:00\">24 July 2023<\/time><time class=\"updated\" datetime=\"2023-07-24T16:35:54+02:00\">24 July 2023<\/time><\/span>\t\t\t\t\t<\/div><!-- .entry-meta -->\n\t\t\t\t\t\t\t\t<\/header><!-- .entry-header -->\n\n\t\t\t<div class=\"entry-content\">\n\t\t\t\t<a href=\"https:\/\/www.gruene-mkk.de\/en\/gesellschaftlicher-zusammenhalt-britta-hasselmann-besucht-spielmobil-und-initiativen-in-hanau\/\" rel=\"bookmark\">\n\t\t\t\t<p>Under the motto \u2018Social cohesion\u2019, Britta Ha\u00dfelmann, leader of the parliamentary group in the Bundestag, visited the city of Hanau on 19 July 2023. At the invitation of the Green MKK, she received a comprehensive insight into [...]<\/p>\n\t\t\t\t<\/a>\n\t\t\t<\/div><!-- .entry-content -->\n\n\t\t\t<footer class=\"entry-footer\">\n\t\t\t\t\t\t\t<div class=\"d-flex mt-2 mb-2\">\n\t\t\t\t\t\t\t\t<div>\n\t\t<span class=\"cat-links small\"><a href=\"https:\/\/www.gruene-mkk.de\/en\/category\/allgemein\/\" rel=\"category tag\">General<\/a><\/span>\n\t\t\t\t<\/div>\n\t\t\t<\/div>\n\t\t\n\t\t\t\t<div class=\"d-flex flex-row-reverse\">\n\t\t\t\t\t<a href=\"https:\/\/www.gruene-mkk.de\/en\/gesellschaftlicher-zusammenhalt-britta-hasselmann-besucht-spielmobil-und-initiativen-in-hanau\/\" rel=\"bookmark\" class=\"continue-reading\">\n\t\t\t\t\tContinue reading\t\t\t\t<\/a>\n\t\t\t\t<\/div>\n\t\t\t<\/footer><!-- .entry-footer -->\n\t\t<\/div>\n\t<\/div>\n<\/article><!-- #post-1684 -->\n<\/div><div class=\"col-md-6\">\n<article id=\"post-1681\" class=\"bg-white mb-4 has-shadow post-1681 post type-post status-publish format-standard has-post-thumbnail hentry category-allgemein\">\n\t<div class=\"\">\n\t\t\t\t\t<div class=\"\">\n\t\t\t\t<a href=\"https:\/\/www.gruene-mkk.de\/en\/gruene-mkk-enthuellen-plakate-fuer-den-landtagswahlkampf-auf-ihrem-sommerfest\/\" aria-label=\"Post thumbnail\" rel=\"bookmark\">\n\t\t\t\t\t\t\t\t<img loading=\"lazy\" decoding=\"async\" width=\"768\" height=\"456\" src=\"https:\/\/www.gruene-mkk.de\/wp-content\/uploads\/2023\/07\/Pressemotiv_01-768x456.png\" class=\"post-thumbnail wp-post-image\" alt=\"Green MKK unveil posters for the state election campaign at their summer party\" \/>\n\n\t\t\t\t\t\t\t<\/a>\n\t\t\t<\/div>\n\t\t\t\t\t<div class=\"p-45\">\n\t\t\t<header class=\"entry-header mb-2\">\n\t\t\t\t\t\t\t\t<h2 class=\"card-title h4 mb-3\"><a href=\"https:\/\/www.gruene-mkk.de\/en\/gruene-mkk-enthuellen-plakate-fuer-den-landtagswahlkampf-auf-ihrem-sommerfest\/\" rel=\"bookmark\">Green MKK unveil posters for the state election campaign at their summer party<\/a><\/h2>\t\t\t\t\t<div class=\"entry-meta mb-3\">\n\t\t\t\t\t\t<span class=\"posted-on\"><time class=\"entry-date published\" datetime=\"2023-07-21T11:02:24+02:00\">21 July 2023<\/time><time class=\"updated\" datetime=\"2023-07-21T11:02:26+02:00\">21 July 2023<\/time><\/span>\t\t\t\t\t<\/div><!-- .entry-meta -->\n\t\t\t\t\t\t\t\t<\/header><!-- .entry-header -->\n\n\t\t\t<div class=\"entry-content\">\n\t\t\t\t<a href=\"https:\/\/www.gruene-mkk.de\/en\/gruene-mkk-enthuellen-plakate-fuer-den-landtagswahlkampf-auf-ihrem-sommerfest\/\" rel=\"bookmark\">\n\t\t\t\t<p>The Greens MKK are ready for the election campaign \u2013 At their summer party last Saturday in Wasserburg, Erlensee, the posters for the upcoming election campaign for the Hessian state election 2023 [...]<\/p>\n\t\t\t\t<\/a>\n\t\t\t<\/div><!-- .entry-content -->\n\n\t\t\t<footer class=\"entry-footer\">\n\t\t\t\t\t\t\t<div class=\"d-flex mt-2 mb-2\">\n\t\t\t\t\t\t\t\t<div>\n\t\t<span class=\"cat-links small\"><a href=\"https:\/\/www.gruene-mkk.de\/en\/category\/allgemein\/\" rel=\"category tag\">General<\/a><\/span>\n\t\t\t\t<\/div>\n\t\t\t<\/div>\n\t\t\n\t\t\t\t<div class=\"d-flex flex-row-reverse\">\n\t\t\t\t\t<a href=\"https:\/\/www.gruene-mkk.de\/en\/gruene-mkk-enthuellen-plakate-fuer-den-landtagswahlkampf-auf-ihrem-sommerfest\/\" rel=\"bookmark\" class=\"continue-reading\">\n\t\t\t\t\tContinue reading\t\t\t\t<\/a>\n\t\t\t\t<\/div>\n\t\t\t<\/footer><!-- .entry-footer -->\n\t\t<\/div>\n\t<\/div>\n<\/article><!-- #post-1681 -->\n<\/div><div class=\"col-md-6\">\n<article id=\"post-1651\" class=\"bg-white mb-4 has-shadow post-1651 post type-post status-publish format-standard has-post-thumbnail hentry category-allgemein\">\n\t<div class=\"\">\n\t\t\t\t\t<div class=\"\">\n\t\t\t\t<a href=\"https:\/\/www.gruene-mkk.de\/en\/buergermeisterwahl-in-gelnhausen\/\" aria-label=\"Post thumbnail\" rel=\"bookmark\">\n\t\t\t\t\t\t\t\t<img loading=\"lazy\" decoding=\"async\" width=\"768\" height=\"801\" src=\"https:\/\/www.gruene-mkk.de\/wp-content\/uploads\/2023\/06\/Rathaus_Gelnhausen-768x801.jpg\" class=\"post-thumbnail wp-post-image\" alt=\"Mayoral elections in Gelnhausen\" \/>\n\n\t\t\t\t\t\t\t<\/a>\n\t\t\t<\/div>\n\t\t\t\t\t<div class=\"p-45\">\n\t\t\t<header class=\"entry-header mb-2\">\n\t\t\t\t\t\t\t\t<h2 class=\"card-title h4 mb-3\"><a href=\"https:\/\/www.gruene-mkk.de\/en\/buergermeisterwahl-in-gelnhausen\/\" rel=\"bookmark\">Mayoral elections in Gelnhausen<\/a><\/h2>\t\t\t\t\t<div class=\"entry-meta mb-3\">\n\t\t\t\t\t\t<span class=\"posted-on\"><time class=\"entry-date published\" datetime=\"2023-06-05T09:22:07+02:00\">5 June 2023<\/time><time class=\"updated\" datetime=\"2023-06-05T09:24:39+02:00\">5 June 2023<\/time><\/span>\t\t\t\t\t<\/div><!-- .entry-meta -->\n\t\t\t\t\t\t\t\t<\/header><!-- .entry-header -->\n\n\t\t\t<div class=\"entry-content\">\n\t\t\t\t<a href=\"https:\/\/www.gruene-mkk.de\/en\/buergermeisterwahl-in-gelnhausen\/\" rel=\"bookmark\">\n\t\t\t\t<p>Today Gelnhausen was marked by an important democratic decision: the run-off election to the mayor. Two dedicated candidates took part in the citizens' vote. Jakob M\u00e4hler, our candidate [...]<\/p>\n\t\t\t\t<\/a>\n\t\t\t<\/div><!-- .entry-content -->\n\n\t\t\t<footer class=\"entry-footer\">\n\t\t\t\t\t\t\t<div class=\"d-flex mt-2 mb-2\">\n\t\t\t\t\t\t\t\t<div>\n\t\t<span class=\"cat-links small\"><a href=\"https:\/\/www.gruene-mkk.de\/en\/category\/allgemein\/\" rel=\"category tag\">General<\/a><\/span>\n\t\t\t\t<\/div>\n\t\t\t<\/div>\n\t\t\n\t\t\t\t<div class=\"d-flex flex-row-reverse\">\n\t\t\t\t\t<a href=\"https:\/\/www.gruene-mkk.de\/en\/buergermeisterwahl-in-gelnhausen\/\" rel=\"bookmark\" class=\"continue-reading\">\n\t\t\t\t\tContinue reading\t\t\t\t<\/a>\n\t\t\t\t<\/div>\n\t\t\t<\/footer><!-- .entry-footer -->\n\t\t<\/div>\n\t<\/div>\n<\/article><!-- #post-1651 -->\n<\/div><div class=\"col-md-6\">\n<article id=\"post-1647\" class=\"bg-white mb-4 has-shadow post-1647 post type-post status-publish format-standard hentry category-allgemein\">\n\t<div class=\"\">\n\t\t\t\t<div class=\"p-45\">\n\t\t\t<header class=\"entry-header mb-2\">\n\t\t\t\t\t\t\t\t<h2 class=\"card-title h4 mb-3\"><a href=\"https:\/\/www.gruene-mkk.de\/en\/wahlen-das-bestimmende-thema-der-kmv-im-mai\/\" rel=\"bookmark\">Elections \u2013 the defining theme of the KMV in May<\/a><\/h2>\t\t\t\t\t<div class=\"entry-meta mb-3\">\n\t\t\t\t\t\t<span class=\"posted-on\"><time class=\"entry-date published\" datetime=\"2023-05-23T16:25:37+02:00\">23 May 2023<\/time><time class=\"updated\" datetime=\"2024-09-05T14:26:58+02:00\">5 September 2024<\/time><\/span>\t\t\t\t\t<\/div><!-- .entry-meta -->\n\t\t\t\t\t\t\t\t<\/header><!-- .entry-header -->\n\n\t\t\t<div class=\"entry-content\">\n\t\t\t\t<a href=\"https:\/\/www.gruene-mkk.de\/en\/wahlen-das-bestimmende-thema-der-kmv-im-mai\/\" rel=\"bookmark\">\n\t\t\t\t<p>Elections of various kinds were the focus of the district members\u2019 assembly on 10 May 2023 at the Dorfgemeinschaftshaus-Hailer in Gelnhausen, in which numerous members of the Green MKK participated both locally and digitally. [...]<\/p>\n\t\t\t\t<\/a>\n\t\t\t<\/div><!-- .entry-content -->\n\n\t\t\t<footer class=\"entry-footer\">\n\t\t\t\t\t\t\t<div class=\"d-flex mt-2 mb-2\">\n\t\t\t\t\t\t\t\t<div>\n\t\t<span class=\"cat-links small\"><a href=\"https:\/\/www.gruene-mkk.de\/en\/category\/allgemein\/\" rel=\"category tag\">General<\/a><\/span>\n\t\t\t\t<\/div>\n\t\t\t<\/div>\n\t\t\n\t\t\t\t<div class=\"d-flex flex-row-reverse\">\n\t\t\t\t\t<a href=\"https:\/\/www.gruene-mkk.de\/en\/wahlen-das-bestimmende-thema-der-kmv-im-mai\/\" rel=\"bookmark\" class=\"continue-reading\">\n\t\t\t\t\tContinue reading\t\t\t\t<\/a>\n\t\t\t\t<\/div>\n\t\t\t<\/footer><!-- .entry-footer -->\n\t\t<\/div>\n\t<\/div>\n<\/article><!-- #post-1647 -->\n<\/div><div class=\"col-md-6\">\n<article id=\"post-1639\" class=\"bg-white mb-4 has-shadow post-1639 post type-post status-publish format-standard has-post-thumbnail hentry category-allgemein\">\n\t<div class=\"\">\n\t\t\t\t\t<div class=\"\">\n\t\t\t\t<a href=\"https:\/\/www.gruene-mkk.de\/en\/arbeitsgemeinschaft-60-von-buendnis-90-die-gruenen-im-main-kinzig-kreis-diskutieren-die-politischen-themen-der-aelteren-generationen\/\" aria-label=\"Post thumbnail\" rel=\"bookmark\">\n\t\t\t\t\t\t\t\t<img loading=\"lazy\" decoding=\"async\" width=\"768\" height=\"576\" src=\"https:\/\/www.gruene-mkk.de\/wp-content\/uploads\/2023\/05\/20230513_120258-768x576.jpg\" class=\"post-thumbnail wp-post-image\" alt=\"Working Group 60+ of B\u00fcndnis 90\/Die Gr\u00fcnen in the Main-Kinzig-Kreis discuss the political issues of the older generations\" \/>\n\n\t\t\t\t\t\t\t<\/a>\n\t\t\t<\/div>\n\t\t\t\t\t<div class=\"p-45\">\n\t\t\t<header class=\"entry-header mb-2\">\n\t\t\t\t\t\t\t\t<h2 class=\"card-title h4 mb-3\"><a href=\"https:\/\/www.gruene-mkk.de\/en\/arbeitsgemeinschaft-60-von-buendnis-90-die-gruenen-im-main-kinzig-kreis-diskutieren-die-politischen-themen-der-aelteren-generationen\/\" rel=\"bookmark\">Working Group 60+ of B\u00fcndnis 90\/Die Gr\u00fcnen in the Main-Kinzig-Kreis discuss the political issues of the older generations<\/a><\/h2>\t\t\t\t\t<div class=\"entry-meta mb-3\">\n\t\t\t\t\t\t<span class=\"posted-on\"><time class=\"entry-date published\" datetime=\"2023-05-23T16:21:52+02:00\">23 May 2023<\/time><time class=\"updated\" datetime=\"2023-05-23T16:22:54+02:00\">23 May 2023<\/time><\/span>\t\t\t\t\t<\/div><!-- .entry-meta -->\n\t\t\t\t\t\t\t\t<\/header><!-- .entry-header -->\n\n\t\t\t<div class=\"entry-content\">\n\t\t\t\t<a href=\"https:\/\/www.gruene-mkk.de\/en\/arbeitsgemeinschaft-60-von-buendnis-90-die-gruenen-im-main-kinzig-kreis-diskutieren-die-politischen-themen-der-aelteren-generationen\/\" rel=\"bookmark\">\n\t\t\t\t<p>When are you old? In Germany, young people find all people over the age of 60. The self-assessment of the elderly is probably much higher, at a good 69. But it is not more important [...]<\/p>\n\t\t\t\t<\/a>\n\t\t\t<\/div><!-- .entry-content -->\n\n\t\t\t<footer class=\"entry-footer\">\n\t\t\t\t\t\t\t<div class=\"d-flex mt-2 mb-2\">\n\t\t\t\t\t\t\t\t<div>\n\t\t<span class=\"cat-links small\"><a href=\"https:\/\/www.gruene-mkk.de\/en\/category\/allgemein\/\" rel=\"category tag\">General<\/a><\/span>\n\t\t\t\t<\/div>\n\t\t\t<\/div>\n\t\t\n\t\t\t\t<div class=\"d-flex flex-row-reverse\">\n\t\t\t\t\t<a href=\"https:\/\/www.gruene-mkk.de\/en\/arbeitsgemeinschaft-60-von-buendnis-90-die-gruenen-im-main-kinzig-kreis-diskutieren-die-politischen-themen-der-aelteren-generationen\/\" rel=\"bookmark\" class=\"continue-reading\">\n\t\t\t\t\tContinue reading\t\t\t\t<\/a>\n\t\t\t\t<\/div>\n\t\t\t<\/footer><!-- .entry-footer -->\n\t\t<\/div>\n\t<\/div>\n<\/article><!-- #post-1639 -->\n<\/div><div class=\"col-md-6\">\n<article id=\"post-1633\" class=\"bg-white mb-4 has-shadow post-1633 post type-post status-publish format-standard hentry category-allgemein\">\n\t<div class=\"\">\n\t\t\t\t<div class=\"p-45\">\n\t\t\t<header class=\"entry-header mb-2\">\n\t\t\t\t\t\t\t\t<h2 class=\"card-title h4 mb-3\"><a href=\"https:\/\/www.gruene-mkk.de\/en\/fruehstueck-der-gruenen-60-mkk\/\" rel=\"bookmark\">Breakfast of the Greens 60+ MKK<\/a><\/h2>\t\t\t\t\t<div class=\"entry-meta mb-3\">\n\t\t\t\t\t\t<span class=\"posted-on\"><time class=\"entry-date published\" datetime=\"2023-04-24T11:35:43+02:00\">24 April 2023<\/time><time class=\"updated\" datetime=\"2024-09-05T14:27:20+02:00\">5 September 2024<\/time><\/span>\t\t\t\t\t<\/div><!-- .entry-meta -->\n\t\t\t\t\t\t\t\t<\/header><!-- .entry-header -->\n\n\t\t\t<div class=\"entry-content\">\n\t\t\t\t<a href=\"https:\/\/www.gruene-mkk.de\/en\/fruehstueck-der-gruenen-60-mkk\/\" rel=\"bookmark\">\n\t\t\t\t<p>The meeting will take place on 13 May from 10 a.m. at Caf\u00e9 Im Garten Eden (Zeppelinstra\u00dfe 32, 63477 Maintal). It is possible to have breakfast at your own expense and [...]<\/p>\n\t\t\t\t<\/a>\n\t\t\t<\/div><!-- .entry-content -->\n\n\t\t\t<footer class=\"entry-footer\">\n\t\t\t\t\t\t\t<div class=\"d-flex mt-2 mb-2\">\n\t\t\t\t\t\t\t\t<div>\n\t\t<span class=\"cat-links small\"><a href=\"https:\/\/www.gruene-mkk.de\/en\/category\/allgemein\/\" rel=\"category tag\">General<\/a><\/span>\n\t\t\t\t<\/div>\n\t\t\t<\/div>\n\t\t\n\t\t\t\t<div class=\"d-flex flex-row-reverse\">\n\t\t\t\t\t<a href=\"https:\/\/www.gruene-mkk.de\/en\/fruehstueck-der-gruenen-60-mkk\/\" rel=\"bookmark\" class=\"continue-reading\">\n\t\t\t\t\tContinue reading\t\t\t\t<\/a>\n\t\t\t\t<\/div>\n\t\t\t<\/footer><!-- .entry-footer -->\n\t\t<\/div>\n\t<\/div>\n<\/article><!-- #post-1633 -->\n<\/div><div class=\"col-md-6\">\n<article id=\"post-1627\" class=\"bg-white mb-4 has-shadow post-1627 post type-post status-publish format-standard hentry category-allgemein\">\n\t<div class=\"\">\n\t\t\t\t<div class=\"p-45\">\n\t\t\t<header class=\"entry-header mb-2\">\n\t\t\t\t\t\t\t\t<h2 class=\"card-title h4 mb-3\"><a href=\"https:\/\/www.gruene-mkk.de\/en\/kommt-zum-neumitglieder-fruehstueck\/\" rel=\"bookmark\">Come to the new member's breakfast!<\/a><\/h2>\t\t\t\t\t<div class=\"entry-meta mb-3\">\n\t\t\t\t\t\t<span class=\"posted-on\"><time class=\"entry-date published\" datetime=\"2023-04-20T13:34:09+02:00\">20 April 2023<\/time><time class=\"updated\" datetime=\"2024-09-05T14:27:46+02:00\">5 September 2024<\/time><\/span>\t\t\t\t\t<\/div><!-- .entry-meta -->\n\t\t\t\t\t\t\t\t<\/header><!-- .entry-header -->\n\n\t\t\t<div class=\"entry-content\">\n\t\t\t\t<a href=\"https:\/\/www.gruene-mkk.de\/en\/kommt-zum-neumitglieder-fruehstueck\/\" rel=\"bookmark\">\n\t\t\t\t<p>We cordially invite you to our new member breakfast on Saturday, April 22nd at 10 a.m. in the office, Calvinstra\u00dfe 10, Hanau. We are happy to welcome every new and old member, [...]<\/p>\n\t\t\t\t<\/a>\n\t\t\t<\/div><!-- .entry-content -->\n\n\t\t\t<footer class=\"entry-footer\">\n\t\t\t\t\t\t\t<div class=\"d-flex mt-2 mb-2\">\n\t\t\t\t\t\t\t\t<div>\n\t\t<span class=\"cat-links small\"><a href=\"https:\/\/www.gruene-mkk.de\/en\/category\/allgemein\/\" rel=\"category tag\">General<\/a><\/span>\n\t\t\t\t<\/div>\n\t\t\t<\/div>\n\t\t\n\t\t\t\t<div class=\"d-flex flex-row-reverse\">\n\t\t\t\t\t<a href=\"https:\/\/www.gruene-mkk.de\/en\/kommt-zum-neumitglieder-fruehstueck\/\" rel=\"bookmark\" class=\"continue-reading\">\n\t\t\t\t\tContinue reading\t\t\t\t<\/a>\n\t\t\t\t<\/div>\n\t\t\t<\/footer><!-- .entry-footer -->\n\t\t<\/div>\n\t<\/div>\n<\/article><!-- #post-1627 -->\n<\/div><div class=\"col-md-6\">\n<article id=\"post-1604\" class=\"bg-white mb-4 has-shadow post-1604 post type-post status-publish format-standard has-post-thumbnail hentry category-allgemein\">\n\t<div class=\"\">\n\t\t\t\t\t<div class=\"\">\n\t\t\t\t<a href=\"https:\/\/www.gruene-mkk.de\/en\/die-freude-ist-gross-die-drei-direktkandidaten-des-mkk-haben-es-auf-die-liste-geschafft\/\" aria-label=\"Post thumbnail\" rel=\"bookmark\">\n\t\t\t\t\t\t\t\t<img loading=\"lazy\" decoding=\"async\" width=\"768\" height=\"432\" src=\"https:\/\/www.gruene-mkk.de\/wp-content\/uploads\/2023\/03\/unsere-direktkandidierende-fue2-768x432.png\" class=\"post-thumbnail wp-post-image\" alt=\"The joy is great \u2013 the three direct candidates of the MKK made it onto the list!\" \/>\n\n\t\t\t\t\t\t\t<\/a>\n\t\t\t<\/div>\n\t\t\t\t\t<div class=\"p-45\">\n\t\t\t<header class=\"entry-header mb-2\">\n\t\t\t\t\t\t\t\t<h2 class=\"card-title h4 mb-3\"><a href=\"https:\/\/www.gruene-mkk.de\/en\/die-freude-ist-gross-die-drei-direktkandidaten-des-mkk-haben-es-auf-die-liste-geschafft\/\" rel=\"bookmark\">The joy is great \u2013 the three direct candidates of the MKK made it onto the list!<\/a><\/h2>\t\t\t\t\t<div class=\"entry-meta mb-3\">\n\t\t\t\t\t\t<span class=\"posted-on\"><time class=\"entry-date published\" datetime=\"2023-03-01T17:39:07+01:00\">1 March 2023<\/time><time class=\"updated\" datetime=\"2023-03-01T17:39:09+01:00\">1 March 2023<\/time><\/span>\t\t\t\t\t<\/div><!-- .entry-meta -->\n\t\t\t\t\t\t\t\t<\/header><!-- .entry-header -->\n\n\t\t\t<div class=\"entry-content\">\n\t\t\t\t<a href=\"https:\/\/www.gruene-mkk.de\/en\/die-freude-ist-gross-die-drei-direktkandidaten-des-mkk-haben-es-auf-die-liste-geschafft\/\" rel=\"bookmark\">\n\t\t\t\t<p>At the largest Hessian party congress to date, which took place last weekend in Wetzlar, the three direct candidates of the MKK were placed by the Hessian GREENS on the country list for the state elections on [...]<\/p>\n\t\t\t\t<\/a>\n\t\t\t<\/div><!-- .entry-content -->\n\n\t\t\t<footer class=\"entry-footer\">\n\t\t\t\t\t\t\t<div class=\"d-flex mt-2 mb-2\">\n\t\t\t\t\t\t\t\t<div>\n\t\t<span class=\"cat-links small\"><a href=\"https:\/\/www.gruene-mkk.de\/en\/category\/allgemein\/\" rel=\"category tag\">General<\/a><\/span>\n\t\t\t\t<\/div>\n\t\t\t<\/div>\n\t\t\n\t\t\t\t<div class=\"d-flex flex-row-reverse\">\n\t\t\t\t\t<a href=\"https:\/\/www.gruene-mkk.de\/en\/die-freude-ist-gross-die-drei-direktkandidaten-des-mkk-haben-es-auf-die-liste-geschafft\/\" rel=\"bookmark\" class=\"continue-reading\">\n\t\t\t\t\tContinue reading\t\t\t\t<\/a>\n\t\t\t\t<\/div>\n\t\t\t<\/footer><!-- .entry-footer -->\n\t\t<\/div>\n\t<\/div>\n<\/article><!-- #post-1604 -->\n<\/div><div class=\"col-md-6\">\n<article id=\"post-1556\" class=\"bg-white mb-4 has-shadow post-1556 post type-post status-publish format-standard has-post-thumbnail hentry category-allgemein\">\n\t<div class=\"\">\n\t\t\t\t\t<div class=\"\">\n\t\t\t\t<a href=\"https:\/\/www.gruene-mkk.de\/en\/ministerin-dorn-zu-besuch-im-mkk\/\" aria-label=\"Post thumbnail\" rel=\"bookmark\">\n\t\t\t\t\t\t\t\t<img loading=\"lazy\" decoding=\"async\" width=\"768\" height=\"576\" src=\"https:\/\/www.gruene-mkk.de\/wp-content\/uploads\/2023\/02\/2023-02-10-18-23-44-1-768x576.jpg\" class=\"post-thumbnail wp-post-image\" alt=\"Minister Dorn visits the MKK\" \/>\n\n\t\t\t\t\t\t\t<\/a>\n\t\t\t<\/div>\n\t\t\t\t\t<div class=\"p-45\">\n\t\t\t<header class=\"entry-header mb-2\">\n\t\t\t\t\t\t\t\t<h2 class=\"card-title h4 mb-3\"><a href=\"https:\/\/www.gruene-mkk.de\/en\/ministerin-dorn-zu-besuch-im-mkk\/\" rel=\"bookmark\"><strong>Minister Dorn visits the MKK<\/strong><\/a><\/h2>\t\t\t\t\t<div class=\"entry-meta mb-3\">\n\t\t\t\t\t\t<span class=\"posted-on\"><time class=\"entry-date published\" datetime=\"2023-02-15T14:51:59+01:00\">15 February 2023<\/time><time class=\"updated\" datetime=\"2023-02-15T14:56:14+01:00\">15 February 2023<\/time><\/span>\t\t\t\t\t<\/div><!-- .entry-meta -->\n\t\t\t\t\t\t\t\t<\/header><!-- .entry-header -->\n\n\t\t\t<div class=\"entry-content\">\n\t\t\t\t<a href=\"https:\/\/www.gruene-mkk.de\/en\/ministerin-dorn-zu-besuch-im-mkk\/\" rel=\"bookmark\">\n\t\t\t\t<p>High visit to the Main-Kinzig district \u2013 the Hessian Minister of Science and Art, Angela Dorn, visited the cities of Bad Orb and Hanau last Friday. Her visit to the spa town was [...]<\/p>\n\t\t\t\t<\/a>\n\t\t\t<\/div><!-- .entry-content -->\n\n\t\t\t<footer class=\"entry-footer\">\n\t\t\t\t\t\t\t<div class=\"d-flex mt-2 mb-2\">\n\t\t\t\t\t\t\t\t<div>\n\t\t<span class=\"cat-links small\"><a href=\"https:\/\/www.gruene-mkk.de\/en\/category\/allgemein\/\" rel=\"category tag\">General<\/a><\/span>\n\t\t\t\t<\/div>\n\t\t\t<\/div>\n\t\t\n\t\t\t\t<div class=\"d-flex flex-row-reverse\">\n\t\t\t\t\t<a href=\"https:\/\/www.gruene-mkk.de\/en\/ministerin-dorn-zu-besuch-im-mkk\/\" rel=\"bookmark\" class=\"continue-reading\">\n\t\t\t\t\tContinue reading\t\t\t\t<\/a>\n\t\t\t\t<\/div>\n\t\t\t<\/footer><!-- .entry-footer -->\n\t\t<\/div>\n\t<\/div>\n<\/article><!-- #post-1556 -->\n<\/div>\n    <a class=\"text-white no-link d-block bg-primary has-green-550-hover-background-color border-radius\" href=\"https:\/\/www.gruene-mkk.de\/en?post_type=post\" rel=\"\">\n        <div class=\"p-45 row\">\n        <span class=\"continue-reading text-white text-center pt-0\">to the blog archive<\/span>\n        <\/div>\n    <\/a>\n<\/div><\/div><\/div>\n\n\n<div class=\"wp-block-group has-text-color has-background is-layout-flow wp-block-group-is-layout-flow\" style=\"color:#ffffff;background-color:#163c29\">\n<h2 class=\"wp-block-heading has-text-align-center h1\">Get Active<\/h2>\n\n\n\n<p class=\"has-text-align-center\">Support us to promote green content in the Main-Kinzig-Kreis, its municipalities but also at state and federal level!<\/p>\n\n\n\n<div class=\"wp-block-buttons is-horizontal is-content-justification-center is-layout-flex wp-container-core-buttons-is-layout-499968f5 wp-block-buttons-is-layout-flex\">\n<div class=\"wp-block-button\"><a class=\"wp-block-button__link wp-element-button\" href=\"https:\/\/www.gruene-mkk.de\/en\/kontakt\/\">donations<\/a><\/div>\n\n\n\n<div class=\"wp-block-button\"><a class=\"wp-block-button__link wp-element-button\" href=\"https:\/\/www.gruene.de\/mitglied-werden\">Become a member<\/a><\/div>\n<\/div>\n<\/div>\n\n\n\n<div class=\"wp-block-group has-yellow-500-background-color has-text-color has-background is-layout-flow wp-block-group-is-layout-flow\" style=\"color:#ffffff\">\n<h2 class=\"wp-block-heading has-text-align-center h1 has-green-800-color has-text-color\">membership<\/h2>\n\n\n\n<ul class=\"wp-block-list has-green-800-color has-text-color\">\n<li>Do you have questions about your membership?<\/li>\n\n\n\n<li>You would like to get more involved, but don't know exactly how?<\/li>\n\n\n\n<li>Want to create an OV in your community?<\/li>\n\n\n\n<li>Would you like to network with other members of the MKK on a specific topic?<\/li>\n<\/ul>\n\n\n\n<p class=\"has-green-800-color has-text-color\">Then write to our Member Representative, Matthias Dorka <a href=\"#\" data-unscramble=\"ed.kkm-eneurg@redeilgtim\">mitglieder@gruene-mkk.de<\/a><\/p>\n<\/div>\n\n\n\n<p><\/p>\n\n\n\n<h3 class=\"wp-block-heading\">The Greens Main-Kinzig on Instagram<\/h3>\n\n\n\n<p><\/p>\n\n\n<p class=\"cifgw-error\">Error validating application<\/p>\n\n\n<div class=\"wp-block-group alignwide has-white-background-color has-background is-layout-flow wp-block-group-is-layout-flow\" id=\"full-width\">\n<div class=\"wp-block-columns is-layout-flex wp-container-core-columns-is-layout-9d6595d7 wp-block-columns-is-layout-flex\">\n<div class=\"wp-block-column is-layout-flow wp-block-column-is-layout-flow\">\n<figure class=\"wp-block-image size-large\"><img decoding=\"async\" src=\"https:\/\/sunflower-theme.de\/demo\/wp-content\/uploads\/sites\/6\/2021\/03\/jan-huber-4OhFZSAT3sw-unsplash_red-1024x620.jpg\" alt=\"\" class=\"wp-image-337\"\/><\/figure>\n<\/div>\n\n\n\n<div class=\"wp-block-column is-vertically-aligned-center is-layout-flow wp-block-column-is-layout-flow\">\n<h2 class=\"wp-block-heading h1\"><a href=\"https:\/\/www.alles-bleibt-anders.org\/wp-content\/uploads\/2021\/11\/Wahlprogramm_KW2021_B90-Gruene-MKK_final_neu-1.pdf\">Our program<br>for the Main-Kinzig-Kreis<\/a><\/h2>\n\n\n\n<p>For the local elections, the Greens of Main-Kinzig have worked together to develop a comprehensive programme for a greener and fairer Main-Kinzig district.<br><a href=\"https:\/\/www.alles-bleibt-anders.org\/wp-content\/uploads\/2021\/11\/Wahlprogramm_KW2021_B90-Gruene-MKK_final_neu-1.pdf\" target=\"_blank\" rel=\"noreferrer noopener\">read more<\/a><\/p>\n<\/div>\n<\/div>\n<\/div>","protected":false},"excerpt":{"rendered":"<p>Welcome to the GREEN Main-Kinzig Make the Main-Kinzig district greener and fairer. We live up to our responsibility for nature and the environment. Achieve the best possible outcome for citizens in the MKK. In doing so, [...]<\/p>","protected":false},"author":2,"featured_media":0,"parent":0,"menu_order":0,"comment_status":"closed","ping_status":"closed","template":"","meta":{"footnotes":""},"class_list":["post-293","page","type-page","status-publish","hentry"],"_links":{"self":[{"href":"https:\/\/www.gruene-mkk.de\/en\/wp-json\/wp\/v2\/pages\/293","targetHints":{"allow":["GET"]}}],"collection":[{"href":"https:\/\/www.gruene-mkk.de\/en\/wp-json\/wp\/v2\/pages"}],"about":[{"href":"https:\/\/www.gruene-mkk.de\/en\/wp-json\/wp\/v2\/types\/page"}],"author":[{"embeddable":true,"href":"https:\/\/www.gruene-mkk.de\/en\/wp-json\/wp\/v2\/users\/2"}],"replies":[{"embeddable":true,"href":"https:\/\/www.gruene-mkk.de\/en\/wp-json\/wp\/v2\/comments?post=293"}],"version-history":[{"count":88,"href":"https:\/\/www.gruene-mkk.de\/en\/wp-json\/wp\/v2\/pages\/293\/revisions"}],"predecessor-version":[{"id":3126,"href":"https:\/\/www.gruene-mkk.de\/en\/wp-json\/wp\/v2\/pages\/293\/revisions\/3126"}],"wp:attachment":[{"href":"https:\/\/www.gruene-mkk.de\/en\/wp-json\/wp\/v2\/media?parent=293"}],"curies":[{"name":"wp","href":"https:\/\/api.w.org\/{rel}","templated":true}]}}