{"id":355,"date":"2021-11-17T19:18:37","date_gmt":"2021-11-17T18:18:37","guid":{"rendered":"https:\/\/www.alles-bleibt-anders.org\/?page_id=355"},"modified":"2022-12-08T07:48:01","modified_gmt":"2022-12-08T06:48:01","slug":"wahlen","status":"publish","type":"page","link":"https:\/\/www.gruene-mkk.de\/cs\/wahlen\/","title":{"rendered":"volby"},"content":{"rendered":"<div class=\"wp-block-cover is-light\" style=\"min-height:519px;aspect-ratio:unset;\"><span aria-hidden=\"true\" class=\"wp-block-cover__background has-background-dim-20 has-background-dim\"><\/span><img loading=\"lazy\" decoding=\"async\" width=\"2560\" height=\"1920\" class=\"wp-block-cover__image-background wp-image-298\" alt=\"\" src=\"http:\/\/www.alles-bleibt-anders.org\/wp-content\/uploads\/2021\/11\/IMG_0173-scaled.jpg\" style=\"object-position:83% 32%\" data-object-fit=\"cover\" data-object-position=\"83% 32%\" srcset=\"https:\/\/www.gruene-mkk.de\/wp-content\/uploads\/2021\/11\/IMG_0173-scaled.jpg 2560w, https:\/\/www.gruene-mkk.de\/wp-content\/uploads\/2021\/11\/IMG_0173-400x300.jpg 400w, https:\/\/www.gruene-mkk.de\/wp-content\/uploads\/2021\/11\/IMG_0173-800x600.jpg 800w, https:\/\/www.gruene-mkk.de\/wp-content\/uploads\/2021\/11\/IMG_0173-768x576.jpg 768w, https:\/\/www.gruene-mkk.de\/wp-content\/uploads\/2021\/11\/IMG_0173-1536x1152.jpg 1536w, https:\/\/www.gruene-mkk.de\/wp-content\/uploads\/2021\/11\/IMG_0173-2048x1536.jpg 2048w\" sizes=\"auto, (max-width: 2560px) 100vw, 2560px\" \/><div class=\"wp-block-cover__inner-container is-layout-flow wp-block-cover-is-layout-flow\">\n<div class=\"wp-block-group is-layout-flow wp-block-group-is-layout-flow\">\n<h1 class=\"has-text-align-center wp-block-heading\" style=\"font-size:clamp(37.821px, 2.364rem + ((1vw - 3.2px) * 3.657), 70px);\">volby<\/h1>\n<\/div>\n<\/div><\/div>\n\n\n\n<div class=\"wp-block-group alignwide has-white-background-color has-background is-layout-flow wp-block-group-is-layout-flow\" id=\"full-width\">\n<div class=\"wp-block-columns is-layout-flex wp-container-core-columns-is-layout-9d6595d7 wp-block-columns-is-layout-flex\">\n<div class=\"wp-block-column is-layout-flow wp-block-column-is-layout-flow\">\n<figure class=\"wp-block-image size-large\"><img loading=\"lazy\" decoding=\"async\" width=\"1576\" height=\"888\" src=\"https:\/\/www.gruene-mkk.de\/wp-content\/uploads\/2022\/12\/Hessen-waehlt-2023-edited-1.jpg\" alt=\"\" class=\"wp-image-1543\" srcset=\"https:\/\/www.gruene-mkk.de\/wp-content\/uploads\/2022\/12\/Hessen-waehlt-2023-edited-1.jpg 1576w, https:\/\/www.gruene-mkk.de\/wp-content\/uploads\/2022\/12\/Hessen-waehlt-2023-edited-1-400x225.jpg 400w, https:\/\/www.gruene-mkk.de\/wp-content\/uploads\/2022\/12\/Hessen-waehlt-2023-edited-1-800x451.jpg 800w, https:\/\/www.gruene-mkk.de\/wp-content\/uploads\/2022\/12\/Hessen-waehlt-2023-edited-1-768x433.jpg 768w, https:\/\/www.gruene-mkk.de\/wp-content\/uploads\/2022\/12\/Hessen-waehlt-2023-edited-1-1536x865.jpg 1536w\" sizes=\"auto, (max-width: 1576px) 100vw, 1576px\" \/><\/figure>\n<\/div>\n\n\n\n<div class=\"wp-block-column is-vertically-aligned-center is-layout-flow wp-block-column-is-layout-flow\">\n<h2 class=\"h1 wp-block-heading\">St\u00e1tn\u00ed volby v roce 2023<\/h2>\n\n\n\n<p>Ve\u0161ker\u00e9 informace o kandid\u00e1tce, Dirkektovi a n\u00e1hradn\u00edch kandid\u00e1tech a volebn\u00ed kampani.<br><a href=\"https:\/\/www.gruene-mkk.de\/cs\/wahlen\/landtagswahl-2023\/\">P\u0159e\u010dt\u011bte si v\u00edce<\/a><\/p>\n<\/div>\n<\/div>\n<\/div>\n\n\n\n<div class=\"wp-block-group same-height has-white-background-color has-background is-layout-flow wp-block-group-is-layout-flow\">\n<div class=\"wp-block-columns is-layout-flex wp-container-core-columns-is-layout-9d6595d7 wp-block-columns-is-layout-flex\">\n<div class=\"wp-block-column is-layout-flow wp-block-column-is-layout-flow\">\n<figure class=\"wp-block-image size-large is-style-default\"><a href=\"https:\/\/www.alles-bleibt-anders.org\/wahlen\/bundestagswahl-2021\/\"><img loading=\"lazy\" decoding=\"async\" width=\"800\" height=\"420\" src=\"http:\/\/www.alles-bleibt-anders.org\/wp-content\/uploads\/2021\/11\/bereit-weil-ih-facebook-sharepic-800x420.png\" alt=\"\" class=\"wp-image-365\" srcset=\"https:\/\/www.gruene-mkk.de\/wp-content\/uploads\/2021\/11\/bereit-weil-ih-facebook-sharepic-800x420.png 800w, https:\/\/www.gruene-mkk.de\/wp-content\/uploads\/2021\/11\/bereit-weil-ih-facebook-sharepic-400x210.png 400w, https:\/\/www.gruene-mkk.de\/wp-content\/uploads\/2021\/11\/bereit-weil-ih-facebook-sharepic-768x403.png 768w, https:\/\/www.gruene-mkk.de\/wp-content\/uploads\/2021\/11\/bereit-weil-ih-facebook-sharepic.png 1200w\" sizes=\"auto, (max-width: 800px) 100vw, 800px\" \/><\/a><\/figure>\n\n\n\n<h4 class=\"h2 mt-4 wp-block-heading\">Feder\u00e1ln\u00ed volby v roce 2021<\/h4>\n\n\n\n<p>Na\u0161i p\u0159\u00edm\u00ed kandid\u00e1ti, tiskov\u00e9 zpr\u00e1vy, term\u00edny a volebn\u00ed program.<\/p>\n\n\n\n<p> <\/p>\n\n\n\n<div class=\"wp-block-buttons is-layout-flex wp-block-buttons-is-layout-flex\">\n<div class=\"wp-block-button\"><a class=\"wp-block-button__link no-border-radius\" href=\"https:\/\/www.alles-bleibt-anders.org\/wahlen\/bundestagswahl-2021\/\">Dozv\u011bd\u011bt se v\u00edce<\/a><\/div>\n<\/div>\n<\/div>\n\n\n\n<div class=\"wp-block-column is-layout-flow wp-block-column-is-layout-flow\">\n<figure class=\"wp-block-image size-large\"><a href=\"https:\/\/www.alles-bleibt-anders.org\/wahlen\/kommunalwahl-2021\/\"><img decoding=\"async\" src=\"http:\/\/www.alles-bleibt-anders.org\/wp-content\/uploads\/2021\/11\/tree-247122-800x424.jpg\" alt=\"\" class=\"wp-image-369\"\/><\/a><\/figure>\n\n\n\n<h4 class=\"h2 mt-4 wp-block-heading\">komun\u00e1ln\u00ed volby v roce 2021<\/h4>\n\n\n\n<p>Na\u0161i kandid\u00e1ti na okresn\u00ed radu a program Zelen\u00e9ho hlavn\u00edho Kinzigu na obdob\u00ed 2021\u20132026<\/p>\n\n\n\n<div class=\"wp-block-buttons is-layout-flex wp-block-buttons-is-layout-flex\">\n<div class=\"wp-block-button\"><a class=\"wp-block-button__link no-border-radius\" href=\"https:\/\/www.alles-bleibt-anders.org\/wahlen\/kommunalwahl-2021\/\">Dozv\u011bd\u011bt se v\u00edce<\/a><\/div>\n<\/div>\n<\/div>\n<\/div>\n<\/div>\n\n\n<div class=\"has-background latest-posts wp-block-sunflower-latest-posts\">\n        <div class=\"wp-block-group__inner-container\">\n            \n                <div class=\"row\" data-masonry='{\"percentPosition\": true }'><div class=\"col-md-6\">\n<article id=\"post-1332\" class=\"bg-white mb-4 has-shadow post-1332 post type-post status-publish format-standard has-post-thumbnail hentry category-allgemein category-newswahlen\">\n\t<div class=\"\">\n\t\t\t\t\t<div class=\"\">\n\t\t\t\t<a href=\"https:\/\/www.gruene-mkk.de\/cs\/auf-in-den-wahlkampf\/\" aria-label=\"Miniatura p\u0159\u00edsp\u011bvku\" rel=\"bookmark\">\n\t\t\t\t\t\t\t\t<img loading=\"lazy\" decoding=\"async\" width=\"768\" height=\"550\" src=\"https:\/\/www.gruene-mkk.de\/wp-content\/uploads\/2022\/09\/Gruppenfoto_Kandidierende2-768x550.jpg\" class=\"post-thumbnail wp-post-image\" alt=\"K p\u0159edvolebn\u00ed kampani\" \/>\n\n\t\t\t\t\t\t\t<\/a>\n\t\t\t<\/div>\n\t\t\t\t\t<div class=\"p-45\">\n\t\t\t<header class=\"entry-header mb-2\">\n\t\t\t\t\t\t\t\t<h2 class=\"card-title h4 mb-3\"><a href=\"https:\/\/www.gruene-mkk.de\/cs\/auf-in-den-wahlkampf\/\" rel=\"bookmark\"><strong>K p\u0159edvolebn\u00ed kampani<\/strong><\/a><\/h2>\t\t\t\t\t<div class=\"entry-meta mb-3\">\n\t\t\t\t\t\t<span class=\"posted-on\"><time class=\"entry-date published\" datetime=\"2022-09-25T09:40:45+02:00\">z\u00e1\u0159\u00ed 2022<\/time><time class=\"updated\" datetime=\"2022-09-26T11:16:36+02:00\">z\u00e1\u0159\u00ed 2022<\/time><\/span>\t\t\t\t\t<\/div><!-- .entry-meta -->\n\t\t\t\t\t\t\t\t<\/header><!-- .entry-header -->\n\n\t\t\t<div class=\"entry-content\">\n\t\t\t\t<a href=\"https:\/\/www.gruene-mkk.de\/cs\/auf-in-den-wahlkampf\/\" rel=\"bookmark\">\n\t\t\t\t<p>Green Main-Kinzig slav\u00ed Zelen\u00fd den a vol\u00ed sv\u00e9 kandid\u00e1ty do st\u00e1tn\u00edch voleb \u201eDnes jsme uk\u00e1zali, \u017ee se siln\u00fdm t\u00fdmem kandid\u00e1t\u016f, n\u00e1hradn\u00edch kandid\u00e1t\u016f a [...]<\/p>\n\t\t\t\t<\/a>\n\t\t\t<\/div><!-- .entry-content -->\n\n\t\t\t<footer class=\"entry-footer\">\n\t\t\t\t\t\t\t<div class=\"d-flex mt-2 mb-2\">\n\t\t\t\t\t\t\t\t<div>\n\t\t<span class=\"cat-links small\"><a href=\"https:\/\/www.gruene-mkk.de\/cs\/category\/allgemein\/\" rel=\"category tag\">Obecn\u00e1 ustanoven\u00ed<\/a>, <a href=\"https:\/\/www.gruene-mkk.de\/cs\/category\/newswahlen\/\" rel=\"category tag\">volby<\/a><\/span>\n\t\t\t\t<\/div>\n\t\t\t<\/div>\n\t\t\n\t\t\t\t<div class=\"d-flex flex-row-reverse\">\n\t\t\t\t\t<a href=\"https:\/\/www.gruene-mkk.de\/cs\/auf-in-den-wahlkampf\/\" rel=\"bookmark\" class=\"continue-reading\">\n\t\t\t\t\tPokra\u010dovat ve \u010dten\u00ed\t\t\t\t<\/a>\n\t\t\t\t<\/div>\n\t\t\t<\/footer><!-- .entry-footer -->\n\t\t<\/div>\n\t<\/div>\n<\/article><!-- #post-1332 -->\n<\/div><div class=\"col-md-6\">\n<article id=\"post-1229\" class=\"bg-white mb-4 has-shadow post-1229 post type-post status-publish format-standard has-post-thumbnail hentry category-allgemein category-newswahlen\">\n\t<div class=\"\">\n\t\t\t\t\t<div class=\"\">\n\t\t\t\t<a href=\"https:\/\/www.gruene-mkk.de\/cs\/wir-haben-lust-auf-wahlkampf\/\" aria-label=\"Miniatura p\u0159\u00edsp\u011bvku\" rel=\"bookmark\">\n\t\t\t\t\t\t\t\t<img loading=\"lazy\" decoding=\"async\" width=\"768\" height=\"512\" src=\"https:\/\/www.gruene-mkk.de\/wp-content\/uploads\/2022\/07\/P1120062-768x512.jpg\" class=\"post-thumbnail wp-post-image\" alt=\"Chceme kampa\u0148!\" \/>\n\n\t\t\t\t\t\t\t<\/a>\n\t\t\t<\/div>\n\t\t\t\t\t<div class=\"p-45\">\n\t\t\t<header class=\"entry-header mb-2\">\n\t\t\t\t\t\t\t\t<h2 class=\"card-title h4 mb-3\"><a href=\"https:\/\/www.gruene-mkk.de\/cs\/wir-haben-lust-auf-wahlkampf\/\" rel=\"bookmark\">Chceme kampa\u0148!<\/a><\/h2>\t\t\t\t\t<div class=\"entry-meta mb-3\">\n\t\t\t\t\t\t<span class=\"posted-on\"><time class=\"entry-date published\" datetime=\"2022-07-11T19:41:46+02:00\">\u010dervence 2022<\/time><time class=\"updated\" datetime=\"2022-07-11T19:51:35+02:00\">\u010dervence 2022<\/time><\/span>\t\t\t\t\t<\/div><!-- .entry-meta -->\n\t\t\t\t\t\t\t\t<\/header><!-- .entry-header -->\n\n\t\t\t<div class=\"entry-content\">\n\t\t\t\t<a href=\"https:\/\/www.gruene-mkk.de\/cs\/wir-haben-lust-auf-wahlkampf\/\" rel=\"bookmark\">\n\t\t\t\t<p>8. \u010dervence se v Bad Orbu konala na\u0161e informa\u010dn\u00ed akce o kampani ke st\u00e1tn\u00edm volb\u00e1m. Asi 30 \u010dlen\u016f a host\u016f p\u0159i\u0161lo na akci a byli uv\u00edt\u00e1ni p\u0159ed kr\u00e1snou kulisou v \u010d\u00edt\u00e1rn\u011b v [...]<\/p>\n\t\t\t\t<\/a>\n\t\t\t<\/div><!-- .entry-content -->\n\n\t\t\t<footer class=\"entry-footer\">\n\t\t\t\t\t\t\t<div class=\"d-flex mt-2 mb-2\">\n\t\t\t\t\t\t\t\t<div>\n\t\t<span class=\"cat-links small\"><a href=\"https:\/\/www.gruene-mkk.de\/cs\/category\/allgemein\/\" rel=\"category tag\">Obecn\u00e1 ustanoven\u00ed<\/a>, <a href=\"https:\/\/www.gruene-mkk.de\/cs\/category\/newswahlen\/\" rel=\"category tag\">volby<\/a><\/span>\n\t\t\t\t<\/div>\n\t\t\t<\/div>\n\t\t\n\t\t\t\t<div class=\"d-flex flex-row-reverse\">\n\t\t\t\t\t<a href=\"https:\/\/www.gruene-mkk.de\/cs\/wir-haben-lust-auf-wahlkampf\/\" rel=\"bookmark\" class=\"continue-reading\">\n\t\t\t\t\tPokra\u010dovat ve \u010dten\u00ed\t\t\t\t<\/a>\n\t\t\t\t<\/div>\n\t\t\t<\/footer><!-- .entry-footer -->\n\t\t<\/div>\n\t<\/div>\n<\/article><!-- #post-1229 -->\n<\/div><div class=\"col-md-6\">\n<article id=\"post-1187\" class=\"bg-white mb-4 has-shadow post-1187 post type-post status-publish format-standard has-post-thumbnail hentry category-allgemein category-newswahlen\">\n\t<div class=\"\">\n\t\t\t\t\t<div class=\"\">\n\t\t\t\t<a href=\"https:\/\/www.gruene-mkk.de\/cs\/hessen-in-besten-haenden\/\" aria-label=\"Miniatura p\u0159\u00edsp\u011bvku\" rel=\"bookmark\">\n\t\t\t\t\t\t\t\t<img loading=\"lazy\" decoding=\"async\" width=\"768\" height=\"576\" src=\"https:\/\/www.gruene-mkk.de\/wp-content\/uploads\/2022\/06\/20220611_LMV-768x576.jpg\" class=\"post-thumbnail wp-post-image\" alt=\"Hesensko v nejlep\u0161\u00edch rukou\" \/>\n\n\t\t\t\t\t\t\t<\/a>\n\t\t\t<\/div>\n\t\t\t\t\t<div class=\"p-45\">\n\t\t\t<header class=\"entry-header mb-2\">\n\t\t\t\t\t\t\t\t<h2 class=\"card-title h4 mb-3\"><a href=\"https:\/\/www.gruene-mkk.de\/cs\/hessen-in-besten-haenden\/\" rel=\"bookmark\">Hesensko v nejlep\u0161\u00edch rukou<\/a><\/h2>\t\t\t\t\t<div class=\"entry-meta mb-3\">\n\t\t\t\t\t\t<span class=\"posted-on\"><time class=\"entry-date published\" datetime=\"2022-06-14T10:10:00+02:00\">\u010dervna 2022<\/time><time class=\"updated\" datetime=\"2022-06-24T10:13:11+02:00\">\u010dervna 2022<\/time><\/span>\t\t\t\t\t<\/div><!-- .entry-meta -->\n\t\t\t\t\t\t\t\t<\/header><!-- .entry-header -->\n\n\t\t\t<div class=\"entry-content\">\n\t\t\t\t<a href=\"https:\/\/www.gruene-mkk.de\/cs\/hessen-in-besten-haenden\/\" rel=\"bookmark\">\n\t\t\t\t<p>T\u00edmto slibem dnes na\u0161e region\u00e1ln\u00ed sdru\u017een\u00ed oslavilo zah\u00e1jen\u00ed st\u00e1tn\u00edch voleb v roce 2023. N\u00e1\u0161 feder\u00e1ln\u00ed p\u0159edseda Omid Nouripur, kter\u00fd jasn\u011b uvedl, \u017ee cestoval z Berl\u00edna [...]<\/p>\n\t\t\t\t<\/a>\n\t\t\t<\/div><!-- .entry-content -->\n\n\t\t\t<footer class=\"entry-footer\">\n\t\t\t\t\t\t\t<div class=\"d-flex mt-2 mb-2\">\n\t\t\t\t\t\t\t\t<div>\n\t\t<span class=\"cat-links small\"><a href=\"https:\/\/www.gruene-mkk.de\/cs\/category\/allgemein\/\" rel=\"category tag\">Obecn\u00e1 ustanoven\u00ed<\/a>, <a href=\"https:\/\/www.gruene-mkk.de\/cs\/category\/newswahlen\/\" rel=\"category tag\">volby<\/a><\/span>\n\t\t\t\t<\/div>\n\t\t\t<\/div>\n\t\t\n\t\t\t\t<div class=\"d-flex flex-row-reverse\">\n\t\t\t\t\t<a href=\"https:\/\/www.gruene-mkk.de\/cs\/hessen-in-besten-haenden\/\" rel=\"bookmark\" class=\"continue-reading\">\n\t\t\t\t\tPokra\u010dovat ve \u010dten\u00ed\t\t\t\t<\/a>\n\t\t\t\t<\/div>\n\t\t\t<\/footer><!-- .entry-footer -->\n\t\t<\/div>\n\t<\/div>\n<\/article><!-- #post-1187 -->\n<\/div><div class=\"col-md-6\">\n<article id=\"post-216\" class=\"bg-white mb-4 has-shadow post-216 post type-post status-publish format-standard has-post-thumbnail hentry category-allgemein category-newswahlen\">\n\t<div class=\"\">\n\t\t\t\t\t<div class=\"\">\n\t\t\t\t<a href=\"https:\/\/www.gruene-mkk.de\/cs\/holz-als-umweltfreundliche-alternative-zu-anderen-baumaterialien\/\" aria-label=\"Miniatura p\u0159\u00edsp\u011bvku\" rel=\"bookmark\">\n\t\t\t\t\t\t\t\t<img loading=\"lazy\" decoding=\"async\" width=\"429\" height=\"438\" src=\"https:\/\/www.gruene-mkk.de\/wp-content\/uploads\/2021\/11\/20210921_Knut_ZimmereiChrist.jpg\" class=\"post-thumbnail wp-post-image\" alt=\"D\u0159evo jako ekologick\u00e1 alternativa k jin\u00fdm stavebn\u00edm materi\u00e1l\u016fm\" \/>\n\n\t\t\t\t\t\t\t<\/a>\n\t\t\t<\/div>\n\t\t\t\t\t<div class=\"p-45\">\n\t\t\t<header class=\"entry-header mb-2\">\n\t\t\t\t\t\t\t\t<h2 class=\"card-title h4 mb-3\"><a href=\"https:\/\/www.gruene-mkk.de\/cs\/holz-als-umweltfreundliche-alternative-zu-anderen-baumaterialien\/\" rel=\"bookmark\">D\u0159evo jako ekologick\u00e1 alternativa k jin\u00fdm stavebn\u00edm materi\u00e1l\u016fm<\/a><\/h2>\t\t\t\t\t<div class=\"entry-meta mb-3\">\n\t\t\t\t\t\t<span class=\"posted-on\"><time class=\"entry-date published\" datetime=\"2021-09-21T17:03:00+02:00\">z\u00e1\u0159\u00ed 2021<\/time><time class=\"updated\" datetime=\"2021-11-12T17:04:37+01:00\">listopadu 2021<\/time><\/span>\t\t\t\t\t<\/div><!-- .entry-meta -->\n\t\t\t\t\t\t\t\t<\/header><!-- .entry-header -->\n\n\t\t\t<div class=\"entry-content\">\n\t\t\t\t<a href=\"https:\/\/www.gruene-mkk.de\/cs\/holz-als-umweltfreundliche-alternative-zu-anderen-baumaterialien\/\" rel=\"bookmark\">\n\t\t\t\t<p>N\u00e1v\u0161t\u011bva kandid\u00e1ta Strany zelen\u00fdch Knuta Kiesela, tesa\u0159stv\u00ed Krista v Jossgrundu<\/p>\n\t\t\t\t<\/a>\n\t\t\t<\/div><!-- .entry-content -->\n\n\t\t\t<footer class=\"entry-footer\">\n\t\t\t\t\t\t\t<div class=\"d-flex mt-2 mb-2\">\n\t\t\t\t\t\t\t\t<div>\n\t\t<span class=\"cat-links small\"><a href=\"https:\/\/www.gruene-mkk.de\/cs\/category\/allgemein\/\" rel=\"category tag\">Obecn\u00e1 ustanoven\u00ed<\/a>, <a href=\"https:\/\/www.gruene-mkk.de\/cs\/category\/newswahlen\/\" rel=\"category tag\">volby<\/a><\/span>\n\t\t\t\t<\/div>\n\t\t\t<\/div>\n\t\t\n\t\t\t\t<div class=\"d-flex flex-row-reverse\">\n\t\t\t\t\t<a href=\"https:\/\/www.gruene-mkk.de\/cs\/holz-als-umweltfreundliche-alternative-zu-anderen-baumaterialien\/\" rel=\"bookmark\" class=\"continue-reading\">\n\t\t\t\t\tPokra\u010dovat ve \u010dten\u00ed\t\t\t\t<\/a>\n\t\t\t\t<\/div>\n\t\t\t<\/footer><!-- .entry-footer -->\n\t\t<\/div>\n\t<\/div>\n<\/article><!-- #post-216 -->\n<\/div>\n    <a class=\"text-white no-link d-block bg-primary has-green-550-hover-background-color border-radius\" href=\"https:\/\/www.gruene-mkk.de\/cs?post_type=post\" rel=\"\">\n        <div class=\"p-45 row\">\n        <span class=\"continue-reading text-white text-center pt-0\">do archivu blogu<\/span>\n        <\/div>\n    <\/a>\n<\/div><\/div><\/div>\n\n\n<p><\/p>","protected":false},"excerpt":{"rendered":"<p>Ve\u0161ker\u00e9 informace o kandid\u00e1tce, Dirkektovi a n\u00e1hradn\u00edch kandid\u00e1tech a volebn\u00ed kampani.\u010d\u00edst d\u00e1le Volby do Spolkov\u00e9ho sn\u011bmu 2021 Na\u0161i p\u0159\u00edm\u00ed kandid\u00e1ti, tiskov\u00e9 zpr\u00e1vy, term\u00edny a volebn\u00ed program. M\u00edstn\u00ed volby 2021 Na\u0161i kandid\u00e1ti na okres [...]<\/p>","protected":false},"author":2,"featured_media":0,"parent":0,"menu_order":0,"comment_status":"closed","ping_status":"closed","template":"","meta":{"footnotes":""},"class_list":["post-355","page","type-page","status-publish","hentry"],"_links":{"self":[{"href":"https:\/\/www.gruene-mkk.de\/cs\/wp-json\/wp\/v2\/pages\/355","targetHints":{"allow":["GET"]}}],"collection":[{"href":"https:\/\/www.gruene-mkk.de\/cs\/wp-json\/wp\/v2\/pages"}],"about":[{"href":"https:\/\/www.gruene-mkk.de\/cs\/wp-json\/wp\/v2\/types\/page"}],"author":[{"embeddable":true,"href":"https:\/\/www.gruene-mkk.de\/cs\/wp-json\/wp\/v2\/users\/2"}],"replies":[{"embeddable":true,"href":"https:\/\/www.gruene-mkk.de\/cs\/wp-json\/wp\/v2\/comments?post=355"}],"version-history":[{"count":16,"href":"https:\/\/www.gruene-mkk.de\/cs\/wp-json\/wp\/v2\/pages\/355\/revisions"}],"predecessor-version":[{"id":1544,"href":"https:\/\/www.gruene-mkk.de\/cs\/wp-json\/wp\/v2\/pages\/355\/revisions\/1544"}],"wp:attachment":[{"href":"https:\/\/www.gruene-mkk.de\/cs\/wp-json\/wp\/v2\/media?parent=355"}],"curies":[{"name":"wp","href":"https:\/\/api.w.org\/{rel}","templated":true}]}}