{"id":28,"date":"2021-11-09T12:44:52","date_gmt":"2021-11-09T11:44:52","guid":{"rendered":"https:\/\/www.alles-bleibt-anders.org\/?page_id=28"},"modified":"2025-08-14T16:53:34","modified_gmt":"2025-08-14T14:53:34","slug":"satzung","status":"publish","type":"page","link":"https:\/\/www.gruene-mkk.de\/cs\/partei\/satzung\/","title":{"rendered":"statut"},"content":{"rendered":"<div class=\"wp-block-cover is-light\"><img decoding=\"async\" class=\"wp-block-cover__image-background wp-image-728\" alt=\"\" src=\"http:\/\/www.alles-bleibt-anders.org\/wp-content\/uploads\/2021\/12\/bereit-weil-ih-facebook-titelbild-desktop-3.png\" data-object-fit=\"cover\"\/><span aria-hidden=\"true\" class=\"wp-block-cover__background has-background-dim-30 has-background-dim\"><\/span><div class=\"wp-block-cover__inner-container is-layout-flow wp-block-cover-is-layout-flow\">\n<h1 class=\"wp-block-heading has-text-align-center has-white-color has-text-color\" style=\"font-size:clamp(33.419px, 2.089rem + ((1vw - 3.2px) * 3.021), 60px);\">statut<\/h1>\n<\/div><\/div>\n\n\n\n<div class=\"wp-block-group has-white-color has-green-800-background-color has-text-color has-background is-layout-flow wp-block-group-is-layout-flow\">\n<h2 class=\"wp-block-heading has-text-align-center h1\" style=\"font-size:clamp(18.959px, 1.185rem + ((1vw - 3.2px) * 1.255), 30px);\">Dokumenty ke sta\u017een\u00ed ve form\u00e1tu PDF<\/h2>\n\n\n\n<div class=\"wp-block-buttons is-horizontal is-content-justification-center is-layout-flex wp-container-core-buttons-is-layout-499968f5 wp-block-buttons-is-layout-flex\">\n<div class=\"wp-block-button\"><a class=\"wp-block-button__link no-border-radius wp-element-button\" href=\"https:\/\/www.gruene-mkk.de\/wp-content\/uploads\/2022\/12\/20221121_Satzung_KV_Main-Kinzig_neu.pdf\">statut<\/a><\/div>\n\n\n\n<div class=\"wp-block-button\"><a class=\"wp-block-button__link no-border-radius wp-element-button\" href=\"https:\/\/www.gruene-mkk.de\/wp-content\/uploads\/2022\/12\/20220615_Finanzordnung-des-Kreisverbandes-Main-Kinzig_final.pdf\">Finan\u010dn\u00ed na\u0159\u00edzen\u00ed<\/a><\/div>\n\n\n\n<div class=\"wp-block-button is-style-fill\"><a class=\"wp-block-button__link wp-element-button\" href=\"https:\/\/www.gruene-mkk.de\/wp-content\/uploads\/2022\/12\/20221121_Mandatstraeger_innenbeitragsordnung.pdf\" target=\"_blank\" rel=\"noreferrer noopener\">P\u0159edpisy o p\u0159\u00edsp\u011bvc\u00edch dr\u017eitel\u016f mand\u00e1tu<\/a><\/div>\n\n\n\n<div class=\"wp-block-button is-style-fill\"><a class=\"wp-block-button__link wp-element-button\" href=\"https:\/\/www.gruene-mkk.de\/wp-content\/uploads\/2025\/08\/Aenderung-der-Kreisfinanzordnung.pdf\">Pozm\u011bn\u011bn\u00fd finan\u010dn\u00ed \u0159\u00e1d ke dni 1. ledna 2026<\/a><\/div>\n<\/div>\n<\/div>\n\n\n\n<h2 class=\"wp-block-heading\">P\u0159epracov\u00e1n\u00ed stanov ze dne 21.11.2022<\/h2>\n\n\n\n<p>P\u0159epracov\u00e1n\u00ed stanov okresn\u00edho sdru\u017een\u00ed Main-Kinzig B\u00fcndnis90\/DIE GR\u00dcNEN p\u0159ijat\u00e9 na sch\u016fzi \u010dlen\u016f okresn\u00edho sdru\u017een\u00ed dne 21. listopadu 2022 v Gelnhausenu. <\/p>\n\n\n\n<h3 class=\"wp-block-heading\">\u00a7 1 Jm\u00e9no a s\u00eddlo<\/h3>\n\n\n\n<p>Okresn\u00ed sdru\u017een\u00ed Main-Kinzig strany B\u00dcNDNIS 90\/ DIE GR\u00dcNEN je krajsk\u00fdm sdru\u017een\u00edm ve smyslu<br>Z\u00e1kon o stran\u011b a je naz\u00fdv\u00e1n \u201eB\u00fcndnis 90\/DIE GR\u00dcNEN Main-Kinzig\u201c, zkr\u00e1cen\u011b \u201eGr\u00fcne-MKK\u201c.<br>\u00dazemn\u00ed p\u016fsobnost zahrnuje okres Main-Kinzig. S\u00eddlo je v m\u00edst\u011b kancel\u00e1\u0159e a ur\u010duje jej okresn\u00ed rada.<\/p>\n\n\n\n<h3 class=\"wp-block-heading\"><strong>\u00a7 2 \u010clenstv\u00ed<\/strong><\/h3>\n\n\n\n<p>(1) \u010clenem okresn\u00edho sdru\u017een\u00ed se m\u016f\u017ee st\u00e1t ka\u017ed\u00e1 osoba, kter\u00e1 p\u0159ij\u00edm\u00e1 z\u00e1sady stanoven\u00e9 ve stanov\u00e1ch a programu a kter\u00e1 nen\u00ed \u010dlenem jin\u00e9ho region\u00e1ln\u00edho sdru\u017een\u00ed B\u00dcNDNIS 90\/DIE GR\u00dcNEN nebo jin\u00e9 strany ve smyslu stranick\u00e9ho z\u00e1kona. \u010cleny se mohou st\u00e1t cizinci \u017eij\u00edc\u00ed v N\u011bmecku** a osoby bez st\u00e1tn\u00ed p\u0159\u00edslu\u0161nosti.<\/p>\n\n\n\n<p>(2) O \u010dlenstv\u00ed se \u017e\u00e1d\u00e1 p\u00edsemn\u011b nebo elektronicky. O p\u0159ijet\u00ed rozhoduje okresn\u00ed rada.<\/p>\n\n\n\n<p>(3) Odp\u016frce m\u016f\u017ee podat n\u00e1mitku proti zam\u00edtnut\u00ed \u017e\u00e1dosti o p\u0159ijet\u00ed ke st\u00e1tn\u00ed v\u00fdkonn\u00e9 rad\u011b.<\/p>\n\n\n\n<p>(4) \u010clenov\u00e9, kte\u0159\u00ed je\u0161t\u011b nedos\u00e1hli v\u011bku 30 let, automaticky z\u00edskaj\u00ed \u010dlenstv\u00ed v G\u00dcNEN JUGEND Hessen vedle \u010dlenstv\u00ed ve stran\u011b, pokud proti tomu nevznesou n\u00e1mitky.<\/p>\n\n\n\n<p>(5) Okresn\u00ed \u00fa\u0159ad vede registr \u010dlen\u016f pro v\u0161echny \u010dleny okresn\u00edho sdru\u017een\u00ed v souladu s jednotn\u00fdm programem spr\u00e1vy \u010dlenstv\u00ed spolkov\u00fdch a st\u00e1tn\u00edch sdru\u017een\u00ed (\u0160erpa).<\/p>\n\n\n\n<p>(6) \u010clenstv\u00ed kon\u010d\u00ed odstoupen\u00edm, vylou\u010den\u00edm nebo smrt\u00ed. Odstoupen\u00ed mus\u00ed b\u00fdt ozn\u00e1meno p\u00edsemn\u011b nebo elektronicky okresn\u00ed rad\u011b.<\/p>\n\n\n\n<p>(7) O zah\u00e1jen\u00ed \u0159\u00edzen\u00ed o vylou\u010den\u00ed mus\u00ed rozhodnout sch\u016fze \u010dlen\u016f okresu po \u0159\u00e1dn\u00e9m pozv\u00e1n\u00ed a vyslechnut\u00ed dot\u010den\u00e9 osoby (dot\u010den\u00fdch osob) v\u011bt\u0161inou p\u0159\u00edtomn\u00fdch. O vylou\u010den\u00ed rozhodne zemsk\u00fd rozhod\u010d\u00ed soud.<\/p>\n\n\n\n<p>(8) V\u00fdkon vnit\u0159n\u00edch hlasovac\u00edch pr\u00e1v strany z\u00e1vis\u00ed na spln\u011bn\u00ed p\u0159\u00edsp\u011bvkov\u00fdch povinnost\u00ed. \u010clen ztr\u00e1c\u00ed hlasovac\u00ed pr\u00e1va, pokud nezaplatil sv\u00e9 pln\u00e9 \u010dlensk\u00e9 p\u0159\u00edsp\u011bvky z p\u0159edchoz\u00edch let do 31. b\u0159ezna n\u00e1sleduj\u00edc\u00edho roku. Aby bylo znovu z\u00edsk\u00e1no hlasovac\u00ed pr\u00e1vo, mus\u00ed b\u00fdt zaplaceny v\u0161echny neuhrazen\u00e9 p\u0159\u00edsp\u011bvky. V p\u0159\u00edpad\u011b sporu rozhodne o ztr\u00e1t\u011b hlasovac\u00edch pr\u00e1v okresn\u00ed rada na n\u00e1vrh okresn\u00edho pokladn\u00edka.<\/p>\n\n\n\n<p>(9) Pokud \u010dlen ztrat\u00ed sv\u00e1 hlasovac\u00ed pr\u00e1va, bude rovn\u011b\u017e vy\u0161krtnut ze seznamu \u010dlen\u016f (Sherpa).<\/p>\n\n\n\n<h3 class=\"wp-block-heading\"><strong>\u00a7 3 Svobodn\u00e1 spolupr\u00e1ce a postaven\u00ed \u017een<\/strong><\/h3>\n\n\n\n<p>B\u00dcNDNIS 90\/ DIE GR\u00dcNEN Main-Kinzig umo\u017e\u0148uje formu voln\u00e9 spolupr\u00e1ce v souladu s p\u0159edpisy ve feder\u00e1ln\u00edch a st\u00e1tn\u00edch z\u00e1konech. Uplat\u0148uje se statut \u017een Landesverband B\u00fcndnis 90\/Die Gr\u00fcnen Hessen; zejm\u00e9na polovina m\u00edst, kter\u00e1 maj\u00ed obsadit \u017eeny, mus\u00ed b\u00fdt obsazena p\u0159i obsazov\u00e1n\u00ed spr\u00e1vn\u00ed rady a p\u0159i sestavov\u00e1n\u00ed volebn\u00edch n\u00e1vrh\u016f a seznam\u016f.<\/p>\n\n\n\n<h3 class=\"wp-block-heading\"><strong>Odd\u00edl 4 M\u00edstn\u00ed sdru\u017een\u00ed<\/strong><\/h3>\n\n\n\n<p>(1) Okresn\u00ed sdru\u017een\u00ed Main-Kinzig je rozd\u011bleno do j\u00edm uznan\u00fdch m\u00edstn\u00edch sdru\u017een\u00ed (OV), kter\u00e1 nesou n\u00e1zev strany \u201eB\u00dcNDNIS 90\/ DIE GR\u00dcNEN\u201c a n\u00e1zev m\u00edsta jako dodatek.<\/p>\n\n\n\n<p>(2) M\u00edstn\u00ed sdru\u017een\u00ed je ve sv\u00e9 organizaci autonomn\u00ed.<\/p>\n\n\n\n<p>(3) M\u00edstn\u00ed sdru\u017een\u00ed maj\u00ed pr\u00e1vo na rozhodnut\u00ed o m\u00edstn\u00edm programu a na sv\u00e9 vlastn\u00ed stanovy.<\/p>\n\n\n\n<h3 class=\"wp-block-heading\"><strong>\u00a7 5 Org\u00e1ny okresn\u00edho sdru\u017een\u00ed<\/strong><\/h3>\n\n\n\n<p>Org\u00e1ny okresn\u00edho sdru\u017een\u00ed jsou:<br>\u2013 zased\u00e1n\u00ed \u010dlen\u016f okresu (KMV) podle \u00a7 6,<br>\u2013 okresn\u00ed v\u00fdkonn\u00fd v\u00fdbor (KVo) podle \u00a7 7,<\/p>\n\n\n\n<h3 class=\"wp-block-heading\"><strong>\u00a7 6 Sch\u016fze \u010dlen\u016f okresn\u00edho zastupitelstva (KMV)<\/strong><\/h3>\n\n\n\n<p>(1) Okresn\u00ed shrom\u00e1\u017ed\u011bn\u00ed je nejvy\u0161\u0161\u00edm org\u00e1nem okresn\u00edho sdru\u017een\u00ed. V r\u00e1mci sv\u00e9 p\u016fsobnosti rozhoduje o programu, stanov\u00e1ch, finan\u010dn\u00edch p\u0159edpisech, p\u0159\u00edsp\u011bvkov\u00fdch p\u0159edpisech pro volen\u00e9 z\u00e1stupce a o zru\u0161en\u00ed okresn\u00edho sdru\u017een\u00ed. Vol\u00ed p\u0159edstavenstvo, auditory, deleg\u00e1ty vy\u0161\u0161\u00edch zemsk\u00fdch sdru\u017een\u00ed, p\u0159\u00edm\u00e9 kandid\u00e1ty do Spolkov\u00e9ho sn\u011bmu a zemsk\u00e9ho sn\u011bmu, v\u010detn\u011b n\u00e1hradn\u00edk\u016f, jako\u017e i kandid\u00e1ta okresn\u00ed rady a sestavuje seznam kandid\u00e1t\u016f na okresn\u00ed radu.<\/p>\n\n\n\n<p>(2) \u0158\u00e1dn\u00e1 zased\u00e1n\u00ed \u010dlen\u016f okresu se konaj\u00ed nejm\u00e9n\u011b jednou za \u010dtvrt roku. Jeden<br>Sch\u016fze \u010dlen\u016f okresn\u00edho zastupitelstva mus\u00ed b\u00fdt svol\u00e1na ihned na po\u017e\u00e1d\u00e1n\u00ed<br>a) zased\u00e1n\u00ed \u010dlen\u016f okresu<br>b) okresn\u00ed rada<br>c) Skupina<br>na p\u00edsemnou \u017e\u00e1dost dvou m\u00edstn\u00edch sdru\u017een\u00ed nebo jedn\u00e9 dvacetiny \u010dlen\u016f.<br>(3) Pozv\u00e1nka na sch\u016fzi \u010dlen\u016f okresu mus\u00ed b\u00fdt \u010dlen\u016fm ozn\u00e1mena s v\u00fdpov\u011bdn\u00ed lh\u016ftou nejm\u00e9n\u011b 14 dn\u016f s uveden\u00edm po\u0159adu jedn\u00e1n\u00ed, m\u00edsta a \u010dasu. M\u016f\u017ee b\u00fdt tak\u00e9 zasl\u00e1n faxem nebo e-mailem.<\/p>\n\n\n\n<p>(4) Sch\u016fze \u010dlen\u016f okresu je usn\u00e1\u0161en\u00edschopn\u00e1 po svol\u00e1n\u00ed v souladu se stanovami.<br>(5) Zased\u00e1n\u00ed \u010dlen\u016f okresu se zpravidla kon\u00e1 ve\u0159ejn\u011b. Na \u017e\u00e1dost m\u016f\u017ee b\u00fdt ve\u0159ejnost vylou\u010dena dvout\u0159etinovou v\u011bt\u0161inou.<\/p>\n\n\n\n<p>(6) Sch\u016fze \u010dlen\u016f okresu kon\u010d\u00ed nejpozd\u011bji do 22:00 hodin. Ne\u0159e\u0161en\u00e9 body po\u0159adu jedn\u00e1n\u00ed budou projedn\u00e1ny nejd\u0159\u00edve na p\u0159\u00ed\u0161t\u00ed sch\u016fzi. Bod po\u0159adu jedn\u00e1n\u00ed, kter\u00fd ji\u017e byl zah\u00e1jen, mus\u00ed b\u00fdt uzav\u0159en.<\/p>\n\n\n\n<p>(7) O volb\u00e1ch a rozhodnut\u00edch se po\u0159izuje z\u00e1pis.<\/p>\n\n\n\n<h3 class=\"wp-block-heading\"><strong>\u00a7 7 Okresn\u00ed rada (KVO)<\/strong><\/h3>\n\n\n\n<p>(1) Okresn\u00ed rada zastupuje okresn\u00ed sdru\u017een\u00ed ve v\u0161ech z\u00e1le\u017eitostech. P\u0159ipravuje a pln\u00ed usnesen\u00ed okresn\u00edho shrom\u00e1\u017ed\u011bn\u00ed. \u0158\u00edd\u00ed ka\u017edodenn\u00ed \u010dinnost okresn\u00edho sdru\u017een\u00ed. V\u00fdbor je usn\u00e1\u0161en\u00edschopn\u00fd, je-li p\u0159\u00edtomna v\u00edce ne\u017e polovina jeho \u010dlen\u016f.<\/p>\n\n\n\n<p>(2) Okresn\u00ed rada se skl\u00e1d\u00e1 nejm\u00e9n\u011b z 5 a nejv\u00fd\u0161e z 8 \u010dlen\u016f, v\u010detn\u011b:<br>a) okresn\u00ed pokladn\u00edk<br>b) nejm\u00e9n\u011b dva dal\u0161\u00ed \u010dlenov\u00e9 spr\u00e1vn\u00ed rady<br>p\u0159edseda parlamentn\u00ed skupiny nebo j\u00edm navr\u017een\u00fd \u010dlen politick\u00e9 skupiny;<br>d) mluv\u010d\u00ed Green Youth Main Kinzig Kreis.<\/p>\n\n\n\n<p>(3) Funk\u010dn\u00ed obdob\u00ed v\u00fdboru je 2 roky, je mo\u017en\u00e9 znovuzvolen\u00ed.<\/p>\n\n\n\n<p>(4) \u010clenov\u00e9 okresn\u00ed rady podle odst. 2 p\u00edsm. a) a b) jsou voleni individu\u00e1ln\u011b. Do spr\u00e1vn\u00ed rady se vol\u00ed osoba, kter\u00e1 tajn\u00fdm hlasov\u00e1n\u00edm z\u00edsk\u00e1 absolutn\u00ed v\u011bt\u0161inu platn\u00fdch hlas\u016f odevzdan\u00fdch v prvn\u00edm hlasov\u00e1n\u00ed nebo relativn\u00ed v\u011bt\u0161inu platn\u00fdch hlas\u016f odevzdan\u00fdch v druh\u00e9m hlasov\u00e1n\u00ed. V p\u0159\u00edpad\u011b nerozhodn\u00e9ho v\u00fdsledku se konaj\u00ed volby do druh\u00e9ho kola. Z\u00e1stupce (z\u00e1stupci)<em>v politick\u00e9 skupin\u011b podle p\u00edsmene c) a v mluv\u010d\u00edm (mluv\u010d\u00edch)<\/em>v Zelen\u00e9 ml\u00e1de\u017ei pod p\u00edsmenem d) se rod\u00ed \u010dlenov\u00e9 okresn\u00ed rady.<\/p>\n\n\n\n<p>(5) V\u0161ichni \u010dlenov\u00e9 okresn\u00ed rady jsou voleni ve stejn\u00e9m KMV. Vy\u017eaduje-li se dopl\u0148kov\u00e1 volba, bude se konat pouze po zb\u00fdvaj\u00edc\u00ed \u010d\u00e1st funk\u010dn\u00edho obdob\u00ed.<\/p>\n\n\n\n<p>(6) Okresn\u00ed rada vol\u00ed ze sv\u00fdch \u010dlen\u016f dva rovnocenn\u00e9 mluv\u010d\u00ed. Dva zvolen\u00ed<br>\u010clenov\u00e9 okresn\u00ed rady zastupuj\u00ed okresn\u00ed sdru\u017een\u00ed v pr\u00e1vn\u00edch \u00fakonech.<\/p>\n\n\n\n<p>(7) \u010clenov\u00e9 spr\u00e1vn\u00ed rady mohou dvout\u0159etinovou v\u011bt\u0161inou odevzdan\u00fdch hlas\u016f hlasovat o jak\u00e9mkoli<br>Sch\u016fze \u010dlen\u016f okresu bude znovu zvolena za p\u0159edpokladu, \u017ee \u017e\u00e1dost o znovuzvolen\u00ed byla obdr\u017eena spolu s pozv\u00e1n\u00edm.<\/p>\n\n\n\n<p>(8) Okresn\u00ed rada je v\u00e1z\u00e1na rozhodnut\u00edm KMV<\/p>\n\n\n\n<h3 class=\"wp-block-heading\"><strong>Odd\u00edl 8 N\u00e1vrhy a hlasov\u00e1n\u00ed<\/strong><\/h3>\n\n\n\n<p>(1) N\u00e1vrhy, kter\u00e9 maj\u00ed b\u00fdt projedn\u00e1ny a schv\u00e1leny na sch\u016fzi \u010dlen\u016f okresu, mus\u00ed b\u00fdt zve\u0159ejn\u011bny spolu s pozv\u00e1nkou. Vylou\u010deny jsou n\u00e1vrhy, kter\u00e9 jsou pod\u00e1ny na z\u00e1klad\u011b sou\u010dasn\u00e9 p\u0159\u00edle\u017eitosti a jsou za\u0159azeny na po\u0159ad jedn\u00e1n\u00ed sch\u016fze \u010dlen\u016f okresu dvout\u0159etinovou v\u011bt\u0161inou.<\/p>\n\n\n\n<p>(2) \u017d\u00e1dosti o znovuzvolen\u00ed mus\u00ed b\u00fdt poslanc\u016fm sd\u011bleny spolu s pozv\u00e1nkou a nemohou b\u00fdt p\u0159edm\u011btem nal\u00e9hav\u00e9 \u017e\u00e1dosti.<\/p>\n\n\n\n<p>(3) V p\u0159\u00edpad\u011b hlasov\u00e1n\u00ed je n\u00e1vrh p\u0159ijat, obdr\u017e\u00ed-li v\u00edce hlas\u016f pro ne\u017e proti. V p\u0159\u00edpad\u011b:<br>Valn\u00e9 shrom\u00e1\u017ed\u011bn\u00ed m\u016f\u017ee rozhodnout o jin\u00e9 v\u011bt\u0161in\u011b pro postupy jmenov\u00e1n\u00ed nebo pro jmenov\u00e1n\u00ed p\u0159\u00edm\u00fdch kandid\u00e1t\u016f do volebn\u00edch obvod\u016f.<\/p>\n\n\n\n<h3 class=\"wp-block-heading\"><strong>\u00a7 9 Zm\u011bna stanov<\/strong><\/h3>\n\n\n\n<p>N\u00e1vrhy zm\u011bn stanov mus\u00ed b\u00fdt uvedeny v textu zam\u00fd\u0161len\u00e9 zm\u011bny s pozv\u00e1nkou na sch\u016fzi \u010dlen\u016f okresu. Zm\u011bny stanov vy\u017eaduj\u00ed dvout\u0159etinovou v\u011bt\u0161inu platn\u00fdch odevzdan\u00fdch hlas\u016f.<\/p>\n\n\n\n<h3 class=\"wp-block-heading\"><strong>\u00a7 10 Odpov\u011bdnost<\/strong><\/h3>\n\n\n\n<p>Okresn\u00ed rada odpov\u00edd\u00e1 pouze za majetek strany. Finan\u010dn\u00ed odpov\u011bdnost ka\u017ed\u00e9ho \u010dlena je<br>vylou\u010deno.<\/p>\n\n\n\n<h3 class=\"wp-block-heading\"><strong>\u00a7 11 Zru\u0161en\u00ed okresn\u00edho sdru\u017een\u00ed<\/strong><\/h3>\n\n\n\n<p>Okresn\u00ed sdru\u017een\u00ed se zanik\u00e1, pokud o zru\u0161en\u00ed rozhodne t\u0159\u00ed\u010dtvrtinovou v\u011bt\u0161inou okresn\u00ed shrom\u00e1\u017ed\u011bn\u00ed a toto rozhodnut\u00ed je potvrzeno prvn\u00edm hlasov\u00e1n\u00edm v\u00edce ne\u017e poloviny platn\u00fdch odevzdan\u00fdch hlas\u016f.<\/p>\n\n\n\n<h3 class=\"wp-block-heading\"><strong>\u00a7 12 \u010clensk\u00e9 p\u0159\u00edsp\u011bvky<\/strong><\/h3>\n\n\n\n<p>V\u00fd\u0161e \u010dlensk\u00fdch p\u0159\u00edsp\u011bvk\u016f je upravena finan\u010dn\u00edmi p\u0159edpisy okresn\u00edho sdru\u017een\u00ed. To je sou\u010d\u00e1st\u00ed stanov.<\/p>\n\n\n\n<h3 class=\"wp-block-heading\"><strong>\u00a7 13 Vstup v platnost<\/strong><\/h3>\n\n\n\n<p>Stanovy nab\u00fdvaj\u00ed \u00fa\u010dinnosti dnem jejich p\u0159ijet\u00ed valnou hromadou \u010dlen\u016f okresu. Sou\u010dasn\u011b p\u0159est\u00e1vaj\u00ed platit stanovy ze dne 10. b\u0159ezna 2020.<\/p>\n\n\n\n<hr class=\"wp-block-separator has-css-opacity\"\/>\n\n\n\n<h2 class=\"wp-block-heading\"><strong>Finan\u010dn\u00ed p\u0159edpisy okresn\u00edho sdru\u017een\u00ed Main-Kinzig B\u00fcndnis 90\/Die GR\u00dcNEN<\/strong><\/h2>\n\n\n\n<p>p\u0159ijato na sch\u016fzi \u010dlen\u016f okresu dne 14. ledna 2015 v Langenselboldu.<\/p>\n\n\n\n<p>Pozm\u011bn\u011bn\u00e9 zn\u011bn\u00ed p\u0159ijat\u00e9 okresn\u00edm shrom\u00e1\u017ed\u011bn\u00edm dne 15. \u010dervna 2022 v Rodenbachu a dne 4. \u010dervna 2025 v Maintal Bischofsheimu.<\/p>\n\n\n\n<p><strong>\u00a7 1 Okresn\u00ed rada, Okresn\u00ed pokladn\u00edk, Auditor<\/strong><\/p>\n\n\n\n<p>(1) Okresn\u00ed rada odpov\u00edd\u00e1 za \u0159\u00e1dnou spr\u00e1vu hotovosti a majetku okresn\u00edho sdru\u017een\u00ed, v\u010detn\u011b pod\u0159\u00edzen\u00fdch m\u00edstn\u00edch sdru\u017een\u00ed.<\/p>\n\n\n\n<p>(2) V p\u0159\u00edpad\u011b rozhodnut\u00ed, kter\u00e1 maj\u00ed vliv na v\u00fddaje, je okresn\u00ed rada rovn\u011b\u017e povinna rozhodnout o zp\u016fsobu \u00fahrady v\u00fddaj\u016f. P\u0159\u00edjmy a v\u00fddaje mus\u00ed b\u00fdt ve finan\u010dn\u00ed rovnov\u00e1ze.<\/p>\n\n\n\n<p>(3) Okresn\u00ed pokladn\u00edk spravuje prost\u0159edky a \u00fa\u010dty okresn\u00edho sdru\u017een\u00ed u bank a spo\u0159itelen.<\/p>\n\n\n\n<p>(4) Okresn\u00ed pokladn\u00edk vede knihy okresn\u00edho sdru\u017een\u00ed.<\/p>\n\n\n\n<p>(5) Okresn\u00ed rada zaji\u0161\u0165uje \u0159\u00e1dnou a v\u010dasnou spr\u00e1vu \u010dlen\u016f.<\/p>\n\n\n\n<p>(6) Okresn\u00ed rada m\u016f\u017ee jmenovat z\u00e1stupce pro pln\u011bn\u00ed sv\u00fdch \u00fakol\u016f.<\/p>\n\n\n\n<p>(7) Okresn\u00ed pokladn\u00edk m\u00e1 pr\u00e1vo kontroly a \u0159\u00edzen\u00ed v\u016f\u010di m\u00edstn\u00edm sdru\u017een\u00edm v souladu s ustanoven\u00edmi \u00a7 5 z\u00e1kona o stran\u011b.<\/p>\n\n\n\n<p>(8) Okresn\u00ed pokladn\u00edk je \u010dlenem St\u00e1tn\u00ed finan\u010dn\u00ed rady a m\u011bl by se pravideln\u011b \u00fa\u010dastnit jej\u00edch zased\u00e1n\u00ed. M\u016f\u017ee b\u00fdt zastoupen jin\u00fdm \u010dlenem okresn\u00ed rady.<\/p>\n\n\n\n<p>(9) Okresn\u00ed rada odpov\u00edd\u00e1 za \u0159\u00e1dn\u00e9 uchov\u00e1v\u00e1n\u00ed finan\u010dn\u00edch dokument\u016f okresn\u00edho sdru\u017een\u00ed a m\u00edstn\u00edch sdru\u017een\u00ed. \u00da\u010detn\u00ed doklady, \u00fa\u010detn\u00ed knihy, rozvahy a \u00fa\u010dty okresn\u00edho sdru\u017een\u00ed, v\u010detn\u011b m\u00edstn\u00edch sdru\u017een\u00ed, mus\u00ed b\u00fdt uchov\u00e1v\u00e1ny po dobu 10 let. Reten\u010dn\u00ed obdob\u00ed za\u010d\u00edn\u00e1 na konci \u00fa\u010detn\u00edho obdob\u00ed.<\/p>\n\n\n\n<p><strong>(10) Shrom\u00e1\u017ed\u011bn\u00ed \u010dlen\u016f okresu vol\u00ed ka\u017edoro\u010dn\u011b dva auditory, kte\u0159\u00ed p\u0159ezkoum\u00e1vaj\u00ed p\u0159im\u011b\u0159enost v\u00fddaj\u016f a soulad v\u00fddaj\u016f s rozpo\u010dtem a rozhodnut\u00edmi. Ov\u011b\u0159en\u00ed se prov\u00e1d\u00ed po vr\u00e1cen\u00ed rezerva\u010dn\u00edch doklad\u016f od okresn\u00edho sdru\u017een\u00ed. Audito\u0159i vypracuj\u00ed p\u00edsemnou zpr\u00e1vu o auditu, podaj\u00ed zpr\u00e1vu na sch\u016fzi \u010dlen\u016f okresu a podaj\u00ed \u017e\u00e1dost o ud\u011blen\u00ed absolutoria p\u0159edstavenstvu ve finan\u010dn\u00edch z\u00e1le\u017eitostech. Okresn\u00ed rad\u011b se ud\u011bluje absolutorium rozhodnut\u00edm ze zased\u00e1n\u00ed okresn\u00edch \u010dlen\u016f na z\u00e1klad\u011b zpr\u00e1vy a na \u017e\u00e1dost auditor\u016f.<\/strong><\/p>\n\n\n\n<p><strong>\u00a7 2 Zpr\u00e1va o \u00fa\u010detnictv\u00ed a odpov\u011bdnosti<\/strong><\/p>\n\n\n\n<p>(1) Okresn\u00ed sdru\u017een\u00ed je povinno v\u00e9st \u00fa\u010detnictv\u00ed o sv\u00fdch \u00fa\u010dtovan\u00fdch p\u0159\u00edjmech, v\u00fddaj\u00edch a majetku v souladu se z\u00e1sadami \u0159\u00e1dn\u00e9ho \u00fa\u010detnictv\u00ed podle \u00a7 5 z\u00e1kona o smluvn\u00edch stran\u00e1ch.<\/p>\n\n\n\n<p><strong>(2) \u00da\u010dty okresn\u00edho sdru\u017een\u00ed a m\u00edstn\u00edch sdru\u017een\u00ed s <a>samostatn\u00e9 \u0159\u00edzen\u00ed <\/a>(Aktu\u00e1ln\u00ed \u00fa\u010dty a\/nebo pokladny) prov\u00e1d\u00ed zemsk\u00e9 sdru\u017een\u00ed, kter\u00e9 rovn\u011b\u017e vypracov\u00e1v\u00e1 zpr\u00e1vu o odpov\u011bdnosti v souladu s \u00a7 5 z\u00e1kona o smluvn\u00edch stran\u00e1ch. M\u00edstn\u00ed sdru\u017een\u00ed jsou povinna p\u0159edlo\u017eit sv\u00e9 \u00fa\u010detn\u00ed doklady, faktury a jin\u00e9 \u00fa\u010detn\u00ed doklady okresn\u00edmu sdru\u017een\u00ed nejpozd\u011bji do 15. ledna ka\u017ed\u00e9ho roku, kter\u00e9 n\u00e1sledn\u011b zas\u00edl\u00e1 sv\u00e9 \u00fa\u010detn\u00ed doklady (\u00fa\u010detn\u00ed doklady, faktury a jin\u00e9 \u00fa\u010detn\u00ed doklady) a \u00fa\u010detn\u00ed doklady m\u00edstn\u00edch sdru\u017een\u00ed krajsk\u00e9mu sdru\u017een\u00ed do 30. ledna ka\u017ed\u00e9ho roku.<\/strong><\/p>\n\n\n\n<p>(3) V\u0161echny \u00fa\u010dty jsou vedeny pod n\u00e1zvem B\u00dcNDNIS 90\/DIE GR\u00dcNEN. Investice jsou povoleny na b\u011b\u017en\u00fdch \u00fa\u010dtech, term\u00ednovan\u00fdch vkladech, jednodenn\u00edch vkladech, spo\u0159ic\u00edch \u00fa\u010dtech a spo\u0159iteln\u00edch certifik\u00e1tech, feder\u00e1ln\u00edch cenn\u00fdch pap\u00edrech, dluhopisech vydan\u00fdch tuzemsk\u00fdmi dlu\u017en\u00edky v eurech a ve fondech slo\u017een\u00fdch z v\u00fd\u0161e uveden\u00fdch cenn\u00fdch pap\u00edr\u016f.<\/p>\n\n\n\n<p>(4) Rozpo\u010dtov\u00fdm rokem je kalend\u00e1\u0159n\u00ed rok.<\/p>\n\n\n\n<p><strong>Odd\u00edl 3 M\u00edstn\u00ed sdru\u017een\u00ed<\/strong><\/p>\n\n\n\n<p><strong>(1) M\u00edstn\u00ed sdru\u017een\u00ed mohou m\u00edt vlastn\u00ed pokladnu.<\/strong><\/p>\n\n\n\n<p><strong>(2) M\u00edstn\u00ed sdru\u017een\u00ed s vlastn\u00edm b\u011b\u017en\u00fdm \u00fa\u010dtem k 31. 2022 mohou nad\u00e1le v\u00e9st b\u011b\u017en\u00e9 \u00fa\u010dty za \u00fa\u010delem spr\u00e1vy finan\u010dn\u00edch prost\u0159edk\u016f, kter\u00e9 maj\u00ed k dispozici. Ty mus\u00ed b\u00fdt vedeny bu\u010f jako pod\u00fa\u010det okresn\u00edho sdru\u017een\u00ed, nebo jako \u00fa\u010det okresn\u00edho sdru\u017een\u00ed pod n\u00e1zvem \u201eB\u00dcNDNIS 90\/DIE GR\u00dcNEN MKK \u2013 Ortsverband...\u201c. Okresn\u00ed pokladn\u00edk spravuje \u00fa\u010dty a m\u00e1 pr\u00e1vo kontroly a \u0159\u00edzen\u00ed v\u016f\u010di m\u00edstn\u00edm sdru\u017een\u00edm v souladu s ustanoven\u00edmi \u00a7 5 z\u00e1kona o stran\u011b. Okresn\u00ed pokladn\u00edk m\u016f\u017ee ud\u011blit plnou moc po p\u0159edlo\u017een\u00ed protokolu m\u00edstn\u00edho sdru\u017een\u00ed. Dokud nedojde ke zm\u011bn\u011b, mus\u00ed b\u00fdt okresn\u00edmu pokladn\u00edkovi ud\u011blena pln\u00e1 moc k \u00fa\u010dtu.<\/strong><\/p>\n\n\n\n<p><strong>(3) Pokud maj\u00ed m\u00edstn\u00ed sdru\u017een\u00ed vlastn\u00ed pokladnu a\/nebo b\u011b\u017en\u00fd \u00fa\u010det, je m\u00edstn\u00ed v\u00fdkonn\u00fd org\u00e1n povinen p\u0159edat ve\u0161ker\u00e9 dokumenty pot\u0159ebn\u00e9 pro \u00fa\u010detnictv\u00ed a p\u0159\u00edpravu zpr\u00e1vy o odpov\u011bdnosti krajsk\u00e9ho sdru\u017een\u00ed v pln\u00e9m rozsahu. M\u00edstn\u00ed sdru\u017een\u00ed, jejich \u0159editel\u00e9 nebo jejich z\u00e1stupci nemaj\u00ed zadr\u017eovac\u00ed pr\u00e1vo.<\/strong><\/p>\n\n\n\n<p><strong>(3a) M\u00edstn\u00ed rada je povinna ozn\u00e1mit okresn\u00edmu pokladn\u00edmu neprodlen\u011b po skon\u010den\u00ed roku obdr\u017een\u00e9 dary v pokladn\u011b m\u00edstn\u00edho sdru\u017een\u00ed, uv\u00e9st d\u00e1rce a uv\u00e9st \u00faplnou adresu, v\u00fd\u0161i a druh daru. To plat\u00ed i pro dary t\u00edm, \u017ee se upust\u00ed od \u00fahrady v\u00fddaj\u016f v souladu s p\u0159edpisy o \u00fahrad\u011b zemsk\u00e9ho svazku.<\/strong><\/p>\n\n\n\n<p><strong>(4) Je-li v\u010dasn\u00e9 p\u0159edlo\u017een\u00ed zpr\u00e1vy o odpov\u011bdnosti ohro\u017eeno v souladu s ustanoven\u00edmi z\u00e1kona o smluvn\u00edch stran\u00e1ch v d\u016fsledku pozdn\u00edho p\u0159edlo\u017een\u00ed \u00fa\u010detn\u00edch doklad\u016f nebo z jin\u00fdch d\u016fvod\u016f, za kter\u00e9 odpov\u00edd\u00e1 m\u00edstn\u00ed v\u00fdkonn\u00fd org\u00e1n, mus\u00ed okresn\u00ed sdru\u017een\u00ed prost\u0159ednictv\u00edm p\u0159\u00edslu\u0161n\u00e9ho org\u00e1nu p\u0159il\u00e1kat spr\u00e1vu hotovosti dot\u010den\u00e9ho m\u00edstn\u00edho sdru\u017een\u00ed nebo jmenovat z\u00e1stupce.<\/strong><\/p>\n\n\n\n<p><strong>\u00a7 4 \u010clensk\u00e9 poplatky<\/strong><\/p>\n\n\n\n<p><strong>(1) \u010clensk\u00e9 p\u0159\u00edsp\u011bvky vyb\u00edr\u00e1 okresn\u00ed sdru\u017een\u00ed. Pokud m\u00edstn\u00ed sdru\u017een\u00ed st\u00e1le vyb\u00edraj\u00ed \u010dlensk\u00e9 p\u0159\u00edsp\u011bvky, m\u011bla by b\u00fdt konverze v\u00fdb\u011bru p\u0159\u00edsp\u011bvk\u016f okresn\u00edm sdru\u017een\u00edm provedena nejpozd\u011bji do 31. prosince 2025.<\/strong><\/p>\n\n\n\n<p><strong>(2) V\u00fd\u0161e \u010dlensk\u00e9ho p\u0159\u00edsp\u011bvku je 1 % \u010dist\u00fd m\u011bs\u00ed\u010dn\u00ed p\u0159\u00edjem \u010dlena. Pro \u010dleny bez nebo pouze s n\u00edzk\u00fdm p\u0159\u00edjmem m\u016f\u017ee okresn\u00ed pokladn\u00edk stanovit sn\u00ed\u017een\u00fd \u010dlensk\u00fd poplatek.<\/strong><\/p>\n\n\n\n<p><strong>(3) Krom\u011b z\u00e1konn\u00fdch \u010dlensk\u00fdch p\u0159\u00edsp\u011bvk\u016f hrad\u00ed \u00fa\u0159edn\u00edci a volen\u00ed z\u00e1stupci tak\u00e9 poplatky volen\u00fdch z\u00e1stupc\u016f. V\u00fd\u0161e poplatk\u016f je stanovena pro \u010dleny okresn\u00ed rady a okresn\u00edho v\u00fdboru v souladu s p\u0159\u00edsp\u011bvkov\u00fdm \u0159\u00e1dem pro volen\u00e9 z\u00e1stupce Aliance 90\/Zelen\u00ed v okresn\u00edm sdru\u017een\u00ed Hlavn\u00ed Kinzig. Krom\u011b toho m\u00edstn\u00ed sdru\u017een\u00ed nez\u00e1visle reguluj\u00ed v\u00fd\u0161i povinnost\u00ed sv\u00fdch \u00fa\u0159edn\u00edk\u016f a volen\u00fdch z\u00e1stupc\u016f.<\/strong><\/p>\n\n\n\n<p><strong>(3a) Okresn\u00ed sdru\u017een\u00ed hrad\u00ed p\u0159\u00edplatky stanoven\u00e9 spolkov\u00fdm a st\u00e1tn\u00edm sdru\u017een\u00edm, kter\u00e9 jsou \u010dtvrtletn\u011b vyb\u00edr\u00e1ny st\u00e1tn\u00edm sdru\u017een\u00edm. V\u00fd\u0161e poplatk\u016f je pro v\u0161echny \u010dleny stejn\u00e1. Nez\u00e1le\u017e\u00ed na tom, kolik \u010dlen hrad\u00ed p\u0159\u00edsp\u011bvky okresn\u00edmu sdru\u017een\u00ed nebo zda okresn\u00ed sdru\u017een\u00ed v jednotliv\u00fdch p\u0159\u00edpadech ud\u011blilo osvobozen\u00ed od p\u0159\u00edsp\u011bvk\u016f.<\/strong><\/p>\n\n\n\n<p><strong>(4) M\u00edstn\u00ed sdru\u017een\u00ed se samostatn\u00fdm veden\u00edm (b\u011b\u017en\u00e9 \u00fa\u010dty) plat\u00ed p\u0159\u00edplatek ve v\u00fd\u0161i 14,50 EUR na \u010dlena a m\u011bs\u00edc za odvody placen\u00e9 okresn\u00edm sdru\u017een\u00edm feder\u00e1ln\u00edmu a st\u00e1tn\u00edmu sdru\u017een\u00ed (nejm\u00e9n\u011b 8,09 EUR od 1.1.2026) a za financov\u00e1n\u00ed stranicko-politick\u00e9 \u010dinnosti okresn\u00edho sdru\u017een\u00ed, v\u010detn\u011b n\u00e1klad\u016f na kancel\u00e1\u0159 a person\u00e1ln\u00edch n\u00e1klad\u016f okresn\u00edho v\u00fdkonn\u00e9ho \u0159editele (\u0159editel\u016f). Na opl\u00e1tku jsou m\u00edstn\u00ed sdru\u017een\u00ed zapojena do poloviny st\u00e1tn\u00edch dotac\u00ed.<\/strong><\/p>\n\n\n\n<p><strong>Rozd\u011blovac\u00ed kl\u00ed\u010d z\u00e1vis\u00ed na po\u010dtu \u010dlen\u016f m\u00edstn\u00edho sdru\u017een\u00ed, za kter\u00e9 se plat\u00ed p\u0159\u00edplatek. P\u0159\u00edplatek se sni\u017euje na 11,50 EUR, pokud se m\u00edstn\u00ed sdru\u017een\u00ed vzd\u00e1 \u00fa\u010dasti na st\u00e1tn\u00ed dotaci.<\/strong><\/p>\n\n\n\n<p><strong>Rozhodnut\u00ed m\u00edstn\u00edch sdru\u017een\u00ed, zda vyplat\u00ed okresn\u00edmu sdru\u017een\u00ed 13 eur na \u010dlena m\u011bs\u00ed\u010dn\u011b, nebo se vzdaj\u00ed pod\u00edlu na grantech region\u00e1ln\u00edho sdru\u017een\u00ed, je z\u00e1vazn\u00e9 po dobu p\u011bti let od 1.1.2023. Pak m\u016f\u017ee b\u00fdt vybr\u00e1no jin\u00e9 \u0159e\u0161en\u00ed.<\/strong><\/p>\n\n\n\n<p><strong>(5) M\u00edstn\u00ed sdru\u017een\u00ed bez samostatn\u00e9ho \u0159\u00edzen\u00ed obdr\u017e\u00ed od krajsk\u00e9 rady ro\u010dn\u00ed rozpo\u010det, kter\u00fd se zapisuje do rozpo\u010dtu jako rozpo\u010dtov\u00e1 polo\u017eka.<\/strong><\/p>\n\n\n\n<p><strong>\u00a7 5 Granty<\/strong><\/p>\n\n\n\n<p>(1) Okresn\u00ed sdru\u017een\u00ed a m\u00edstn\u00ed sdru\u017een\u00ed jsou opr\u00e1vn\u011bna p\u0159ij\u00edmat dary v souladu s \u00a7 25 z\u00e1kona o politick\u00fdch stran\u00e1ch.<\/p>\n\n\n\n<p>(2) P\u0159\u00edjem dar\u016f a p\u0159\u00edsp\u011bvk\u016f ur\u010duje okresn\u00ed pokladn\u00edk. Odpov\u00edd\u00e1 za \u0159\u00e1dnost dar\u016f v souladu s ustanoven\u00edmi z\u00e1kona o smluvn\u00edch stran\u00e1ch.<\/p>\n\n\n\n<p>(3) Osv\u011bd\u010den\u00ed o dotaci vyd\u00e1v\u00e1 okresn\u00ed pokladn\u00edk na dary obdr\u017een\u00e9 v kalend\u00e1\u0159n\u00edm roce (p\u0159\u00edsp\u011bvky a dary) okresn\u00edho sdru\u017een\u00ed a m\u00edstn\u00edch sdru\u017een\u00ed. Soulad osv\u011bd\u010den\u00ed o grantu, prohl\u00e1\u0161en\u00ed o grantech a \u00fa\u010detnictv\u00ed grant\u016f mus\u00ed zajistit odpov\u011bdn\u00fd okresn\u00ed pokladn\u00edk.<\/p>\n\n\n\n<p><strong>\u00a7 6 Nep\u0159\u00edpustn\u00e9 dary, nep\u0159esnost zpr\u00e1vy o odpov\u011bdnosti<\/strong><\/p>\n\n\n\n<p>(1) Okresn\u00ed pokladn\u00edk okresn\u00edho sdru\u017een\u00ed je povinen neprodlen\u011b ozn\u00e1mit st\u00e1tn\u00edmu pokladn\u00edkovi nep\u0159\u00edpustn\u00e9 p\u0159ijet\u00ed platby podle \u00a7 25 odst. 2 z\u00e1kona o smluvn\u00edch stran\u00e1ch. Provin\u010dn\u00ed pokladn\u00edk je odpov\u011bdn\u00fd za dal\u0161\u00ed \u0159\u00edzen\u00ed v souladu s ustanoven\u00edmi z\u00e1kona o smluvn\u00edch stran\u00e1ch. Poplatky vypl\u00fdvaj\u00edc\u00ed z ustanoven\u00ed \u00a7 31c z\u00e1kona o smluvn\u00edch stran\u00e1ch hrad\u00ed \u00fazemn\u00ed sdru\u017een\u00ed, kter\u00e9 obdr\u017eelo platbu podle \u00a7 25 odst. 2 z\u00e1kona o smluvn\u00edch stran\u00e1ch.<\/p>\n\n\n\n<p>(2) Okresn\u00ed pokladn\u00edk okresn\u00edho sdru\u017een\u00ed je povinen neprodlen\u011b ozn\u00e1mit st\u00e1tn\u00edmu pokladn\u00edmu ve\u0161ker\u00e9 nep\u0159esnosti v \u00fa\u010detnictv\u00ed okresn\u00edho sdru\u017een\u00ed, kter\u00e9 ji\u017e byly v\u010das a v n\u00e1le\u017eit\u00e9 form\u011b p\u0159edlo\u017eeny podle \u00a7 23b stranick\u00e9ho z\u00e1kona. Provin\u010dn\u00ed pokladn\u00edk je odpov\u011bdn\u00fd za dal\u0161\u00ed \u0159\u00edzen\u00ed v souladu s ustanoven\u00edmi z\u00e1kona o smluvn\u00edch stran\u00e1ch. Poplatky vypl\u00fdvaj\u00edc\u00ed z ustanoven\u00ed \u00a7 31b z\u00e1kona o smluvn\u00edch stran\u00e1ch hrad\u00ed p\u0159\u00edslu\u0161n\u00e9 okresn\u00ed sdru\u017een\u00ed.<\/p>\n\n\n\n<p><strong>\u00a7 7 Ro\u010dn\u00ed \u00fa\u010detn\u00ed z\u00e1v\u011brka a rozpo\u010det okresn\u00edho sdru\u017een\u00ed<\/strong><\/p>\n\n\n\n<p><strong>(1) Okresn\u00ed pokladn\u00edk ka\u017edoro\u010dn\u011b do 28. \u00fanora p\u0159edlo\u017e\u00ed okresn\u00ed rad\u011b a shrom\u00e1\u017ed\u011bn\u00ed \u010dlen\u016f okresu zpr\u00e1vu o odpov\u011bdnosti. M\u00edstn\u00ed z\u00e1stupci m\u00edstn\u00edch sdru\u017een\u00ed pod samostatn\u00fdm veden\u00edm rovn\u011b\u017e p\u0159edkl\u00e1daj\u00ed zpr\u00e1vu o odpov\u011bdnosti na sv\u00fdch sch\u016fz\u00edch m\u00edstn\u00edch sdru\u017een\u00ed do 28. \u00fanora ka\u017ed\u00e9ho roku.<\/strong><\/p>\n\n\n\n<p><strong>(2) Okresn\u00ed pokladn\u00edk odpov\u00edd\u00e1 za ro\u010dn\u00ed p\u0159\u00edpravu rozpo\u010dtu okresn\u00edho sdru\u017een\u00ed spolu se st\u0159edn\u011bdob\u00fdm finan\u010dn\u00edm pl\u00e1nov\u00e1n\u00edm pro<\/strong> <strong>obdob\u00ed nejm\u00e9n\u011b \u010dty\u0159 let. O rozpo\u010dtu rozhoduje okresn\u00ed rada a shrom\u00e1\u017ed\u011bn\u00ed \u010dlen\u016f okresu a p\u0159edkl\u00e1d\u00e1 se do 28. \u00fanora ka\u017ed\u00e9ho roku. Vykazuj\u00ed se z\u016fstatky b\u011b\u017en\u00e9ho \u00fa\u010dtu m\u00edstn\u00edch sdru\u017een\u00ed se samostatn\u00fdm veden\u00edm k 31.12. p\u0159edchoz\u00edho roku.<\/strong><\/p>\n\n\n\n<p><strong>M\u00edstn\u00ed z\u00e1stupci m\u00edstn\u00edch sdru\u017een\u00ed pod samostatn\u00fdm veden\u00edm rovn\u011b\u017e p\u0159edkl\u00e1daj\u00ed rozpo\u010det na sv\u00fdch sch\u016fz\u00edch m\u00edstn\u00edch sdru\u017een\u00ed do 28. \u00fanora ka\u017ed\u00e9ho roku.<\/strong><\/p>\n\n\n\n<p>(3) Pokud lze p\u0159edpokl\u00e1dat, \u017ee rozpo\u010dtov\u00fd p\u0159\u00edstup nebude posta\u010dovat, mus\u00ed okresn\u00ed pokladn\u00edk neprodlen\u011b p\u0159edlo\u017eit dodate\u010dn\u00fd rozpo\u010det. A\u017e do jeho p\u0159ijet\u00ed se pou\u017eij\u00ed z\u00e1sady prozat\u00edmn\u00edho finan\u010dn\u00edho \u0159\u00edzen\u00ed.<\/p>\n\n\n\n<p>(4) Dohodnut\u00e9 v\u00fddaje lze uskute\u010dnit pouze tehdy, je-li zaji\u0161t\u011bno po\u017eadovan\u00e9 kryt\u00ed. Rozhodnut\u00ed, kter\u00e1 maj\u00ed finan\u010dn\u00ed dopad a pro n\u011b\u017e nen\u00ed stanovena odpov\u00eddaj\u00edc\u00ed rozpo\u010dtov\u00e1 hlava, se prov\u00e1d\u011bj\u00ed a\u017e po p\u0159e\u0159azen\u00ed z jin\u00fdch rozpo\u010dtov\u00fdch polo\u017eek. P\u0159erozd\u011blen\u00ed vy\u017eaduje souhlas okresn\u00edho pokladn\u00edka. Nen\u00ed-li tento souhlas z\u00edsk\u00e1n, mus\u00ed o tom rozhodnout valn\u00e9 shrom\u00e1\u017ed\u011bn\u00ed.<\/p>\n\n\n\n<p><strong>Odd\u00edl 8 \u00dav\u011bry a z\u00e1ruky<\/strong><\/p>\n\n\n\n<p>Poskytnut\u00ed nebo pou\u017eit\u00ed p\u016fj\u010dek nebo z\u00e1ruk od t\u0159et\u00edch osob nebo ve prosp\u011bch t\u0159et\u00edch osob ze strany okresn\u00edho sdru\u017een\u00ed vy\u017eaduje schv\u00e1len\u00ed zased\u00e1n\u00ed \u010dlen\u016f okresn\u00edho sdru\u017een\u00ed. Pokud p\u0159ekro\u010d\u00ed \u010d\u00e1stku 2 500 EUR, vy\u017eaduje p\u0159edchoz\u00ed p\u00edsemn\u00fd souhlas st\u00e1tn\u00edho pokladn\u00edka. Pokud pokladn\u00edk souhlas odm\u00edtne, mus\u00ed valn\u00e1 hromada rozhodnout, zda po\u017e\u00e1d\u00e1 o rozhodnut\u00ed St\u00e1tn\u00ed finan\u010dn\u00ed radu.<\/p>\n\n\n\n<p><strong>Odd\u00edl 9 Person\u00e1l<\/strong><\/p>\n\n\n\n<p>(1) Okresn\u00ed rada jako zam\u011bstnavatel odpov\u00edd\u00e1 za n\u00e1bor, zam\u011bstn\u00e1v\u00e1n\u00ed a propou\u0161t\u011bn\u00ed zam\u011bstnanc\u016f v okresn\u00edm sdru\u017een\u00ed a p\u0159\u00edpadn\u011b v pod\u0159\u00edzen\u00fdch m\u00edstn\u00edch sdru\u017een\u00edch. To plat\u00ed i pro zam\u011bstnance s n\u00edzkou a kr\u00e1tkodobou pracovn\u00ed dobou.<\/p>\n\n\n\n<p>(2) Okresn\u00ed pokladn\u00edk odpov\u00edd\u00e1 za \u0159\u00e1dn\u00e9 \u0159\u00edzen\u00ed lidsk\u00fdch zdroj\u016f.<\/p>\n\n\n\n<p>(3) Okresn\u00ed rada m\u016f\u017ee jmenovat z\u00e1stupce pro zpracov\u00e1n\u00ed mzdov\u00e9ho \u00fa\u010detnictv\u00ed a \u0159\u00e1dn\u00e9 pod\u00e1v\u00e1n\u00ed p\u0159izn\u00e1n\u00ed k dani ze mzdy, doklad\u016f o p\u0159\u00edsp\u011bvc\u00edch, jako\u017e i zpr\u00e1v o soci\u00e1ln\u00edm zabezpe\u010den\u00ed atd.<\/p>\n\n\n\n<p><strong>Odd\u00edl 10 N\u00e1hrada cestovn\u00edch a jin\u00fdch n\u00e1klad\u016f<\/strong><\/p>\n\n\n\n<p>Na \u00fahradu cestovn\u00edch v\u00fddaj\u016f a dal\u0161\u00edch v\u00fddaj\u016f se vztahuj\u00ed p\u0159edpisy o n\u00e1hrad\u00e1ch B\u00fcndnis90\/Die Gr\u00fcnen Hessen.<\/p>\n\n\n\n<p><strong>\u00a7 11 Vstup v platnost<\/strong><\/p>\n\n\n\n<p>(1) Finan\u010dn\u00ed p\u0159edpisy vstoupily v platnost jejich p\u0159ijet\u00edm shrom\u00e1\u017ed\u011bn\u00edm okresn\u00edch \u010dlen\u016f a jsou sou\u010d\u00e1st\u00ed okresn\u00edch stanov.<\/p>\n\n\n\n<p><strong>(2) Zm\u011bny okresn\u00edho finan\u010dn\u00edho na\u0159\u00edzen\u00ed p\u0159ijat\u00e9 v Rodenbachu dne 15. \u010dervna 2022 vstoup\u00ed v platnost dne 1. ledna 2023.<\/strong><\/p>\n\n\n\n<p><strong>(3) Zm\u011bny Kreisfinanzordnung p\u0159ijat\u00e9 dne 4. \u010dervna 2025 v Maintal Bischofsheim vstoup\u00ed v platnost dne 1. ledna 2026.<\/strong><\/p>\n\n\n\n<hr class=\"wp-block-separator has-css-opacity\"\/>\n\n\n\n<h2 class=\"wp-block-heading\">P\u0159edpisy o p\u0159\u00edsp\u011bvc\u00edch pro volen\u00e9 z\u00e1stupce Aliance 90 \/ Zelen\u00ed v okresn\u00edm sdru\u017een\u00ed Main-Kinzig<\/h2>\n\n\n\n<p>Krom\u011b stanov okresn\u00edho sdru\u017een\u00ed a finan\u010dn\u00edch p\u0159edpis\u016f p\u0159ij\u00edm\u00e1 B\u00dcNDNIS 90\/DIE GR\u00dcNEN Kreisverband Main-Kinzig n\u00e1sleduj\u00edc\u00ed p\u0159\u00edsp\u011bvkov\u00e9 p\u0159edpisy pro volen\u00e9 z\u00e1stupce v okresn\u00edm sdru\u017een\u00ed Main-Kinzig:<\/p>\n\n\n\n<p><strong>\u00a7 1 Osobn\u00ed p\u016fsobnost<\/strong><br>\u010clenov\u00e9 B\u00dcNDNIS 90\/DIE GR\u00dcNEN, kte\u0159\u00ed z\u00edskali mand\u00e1t v okresn\u00ed rad\u011b nebo v okresn\u00edm v\u00fdboru, plat\u00ed krom\u011b sv\u00fdch z\u00e1konn\u00fdch \u010dlensk\u00fdch p\u0159\u00edsp\u011bvk\u016f tak\u00e9 \u017eensk\u00e9 p\u0159\u00edsp\u011bvky do okresn\u00edho sdru\u017een\u00ed. Dr\u017eitel\u00e9 term\u00ednu a volen\u00ed z\u00e1stupci, kte\u0159\u00ed nejsou \u010dleny B\u00dcNDNIS 90\/DIE GR\u00dcNEN, jsou po\u017e\u00e1d\u00e1ni, aby poskytli dar v p\u0159\u00edslu\u0161n\u00e9 v\u00fd\u0161i.<em> <\/em><\/p>\n\n\n\n<p><strong>Odd\u00edl 2 P\u0159\u00edsp\u011bvky dr\u017eitel\u016f mand\u00e1tu pro \u010dleny okresn\u00edho parlamentu<\/strong><br>V\u00fd\u0161e p\u0159\u00edsp\u011bvk\u016f volen\u00fdch z\u00e1stupc\u016f je 50 pro v\u0161echny \u010dleny okresn\u00edho parlamentu a \u010destn\u00e9 \u010dleny okresn\u00edho v\u00fdboru.% obdr\u017een\u00e9 v\u00fddaje a p\u0159\u00edsp\u011bvky na \u00fa\u010dast na sch\u016fzi, kter\u00e9 jsou poskytov\u00e1ny podle kompenza\u010dn\u00edch stanov okresn\u00ed rady. P\u0159i v\u00fdpo\u010dtu p\u0159\u00edsp\u011bvk\u016f dr\u017eitele mand\u00e1tu se<br>Proplacen\u00e9 cestovn\u00ed v\u00fddaje se nezohled\u0148uj\u00ed.<br><strong>Pokud dr\u017eitel mand\u00e1tu nepodl\u00e9h\u00e1 dani, a nem\u016f\u017ee proto sn\u00ed\u017eit svou da\u0148ovou povinnost o polovinu sv\u00fdch p\u0159\u00edsp\u011bvk\u016f, sn\u00ed\u017e\u00ed se v\u00fd\u0161e jeho p\u0159\u00edsp\u011bvk\u016f na 25 %. Spolupracovn\u00edci na pln\u00fd \u00favazek plat\u00ed 5 % jejich \u010dist\u00fd p\u0159\u00edjem jako reprezentativn\u00ed p\u0159\u00edsp\u011bvek volen\u00fdch \u017een.<\/strong><br>P\u0159\u00edsp\u011bvky volen\u00fdch z\u00e1stupc\u016f jsou shroma\u017e\u010fov\u00e1ny prost\u0159ednictv\u00edm okresn\u00edho \u00fa\u0159adu B\u00dcNDNIS 90\/DIE GR\u00dcNEN Kreisverband Main-Kinzig.<\/p>\n\n\n\n<p><br><strong>\u00a7 3 P\u0159\u00edsp\u011bvky dr\u017eitel\u016f mand\u00e1tu na v\u0161echny mand\u00e1ty, funkce a k\u0159esla p\u0159eveden\u00e9 prost\u0159ednictv\u00edm okresn\u00ed parlamentn\u00ed skupiny a okresn\u00edho parlamentu pro okres Main-Kinzig<\/strong><br>Pokud okresn\u00ed parlamentn\u00ed skupina vys\u00edl\u00e1 \u010dleny do v\u00fdbor\u016f, jako jsou specializovan\u00e9 v\u00fdbory, \u00fa\u010delov\u00e1 sdru\u017een\u00ed, dozor\u010d\u00ed rady, vlastn\u00ed podniky atd., a vyslan\u00ed \u010dlenov\u00e9 dost\u00e1vaj\u00ed za svou pr\u00e1ci v t\u011bchto v\u00fdborech v\u00fddaje a\/nebo p\u0159\u00edsp\u011bvky na \u00fa\u010dast na sch\u016fzi,<br>Z toho 50 % na okresn\u00ed radu. Pro v\u00fdpo\u010det t\u011bchto p\u0159\u00edsp\u011bvk\u016f volen\u00fdch z\u00e1stupky\u0148 jsou rozhoduj\u00edc\u00ed v\u00fddaje a poplatky za \u00fa\u010dast na sch\u016fzi stanoven\u00e9 a zaplacen\u00e9 podle p\u0159\u00edslu\u0161n\u00e9ho platn\u00e9ho jednac\u00edho \u0159\u00e1du. N\u00e1hrada proplacen\u00fdch cestovn\u00edch v\u00fddaj\u016f se nebere v \u00favahu. <\/p>\n\n\n\n<p>Pokud dr\u017eitel mand\u00e1tu obdr\u017e\u00ed v\u00fddaje a\/nebo poplatky za \u00fa\u010dast na sch\u016fzi jak za sv\u016fj mand\u00e1t v okresn\u00ed rad\u011b, tak za svou pr\u00e1ci ve v\u00fdborech, p\u0159\u00edsp\u011bvky dr\u017eitel\u016f mand\u00e1tu se se\u010dtou. <\/p>\n\n\n\n<p><strong>\u00a7 4 Obecn\u00e1 ustanoven\u00ed <\/strong><\/p>\n\n\n\n<p>Okresn\u00ed pokladn\u00edk z\u0159\u00edd\u00ed z\u00fa\u010dtovac\u00ed skupinu s jedn\u00edm z\u00e1stupcem okresn\u00ed rady a jedn\u00edm z\u00e1stupcem skupinov\u00e9 rady pro v\u0161echny spory t\u00fdkaj\u00edc\u00ed se placen\u00ed p\u0159\u00edsp\u011bvk\u016f dr\u017eitele mand\u00e1tu, kter\u00e1 se pokus\u00ed dos\u00e1hnout sm\u00edrn\u00e9ho narovn\u00e1n\u00ed s dr\u017eitelem mand\u00e1tu. Nebude-li dosa\u017eeno dohody, bude z\u00e1le\u017eitost projedn\u00e1na a projedn\u00e1na okresn\u00edm shrom\u00e1\u017ed\u011bn\u00edm.<br>P\u0159edlo\u017eeno k rozhodnut\u00ed.<br><\/p>\n\n\n\n<p>Na\u0159\u00edzen\u00ed o p\u0159\u00edsp\u011bvc\u00edch pro volen\u00e9 z\u00e1stupce vstoup\u00ed v platnost dne 1.4.2026. Do t\u00e9 doby plat\u00ed star\u00e1 pravidla.<\/p>\n\n\n\n<p><\/p>","protected":false},"excerpt":{"rendered":"<p>Dokumenty ke sta\u017een\u00ed ve form\u00e1tu PDF P\u0159epracov\u00e1n\u00ed stanov ze dne 21.11.2022 P\u0159epracov\u00e1n\u00ed stanov okresn\u00edho sdru\u017een\u00ed Main-Kinzig B\u00fcndnis90\/DIE GR\u00dcNEN p\u0159ijat\u00e9 na sch\u016fzi \u010dlen\u016f okresn\u00edho sdru\u017een\u00ed dne 21.11.2022 v Gelnhausenu. \u00a7 1 N\u00e1zev [...]<\/p>","protected":false},"author":2,"featured_media":0,"parent":18,"menu_order":0,"comment_status":"closed","ping_status":"closed","template":"","meta":{"footnotes":""},"class_list":["post-28","page","type-page","status-publish","hentry"],"_links":{"self":[{"href":"https:\/\/www.gruene-mkk.de\/cs\/wp-json\/wp\/v2\/pages\/28","targetHints":{"allow":["GET"]}}],"collection":[{"href":"https:\/\/www.gruene-mkk.de\/cs\/wp-json\/wp\/v2\/pages"}],"about":[{"href":"https:\/\/www.gruene-mkk.de\/cs\/wp-json\/wp\/v2\/types\/page"}],"author":[{"embeddable":true,"href":"https:\/\/www.gruene-mkk.de\/cs\/wp-json\/wp\/v2\/users\/2"}],"replies":[{"embeddable":true,"href":"https:\/\/www.gruene-mkk.de\/cs\/wp-json\/wp\/v2\/comments?post=28"}],"version-history":[{"count":46,"href":"https:\/\/www.gruene-mkk.de\/cs\/wp-json\/wp\/v2\/pages\/28\/revisions"}],"predecessor-version":[{"id":2896,"href":"https:\/\/www.gruene-mkk.de\/cs\/wp-json\/wp\/v2\/pages\/28\/revisions\/2896"}],"up":[{"embeddable":true,"href":"https:\/\/www.gruene-mkk.de\/cs\/wp-json\/wp\/v2\/pages\/18"}],"wp:attachment":[{"href":"https:\/\/www.gruene-mkk.de\/cs\/wp-json\/wp\/v2\/media?parent=28"}],"curies":[{"name":"wp","href":"https:\/\/api.w.org\/{rel}","templated":true}]}}