{"id":18,"date":"2021-11-09T12:27:41","date_gmt":"2021-11-09T11:27:41","guid":{"rendered":"https:\/\/www.alles-bleibt-anders.org\/?page_id=18"},"modified":"2022-08-05T18:18:09","modified_gmt":"2022-08-05T16:18:09","slug":"partei","status":"publish","type":"page","link":"https:\/\/www.gruene-mkk.de\/cs\/partei\/","title":{"rendered":"p\u00e1rty"},"content":{"rendered":"<div class=\"wp-block-cover is-light\" style=\"min-height:519px;aspect-ratio:unset;\"><span aria-hidden=\"true\" class=\"wp-block-cover__background has-background-dim-0 has-background-dim\"><\/span><img loading=\"lazy\" decoding=\"async\" width=\"1920\" height=\"1080\" class=\"wp-block-cover__image-background wp-image-19\" alt=\"\" src=\"http:\/\/www.alles-bleibt-anders.org\/wp-content\/uploads\/2021\/11\/kreisverband-mkk-card.jpg\" style=\"object-position:54% 62%\" data-object-fit=\"cover\" data-object-position=\"54% 62%\" srcset=\"https:\/\/www.gruene-mkk.de\/wp-content\/uploads\/2021\/11\/kreisverband-mkk-card.jpg 1920w, https:\/\/www.gruene-mkk.de\/wp-content\/uploads\/2021\/11\/kreisverband-mkk-card-400x225.jpg 400w, https:\/\/www.gruene-mkk.de\/wp-content\/uploads\/2021\/11\/kreisverband-mkk-card-800x450.jpg 800w, https:\/\/www.gruene-mkk.de\/wp-content\/uploads\/2021\/11\/kreisverband-mkk-card-768x432.jpg 768w, https:\/\/www.gruene-mkk.de\/wp-content\/uploads\/2021\/11\/kreisverband-mkk-card-1536x864.jpg 1536w, https:\/\/www.gruene-mkk.de\/wp-content\/uploads\/2021\/11\/kreisverband-mkk-card-150x84.jpg 150w\" sizes=\"auto, (max-width: 1920px) 100vw, 1920px\" \/><div class=\"wp-block-cover__inner-container is-layout-flow wp-block-cover-is-layout-flow\">\n<p class=\"has-text-align-center has-large-font-size\"><\/p>\n<\/div><\/div>\n\n\n\n<div class=\"wp-block-group has-green-800-color has-white-background-color has-text-color has-background is-layout-flow wp-block-group-is-layout-flow\">\n<p class=\"has-text-align-center\" style=\"font-size:clamp(14.642px, 0.915rem + ((1vw - 3.2px) * 0.836), 22px);\">Poslankyn\u011b <strong>Kreisverband B\u00dcNDNIS 90\/DIE GR\u00dcNEN Hlavn\u00ed m\u011bsto Praha<\/strong> V sou\u010dasn\u00e9 dob\u011b m\u00e1me v\u00edce ne\u017e 400 \u010dlen\u016f a neust\u00e1le rosteme. T\u011b\u0161\u00ed n\u00e1s to, proto\u017ee tato skute\u010dnost ukazuje velk\u00fd z\u00e1jem o ekologick\u00e9 ot\u00e1zky, jako je ochrana \u017eivotn\u00edho prost\u0159ed\u00ed a klimatu, udr\u017eiteln\u00fd rozvoj (zejm\u00e9na venkovsk\u00e9 regiony) a soci\u00e1ln\u00ed spravedlnost. <\/p>\n\n\n\n<p class=\"has-text-align-center\" style=\"font-size:clamp(14.642px, 0.915rem + ((1vw - 3.2px) * 0.836), 22px);\">To n\u00e1s motivuje k aktivn\u00ed propagaci t\u011bchto t\u00e9mat!<\/p>\n<\/div>\n\n\n\n<p>   <\/p>\n\n\n\n<h3 class=\"wp-block-heading\">Na\u0161e okresn\u00ed sdru\u017een\u00ed<\/h3>\n\n\n\n<p>Poslankyn\u011b <a href=\"https:\/\/www.alles-bleibt-anders.org\/partei\/kreisvorstand\/\"><strong>Okresn\u00ed rada \u0159editel\u016f<\/strong><\/a> Pravideln\u011b organizuje valn\u00e9 hromady a dal\u0161\u00ed aktivity pro \u010dleny s\u00edt\u011b a skupiny. P\u0159edsednictvo se skl\u00e1d\u00e1 z p\u011bti \u010dlen\u016f, jedn\u00e9 pokladny a jednoho z\u00e1stupce z ka\u017ed\u00e9 politick\u00e9 skupiny a skupiny Zelen\u00e1 ml\u00e1de\u017e.<\/p>\n\n\n\n<p>Poslankyn\u011b <a href=\"https:\/\/www.alles-bleibt-anders.org\/partei\/gruene-jugend\/\"><strong>Zelen\u00e1 ml\u00e1de\u017e<\/strong><\/a> v Main-Kinzig-Kreis pravideln\u011b po\u0159\u00e1d\u00e1 vlastn\u00ed setk\u00e1n\u00ed a akce na t\u00e9mata, kter\u00e1 se t\u00fdkaj\u00ed mlad\u00fdch lid\u00ed a mlad\u00fdch dosp\u011bl\u00fdch. Pokud m\u00e1te z\u00e1jem, kontaktujte Green Youth Main-Kinzig na Instagramu a p\u0159ij\u010fte na sch\u016fzku.<\/p>\n\n\n\n<p>Na m\u00edst\u011b se na\u0161i \u010dlenov\u00e9 organizuj\u00ed v 18 aktivn\u00edch <a href=\"https:\/\/www.alles-bleibt-anders.org\/gruene-vor-ort\/\"><strong>M\u00edstn\u00ed sdru\u017een\u00ed<\/strong><\/a> Jsou \u010dleny m\u00edstn\u00edch rad. <\/p>\n\n\n\n<p><strong><a href=\"https:\/\/www.alles-bleibt-anders.org\/termine\/\">Valn\u00e9 hromady a akce<\/a> jsou ve\u0159ejn\u00e9 a Green Main-Kinzig jsou v\u017edy spokojeni s \u00fa\u010dast\u00ed zainteresovan\u00fdch stran!<\/strong><\/p>\n\n\n\n<p><\/p>\n\n\n\n<h3 class=\"wp-block-heading\">V\u00fdbory a deleg\u00e1ti<\/h3>\n\n\n\n<p>Okresn\u00ed sdru\u017een\u00ed vys\u00edl\u00e1 dva deleg\u00e1ty do stranick\u00e9 rady st\u00e1tn\u00edho sdru\u017een\u00ed a dva na konferenci feder\u00e1ln\u00edch deleg\u00e1t\u016f. Krom\u011b toho je zastoupen deleg\u00e1tem ve St\u00e1tn\u00ed \u017eensk\u00e9 rad\u011b.<\/p>\n\n\n\n<div class=\"wp-block-columns is-layout-flex wp-container-core-columns-is-layout-9d6595d7 wp-block-columns-is-layout-flex\">\n<div class=\"wp-block-column is-layout-flow wp-block-column-is-layout-flow\">\n<div class=\"wp-block-sunflower-accordion\"><div class=\"accordion-item\"><h4 class=\"accordion-header\"><button class=\"accordion-button collapsed\" type=\"button\" data-bs-toggle=\"collapse\" data-bs-target=\".sacc07878bfc-d5ef-4814-bd00-9aaee99f4768\" aria-expanded=\"false\" aria-controls=\".sacc07878bfc-d5ef-4814-bd00-9aaee99f4768\">Hesensk\u00e1 stranick\u00e1 rada<\/button><\/h4><div class=\"accordion-collapse collapse sacc07878bfc-d5ef-4814-bd00-9aaee99f4768\" aria-labelledby=\".sacc07878bfc-d5ef-4814-bd00-9aaee99f4768\"><div class=\"accordion-body\"><p class=\"sunflower-accordion\"><strong>Angelika Gunkelov\u00e1<\/strong> (deleg\u00e1ti)<br\/><strong>Jakob M\u00e4hler<\/strong> (v p\u0159enesen\u00e9 pravomoci)<br\/><br\/><strong>Viola Ha\u00dfdenteufeov\u00e1<\/strong>l (n\u00e1hradn\u00ed deleg\u00e1t)<br\/><strong>Sandra Gerbertov\u00e1 <\/strong>(n\u00e1hradn\u00ed deleg\u00e1t)<br\/><strong>Reiner Bousonville <\/strong>(n\u00e1hradn\u00ed deleg\u00e1t)<br\/><strong>Knut obl\u00e1zky<\/strong> (n\u00e1hradn\u00ed deleg\u00e1t)<br\/><\/p><\/div><\/div><\/div><\/div>\n<\/div>\n\n\n\n<div class=\"wp-block-column is-layout-flow wp-block-column-is-layout-flow\">\n<div class=\"wp-block-sunflower-accordion\"><div class=\"accordion-item\"><h4 class=\"accordion-header\"><button class=\"accordion-button collapsed\" type=\"button\" data-bs-toggle=\"collapse\" data-bs-target=\".saccb1676d2a-723a-422b-9a94-d845a8ff4b68\" aria-expanded=\"false\" aria-controls=\".saccb1676d2a-723a-422b-9a94-d845a8ff4b68\">Spolkov\u00e1 konference deleg\u00e1t\u016f (BDK)<\/button><\/h4><div class=\"accordion-collapse collapse saccb1676d2a-723a-422b-9a94-d845a8ff4b68\" aria-labelledby=\".saccb1676d2a-723a-422b-9a94-d845a8ff4b68\"><div class=\"accordion-body\"><p class=\"sunflower-accordion\"><strong>Barbara Sch\u00e4ferov\u00e1<\/strong>, Maintal (deleg\u00e1ti)<br\/><strong>Maty\u00e1\u0161 Dorka<\/strong>, Brachttal<strong> <\/strong>(v p\u0159enesen\u00e9 pravomoci)<br\/><br\/><strong>Laura Merzov\u00e1,<\/strong> Sch\u00f6neck (n\u00e1hradn\u00ed deleg\u00e1t)<br\/><strong>Manfred Cuntz (hudebn\u00edk)<\/strong> Gr\u00fcndau<strong> <\/strong>(n\u00e1hradn\u00ed deleg\u00e1t)<br\/><br\/>(od ledna 2022)<\/p><\/div><\/div><\/div><\/div>\n<\/div>\n\n\n\n<div class=\"wp-block-column is-layout-flow wp-block-column-is-layout-flow\">\n<div class=\"wp-block-sunflower-accordion\"><div class=\"accordion-item\"><h4 class=\"accordion-header\"><button class=\"accordion-button collapsed\" type=\"button\" data-bs-toggle=\"collapse\" data-bs-target=\".sacc1f3f724e-0f2a-4753-856b-ca9364464795\" aria-expanded=\"false\" aria-controls=\".sacc1f3f724e-0f2a-4753-856b-ca9364464795\">St\u00e1tn\u00ed rada \u017een Hesenska<\/button><\/h4><div class=\"accordion-collapse collapse sacc1f3f724e-0f2a-4753-856b-ca9364464795\" aria-labelledby=\".sacc1f3f724e-0f2a-4753-856b-ca9364464795\"><div class=\"accordion-body\"><p class=\"sunflower-accordion\"><strong>Mareike Forchheimov\u00e1<\/strong> (deleg\u00e1ti)<br\/><br\/><strong>Monika K\u00fchn-Bousonvilleov\u00e1 <\/strong>(n\u00e1hradn\u00ed deleg\u00e1t)<br\/><br\/><strong>Maria Heiderov\u00e1<\/strong> (n\u00e1hradn\u00ed deleg\u00e1t)<\/p><\/div><\/div><\/div><\/div>\n<\/div>\n<\/div>\n\n\n\n<p><\/p>\n\n\n\n<h3 class=\"wp-block-heading\">Z\u00e1stupci B\u00dcNDNIS 90\/DIE GR\u00dcNEN ve st\u00e1tn\u00edm parlamentu, st\u00e1tn\u00ed v\u00fdkonn\u00e9 rad\u011b a Spolkov\u00e9m sn\u011bmu <\/h3>\n\n\n\n<p>  <\/p>\n\n\n\n<div class=\"wp-block-group alignwide has-white-background-color has-background is-layout-flow wp-block-group-is-layout-flow\" id=\"full-width\">\n<div class=\"wp-block-columns is-layout-flex wp-container-core-columns-is-layout-9d6595d7 wp-block-columns-is-layout-flex\">\n<div class=\"wp-block-column is-layout-flow wp-block-column-is-layout-flow\">\n<figure class=\"wp-block-image size-full is-style-default\"><img loading=\"lazy\" decoding=\"async\" width=\"800\" height=\"532\" src=\"http:\/\/www.alles-bleibt-anders.org\/wp-content\/uploads\/2021\/11\/20210908_Dorfentwicklung_Hofmann.jpg\" alt=\"\" class=\"wp-image-206\" srcset=\"https:\/\/www.gruene-mkk.de\/wp-content\/uploads\/2021\/11\/20210908_Dorfentwicklung_Hofmann.jpg 800w, https:\/\/www.gruene-mkk.de\/wp-content\/uploads\/2021\/11\/20210908_Dorfentwicklung_Hofmann-400x266.jpg 400w, https:\/\/www.gruene-mkk.de\/wp-content\/uploads\/2021\/11\/20210908_Dorfentwicklung_Hofmann-768x511.jpg 768w, https:\/\/www.gruene-mkk.de\/wp-content\/uploads\/2021\/11\/20210908_Dorfentwicklung_Hofmann-150x100.jpg 150w\" sizes=\"auto, (max-width: 800px) 100vw, 800px\" \/><\/figure>\n<\/div>\n\n\n\n<div class=\"wp-block-column is-vertically-aligned-center is-layout-flow wp-block-column-is-layout-flow\">\n<h2 class=\"h1 wp-block-heading\">Markus Hofmann (hudebn\u00edk)<\/h2>\n\n\n\n<p><em>je z parlamentn\u00ed skupiny B\u00dcNDNIS 90\/DIE GR\u00dcNEN Hessen na\u0161\u00ed kontaktn\u00ed osobou pro z\u00e1le\u017eitosti okresn\u00edho sdru\u017een\u00ed Main-Kinzig<\/em><\/p>\n\n\n\n<div class=\"wp-block-group d-flex p-0 is-layout-flow wp-block-group-is-layout-flow\">\n<div class=\"wp-block-sunflower-meta-data\"><a href=\"https:\/\/www.facebook.com\/profile.php?id=100011190093478\" target=\"_blank\" rel=\"noopener\"><i class=\"fab fa-facebook-f\"><\/i><\/a><\/div>\n\n\n\n<div class=\"wp-block-sunflower-meta-data\"><a href=\"https:\/\/www.instagram.com\/markus_hofmann_mdl\/\" target=\"_blank\" rel=\"noopener\"><i class=\"fab fa-instagram\"><\/i><\/a><\/div>\n\n\n\n<div class=\"wp-block-sunflower-meta-data\"><a href=\"#\" data-unscramble=\"ed.nesseh.gtl@nnamfoh.m\" target=\"_blank\" rel=\"noopener\"><i class=\"fas fa-envelope\"><\/i><\/a><\/div>\n\n\n\n<div class=\"wp-block-sunflower-meta-data\"><a href=\"https:\/\/www.markus-hofmann-mdl.de\/\" target=\"_blank\" rel=\"noopener\"><i class=\"fas fa-globe\"><\/i><\/a><\/div>\n\n\n\n<p><\/p>\n\n\n\n<p><\/p>\n<\/div>\n<\/div>\n<\/div>\n\n\n\n<p>  <\/p>\n\n\n\n<p><em><strong>V p\u0159\u00edpad\u011b st\u00e1tn\u00ed v\u00fdkonn\u00e9 rady tuto funkci p\u0159eb\u00edr\u00e1 st\u00e1tn\u00ed pokladn\u00edk.&nbsp;<em>Martin Kirsch&nbsp;<\/em>je to pravda.<\/strong><\/em><\/p>\n<\/div>\n\n\n\n<p>  <\/p>\n\n\n\n<div class=\"wp-block-columns is-layout-flex wp-container-core-columns-is-layout-9d6595d7 wp-block-columns-is-layout-flex\">\n<div class=\"wp-block-column is-layout-flow wp-block-column-is-layout-flow\">\n<figure class=\"wp-block-image size-large is-style-default\"><img loading=\"lazy\" decoding=\"async\" width=\"800\" height=\"534\" src=\"http:\/\/www.alles-bleibt-anders.org\/wp-content\/uploads\/2021\/11\/2017_Pressefoto_WSK_Bundestag_aussen-800x534.jpg\" alt=\"\" class=\"wp-image-686\" srcset=\"https:\/\/www.gruene-mkk.de\/wp-content\/uploads\/2021\/11\/2017_Pressefoto_WSK_Bundestag_aussen-800x534.jpg 800w, https:\/\/www.gruene-mkk.de\/wp-content\/uploads\/2021\/11\/2017_Pressefoto_WSK_Bundestag_aussen-400x267.jpg 400w, https:\/\/www.gruene-mkk.de\/wp-content\/uploads\/2021\/11\/2017_Pressefoto_WSK_Bundestag_aussen-768x512.jpg 768w, https:\/\/www.gruene-mkk.de\/wp-content\/uploads\/2021\/11\/2017_Pressefoto_WSK_Bundestag_aussen-1536x1025.jpg 1536w, https:\/\/www.gruene-mkk.de\/wp-content\/uploads\/2021\/11\/2017_Pressefoto_WSK_Bundestag_aussen.jpg 1731w\" sizes=\"auto, (max-width: 800px) 100vw, 800px\" \/><figcaption>Autor: Stefan Kaminski<\/figcaption><\/figure>\n\n\n\n<p><\/p>\n<\/div>\n\n\n\n<div class=\"wp-block-column is-vertically-aligned-center is-layout-flow wp-block-column-is-layout-flow\">\n<h2 class=\"h1 wp-block-heading\">Dr. Wolfgang Strengmann-Kuhn (MdB)<\/h2>\n\n\n\n<p><em>je z Bundestagsfaktion B\u00dcNDNIS 90\/DIE GR\u00dcNEN kontaktn\u00ed osoba pro Main-Kinzig-Kreis<\/em> a p\u0159\u00edm\u00fd kandid\u00e1t okresu Offenbach Land.<\/p>\n\n\n\n<div class=\"wp-block-group d-flex p-0 is-layout-flow wp-block-group-is-layout-flow\">\n<div class=\"wp-block-sunflower-meta-data\"><a href=\"https:\/\/strengmann-kuhn.de\/\" target=\"_blank\" rel=\"noopener\"><i class=\"fas fa-globe\"><\/i><\/a><\/div>\n<\/div>\n\n\n\n<p><\/p>\n<\/div>\n<\/div>","protected":false},"excerpt":{"rendered":"<p>Okresn\u00ed sdru\u017een\u00ed B\u00dcNDNIS 90\/DIE GR\u00dcNEN Main-Kinzig m\u00e1 nyn\u00ed v\u00edce ne\u017e 400 \u010dlen\u016f a neust\u00e1le roste. Jsme pot\u011b\u0161eni, proto\u017ee tato skute\u010dnost ukazuje velk\u00fd z\u00e1jem o ekologick\u00e1 t\u00e9mata [...]<\/p>","protected":false},"author":2,"featured_media":0,"parent":0,"menu_order":0,"comment_status":"closed","ping_status":"closed","template":"","meta":{"footnotes":""},"class_list":["post-18","page","type-page","status-publish","hentry"],"_links":{"self":[{"href":"https:\/\/www.gruene-mkk.de\/cs\/wp-json\/wp\/v2\/pages\/18","targetHints":{"allow":["GET"]}}],"collection":[{"href":"https:\/\/www.gruene-mkk.de\/cs\/wp-json\/wp\/v2\/pages"}],"about":[{"href":"https:\/\/www.gruene-mkk.de\/cs\/wp-json\/wp\/v2\/types\/page"}],"author":[{"embeddable":true,"href":"https:\/\/www.gruene-mkk.de\/cs\/wp-json\/wp\/v2\/users\/2"}],"replies":[{"embeddable":true,"href":"https:\/\/www.gruene-mkk.de\/cs\/wp-json\/wp\/v2\/comments?post=18"}],"version-history":[{"count":51,"href":"https:\/\/www.gruene-mkk.de\/cs\/wp-json\/wp\/v2\/pages\/18\/revisions"}],"predecessor-version":[{"id":1285,"href":"https:\/\/www.gruene-mkk.de\/cs\/wp-json\/wp\/v2\/pages\/18\/revisions\/1285"}],"wp:attachment":[{"href":"https:\/\/www.gruene-mkk.de\/cs\/wp-json\/wp\/v2\/media?parent=18"}],"curies":[{"name":"wp","href":"https:\/\/api.w.org\/{rel}","templated":true}]}}